{"id":138,"date":"2021-10-29T13:27:15","date_gmt":"2021-10-29T13:27:15","guid":{"rendered":"https:\/\/www.ixohost.uy\/autonomias\/?page_id=138"},"modified":"2021-11-23T11:26:55","modified_gmt":"2021-11-23T11:26:55","slug":"observatorio","status":"publish","type":"page","link":"https:\/\/ongelpaso.org.uy\/autonomias\/observatorio\/","title":{"rendered":"Observatorio"},"content":{"rendered":"<button id=\"listenButton20\" class=\"responsivevoice-button\" type=\"button\" value=\"Play\" title=\"ResponsiveVoice Tap to Start\/Stop Speech\"><span>&#128266; Escuchar<\/span><\/button>\n        <script>\n            listenButton20.onclick = function(){\n                if(responsiveVoice.isPlaying()){\n                    responsiveVoice.cancel();\n                }else{\n                    responsiveVoice.speak(\"Para lograr el empoderamiento y el logro del desarrollo pleno de las autonom\u00edas y el acceso efectivo a la justicia, se desplegar\u00e1n 3 estrategias: desarrollo de grupos de trabajo con mujeres que han sufrido violencia sexual, acciones para la autonom\u00eda econ\u00f3mica y el Observatorio contra la Violencia Basada en G\u00e9nero y Acceso a la Justicia. El Observatorio tiene el objetivo de recopilar, sistematizar, producir y difundir informaci\u00f3n de calidad, que contextualice la situaci\u00f3n de las violencias de g\u00e9nero y el acceso a la justicia contribuyendo a su problematizaci\u00f3n y erradicaci\u00f3n, desde un enfoque de promoci\u00f3n y respeto de los derechos humanos, as\u00ed como la promoci\u00f3n de autonom\u00edas para una participaci\u00f3n m\u00e1s protag\u00f3nica de las mujeres. Nos proponemos recoger, elaborar y difundir datos, infograf\u00edas, informes, documentos o recomendaciones que permitan identificar brechas, fortalezas e impactos de la normativa y la pol\u00edtica p\u00fablica existente en nuestro pa\u00eds en materia de violencia basada en g\u00e9nero y acceso a la justicia, que sirva de insumo para el desarrollo de acciones de incidencia en la agenda p\u00fablica y pol\u00edtica; as\u00ed como tambi\u00e9n para la difusi\u00f3n de informaci\u00f3n y sensibilizaci\u00f3n hacia la sociedad en su conjunto. Recogemos no s\u00f3lo informaci\u00f3n y\/o producci\u00f3n estad\u00edstica de datos y registros, sino tambi\u00e9n la voz de las personas directamente involucradas en situaciones de violencia de g\u00e9nero, y la experiencia de trabajo y de lucha de los colectivos y organizaciones comprometidas con este fen\u00f3meno. Por otra parte, el enfoque basado en el respeto de los derechos humanos implica tambi\u00e9n la vigilancia sobre el respeto por parte del Estado uruguayo a los acuerdos y recomendaciones del sistema internacional de Derechos Humanos, que surgen de los \u00d3rganos de Tratados de los que nuestro pa\u00eds forma parte. Contextualizaci\u00f3n y justificaci\u00f3n Uruguay cuenta con m\u00faltiples instituciones p\u00fablicas y dependencias que registran estad\u00edsticamente diversas situaciones de violencia de g\u00e9nero. Sin embargo, existe una alta heterogeneidad en los formatos de sistematizaci\u00f3n de la informaci\u00f3n, en los registros que se llevan adelante y su periodicidad, as\u00ed como tambi\u00e9n en la divulgaci\u00f3n p\u00fablica de la misma (Bidegain, Salamano 2016). Esta fragmentaci\u00f3n y disparidad en la producci\u00f3n de informaci\u00f3n estad\u00edstica impide proporcionar una mirada exhaustiva y cr\u00edtica sobre dispositivos, respuestas y resultados en la implementaci\u00f3n de pol\u00edticas p\u00fablicas. A su vez, es com\u00fan que en estos an\u00e1lisis o diagn\u00f3sticos la voz de mujeres y adolescentes que transitan situaciones y denuncias de violencia basada en g\u00e9nero quede invisibilizada, descartando sus experiencias para buscar mejoras en la respuesta de los sistemas de protecci\u00f3n y justicia existentes. En la construcci\u00f3n de un espacio de sistematizaci\u00f3n de la informaci\u00f3n y evaluaci\u00f3n de la pol\u00edtica p\u00fablica como implica este observatorio, la sociedad civil organizada con experiencia en la materia aporta una mirada fundamental que aporta su experiencia desde las pr\u00e1cticas y pol\u00edticas desarrolladas en el territorio, pero adem\u00e1s desde un abordaje de promoci\u00f3n y defensa de derechos humanos. En este sentido, es crucial el rol que la sociedad civil cumple en la exigibilidad hacia el Estado del cumplimiento con sus obligaciones, tanto en la producci\u00f3n y difusi\u00f3n de informaci\u00f3n, como en el desarrollo de respuestas y pol\u00edticas p\u00fablicas que respeten los derechos humanos. Adem\u00e1s, del fundamental aporte en la promoci\u00f3n de un debate p\u00fablico informado y cr\u00edtico sobre las violencias de g\u00e9nero y su necesidad de erradicarlas. Noticias de Observatorio\", \"Spanish Latin American Female\");\n                }\n            };\n        <\/script>\n    \n<p>Para lograr el empoderamiento y el logro del desarrollo pleno de las autonom\u00edas y el acceso efectivo a la justicia, se desplegar\u00e1n 3 estrategias: desarrollo de grupos de trabajo con mujeres que han sufrido violencia sexual, acciones para la autonom\u00eda econ\u00f3mica y el Observatorio contra la Violencia Basada en G\u00e9nero y Acceso a la Justicia.  <\/p>\n\n\n\n<p class=\"has-background\" style=\"background-color:#ded3e8\">El Observatorio tiene el objetivo de recopilar, sistematizar, producir y difundir informaci\u00f3n de calidad, que contextualice la situaci\u00f3n de las violencias de g\u00e9nero y el acceso a la justicia contribuyendo a su problematizaci\u00f3n y erradicaci\u00f3n, desde un enfoque de promoci\u00f3n y respeto de los derechos humanos, as\u00ed como la promoci\u00f3n de autonom\u00edas para una participaci\u00f3n m\u00e1s protag\u00f3nica de las mujeres. Nos proponemos recoger, elaborar y difundir datos, infograf\u00edas, informes, documentos o recomendaciones que permitan identificar brechas, fortalezas e impactos de la normativa y la pol\u00edtica p\u00fablica existente en nuestro pa\u00eds en materia de violencia basada en g\u00e9nero y acceso a la justicia, que sirva de insumo para el desarrollo de acciones de incidencia en la agenda p\u00fablica y pol\u00edtica; as\u00ed como tambi\u00e9n para la difusi\u00f3n de informaci\u00f3n y sensibilizaci\u00f3n hacia la sociedad en su conjunto.<\/p>\n\n\n\n<p>Recogemos no s\u00f3lo informaci\u00f3n y\/o producci\u00f3n estad\u00edstica de datos y registros, sino tambi\u00e9n la voz de las personas directamente involucradas en situaciones de violencia de g\u00e9nero, y la experiencia de trabajo y de lucha de los colectivos y organizaciones comprometidas con este fen\u00f3meno.<\/p>\n\n\n\n<p>Por otra parte, el enfoque basado en el respeto de los derechos humanos implica tambi\u00e9n la vigilancia sobre el respeto por parte del Estado uruguayo a los acuerdos y recomendaciones del sistema internacional de Derechos Humanos, que surgen de los \u00d3rganos de Tratados de los que nuestro pa\u00eds forma parte.<\/p>\n\n\n\n<h2 class=\"wp-block-heading\"><strong>Contextualizaci\u00f3n y justificaci\u00f3n<\/strong><\/h2>\n\n\n\n<p>Uruguay cuenta con m\u00faltiples instituciones p\u00fablicas y dependencias que registran estad\u00edsticamente diversas situaciones de violencia de g\u00e9nero. Sin embargo, existe una alta heterogeneidad en los formatos de sistematizaci\u00f3n de la informaci\u00f3n, en los registros que se llevan adelante y su periodicidad, as\u00ed como tambi\u00e9n en la divulgaci\u00f3n p\u00fablica de la misma (Bidegain, Salamano 2016). Esta fragmentaci\u00f3n y disparidad en la producci\u00f3n de informaci\u00f3n estad\u00edstica impide proporcionar una mirada exhaustiva y cr\u00edtica sobre dispositivos, respuestas y resultados en la implementaci\u00f3n de pol\u00edticas p\u00fablicas. A su vez, es com\u00fan que en estos an\u00e1lisis o diagn\u00f3sticos la voz de mujeres y adolescentes que transitan situaciones y denuncias de violencia basada en g\u00e9nero quede invisibilizada, descartando sus experiencias para buscar mejoras en la respuesta de los sistemas de protecci\u00f3n y justicia existentes.<\/p>\n\n\n\n<p>En la construcci\u00f3n de un espacio de sistematizaci\u00f3n de la informaci\u00f3n y evaluaci\u00f3n de la pol\u00edtica p\u00fablica como implica este observatorio, la sociedad civil organizada con experiencia en la materia aporta una mirada fundamental que aporta su experiencia desde las pr\u00e1cticas y pol\u00edticas desarrolladas en el territorio, pero adem\u00e1s desde un abordaje de promoci\u00f3n y defensa de derechos humanos.&nbsp;<\/p>\n\n\n\n<p>En este sentido, es crucial el rol que la sociedad civil cumple en la exigibilidad hacia el Estado del cumplimiento con sus obligaciones, tanto en la producci\u00f3n y difusi\u00f3n de informaci\u00f3n, como en el desarrollo de respuestas y pol\u00edticas p\u00fablicas que respeten los derechos humanos. Adem\u00e1s, del fundamental aporte en la promoci\u00f3n de un debate p\u00fablico informado y cr\u00edtico sobre las violencias de g\u00e9nero y su necesidad de erradicarlas.<\/p>\n\n\n\n<h2 class=\"wp-block-heading\">Noticias de Observatorio <\/h2>\n\n\n<ul class=\"wp-block-latest-posts__list wp-block-latest-posts\"><li><div class=\"wp-block-latest-posts__featured-image alignleft\"><a href=\"https:\/\/ongelpaso.org.uy\/autonomias\/analisis-de-barreras-para-elacceso-a-la-justicia-y-ladebida-diligencia-endesapariciones-de-mujeres-yfemicidios-sin-aclarar\/\" aria-label=\"AN\u00c1LISIS DE BARRERAS PARA ELACCESO A LA JUSTICIA Y LADEBIDA DILIGENCIA ENDESAPARICIONES DE MUJERES YFEMICIDIOS SIN ACLARAR.\"><img loading=\"lazy\" decoding=\"async\" width=\"150\" height=\"150\" src=\"https:\/\/ongelpaso.org.uy\/autonomias\/wp-content\/uploads\/2024\/03\/resumen-ejecutivo-150x150.jpg\" class=\"attachment-thumbnail size-thumbnail wp-post-image\" alt=\"\" style=\"max-width:150px;max-height:150px;\" \/><\/a><\/div><a class=\"wp-block-latest-posts__post-title\" href=\"https:\/\/ongelpaso.org.uy\/autonomias\/analisis-de-barreras-para-elacceso-a-la-justicia-y-ladebida-diligencia-endesapariciones-de-mujeres-yfemicidios-sin-aclarar\/\">AN\u00c1LISIS DE BARRERAS PARA ELACCESO A LA JUSTICIA Y LADEBIDA DILIGENCIA ENDESAPARICIONES DE MUJERES YFEMICIDIOS SIN ACLARAR.<\/a><div class=\"wp-block-latest-posts__post-excerpt\">&#128266; Escuchar Descarga aqu\u00ed el Resumen Ejecutivo de la investigaci\u00f3n llevada adelante por Alicia Deus y Fabiana Condon, para el Proyecto Autonom\u00edas Colectivas.<\/div><\/li>\n<li><div class=\"wp-block-latest-posts__featured-image alignleft\"><a href=\"https:\/\/ongelpaso.org.uy\/autonomias\/inscripciones-abiertas-para-el-seminario-de-la-impunidad-a-la-autonomia-estrategias\/\" aria-label=\"INSCRIPCIONES ABIERTAS PARA EL SEMINARIO \u00abDE LA IMPUNIDAD A LA AUTONOM\u00cdA\u00bb, ESTRATEGIAS Y ACCIONES PARA DEFENDER UNA VIDA LIBRE DE VIOLENCIA DE G\u00c9NERO\"><img loading=\"lazy\" decoding=\"async\" width=\"150\" height=\"150\" src=\"https:\/\/ongelpaso.org.uy\/autonomias\/wp-content\/uploads\/2024\/03\/Seminario_2024-1-150x150.png\" class=\"attachment-thumbnail size-thumbnail wp-post-image\" alt=\"\" style=\"max-width:150px;max-height:150px;\" srcset=\"https:\/\/ongelpaso.org.uy\/autonomias\/wp-content\/uploads\/2024\/03\/Seminario_2024-1-150x150.png 150w, https:\/\/ongelpaso.org.uy\/autonomias\/wp-content\/uploads\/2024\/03\/Seminario_2024-1-300x300.png 300w, https:\/\/ongelpaso.org.uy\/autonomias\/wp-content\/uploads\/2024\/03\/Seminario_2024-1-1024x1024.png 1024w, https:\/\/ongelpaso.org.uy\/autonomias\/wp-content\/uploads\/2024\/03\/Seminario_2024-1-768x768.png 768w, https:\/\/ongelpaso.org.uy\/autonomias\/wp-content\/uploads\/2024\/03\/Seminario_2024-1.png 1080w\" sizes=\"auto, (max-width: 150px) 100vw, 150px\" \/><\/a><\/div><a class=\"wp-block-latest-posts__post-title\" href=\"https:\/\/ongelpaso.org.uy\/autonomias\/inscripciones-abiertas-para-el-seminario-de-la-impunidad-a-la-autonomia-estrategias\/\">INSCRIPCIONES ABIERTAS PARA EL SEMINARIO \u00abDE LA IMPUNIDAD A LA AUTONOM\u00cdA\u00bb, ESTRATEGIAS Y ACCIONES PARA DEFENDER UNA VIDA LIBRE DE VIOLENCIA DE G\u00c9NERO<\/a><div class=\"wp-block-latest-posts__post-excerpt\">&#128266; Escuchar El Proyecto Autonom\u00edas Colectivas ha desarrollado distintas actividades y estudios sobre diversas violencias basadas en g\u00e9nero. Como cierre del proyecto, nos proponemos generar un espacio de debate abierto y p\u00fablico para construir herramientas y caminos posibles hacia la autonom\u00eda plena de las mujeres. El Seminario cumple con los objetivos de: Este es un&#8230; <a class=\"wp-block-latest-posts__read-more\" href=\"https:\/\/ongelpaso.org.uy\/autonomias\/inscripciones-abiertas-para-el-seminario-de-la-impunidad-a-la-autonomia-estrategias\/\" rel=\"noopener noreferrer\">Lee m\u00e1s<span class=\"screen-reader-text\">: INSCRIPCIONES ABIERTAS PARA EL SEMINARIO \u00abDE LA IMPUNIDAD A LA AUTONOM\u00cdA\u00bb, ESTRATEGIAS Y ACCIONES PARA DEFENDER UNA VIDA LIBRE DE VIOLENCIA DE G\u00c9NERO<\/span><\/a><\/div><\/li>\n<li><div class=\"wp-block-latest-posts__featured-image alignleft\"><a href=\"https:\/\/ongelpaso.org.uy\/autonomias\/realizamos-en-paysandu-el-conversatorio-sobre-explotacion-sexual-y-trata-de-personas\/\" aria-label=\"REALIZAMOS EN PAYSAND\u00da EL CONVERSATORIO SOBRE EXPLOTACI\u00d3N SEXUAL Y TRATA DE PERSONAS\"><img loading=\"lazy\" decoding=\"async\" width=\"150\" height=\"150\" src=\"https:\/\/ongelpaso.org.uy\/autonomias\/wp-content\/uploads\/2023\/12\/WhatsApp-Image-2023-12-07-at-12.22.50-150x150.jpeg\" class=\"attachment-thumbnail size-thumbnail wp-post-image\" alt=\"\" style=\"max-width:150px;max-height:150px;\" \/><\/a><\/div><a class=\"wp-block-latest-posts__post-title\" href=\"https:\/\/ongelpaso.org.uy\/autonomias\/realizamos-en-paysandu-el-conversatorio-sobre-explotacion-sexual-y-trata-de-personas\/\">REALIZAMOS EN PAYSAND\u00da EL CONVERSATORIO SOBRE EXPLOTACI\u00d3N SEXUAL Y TRATA DE PERSONAS<\/a><div class=\"wp-block-latest-posts__post-excerpt\">&#128266; Escuchar La actividad present\u00f3 el Informe \u00abM\u00e1s invisibles. La trata y la pandemia\u00bb, y una mesa de intercambio sobre las dificultades en la detecci\u00f3n de explotaci\u00f3n sexual en infancias y adolescencias, en especial la que ocurre en medios digitales. Adem\u00e1s, se dialog\u00f3 sobre la situaci\u00f3n en Uruguay, con foco en el litoral y Paysand\u00fa&#8230;. <a class=\"wp-block-latest-posts__read-more\" href=\"https:\/\/ongelpaso.org.uy\/autonomias\/realizamos-en-paysandu-el-conversatorio-sobre-explotacion-sexual-y-trata-de-personas\/\" rel=\"noopener noreferrer\">Lee m\u00e1s<span class=\"screen-reader-text\">: REALIZAMOS EN PAYSAND\u00da EL CONVERSATORIO SOBRE EXPLOTACI\u00d3N SEXUAL Y TRATA DE PERSONAS<\/span><\/a><\/div><\/li>\n<li><div class=\"wp-block-latest-posts__featured-image alignleft\"><a href=\"https:\/\/ongelpaso.org.uy\/autonomias\/realizamos-el-conversatorio-no-son-cifras-son-mujeres-en-young\/\" aria-label=\"REALIZAMOS EL CONVERSATORIO NO SON CIFRAS, SON MUJERES EN YOUNG\"><img loading=\"lazy\" decoding=\"async\" width=\"150\" height=\"150\" src=\"https:\/\/ongelpaso.org.uy\/autonomias\/wp-content\/uploads\/2023\/12\/WhatsApp-Image-2023-12-07-at-12.22.42-1-150x150.jpeg\" class=\"attachment-thumbnail size-thumbnail wp-post-image\" alt=\"\" style=\"max-width:150px;max-height:150px;\" \/><\/a><\/div><a class=\"wp-block-latest-posts__post-title\" href=\"https:\/\/ongelpaso.org.uy\/autonomias\/realizamos-el-conversatorio-no-son-cifras-son-mujeres-en-young\/\">REALIZAMOS EL CONVERSATORIO NO SON CIFRAS, SON MUJERES EN YOUNG<\/a><div class=\"wp-block-latest-posts__post-excerpt\">&#128266; Escuchar El pasado 20 de setiembre de 2023 llevamos adelante en conjunto con Feminicidio Uruguay una actividad de Conversatorio sobre feminicidios en Uruguay, y en la zona del litoral del pa\u00eds. La actividad se organiz\u00f3 con compa\u00f1eras de la colectiva Mburucuy\u00e1, de R\u00edo Negro, y se llev\u00f3 adelante en la Casa de la Cultura&#8230; <a class=\"wp-block-latest-posts__read-more\" href=\"https:\/\/ongelpaso.org.uy\/autonomias\/realizamos-el-conversatorio-no-son-cifras-son-mujeres-en-young\/\" rel=\"noopener noreferrer\">Lee m\u00e1s<span class=\"screen-reader-text\">: REALIZAMOS EL CONVERSATORIO NO SON CIFRAS, SON MUJERES EN YOUNG<\/span><\/a><\/div><\/li>\n<li><div class=\"wp-block-latest-posts__featured-image alignleft\"><a href=\"https:\/\/ongelpaso.org.uy\/autonomias\/el-1-de-agosto-se-presento-el-informe-mas-invisibles-la-trata-y-la-pandemia-en-el-salon-rojo-de-la-intendencia-de-montevideo\/\" aria-label=\"El 1\u00b0 de agosto se present\u00f3 el informe \u00abM\u00e1s invisibles. La trata y la pandemia\u00bb en el Sal\u00f3n Rojo de la Intendencia de Montevideo\"><img loading=\"lazy\" decoding=\"async\" width=\"150\" height=\"150\" src=\"https:\/\/ongelpaso.org.uy\/autonomias\/wp-content\/uploads\/2023\/07\/Portada-web-Trata-2023-150x150.png\" class=\"attachment-thumbnail size-thumbnail wp-post-image\" alt=\"\" style=\"max-width:150px;max-height:150px;\" \/><\/a><\/div><a class=\"wp-block-latest-posts__post-title\" href=\"https:\/\/ongelpaso.org.uy\/autonomias\/el-1-de-agosto-se-presento-el-informe-mas-invisibles-la-trata-y-la-pandemia-en-el-salon-rojo-de-la-intendencia-de-montevideo\/\">El 1\u00b0 de agosto se present\u00f3 el informe \u00abM\u00e1s invisibles. La trata y la pandemia\u00bb en el Sal\u00f3n Rojo de la Intendencia de Montevideo<\/a><div class=\"wp-block-latest-posts__post-excerpt\">&#128266; Escuchar Se presentaron los principales resultados del informe. Adem\u00e1s, se llev\u00f3 adelante una Mesa de intercambio sobre la situaci\u00f3n de la trata de mujeres en Uruguay, y los principales desaf\u00edos para detectarla y combatirla. Cont\u00f3 con la presencia de Sandra Perroni (Coordinadora &#8211; El Paso), Agustina Deleon (OIM), Daniela Sena (Inmujeres) y Luciana Oholeguy&#8230; <a class=\"wp-block-latest-posts__read-more\" href=\"https:\/\/ongelpaso.org.uy\/autonomias\/el-1-de-agosto-se-presento-el-informe-mas-invisibles-la-trata-y-la-pandemia-en-el-salon-rojo-de-la-intendencia-de-montevideo\/\" rel=\"noopener noreferrer\">Lee m\u00e1s<span class=\"screen-reader-text\">: El 1\u00b0 de agosto se present\u00f3 el informe \u00abM\u00e1s invisibles. La trata y la pandemia\u00bb en el Sal\u00f3n Rojo de la Intendencia de Montevideo<\/span><\/a><\/div><\/li>\n<li><div class=\"wp-block-latest-posts__featured-image alignleft\"><a href=\"https:\/\/ongelpaso.org.uy\/autonomias\/descarga-el-informe-mas-invisibles-la-trata-y-la-pandemia\/\" aria-label=\"Descarg\u00e1 el Informe \u00abM\u00e1s invisibles. La trata y la pandemia\u00bb\"><img loading=\"lazy\" decoding=\"async\" width=\"150\" height=\"150\" src=\"https:\/\/ongelpaso.org.uy\/autonomias\/wp-content\/uploads\/2023\/07\/imagen-para-web-1-150x150.png\" class=\"attachment-thumbnail size-thumbnail wp-post-image\" alt=\"\" style=\"max-width:150px;max-height:150px;\" \/><\/a><\/div><a class=\"wp-block-latest-posts__post-title\" href=\"https:\/\/ongelpaso.org.uy\/autonomias\/descarga-el-informe-mas-invisibles-la-trata-y-la-pandemia\/\">Descarg\u00e1 el Informe \u00abM\u00e1s invisibles. La trata y la pandemia\u00bb<\/a><div class=\"wp-block-latest-posts__post-excerpt\">&#128266; Escuchar Acced\u00e9 al Informe Mas invisibles. La trata y la pandemia, una actualizaci\u00f3n de datos sobre la trata de mujeres en territorio uruguayo, desde enero de 2018 a diciembre de 2022. Este informe fue elaborado con la colaboraci\u00f3n de la Organizaci\u00f3n Internacional de las Migraciones (OIM).<\/div><\/li>\n<li><div class=\"wp-block-latest-posts__featured-image alignleft\"><a href=\"https:\/\/ongelpaso.org.uy\/autonomias\/informe-el-feminicidio-en-uruguay-datos-que-nos-ayudan-a-dimensionar-el-problema\/\" aria-label=\"Informe El Feminicidio en Uruguay. Datos que nos ayudan a dimensionar el problema\"><img loading=\"lazy\" decoding=\"async\" width=\"150\" height=\"150\" src=\"https:\/\/ongelpaso.org.uy\/autonomias\/wp-content\/uploads\/2023\/07\/Informe-feminicidio-150x150.png\" class=\"attachment-thumbnail size-thumbnail wp-post-image\" alt=\"\" style=\"max-width:150px;max-height:150px;\" \/><\/a><\/div><a class=\"wp-block-latest-posts__post-title\" href=\"https:\/\/ongelpaso.org.uy\/autonomias\/informe-el-feminicidio-en-uruguay-datos-que-nos-ayudan-a-dimensionar-el-problema\/\">Informe El Feminicidio en Uruguay. Datos que nos ayudan a dimensionar el problema<\/a><div class=\"wp-block-latest-posts__post-excerpt\">&#128266; Escuchar<\/div><\/li>\n<li><div class=\"wp-block-latest-posts__featured-image alignleft\"><a href=\"https:\/\/ongelpaso.org.uy\/autonomias\/relatora-de-naciones-unidas-sobre-la-venta-explotacion-sexual-y-abuso-sexual-infantil-expresa-sus-preocupaciones-sobre-la-situacion-de-explotacion-y-abuso-ninas-ninos-y-adolescentes-en-uruguay\/\" aria-label=\"Relatora de Naciones Unidas sobre la Venta, Explotaci\u00f3n Sexual y Abuso Sexual Infantil, expresa sus preocupaciones sobre la situaci\u00f3n de explotaci\u00f3n y abuso ni\u00f1as, ni\u00f1os y adolescentes en Uruguay\"><img loading=\"lazy\" decoding=\"async\" width=\"150\" height=\"150\" src=\"https:\/\/ongelpaso.org.uy\/autonomias\/wp-content\/uploads\/2023\/05\/mamafatima-150x150.jpg\" class=\"attachment-thumbnail size-thumbnail wp-post-image\" alt=\"\" style=\"max-width:150px;max-height:150px;\" \/><\/a><\/div><a class=\"wp-block-latest-posts__post-title\" href=\"https:\/\/ongelpaso.org.uy\/autonomias\/relatora-de-naciones-unidas-sobre-la-venta-explotacion-sexual-y-abuso-sexual-infantil-expresa-sus-preocupaciones-sobre-la-situacion-de-explotacion-y-abuso-ninas-ninos-y-adolescentes-en-uruguay\/\">Relatora de Naciones Unidas sobre la Venta, Explotaci\u00f3n Sexual y Abuso Sexual Infantil, expresa sus preocupaciones sobre la situaci\u00f3n de explotaci\u00f3n y abuso ni\u00f1as, ni\u00f1os y adolescentes en Uruguay<\/a><div class=\"wp-block-latest-posts__post-excerpt\">&#128266; Escuchar Entre los d\u00edas 16 y 25 de mayo de este a\u00f1o recibimos la visita de la Relatora Especial de las Naciones Unidas sobre la Venta, Explotaci\u00f3n Sexual y Abuso Sexual Infantil, Mama Fatima Singhateh. La Relatora fue invitada por el gobierno nacional para hacer una evaluaci\u00f3n de la situaci\u00f3n sobre la venta, explotaci\u00f3n&#8230; <a class=\"wp-block-latest-posts__read-more\" href=\"https:\/\/ongelpaso.org.uy\/autonomias\/relatora-de-naciones-unidas-sobre-la-venta-explotacion-sexual-y-abuso-sexual-infantil-expresa-sus-preocupaciones-sobre-la-situacion-de-explotacion-y-abuso-ninas-ninos-y-adolescentes-en-uruguay\/\" rel=\"noopener noreferrer\">Lee m\u00e1s<span class=\"screen-reader-text\">: Relatora de Naciones Unidas sobre la Venta, Explotaci\u00f3n Sexual y Abuso Sexual Infantil, expresa sus preocupaciones sobre la situaci\u00f3n de explotaci\u00f3n y abuso ni\u00f1as, ni\u00f1os y adolescentes en Uruguay<\/span><\/a><\/div><\/li>\n<li><div class=\"wp-block-latest-posts__featured-image alignleft\"><a href=\"https:\/\/ongelpaso.org.uy\/autonomias\/otro-8-de-marzo-en-el-que-gritamos-por-las-que-ya-no-tienen-voz\/\" aria-label=\"Otro 8 de Marzo en el que gritamos por las que ya no tienen voz\"><img loading=\"lazy\" decoding=\"async\" width=\"150\" height=\"150\" src=\"https:\/\/ongelpaso.org.uy\/autonomias\/wp-content\/uploads\/2023\/03\/WhatsApp-Image-2023-03-03-at-20.47.13-150x150.jpeg\" class=\"attachment-thumbnail size-thumbnail wp-post-image\" alt=\"\" style=\"max-width:150px;max-height:150px;\" srcset=\"https:\/\/ongelpaso.org.uy\/autonomias\/wp-content\/uploads\/2023\/03\/WhatsApp-Image-2023-03-03-at-20.47.13-150x150.jpeg 150w, https:\/\/ongelpaso.org.uy\/autonomias\/wp-content\/uploads\/2023\/03\/WhatsApp-Image-2023-03-03-at-20.47.13-300x300.jpeg 300w, https:\/\/ongelpaso.org.uy\/autonomias\/wp-content\/uploads\/2023\/03\/WhatsApp-Image-2023-03-03-at-20.47.13-1024x1024.jpeg 1024w, https:\/\/ongelpaso.org.uy\/autonomias\/wp-content\/uploads\/2023\/03\/WhatsApp-Image-2023-03-03-at-20.47.13-768x768.jpeg 768w, https:\/\/ongelpaso.org.uy\/autonomias\/wp-content\/uploads\/2023\/03\/WhatsApp-Image-2023-03-03-at-20.47.13.jpeg 1080w\" sizes=\"auto, (max-width: 150px) 100vw, 150px\" \/><\/a><\/div><a class=\"wp-block-latest-posts__post-title\" href=\"https:\/\/ongelpaso.org.uy\/autonomias\/otro-8-de-marzo-en-el-que-gritamos-por-las-que-ya-no-tienen-voz\/\">Otro 8 de Marzo en el que gritamos por las que ya no tienen voz<\/a><div class=\"wp-block-latest-posts__post-excerpt\">&#128266; Escuchar En un nuevo paro de mujeres por el D\u00eda Internacional de la Mujer nos concentramos y movilizamos en las calles de nuestros barrios, localidades y ciudades, para reclamar nuestros derechos y gritar por las que ya no est\u00e1n. Las cifras que nos aproximan a la realidad de la violencia basada en g\u00e9nero en&#8230; <a class=\"wp-block-latest-posts__read-more\" href=\"https:\/\/ongelpaso.org.uy\/autonomias\/otro-8-de-marzo-en-el-que-gritamos-por-las-que-ya-no-tienen-voz\/\" rel=\"noopener noreferrer\">Lee m\u00e1s<span class=\"screen-reader-text\">: Otro 8 de Marzo en el que gritamos por las que ya no tienen voz<\/span><\/a><\/div><\/li>\n<li><div class=\"wp-block-latest-posts__featured-image alignleft\"><a href=\"https:\/\/ongelpaso.org.uy\/autonomias\/25n-juntas-y-diversas-contra-todas-las-violencias\/\" aria-label=\"#25N JUNTAS Y DIVERSAS CONTRA TODAS LAS VIOLENCIAS\"><img loading=\"lazy\" decoding=\"async\" width=\"150\" height=\"150\" src=\"https:\/\/ongelpaso.org.uy\/autonomias\/wp-content\/uploads\/2022\/11\/25N-150x150.jpg\" class=\"attachment-thumbnail size-thumbnail wp-post-image\" alt=\"\" style=\"max-width:150px;max-height:150px;\" srcset=\"https:\/\/ongelpaso.org.uy\/autonomias\/wp-content\/uploads\/2022\/11\/25N-150x150.jpg 150w, https:\/\/ongelpaso.org.uy\/autonomias\/wp-content\/uploads\/2022\/11\/25N-300x300.jpg 300w, https:\/\/ongelpaso.org.uy\/autonomias\/wp-content\/uploads\/2022\/11\/25N-1024x1024.jpg 1024w, https:\/\/ongelpaso.org.uy\/autonomias\/wp-content\/uploads\/2022\/11\/25N-768x768.jpg 768w, https:\/\/ongelpaso.org.uy\/autonomias\/wp-content\/uploads\/2022\/11\/25N.jpg 1080w\" sizes=\"auto, (max-width: 150px) 100vw, 150px\" \/><\/a><\/div><a class=\"wp-block-latest-posts__post-title\" href=\"https:\/\/ongelpaso.org.uy\/autonomias\/25n-juntas-y-diversas-contra-todas-las-violencias\/\">#25N JUNTAS Y DIVERSAS CONTRA TODAS LAS VIOLENCIAS<\/a><div class=\"wp-block-latest-posts__post-excerpt\">&#128266; Escuchar En un nuevo D\u00eda Internacional de la eliminaci\u00f3n de la Violencia contra la mujer salimos a las calles para decir una vez m\u00e1s BASTA! Dejamos la proclama de la plataforma 25N Uruguay , 25 de noviembre de 2022. En el marco del 25 de noviembre, D\u00eda Internacional para la Eliminaci\u00f3n de la Violencia&#8230; <a class=\"wp-block-latest-posts__read-more\" href=\"https:\/\/ongelpaso.org.uy\/autonomias\/25n-juntas-y-diversas-contra-todas-las-violencias\/\" rel=\"noopener noreferrer\">Lee m\u00e1s<span class=\"screen-reader-text\">: #25N JUNTAS Y DIVERSAS CONTRA TODAS LAS VIOLENCIAS<\/span><\/a><\/div><\/li>\n<li><a class=\"wp-block-latest-posts__post-title\" href=\"https:\/\/ongelpaso.org.uy\/autonomias\/uruguay-recibio-la-visita-del-grupo-de-trabajo-de-naciones-unidas-sobre-desapariciones-forzadas-o-involuntarias-y-manifesto-preocupacion-por-la-desaparicion-de-ninas-ninos-adolescentes-y-mujeres\/\">Uruguay recibi\u00f3 la visita del Grupo de Trabajo de Naciones Unidas sobre Desapariciones Forzadas o Involuntarias, y manifest\u00f3 preocupaci\u00f3n por la desaparici\u00f3n de ni\u00f1as, ni\u00f1os, adolescentes y mujeres<\/a><div class=\"wp-block-latest-posts__post-excerpt\">&#128266; Escuchar El Proyecto Autonom\u00edas Colectivas envi\u00f3 en junio un Informe que documentaba la situaci\u00f3n de desaparici\u00f3n de ni\u00f1as, ni\u00f1os, adolescentes y mujeres en contextos de violencia de g\u00e9nero, y el Grupo de Trabajo manifest\u00f3 en su documento preliminar de visita su preocupaci\u00f3n por las desapariciones de ni\u00f1as, ni\u00f1os y adolescentes tras su estad\u00eda en&#8230; <a class=\"wp-block-latest-posts__read-more\" href=\"https:\/\/ongelpaso.org.uy\/autonomias\/uruguay-recibio-la-visita-del-grupo-de-trabajo-de-naciones-unidas-sobre-desapariciones-forzadas-o-involuntarias-y-manifesto-preocupacion-por-la-desaparicion-de-ninas-ninos-adolescentes-y-mujeres\/\" rel=\"noopener noreferrer\">Lee m\u00e1s<span class=\"screen-reader-text\">: Uruguay recibi\u00f3 la visita del Grupo de Trabajo de Naciones Unidas sobre Desapariciones Forzadas o Involuntarias, y manifest\u00f3 preocupaci\u00f3n por la desaparici\u00f3n de ni\u00f1as, ni\u00f1os, adolescentes y mujeres<\/span><\/a><\/div><\/li>\n<li><div class=\"wp-block-latest-posts__featured-image alignleft\"><a href=\"https:\/\/ongelpaso.org.uy\/autonomias\/presentacion-de-informe-alternativo-sobre-la-situacion-en-violencia-de-genero-ante-comite-de-derechos-humanos-de-naciones-unidas\/\" aria-label=\"Presentaci\u00f3n de Informe Alternativo sobre la situaci\u00f3n en violencia de g\u00e9nero ante  Comit\u00e9 de Derechos Humanos de Naciones Unidas\"><img loading=\"lazy\" decoding=\"async\" width=\"150\" height=\"150\" src=\"https:\/\/ongelpaso.org.uy\/autonomias\/wp-content\/uploads\/2022\/07\/ComiteDH-2022-e1659033458181-150x150.png\" class=\"attachment-thumbnail size-thumbnail wp-post-image\" alt=\"\" style=\"max-width:150px;max-height:150px;\" \/><\/a><\/div><a class=\"wp-block-latest-posts__post-title\" href=\"https:\/\/ongelpaso.org.uy\/autonomias\/presentacion-de-informe-alternativo-sobre-la-situacion-en-violencia-de-genero-ante-comite-de-derechos-humanos-de-naciones-unidas\/\">Presentaci\u00f3n de Informe Alternativo sobre la situaci\u00f3n en violencia de g\u00e9nero ante  Comit\u00e9 de Derechos Humanos de Naciones Unidas<\/a><div class=\"wp-block-latest-posts__post-excerpt\">&#128266; Escuchar El Proyecto Autonom\u00edas Colectivas particip\u00f3 de la redacci\u00f3n del informe que fue presentado desde la asociaci\u00f3n civil El Paso y la Red Uruguaya Contra la Violencia Dom\u00e9stica y Sexual (RUCVDS) al Comit\u00e9 de Derechos Humanos de Naciones Unidas. Este Comit\u00e9 revisa la situaci\u00f3n de cumplimiento por parte de los Estados al Pacto Internacional&#8230; <a class=\"wp-block-latest-posts__read-more\" href=\"https:\/\/ongelpaso.org.uy\/autonomias\/presentacion-de-informe-alternativo-sobre-la-situacion-en-violencia-de-genero-ante-comite-de-derechos-humanos-de-naciones-unidas\/\" rel=\"noopener noreferrer\">Lee m\u00e1s<span class=\"screen-reader-text\">: Presentaci\u00f3n de Informe Alternativo sobre la situaci\u00f3n en violencia de g\u00e9nero ante  Comit\u00e9 de Derechos Humanos de Naciones Unidas<\/span><\/a><\/div><\/li>\n<li><div class=\"wp-block-latest-posts__featured-image alignleft\"><a href=\"https:\/\/ongelpaso.org.uy\/autonomias\/basta-de-silencio-hablemos-de-violencia-en-las-infancias-y-adolescencias\/\" aria-label=\"Basta de silencio: hablemos de violencia en las infancias y adolescencias\"><img loading=\"lazy\" decoding=\"async\" width=\"150\" height=\"134\" src=\"https:\/\/ongelpaso.org.uy\/autonomias\/wp-content\/uploads\/2022\/04\/Infografia-1-25-de-abril-Dia-Mundial-contra-el-maltrato-Infantil-e1650853197680-150x134.png\" class=\"attachment-thumbnail size-thumbnail wp-post-image\" alt=\"\" style=\"max-width:150px;max-height:150px;\" \/><\/a><\/div><a class=\"wp-block-latest-posts__post-title\" href=\"https:\/\/ongelpaso.org.uy\/autonomias\/basta-de-silencio-hablemos-de-violencia-en-las-infancias-y-adolescencias\/\">Basta de silencio: hablemos de violencia en las infancias y adolescencias<\/a><div class=\"wp-block-latest-posts__post-excerpt\">&#128266; Escuchar El maltrato infantil es el abuso y la desatenci\u00f3n hacia ni\u00f1as, ni\u00f1os o adolescentes, que causen da\u00f1o o puedan causar da\u00f1o a su salud, desarrollo, dignidad, o poner en peligro su supervivencia. Incluye el maltrato f\u00edsico o psicol\u00f3gico, el abuso sexual, la negligencia y explotaci\u00f3n&nbsp;(OMS 2020).&nbsp; El maltrato infantil implica para las infancias&#8230; <a class=\"wp-block-latest-posts__read-more\" href=\"https:\/\/ongelpaso.org.uy\/autonomias\/basta-de-silencio-hablemos-de-violencia-en-las-infancias-y-adolescencias\/\" rel=\"noopener noreferrer\">Lee m\u00e1s<span class=\"screen-reader-text\">: Basta de silencio: hablemos de violencia en las infancias y adolescencias<\/span><\/a><\/div><\/li>\n<li><div class=\"wp-block-latest-posts__featured-image alignleft\"><a href=\"https:\/\/ongelpaso.org.uy\/autonomias\/presentacion-del-observatorio-contra-la-violencia-basada-en-genero-y-acceso-a-la-justicia\/\" aria-label=\"Presentaci\u00f3n del Observatorio contra la Violencia Basada en G\u00e9nero y Acceso a la Justicia\"><img loading=\"lazy\" decoding=\"async\" width=\"150\" height=\"150\" src=\"https:\/\/ongelpaso.org.uy\/autonomias\/wp-content\/uploads\/2021\/11\/noticia-150x150.jpg\" class=\"attachment-thumbnail size-thumbnail wp-post-image\" alt=\"\" style=\"max-width:150px;max-height:150px;\" srcset=\"https:\/\/ongelpaso.org.uy\/autonomias\/wp-content\/uploads\/2021\/11\/noticia-150x150.jpg 150w, https:\/\/ongelpaso.org.uy\/autonomias\/wp-content\/uploads\/2021\/11\/noticia-300x300.jpg 300w, https:\/\/ongelpaso.org.uy\/autonomias\/wp-content\/uploads\/2021\/11\/noticia.jpg 500w\" sizes=\"auto, (max-width: 150px) 100vw, 150px\" \/><\/a><\/div><a class=\"wp-block-latest-posts__post-title\" href=\"https:\/\/ongelpaso.org.uy\/autonomias\/presentacion-del-observatorio-contra-la-violencia-basada-en-genero-y-acceso-a-la-justicia\/\">Presentaci\u00f3n del Observatorio contra la Violencia Basada en G\u00e9nero y Acceso a la Justicia<\/a><div class=\"wp-block-latest-posts__post-excerpt\">&#128266; Escuchar Entrevista a Cristina Prego, Coordinadora del Proyecto Autonom\u00edas Colectivas, sobre el Observatorio contra la Violencia Basada en G\u00e9nero y Acceso a la Justicia<\/div><\/li>\n<li><div class=\"wp-block-latest-posts__featured-image alignleft\"><a href=\"https:\/\/ongelpaso.org.uy\/autonomias\/boletin-informativo-sobre-procedimientos-y-derechos-a-la-hora-de-realizar-denuncias-de-violencia-basada-en-genero\/\" aria-label=\"Bolet\u00edn informativo sobre Procedimientos y derechos a la hora de realizar denuncias de Violencia Basada en G\u00e9nero\"><img loading=\"lazy\" decoding=\"async\" width=\"150\" height=\"150\" src=\"https:\/\/ongelpaso.org.uy\/autonomias\/wp-content\/uploads\/2021\/11\/procedimientoss-150x150.png\" class=\"attachment-thumbnail size-thumbnail wp-post-image\" alt=\"\" style=\"max-width:150px;max-height:150px;\" \/><\/a><\/div><a class=\"wp-block-latest-posts__post-title\" href=\"https:\/\/ongelpaso.org.uy\/autonomias\/boletin-informativo-sobre-procedimientos-y-derechos-a-la-hora-de-realizar-denuncias-de-violencia-basada-en-genero\/\">Bolet\u00edn informativo sobre Procedimientos y derechos a la hora de realizar denuncias de Violencia Basada en G\u00e9nero<\/a><div class=\"wp-block-latest-posts__post-excerpt\">&#128266; Escuchar Presentamos el siguiente bolet\u00edn informativo para acceder a una cartilla que informa sobre derechos, garant\u00edas y procedimientos legales a la hora de realizar una denuncia de Violencia Basada en G\u00e9nero. Tanto la ley n\u00b019.580 como el C\u00f3digo del Proceso Penal (ley n\u00b019.293) establecen procedimientos, derechos y garant\u00edas de la v\u00edctima a la hora&#8230; <a class=\"wp-block-latest-posts__read-more\" href=\"https:\/\/ongelpaso.org.uy\/autonomias\/boletin-informativo-sobre-procedimientos-y-derechos-a-la-hora-de-realizar-denuncias-de-violencia-basada-en-genero\/\" rel=\"noopener noreferrer\">Lee m\u00e1s<span class=\"screen-reader-text\">: Bolet\u00edn informativo sobre Procedimientos y derechos a la hora de realizar denuncias de Violencia Basada en G\u00e9nero<\/span><\/a><\/div><\/li>\n<li><div class=\"wp-block-latest-posts__featured-image alignleft\"><a href=\"https:\/\/ongelpaso.org.uy\/autonomias\/infografia-sobre-datos-2\/\" aria-label=\"Explotaci\u00f3n sexual comercial de ni\u00f1as, ni\u00f1os y adolescentes\"><img loading=\"lazy\" decoding=\"async\" width=\"150\" height=\"150\" src=\"https:\/\/ongelpaso.org.uy\/autonomias\/wp-content\/uploads\/2021\/11\/2-150x150.jpg\" class=\"attachment-thumbnail size-thumbnail wp-post-image\" alt=\"\" style=\"max-width:150px;max-height:150px;\" srcset=\"https:\/\/ongelpaso.org.uy\/autonomias\/wp-content\/uploads\/2021\/11\/2-150x150.jpg 150w, https:\/\/ongelpaso.org.uy\/autonomias\/wp-content\/uploads\/2021\/11\/2-300x300.jpg 300w, https:\/\/ongelpaso.org.uy\/autonomias\/wp-content\/uploads\/2021\/11\/2.jpg 574w\" sizes=\"auto, (max-width: 150px) 100vw, 150px\" \/><\/a><\/div><a class=\"wp-block-latest-posts__post-title\" href=\"https:\/\/ongelpaso.org.uy\/autonomias\/infografia-sobre-datos-2\/\">Explotaci\u00f3n sexual comercial de ni\u00f1as, ni\u00f1os y adolescentes<\/a><div class=\"wp-block-latest-posts__post-excerpt\">&#128266; Escuchar La siguiente infograf\u00eda pretende aportar en el debate p\u00fablico a la problematizaci\u00f3n de la explotaci\u00f3n sexual comercial para su erradicaci\u00f3n. En ella encontrar\u00e1s la definici\u00f3n e implicancias de la explotaci\u00f3n sexual comercial de ni\u00f1as, ni\u00f1os y adolescentes, datos relativos a Uruguay, y los riesgos suscitados desde la pandemia por COVID-19. \u00a1Desc\u00e1rgalo y comp\u00e1rtelo!&#8230; <a class=\"wp-block-latest-posts__read-more\" href=\"https:\/\/ongelpaso.org.uy\/autonomias\/infografia-sobre-datos-2\/\" rel=\"noopener noreferrer\">Lee m\u00e1s<span class=\"screen-reader-text\">: Explotaci\u00f3n sexual comercial de ni\u00f1as, ni\u00f1os y adolescentes<\/span><\/a><\/div><\/li>\n<li><div class=\"wp-block-latest-posts__featured-image alignleft\"><a href=\"https:\/\/ongelpaso.org.uy\/autonomias\/noticia-en-relacion-al-25-de-noviembre\/\" aria-label=\"Presentaci\u00f3n del Observatorio contra la Violencia Basada en G\u00e9nero y Acceso a la justicia\"><img loading=\"lazy\" decoding=\"async\" width=\"150\" height=\"150\" src=\"https:\/\/ongelpaso.org.uy\/autonomias\/wp-content\/uploads\/2021\/11\/WhatsApp-Image-2021-11-22-at-8.27.28-PM-150x150.jpeg\" class=\"attachment-thumbnail size-thumbnail wp-post-image\" alt=\"\" style=\"max-width:150px;max-height:150px;\" \/><\/a><\/div><a class=\"wp-block-latest-posts__post-title\" href=\"https:\/\/ongelpaso.org.uy\/autonomias\/noticia-en-relacion-al-25-de-noviembre\/\">Presentaci\u00f3n del Observatorio contra la Violencia Basada en G\u00e9nero y Acceso a la justicia<\/a><div class=\"wp-block-latest-posts__post-excerpt\">&#128266; Escuchar La instancia se desarrollar\u00e1 en la Instituci\u00f3n Nacional de Derechos Humanos, y ser\u00e1 transmitida en vivo por el Facebook de la Asociaci\u00f3n Civil El Paso Esta actividad har\u00e1 foco en la importancia de la producci\u00f3n, presentaci\u00f3n y difusi\u00f3n de informaci\u00f3n de calidad y accesible para todas y todos en la lucha contra la&#8230; <a class=\"wp-block-latest-posts__read-more\" href=\"https:\/\/ongelpaso.org.uy\/autonomias\/noticia-en-relacion-al-25-de-noviembre\/\" rel=\"noopener noreferrer\">Lee m\u00e1s<span class=\"screen-reader-text\">: Presentaci\u00f3n del Observatorio contra la Violencia Basada en G\u00e9nero y Acceso a la justicia<\/span><\/a><\/div><\/li>\n<li><div class=\"wp-block-latest-posts__featured-image alignleft\"><a href=\"https:\/\/ongelpaso.org.uy\/autonomias\/noticia-sobre-consultoria\/\" aria-label=\"Presentaci\u00f3n de Consultor\u00eda \u00abAn\u00e1lisis de las barreras en el acceso a la justicia de las mujeres en casos de femicidios sin aclarar y desapariciones\u00bb\"><img loading=\"lazy\" decoding=\"async\" width=\"150\" height=\"150\" src=\"https:\/\/ongelpaso.org.uy\/autonomias\/wp-content\/uploads\/2021\/11\/proyecto-150x150.png\" class=\"attachment-thumbnail size-thumbnail wp-post-image\" alt=\"\" style=\"max-width:150px;max-height:150px;\" \/><\/a><\/div><a class=\"wp-block-latest-posts__post-title\" href=\"https:\/\/ongelpaso.org.uy\/autonomias\/noticia-sobre-consultoria\/\">Presentaci\u00f3n de Consultor\u00eda \u00abAn\u00e1lisis de las barreras en el acceso a la justicia de las mujeres en casos de femicidios sin aclarar y desapariciones\u00bb<\/a><div class=\"wp-block-latest-posts__post-excerpt\">&#128266; Escuchar Se present\u00f3 este martes 23 de noviembre la consultor\u00eda realizada en el marco del Observatorio de violencia basada en g\u00e9nero y acceso a la justicia, del Proyecto Autonom\u00edas Colectivas Esta investigaci\u00f3n llevada adelante por la Psic. Fabiana Condon y la Dra. Alicia Deus aporta al conocimiento sobre el acceso a la justicia de&#8230; <a class=\"wp-block-latest-posts__read-more\" href=\"https:\/\/ongelpaso.org.uy\/autonomias\/noticia-sobre-consultoria\/\" rel=\"noopener noreferrer\">Lee m\u00e1s<span class=\"screen-reader-text\">: Presentaci\u00f3n de Consultor\u00eda \u00abAn\u00e1lisis de las barreras en el acceso a la justicia de las mujeres en casos de femicidios sin aclarar y desapariciones\u00bb<\/span><\/a><\/div><\/li>\n<li><div class=\"wp-block-latest-posts__featured-image alignleft\"><a href=\"https:\/\/ongelpaso.org.uy\/autonomias\/noticia-sobre-formulario\/\" aria-label=\"Formulario de relevamiento de dificultades e irregularidades a la hora de realizar una denuncia sobre Violencia Basada en G\u00e9nero\"><img loading=\"lazy\" decoding=\"async\" width=\"150\" height=\"150\" src=\"https:\/\/ongelpaso.org.uy\/autonomias\/wp-content\/uploads\/2021\/11\/Sin-titulo-150x150.png\" class=\"attachment-thumbnail size-thumbnail wp-post-image\" alt=\"\" style=\"max-width:150px;max-height:150px;\" \/><\/a><\/div><a class=\"wp-block-latest-posts__post-title\" href=\"https:\/\/ongelpaso.org.uy\/autonomias\/noticia-sobre-formulario\/\">Formulario de relevamiento de dificultades e irregularidades a la hora de realizar una denuncia sobre Violencia Basada en G\u00e9nero<\/a><div class=\"wp-block-latest-posts__post-excerpt\">&#128266; Escuchar Desde el Proyecto Autonom\u00edas Colectivas queremos compartirles el siguiente formulario de relevamiento de dificultades e irregularidades para denunciar situaciones de Violencia Basada en G\u00e9nero (VBG) vivida por mujeres de todas las edades, orientaciones sexuales e identidades de g\u00e9nero, origen \u00e9tnico racial o nacionalidad y tambi\u00e9n por ni\u00f1as, ni\u00f1os y adolescentes. A la hora&#8230; <a class=\"wp-block-latest-posts__read-more\" href=\"https:\/\/ongelpaso.org.uy\/autonomias\/noticia-sobre-formulario\/\" rel=\"noopener noreferrer\">Lee m\u00e1s<span class=\"screen-reader-text\">: Formulario de relevamiento de dificultades e irregularidades a la hora de realizar una denuncia sobre Violencia Basada en G\u00e9nero<\/span><\/a><\/div><\/li>\n<\/ul>","protected":false},"excerpt":{"rendered":"<p>&#128266; Escuchar Para lograr el empoderamiento y el logro del desarrollo pleno de las autonom\u00edas y el acceso efectivo a la justicia, se desplegar\u00e1n 3 estrategias: desarrollo de grupos de trabajo con mujeres que han sufrido violencia sexual, acciones para la autonom\u00eda econ\u00f3mica y el Observatorio contra la Violencia Basada en G\u00e9nero y Acceso a [&hellip;]<\/p>\n","protected":false},"author":1,"featured_media":0,"parent":0,"menu_order":0,"comment_status":"closed","ping_status":"closed","template":"","meta":{"footnotes":""},"class_list":["post-138","page","type-page","status-publish","hentry"],"_links":{"self":[{"href":"https:\/\/ongelpaso.org.uy\/autonomias\/wp-json\/wp\/v2\/pages\/138","targetHints":{"allow":["GET"]}}],"collection":[{"href":"https:\/\/ongelpaso.org.uy\/autonomias\/wp-json\/wp\/v2\/pages"}],"about":[{"href":"https:\/\/ongelpaso.org.uy\/autonomias\/wp-json\/wp\/v2\/types\/page"}],"author":[{"embeddable":true,"href":"https:\/\/ongelpaso.org.uy\/autonomias\/wp-json\/wp\/v2\/users\/1"}],"replies":[{"embeddable":true,"href":"https:\/\/ongelpaso.org.uy\/autonomias\/wp-json\/wp\/v2\/comments?post=138"}],"version-history":[{"count":7,"href":"https:\/\/ongelpaso.org.uy\/autonomias\/wp-json\/wp\/v2\/pages\/138\/revisions"}],"predecessor-version":[{"id":1011,"href":"https:\/\/ongelpaso.org.uy\/autonomias\/wp-json\/wp\/v2\/pages\/138\/revisions\/1011"}],"wp:attachment":[{"href":"https:\/\/ongelpaso.org.uy\/autonomias\/wp-json\/wp\/v2\/media?parent=138"}],"curies":[{"name":"wp","href":"https:\/\/api.w.org\/{rel}","templated":true}]}}