{"id":142,"date":"2021-10-29T13:28:15","date_gmt":"2021-10-29T13:28:15","guid":{"rendered":"https:\/\/www.ixohost.uy\/autonomias\/?page_id=142"},"modified":"2021-11-26T12:44:47","modified_gmt":"2021-11-26T12:44:47","slug":"noticias","status":"publish","type":"page","link":"https:\/\/ongelpaso.org.uy\/autonomias\/observatorio\/noticias\/","title":{"rendered":"Noticias"},"content":{"rendered":"<button id=\"listenButton34\" class=\"responsivevoice-button\" type=\"button\" value=\"Play\" title=\"ResponsiveVoice Tap to Start\/Stop Speech\"><span>&#128266; Escuchar<\/span><\/button>\n        <script>\n            listenButton34.onclick = function(){\n                if(responsiveVoice.isPlaying()){\n                    responsiveVoice.cancel();\n                }else{\n                    responsiveVoice.speak(\"\", \"Spanish Latin American Female\");\n                }\n            };\n        <\/script>\n    <ul class=\"wp-block-latest-posts__list is-grid columns-2 wp-block-latest-posts\"><li><div class=\"wp-block-latest-posts__featured-image alignleft\"><a href=\"https:\/\/ongelpaso.org.uy\/autonomias\/analisis-de-barreras-para-elacceso-a-la-justicia-y-ladebida-diligencia-endesapariciones-de-mujeres-yfemicidios-sin-aclarar\/\" aria-label=\"AN\u00c1LISIS DE BARRERAS PARA ELACCESO A LA JUSTICIA Y LADEBIDA DILIGENCIA ENDESAPARICIONES DE MUJERES YFEMICIDIOS SIN ACLARAR.\"><img loading=\"lazy\" decoding=\"async\" width=\"150\" height=\"150\" src=\"https:\/\/ongelpaso.org.uy\/autonomias\/wp-content\/uploads\/2024\/03\/resumen-ejecutivo-150x150.jpg\" class=\"attachment-thumbnail size-thumbnail wp-post-image\" alt=\"\" style=\"max-width:150px;max-height:150px;\" \/><\/a><\/div><a class=\"wp-block-latest-posts__post-title\" href=\"https:\/\/ongelpaso.org.uy\/autonomias\/analisis-de-barreras-para-elacceso-a-la-justicia-y-ladebida-diligencia-endesapariciones-de-mujeres-yfemicidios-sin-aclarar\/\">AN\u00c1LISIS DE BARRERAS PARA ELACCESO A LA JUSTICIA Y LADEBIDA DILIGENCIA ENDESAPARICIONES DE MUJERES YFEMICIDIOS SIN ACLARAR.<\/a><div class=\"wp-block-latest-posts__post-excerpt\">&#128266; Escuchar Descarga aqu\u00ed el Resumen Ejecutivo de la investigaci\u00f3n llevada adelante por Alicia Deus y Fabiana Condon, para el Proyecto Autonom\u00edas Colectivas.<\/div><\/li>\n<li><div class=\"wp-block-latest-posts__featured-image alignleft\"><a href=\"https:\/\/ongelpaso.org.uy\/autonomias\/inscripciones-abiertas-para-el-seminario-de-la-impunidad-a-la-autonomia-estrategias\/\" aria-label=\"INSCRIPCIONES ABIERTAS PARA EL SEMINARIO \u00abDE LA IMPUNIDAD A LA AUTONOM\u00cdA\u00bb, ESTRATEGIAS Y ACCIONES PARA DEFENDER UNA VIDA LIBRE DE VIOLENCIA DE G\u00c9NERO\"><img loading=\"lazy\" decoding=\"async\" width=\"150\" height=\"150\" src=\"https:\/\/ongelpaso.org.uy\/autonomias\/wp-content\/uploads\/2024\/03\/Seminario_2024-1-150x150.png\" class=\"attachment-thumbnail size-thumbnail wp-post-image\" alt=\"\" style=\"max-width:150px;max-height:150px;\" srcset=\"https:\/\/ongelpaso.org.uy\/autonomias\/wp-content\/uploads\/2024\/03\/Seminario_2024-1-150x150.png 150w, https:\/\/ongelpaso.org.uy\/autonomias\/wp-content\/uploads\/2024\/03\/Seminario_2024-1-300x300.png 300w, https:\/\/ongelpaso.org.uy\/autonomias\/wp-content\/uploads\/2024\/03\/Seminario_2024-1-1024x1024.png 1024w, https:\/\/ongelpaso.org.uy\/autonomias\/wp-content\/uploads\/2024\/03\/Seminario_2024-1-768x768.png 768w, https:\/\/ongelpaso.org.uy\/autonomias\/wp-content\/uploads\/2024\/03\/Seminario_2024-1.png 1080w\" sizes=\"auto, (max-width: 150px) 100vw, 150px\" \/><\/a><\/div><a class=\"wp-block-latest-posts__post-title\" href=\"https:\/\/ongelpaso.org.uy\/autonomias\/inscripciones-abiertas-para-el-seminario-de-la-impunidad-a-la-autonomia-estrategias\/\">INSCRIPCIONES ABIERTAS PARA EL SEMINARIO \u00abDE LA IMPUNIDAD A LA AUTONOM\u00cdA\u00bb, ESTRATEGIAS Y ACCIONES PARA DEFENDER UNA VIDA LIBRE DE VIOLENCIA DE G\u00c9NERO<\/a><div class=\"wp-block-latest-posts__post-excerpt\">&#128266; Escuchar El Proyecto Autonom\u00edas Colectivas ha desarrollado distintas actividades y estudios sobre diversas violencias basadas en g\u00e9nero. Como cierre del proyecto, nos proponemos generar un espacio de debate abierto y p\u00fablico para construir herramientas y caminos posibles hacia la autonom\u00eda plena de las mujeres. El Seminario cumple con los objetivos de: Este es un&#8230; <a class=\"wp-block-latest-posts__read-more\" href=\"https:\/\/ongelpaso.org.uy\/autonomias\/inscripciones-abiertas-para-el-seminario-de-la-impunidad-a-la-autonomia-estrategias\/\" rel=\"noopener noreferrer\">Lee m\u00e1s<span class=\"screen-reader-text\">: INSCRIPCIONES ABIERTAS PARA EL SEMINARIO \u00abDE LA IMPUNIDAD A LA AUTONOM\u00cdA\u00bb, ESTRATEGIAS Y ACCIONES PARA DEFENDER UNA VIDA LIBRE DE VIOLENCIA DE G\u00c9NERO<\/span><\/a><\/div><\/li>\n<li><a class=\"wp-block-latest-posts__post-title\" href=\"https:\/\/ongelpaso.org.uy\/autonomias\/la-sociedad-civil-presento-la-situacion-de-uruguay-ante-el-examen-periodico-universal-de-naciones-unidas\/\">LA SOCIEDAD CIVIL PRESENT\u00d3 LA SITUACI\u00d3N DE URUGUAY ANTE EL EXAMEN PERI\u00d3DICO UNIVERSAL DE NACIONES UNIDAS<\/a><div class=\"wp-block-latest-posts__post-excerpt\">&#128266; Escuchar El viernes 16 de febrero fueron presentados en Ginebra los informes alternativos enviados por la sociedad civil para el Examen Peri\u00f3dico Universal, que revisar\u00e1 la situaci\u00f3n del Estado uruguayo en mayo de 2024. Descarg\u00e1 aqu\u00ed el informe presentado por El Paso y la RUCVDS, con apoyo del Proyecto Autonom\u00edas Colectivas. El Examen Peri\u00f3dico&#8230; <a class=\"wp-block-latest-posts__read-more\" href=\"https:\/\/ongelpaso.org.uy\/autonomias\/la-sociedad-civil-presento-la-situacion-de-uruguay-ante-el-examen-periodico-universal-de-naciones-unidas\/\" rel=\"noopener noreferrer\">Lee m\u00e1s<span class=\"screen-reader-text\">: LA SOCIEDAD CIVIL PRESENT\u00d3 LA SITUACI\u00d3N DE URUGUAY ANTE EL EXAMEN PERI\u00d3DICO UNIVERSAL DE NACIONES UNIDAS<\/span><\/a><\/div><\/li>\n<li><div class=\"wp-block-latest-posts__featured-image alignleft\"><a href=\"https:\/\/ongelpaso.org.uy\/autonomias\/realizamos-en-las-pioneras-la-actividad-violencia-de-genero-y-violencia-generacional-la-construccion-de-vinculos-sexoafectivos-libres-de-violencia-en-las-adolescencias\/\" aria-label=\"ACTIVIDAD \u00abVIOLENCIA DE G\u00c9NERO Y VIOLENCIA GENERACIONAL. LA CONSTRUCCI\u00d3N DE V\u00cdNCULOS SEXOAFECTIVOS LIBRES DE VIOLENCIA EN LAS ADOLESCENCIAS\u00bb\"><img loading=\"lazy\" decoding=\"async\" width=\"150\" height=\"150\" src=\"https:\/\/ongelpaso.org.uy\/autonomias\/wp-content\/uploads\/2023\/12\/WhatsApp-Image-2023-12-07-at-12.24.19-150x150.jpeg\" class=\"attachment-thumbnail size-thumbnail wp-post-image\" alt=\"\" style=\"max-width:150px;max-height:150px;\" \/><\/a><\/div><a class=\"wp-block-latest-posts__post-title\" href=\"https:\/\/ongelpaso.org.uy\/autonomias\/realizamos-en-las-pioneras-la-actividad-violencia-de-genero-y-violencia-generacional-la-construccion-de-vinculos-sexoafectivos-libres-de-violencia-en-las-adolescencias\/\">ACTIVIDAD \u00abVIOLENCIA DE G\u00c9NERO Y VIOLENCIA GENERACIONAL. LA CONSTRUCCI\u00d3N DE V\u00cdNCULOS SEXOAFECTIVOS LIBRES DE VIOLENCIA EN LAS ADOLESCENCIAS\u00bb<\/a><div class=\"wp-block-latest-posts__post-excerpt\">&#128266; Escuchar La fresca y lluviosa tarde del martes 5 de diciembre no impidi\u00f3 que dentro del espacio de Las Pioneras se desarrollara un c\u00e1lido y revitalizante intercambio sobre las violencias de g\u00e9nero y generacionales, que cont\u00f3 con la presencia y aporte de distintos colectivos y espacios feministas. Integraron el espacio de conversaci\u00f3n Florencia Vera&#8230; <a class=\"wp-block-latest-posts__read-more\" href=\"https:\/\/ongelpaso.org.uy\/autonomias\/realizamos-en-las-pioneras-la-actividad-violencia-de-genero-y-violencia-generacional-la-construccion-de-vinculos-sexoafectivos-libres-de-violencia-en-las-adolescencias\/\" rel=\"noopener noreferrer\">Lee m\u00e1s<span class=\"screen-reader-text\">: ACTIVIDAD \u00abVIOLENCIA DE G\u00c9NERO Y VIOLENCIA GENERACIONAL. LA CONSTRUCCI\u00d3N DE V\u00cdNCULOS SEXOAFECTIVOS LIBRES DE VIOLENCIA EN LAS ADOLESCENCIAS\u00bb<\/span><\/a><\/div><\/li>\n<li><div class=\"wp-block-latest-posts__featured-image alignleft\"><a href=\"https:\/\/ongelpaso.org.uy\/autonomias\/realizamos-en-paysandu-el-conversatorio-sobre-explotacion-sexual-y-trata-de-personas\/\" aria-label=\"REALIZAMOS EN PAYSAND\u00da EL CONVERSATORIO SOBRE EXPLOTACI\u00d3N SEXUAL Y TRATA DE PERSONAS\"><img loading=\"lazy\" decoding=\"async\" width=\"150\" height=\"150\" src=\"https:\/\/ongelpaso.org.uy\/autonomias\/wp-content\/uploads\/2023\/12\/WhatsApp-Image-2023-12-07-at-12.22.50-150x150.jpeg\" class=\"attachment-thumbnail size-thumbnail wp-post-image\" alt=\"\" style=\"max-width:150px;max-height:150px;\" \/><\/a><\/div><a class=\"wp-block-latest-posts__post-title\" href=\"https:\/\/ongelpaso.org.uy\/autonomias\/realizamos-en-paysandu-el-conversatorio-sobre-explotacion-sexual-y-trata-de-personas\/\">REALIZAMOS EN PAYSAND\u00da EL CONVERSATORIO SOBRE EXPLOTACI\u00d3N SEXUAL Y TRATA DE PERSONAS<\/a><div class=\"wp-block-latest-posts__post-excerpt\">&#128266; Escuchar La actividad present\u00f3 el Informe \u00abM\u00e1s invisibles. La trata y la pandemia\u00bb, y una mesa de intercambio sobre las dificultades en la detecci\u00f3n de explotaci\u00f3n sexual en infancias y adolescencias, en especial la que ocurre en medios digitales. Adem\u00e1s, se dialog\u00f3 sobre la situaci\u00f3n en Uruguay, con foco en el litoral y Paysand\u00fa&#8230;. <a class=\"wp-block-latest-posts__read-more\" href=\"https:\/\/ongelpaso.org.uy\/autonomias\/realizamos-en-paysandu-el-conversatorio-sobre-explotacion-sexual-y-trata-de-personas\/\" rel=\"noopener noreferrer\">Lee m\u00e1s<span class=\"screen-reader-text\">: REALIZAMOS EN PAYSAND\u00da EL CONVERSATORIO SOBRE EXPLOTACI\u00d3N SEXUAL Y TRATA DE PERSONAS<\/span><\/a><\/div><\/li>\n<li><div class=\"wp-block-latest-posts__featured-image alignleft\"><a href=\"https:\/\/ongelpaso.org.uy\/autonomias\/realizamos-el-conversatorio-no-son-cifras-son-mujeres-en-young\/\" aria-label=\"REALIZAMOS EL CONVERSATORIO NO SON CIFRAS, SON MUJERES EN YOUNG\"><img loading=\"lazy\" decoding=\"async\" width=\"150\" height=\"150\" src=\"https:\/\/ongelpaso.org.uy\/autonomias\/wp-content\/uploads\/2023\/12\/WhatsApp-Image-2023-12-07-at-12.22.42-1-150x150.jpeg\" class=\"attachment-thumbnail size-thumbnail wp-post-image\" alt=\"\" style=\"max-width:150px;max-height:150px;\" \/><\/a><\/div><a class=\"wp-block-latest-posts__post-title\" href=\"https:\/\/ongelpaso.org.uy\/autonomias\/realizamos-el-conversatorio-no-son-cifras-son-mujeres-en-young\/\">REALIZAMOS EL CONVERSATORIO NO SON CIFRAS, SON MUJERES EN YOUNG<\/a><div class=\"wp-block-latest-posts__post-excerpt\">&#128266; Escuchar El pasado 20 de setiembre de 2023 llevamos adelante en conjunto con Feminicidio Uruguay una actividad de Conversatorio sobre feminicidios en Uruguay, y en la zona del litoral del pa\u00eds. La actividad se organiz\u00f3 con compa\u00f1eras de la colectiva Mburucuy\u00e1, de R\u00edo Negro, y se llev\u00f3 adelante en la Casa de la Cultura&#8230; <a class=\"wp-block-latest-posts__read-more\" href=\"https:\/\/ongelpaso.org.uy\/autonomias\/realizamos-el-conversatorio-no-son-cifras-son-mujeres-en-young\/\" rel=\"noopener noreferrer\">Lee m\u00e1s<span class=\"screen-reader-text\">: REALIZAMOS EL CONVERSATORIO NO SON CIFRAS, SON MUJERES EN YOUNG<\/span><\/a><\/div><\/li>\n<li><div class=\"wp-block-latest-posts__featured-image alignleft\"><a href=\"https:\/\/ongelpaso.org.uy\/autonomias\/se-realizo-el-primer-encuentro-de-mujeres-de-grupos-de-reparacion-de-violencia-sexual\/\" aria-label=\"Se realiz\u00f3 el Primer Encuentro de Mujeres de Grupos de Reparaci\u00f3n de Violencia Sexual\"><img loading=\"lazy\" decoding=\"async\" width=\"150\" height=\"150\" src=\"https:\/\/ongelpaso.org.uy\/autonomias\/wp-content\/uploads\/2023\/11\/WhatsApp-Image-2023-11-21-at-17.00.15-1-150x150.jpeg\" class=\"attachment-thumbnail size-thumbnail wp-post-image\" alt=\"\" style=\"max-width:150px;max-height:150px;\" \/><\/a><\/div><a class=\"wp-block-latest-posts__post-title\" href=\"https:\/\/ongelpaso.org.uy\/autonomias\/se-realizo-el-primer-encuentro-de-mujeres-de-grupos-de-reparacion-de-violencia-sexual\/\">Se realiz\u00f3 el Primer Encuentro de Mujeres de Grupos de Reparaci\u00f3n de Violencia Sexual<\/a><div class=\"wp-block-latest-posts__post-excerpt\">&#128266; Escuchar El s\u00e1bado 18 de noviembre se llev\u00f3 adelante este Primer Encuentro, que reuni\u00f3 a m\u00e1s de 30 mujeres de distintos departamentos del pa\u00eds. Llegaron al Encuentro mujeres de distintos departamentos del pa\u00eds, como Salto, Rivera, Cerro Largo y Flores, adem\u00e1s de las mujeres que desde Montevideo han participado de los Grupos de reparaci\u00f3n&#8230; <a class=\"wp-block-latest-posts__read-more\" href=\"https:\/\/ongelpaso.org.uy\/autonomias\/se-realizo-el-primer-encuentro-de-mujeres-de-grupos-de-reparacion-de-violencia-sexual\/\" rel=\"noopener noreferrer\">Lee m\u00e1s<span class=\"screen-reader-text\">: Se realiz\u00f3 el Primer Encuentro de Mujeres de Grupos de Reparaci\u00f3n de Violencia Sexual<\/span><\/a><\/div><\/li>\n<li><div class=\"wp-block-latest-posts__featured-image alignleft\"><a href=\"https:\/\/ongelpaso.org.uy\/autonomias\/el-1-de-agosto-se-presento-el-informe-mas-invisibles-la-trata-y-la-pandemia-en-el-salon-rojo-de-la-intendencia-de-montevideo\/\" aria-label=\"El 1\u00b0 de agosto se present\u00f3 el informe \u00abM\u00e1s invisibles. La trata y la pandemia\u00bb en el Sal\u00f3n Rojo de la Intendencia de Montevideo\"><img loading=\"lazy\" decoding=\"async\" width=\"150\" height=\"150\" src=\"https:\/\/ongelpaso.org.uy\/autonomias\/wp-content\/uploads\/2023\/07\/Portada-web-Trata-2023-150x150.png\" class=\"attachment-thumbnail size-thumbnail wp-post-image\" alt=\"\" style=\"max-width:150px;max-height:150px;\" \/><\/a><\/div><a class=\"wp-block-latest-posts__post-title\" href=\"https:\/\/ongelpaso.org.uy\/autonomias\/el-1-de-agosto-se-presento-el-informe-mas-invisibles-la-trata-y-la-pandemia-en-el-salon-rojo-de-la-intendencia-de-montevideo\/\">El 1\u00b0 de agosto se present\u00f3 el informe \u00abM\u00e1s invisibles. La trata y la pandemia\u00bb en el Sal\u00f3n Rojo de la Intendencia de Montevideo<\/a><div class=\"wp-block-latest-posts__post-excerpt\">&#128266; Escuchar Se presentaron los principales resultados del informe. Adem\u00e1s, se llev\u00f3 adelante una Mesa de intercambio sobre la situaci\u00f3n de la trata de mujeres en Uruguay, y los principales desaf\u00edos para detectarla y combatirla. Cont\u00f3 con la presencia de Sandra Perroni (Coordinadora &#8211; El Paso), Agustina Deleon (OIM), Daniela Sena (Inmujeres) y Luciana Oholeguy&#8230; <a class=\"wp-block-latest-posts__read-more\" href=\"https:\/\/ongelpaso.org.uy\/autonomias\/el-1-de-agosto-se-presento-el-informe-mas-invisibles-la-trata-y-la-pandemia-en-el-salon-rojo-de-la-intendencia-de-montevideo\/\" rel=\"noopener noreferrer\">Lee m\u00e1s<span class=\"screen-reader-text\">: El 1\u00b0 de agosto se present\u00f3 el informe \u00abM\u00e1s invisibles. La trata y la pandemia\u00bb en el Sal\u00f3n Rojo de la Intendencia de Montevideo<\/span><\/a><\/div><\/li>\n<li><div class=\"wp-block-latest-posts__featured-image alignleft\"><a href=\"https:\/\/ongelpaso.org.uy\/autonomias\/descarga-el-informe-mas-invisibles-la-trata-y-la-pandemia\/\" aria-label=\"Descarg\u00e1 el Informe \u00abM\u00e1s invisibles. La trata y la pandemia\u00bb\"><img loading=\"lazy\" decoding=\"async\" width=\"150\" height=\"150\" src=\"https:\/\/ongelpaso.org.uy\/autonomias\/wp-content\/uploads\/2023\/07\/imagen-para-web-1-150x150.png\" class=\"attachment-thumbnail size-thumbnail wp-post-image\" alt=\"\" style=\"max-width:150px;max-height:150px;\" \/><\/a><\/div><a class=\"wp-block-latest-posts__post-title\" href=\"https:\/\/ongelpaso.org.uy\/autonomias\/descarga-el-informe-mas-invisibles-la-trata-y-la-pandemia\/\">Descarg\u00e1 el Informe \u00abM\u00e1s invisibles. La trata y la pandemia\u00bb<\/a><div class=\"wp-block-latest-posts__post-excerpt\">&#128266; Escuchar Acced\u00e9 al Informe Mas invisibles. La trata y la pandemia, una actualizaci\u00f3n de datos sobre la trata de mujeres en territorio uruguayo, desde enero de 2018 a diciembre de 2022. Este informe fue elaborado con la colaboraci\u00f3n de la Organizaci\u00f3n Internacional de las Migraciones (OIM).<\/div><\/li>\n<li><a class=\"wp-block-latest-posts__post-title\" href=\"https:\/\/ongelpaso.org.uy\/autonomias\/presentacion-de-materiales-sobre-feminicidios-en-uruguay\/\">Presentaci\u00f3n de materiales sobre feminicidios en Uruguay<\/a><div class=\"wp-block-latest-posts__post-excerpt\">&#128266; Escuchar El pr\u00f3ximo 6 de julio presentamos en Las Pioneras los documentos de Informe: \u00abEl feminicidio en Uruguay. Datos que nos ayudan a dimensionar el problema.\u00bb y el librillo \u00abFemicidio y acceso a la justicia. Derechos, garant\u00edas, recomendaciones y redes para acompa\u00f1ar a v\u00edctimas.\u00bb Las esperamos a las 19 horas. Contaremos con la presencia&#8230; <a class=\"wp-block-latest-posts__read-more\" href=\"https:\/\/ongelpaso.org.uy\/autonomias\/presentacion-de-materiales-sobre-feminicidios-en-uruguay\/\" rel=\"noopener noreferrer\">Lee m\u00e1s<span class=\"screen-reader-text\">: Presentaci\u00f3n de materiales sobre feminicidios en Uruguay<\/span><\/a><\/div><\/li>\n<li><div class=\"wp-block-latest-posts__featured-image alignleft\"><a href=\"https:\/\/ongelpaso.org.uy\/autonomias\/informe-el-feminicidio-en-uruguay-datos-que-nos-ayudan-a-dimensionar-el-problema\/\" aria-label=\"Informe El Feminicidio en Uruguay. Datos que nos ayudan a dimensionar el problema\"><img loading=\"lazy\" decoding=\"async\" width=\"150\" height=\"150\" src=\"https:\/\/ongelpaso.org.uy\/autonomias\/wp-content\/uploads\/2023\/07\/Informe-feminicidio-150x150.png\" class=\"attachment-thumbnail size-thumbnail wp-post-image\" alt=\"\" style=\"max-width:150px;max-height:150px;\" \/><\/a><\/div><a class=\"wp-block-latest-posts__post-title\" href=\"https:\/\/ongelpaso.org.uy\/autonomias\/informe-el-feminicidio-en-uruguay-datos-que-nos-ayudan-a-dimensionar-el-problema\/\">Informe El Feminicidio en Uruguay. Datos que nos ayudan a dimensionar el problema<\/a><div class=\"wp-block-latest-posts__post-excerpt\">&#128266; Escuchar<\/div><\/li>\n<li><div class=\"wp-block-latest-posts__featured-image alignleft\"><a href=\"https:\/\/ongelpaso.org.uy\/autonomias\/presentamos-librillo-femicidio-y-acceso-a-la-justicia-derechos-garantias-recomendaciones-y-redes-para-acompanar-a-victimas\/\" aria-label=\"Descarga el Librillo Femicidio y acceso a la justicia. Derechos, garant\u00edas, recomendaciones y redes para acompa\u00f1ar a v\u00edctimas\"><img loading=\"lazy\" decoding=\"async\" width=\"150\" height=\"150\" src=\"https:\/\/ongelpaso.org.uy\/autonomias\/wp-content\/uploads\/2023\/07\/librillo-noticia-150x150.png\" class=\"attachment-thumbnail size-thumbnail wp-post-image\" alt=\"\" style=\"max-width:150px;max-height:150px;\" \/><\/a><\/div><a class=\"wp-block-latest-posts__post-title\" href=\"https:\/\/ongelpaso.org.uy\/autonomias\/presentamos-librillo-femicidio-y-acceso-a-la-justicia-derechos-garantias-recomendaciones-y-redes-para-acompanar-a-victimas\/\">Descarga el Librillo Femicidio y acceso a la justicia. Derechos, garant\u00edas, recomendaciones y redes para acompa\u00f1ar a v\u00edctimas<\/a><div class=\"wp-block-latest-posts__post-excerpt\">&#128266; Escuchar<\/div><\/li>\n<li><div class=\"wp-block-latest-posts__featured-image alignleft\"><a href=\"https:\/\/ongelpaso.org.uy\/autonomias\/relatora-de-naciones-unidas-sobre-la-venta-explotacion-sexual-y-abuso-sexual-infantil-expresa-sus-preocupaciones-sobre-la-situacion-de-explotacion-y-abuso-ninas-ninos-y-adolescentes-en-uruguay\/\" aria-label=\"Relatora de Naciones Unidas sobre la Venta, Explotaci\u00f3n Sexual y Abuso Sexual Infantil, expresa sus preocupaciones sobre la situaci\u00f3n de explotaci\u00f3n y abuso ni\u00f1as, ni\u00f1os y adolescentes en Uruguay\"><img loading=\"lazy\" decoding=\"async\" width=\"150\" height=\"150\" src=\"https:\/\/ongelpaso.org.uy\/autonomias\/wp-content\/uploads\/2023\/05\/mamafatima-150x150.jpg\" class=\"attachment-thumbnail size-thumbnail wp-post-image\" alt=\"\" style=\"max-width:150px;max-height:150px;\" \/><\/a><\/div><a class=\"wp-block-latest-posts__post-title\" href=\"https:\/\/ongelpaso.org.uy\/autonomias\/relatora-de-naciones-unidas-sobre-la-venta-explotacion-sexual-y-abuso-sexual-infantil-expresa-sus-preocupaciones-sobre-la-situacion-de-explotacion-y-abuso-ninas-ninos-y-adolescentes-en-uruguay\/\">Relatora de Naciones Unidas sobre la Venta, Explotaci\u00f3n Sexual y Abuso Sexual Infantil, expresa sus preocupaciones sobre la situaci\u00f3n de explotaci\u00f3n y abuso ni\u00f1as, ni\u00f1os y adolescentes en Uruguay<\/a><div class=\"wp-block-latest-posts__post-excerpt\">&#128266; Escuchar Entre los d\u00edas 16 y 25 de mayo de este a\u00f1o recibimos la visita de la Relatora Especial de las Naciones Unidas sobre la Venta, Explotaci\u00f3n Sexual y Abuso Sexual Infantil, Mama Fatima Singhateh. La Relatora fue invitada por el gobierno nacional para hacer una evaluaci\u00f3n de la situaci\u00f3n sobre la venta, explotaci\u00f3n&#8230; <a class=\"wp-block-latest-posts__read-more\" href=\"https:\/\/ongelpaso.org.uy\/autonomias\/relatora-de-naciones-unidas-sobre-la-venta-explotacion-sexual-y-abuso-sexual-infantil-expresa-sus-preocupaciones-sobre-la-situacion-de-explotacion-y-abuso-ninas-ninos-y-adolescentes-en-uruguay\/\" rel=\"noopener noreferrer\">Lee m\u00e1s<span class=\"screen-reader-text\">: Relatora de Naciones Unidas sobre la Venta, Explotaci\u00f3n Sexual y Abuso Sexual Infantil, expresa sus preocupaciones sobre la situaci\u00f3n de explotaci\u00f3n y abuso ni\u00f1as, ni\u00f1os y adolescentes en Uruguay<\/span><\/a><\/div><\/li>\n<li><div class=\"wp-block-latest-posts__featured-image alignleft\"><a href=\"https:\/\/ongelpaso.org.uy\/autonomias\/otro-8-de-marzo-en-el-que-gritamos-por-las-que-ya-no-tienen-voz\/\" aria-label=\"Otro 8 de Marzo en el que gritamos por las que ya no tienen voz\"><img loading=\"lazy\" decoding=\"async\" width=\"150\" height=\"150\" src=\"https:\/\/ongelpaso.org.uy\/autonomias\/wp-content\/uploads\/2023\/03\/WhatsApp-Image-2023-03-03-at-20.47.13-150x150.jpeg\" class=\"attachment-thumbnail size-thumbnail wp-post-image\" alt=\"\" style=\"max-width:150px;max-height:150px;\" srcset=\"https:\/\/ongelpaso.org.uy\/autonomias\/wp-content\/uploads\/2023\/03\/WhatsApp-Image-2023-03-03-at-20.47.13-150x150.jpeg 150w, https:\/\/ongelpaso.org.uy\/autonomias\/wp-content\/uploads\/2023\/03\/WhatsApp-Image-2023-03-03-at-20.47.13-300x300.jpeg 300w, https:\/\/ongelpaso.org.uy\/autonomias\/wp-content\/uploads\/2023\/03\/WhatsApp-Image-2023-03-03-at-20.47.13-1024x1024.jpeg 1024w, https:\/\/ongelpaso.org.uy\/autonomias\/wp-content\/uploads\/2023\/03\/WhatsApp-Image-2023-03-03-at-20.47.13-768x768.jpeg 768w, https:\/\/ongelpaso.org.uy\/autonomias\/wp-content\/uploads\/2023\/03\/WhatsApp-Image-2023-03-03-at-20.47.13.jpeg 1080w\" sizes=\"auto, (max-width: 150px) 100vw, 150px\" \/><\/a><\/div><a class=\"wp-block-latest-posts__post-title\" href=\"https:\/\/ongelpaso.org.uy\/autonomias\/otro-8-de-marzo-en-el-que-gritamos-por-las-que-ya-no-tienen-voz\/\">Otro 8 de Marzo en el que gritamos por las que ya no tienen voz<\/a><div class=\"wp-block-latest-posts__post-excerpt\">&#128266; Escuchar En un nuevo paro de mujeres por el D\u00eda Internacional de la Mujer nos concentramos y movilizamos en las calles de nuestros barrios, localidades y ciudades, para reclamar nuestros derechos y gritar por las que ya no est\u00e1n. Las cifras que nos aproximan a la realidad de la violencia basada en g\u00e9nero en&#8230; <a class=\"wp-block-latest-posts__read-more\" href=\"https:\/\/ongelpaso.org.uy\/autonomias\/otro-8-de-marzo-en-el-que-gritamos-por-las-que-ya-no-tienen-voz\/\" rel=\"noopener noreferrer\">Lee m\u00e1s<span class=\"screen-reader-text\">: Otro 8 de Marzo en el que gritamos por las que ya no tienen voz<\/span><\/a><\/div><\/li>\n<li><div class=\"wp-block-latest-posts__featured-image alignleft\"><a href=\"https:\/\/ongelpaso.org.uy\/autonomias\/este-8-de-marzo-paramos-y-marchamos\/\" aria-label=\"Este 8 de marzo PARAMOS Y MARCHAMOS\"><img loading=\"lazy\" decoding=\"async\" width=\"150\" height=\"150\" src=\"https:\/\/ongelpaso.org.uy\/autonomias\/wp-content\/uploads\/2023\/03\/WhatsApp-Image-2023-03-06-at-15.47.11-150x150.jpeg\" class=\"attachment-thumbnail size-thumbnail wp-post-image\" alt=\"\" style=\"max-width:150px;max-height:150px;\" srcset=\"https:\/\/ongelpaso.org.uy\/autonomias\/wp-content\/uploads\/2023\/03\/WhatsApp-Image-2023-03-06-at-15.47.11-150x150.jpeg 150w, https:\/\/ongelpaso.org.uy\/autonomias\/wp-content\/uploads\/2023\/03\/WhatsApp-Image-2023-03-06-at-15.47.11-300x300.jpeg 300w, https:\/\/ongelpaso.org.uy\/autonomias\/wp-content\/uploads\/2023\/03\/WhatsApp-Image-2023-03-06-at-15.47.11-1024x1024.jpeg 1024w, https:\/\/ongelpaso.org.uy\/autonomias\/wp-content\/uploads\/2023\/03\/WhatsApp-Image-2023-03-06-at-15.47.11-768x768.jpeg 768w, https:\/\/ongelpaso.org.uy\/autonomias\/wp-content\/uploads\/2023\/03\/WhatsApp-Image-2023-03-06-at-15.47.11-1536x1536.jpeg 1536w, https:\/\/ongelpaso.org.uy\/autonomias\/wp-content\/uploads\/2023\/03\/WhatsApp-Image-2023-03-06-at-15.47.11.jpeg 1600w\" sizes=\"auto, (max-width: 150px) 100vw, 150px\" \/><\/a><\/div><a class=\"wp-block-latest-posts__post-title\" href=\"https:\/\/ongelpaso.org.uy\/autonomias\/este-8-de-marzo-paramos-y-marchamos\/\">Este 8 de marzo PARAMOS Y MARCHAMOS<\/a><div class=\"wp-block-latest-posts__post-excerpt\">&#128266; Escuchar Convocamos a movilizarnos y marchar en las distintas localidades, barrios y ciudades de todo el pa\u00eds por nuestros derechos. Adem\u00e1s, adjuntamos la proclama elaborada por la Plataforma 8M \u00abLucha feminista contra el hambre y la opresi\u00f3n\u00bb Todo lo que el Estado no hace, lo hacemos las mujeres.<\/div><\/li>\n<li><div class=\"wp-block-latest-posts__featured-image alignleft\"><a href=\"https:\/\/ongelpaso.org.uy\/autonomias\/campana-en-omnibus-por-el-25n\/\" aria-label=\"Campa\u00f1a en \u00f3mnibus por el 25N\"><img loading=\"lazy\" decoding=\"async\" width=\"150\" height=\"150\" src=\"https:\/\/ongelpaso.org.uy\/autonomias\/wp-content\/uploads\/2022\/11\/WhatsApp-Image-2022-11-24-at-16.57.25-2-150x150.jpeg\" class=\"attachment-thumbnail size-thumbnail wp-post-image\" alt=\"\" style=\"max-width:150px;max-height:150px;\" \/><\/a><\/div><a class=\"wp-block-latest-posts__post-title\" href=\"https:\/\/ongelpaso.org.uy\/autonomias\/campana-en-omnibus-por-el-25n\/\">Campa\u00f1a en \u00f3mnibus por el 25N<\/a><div class=\"wp-block-latest-posts__post-excerpt\">&#128266; Escuchar En el marco del D\u00eda Internacional de la Eliminaci\u00f3n de la Violencia contra la Mujer, desde el proyecto Autonom\u00edas Colectivas se desarroll\u00f3 una acci\u00f3n que busca prevenir la violencia de g\u00e9nero en las relaciones y el acoso sexual callejero. Se realizaron placas con mensajes que se instalaron en \u00f3mnibus de la ciudad en&#8230; <a class=\"wp-block-latest-posts__read-more\" href=\"https:\/\/ongelpaso.org.uy\/autonomias\/campana-en-omnibus-por-el-25n\/\" rel=\"noopener noreferrer\">Lee m\u00e1s<span class=\"screen-reader-text\">: Campa\u00f1a en \u00f3mnibus por el 25N<\/span><\/a><\/div><\/li>\n<li><div class=\"wp-block-latest-posts__featured-image alignleft\"><a href=\"https:\/\/ongelpaso.org.uy\/autonomias\/25n-juntas-y-diversas-contra-todas-las-violencias\/\" aria-label=\"#25N JUNTAS Y DIVERSAS CONTRA TODAS LAS VIOLENCIAS\"><img loading=\"lazy\" decoding=\"async\" width=\"150\" height=\"150\" src=\"https:\/\/ongelpaso.org.uy\/autonomias\/wp-content\/uploads\/2022\/11\/25N-150x150.jpg\" class=\"attachment-thumbnail size-thumbnail wp-post-image\" alt=\"\" style=\"max-width:150px;max-height:150px;\" srcset=\"https:\/\/ongelpaso.org.uy\/autonomias\/wp-content\/uploads\/2022\/11\/25N-150x150.jpg 150w, https:\/\/ongelpaso.org.uy\/autonomias\/wp-content\/uploads\/2022\/11\/25N-300x300.jpg 300w, https:\/\/ongelpaso.org.uy\/autonomias\/wp-content\/uploads\/2022\/11\/25N-1024x1024.jpg 1024w, https:\/\/ongelpaso.org.uy\/autonomias\/wp-content\/uploads\/2022\/11\/25N-768x768.jpg 768w, https:\/\/ongelpaso.org.uy\/autonomias\/wp-content\/uploads\/2022\/11\/25N.jpg 1080w\" sizes=\"auto, (max-width: 150px) 100vw, 150px\" \/><\/a><\/div><a class=\"wp-block-latest-posts__post-title\" href=\"https:\/\/ongelpaso.org.uy\/autonomias\/25n-juntas-y-diversas-contra-todas-las-violencias\/\">#25N JUNTAS Y DIVERSAS CONTRA TODAS LAS VIOLENCIAS<\/a><div class=\"wp-block-latest-posts__post-excerpt\">&#128266; Escuchar En un nuevo D\u00eda Internacional de la eliminaci\u00f3n de la Violencia contra la mujer salimos a las calles para decir una vez m\u00e1s BASTA! Dejamos la proclama de la plataforma 25N Uruguay , 25 de noviembre de 2022. En el marco del 25 de noviembre, D\u00eda Internacional para la Eliminaci\u00f3n de la Violencia&#8230; <a class=\"wp-block-latest-posts__read-more\" href=\"https:\/\/ongelpaso.org.uy\/autonomias\/25n-juntas-y-diversas-contra-todas-las-violencias\/\" rel=\"noopener noreferrer\">Lee m\u00e1s<span class=\"screen-reader-text\">: #25N JUNTAS Y DIVERSAS CONTRA TODAS LAS VIOLENCIAS<\/span><\/a><\/div><\/li>\n<li><a class=\"wp-block-latest-posts__post-title\" href=\"https:\/\/ongelpaso.org.uy\/autonomias\/uruguay-recibio-la-visita-del-grupo-de-trabajo-de-naciones-unidas-sobre-desapariciones-forzadas-o-involuntarias-y-manifesto-preocupacion-por-la-desaparicion-de-ninas-ninos-adolescentes-y-mujeres\/\">Uruguay recibi\u00f3 la visita del Grupo de Trabajo de Naciones Unidas sobre Desapariciones Forzadas o Involuntarias, y manifest\u00f3 preocupaci\u00f3n por la desaparici\u00f3n de ni\u00f1as, ni\u00f1os, adolescentes y mujeres<\/a><div class=\"wp-block-latest-posts__post-excerpt\">&#128266; Escuchar El Proyecto Autonom\u00edas Colectivas envi\u00f3 en junio un Informe que documentaba la situaci\u00f3n de desaparici\u00f3n de ni\u00f1as, ni\u00f1os, adolescentes y mujeres en contextos de violencia de g\u00e9nero, y el Grupo de Trabajo manifest\u00f3 en su documento preliminar de visita su preocupaci\u00f3n por las desapariciones de ni\u00f1as, ni\u00f1os y adolescentes tras su estad\u00eda en&#8230; <a class=\"wp-block-latest-posts__read-more\" href=\"https:\/\/ongelpaso.org.uy\/autonomias\/uruguay-recibio-la-visita-del-grupo-de-trabajo-de-naciones-unidas-sobre-desapariciones-forzadas-o-involuntarias-y-manifesto-preocupacion-por-la-desaparicion-de-ninas-ninos-adolescentes-y-mujeres\/\" rel=\"noopener noreferrer\">Lee m\u00e1s<span class=\"screen-reader-text\">: Uruguay recibi\u00f3 la visita del Grupo de Trabajo de Naciones Unidas sobre Desapariciones Forzadas o Involuntarias, y manifest\u00f3 preocupaci\u00f3n por la desaparici\u00f3n de ni\u00f1as, ni\u00f1os, adolescentes y mujeres<\/span><\/a><\/div><\/li>\n<li><a class=\"wp-block-latest-posts__post-title\" href=\"https:\/\/ongelpaso.org.uy\/autonomias\/30-de-julio-dia-mundial-contra-la-trata-de-personas\/\">30 de julio &#8211; D\u00eda Mundial contra la Trata de Personas<\/a><div class=\"wp-block-latest-posts__post-excerpt\">&#128266; Escuchar La trata de personas, tanto sexual como laboral, no son visualizadas como graves&nbsp; problemas en nuestro pa\u00eds. La trata de personas es la captaci\u00f3n, el reclutamiento, el transporte, el traslado, la acogida, la recepci\u00f3n o el hospedaje de personas, dentro del territorio nacional o a trav\u00e9s de fronteras, aunque mediare el consentimiento de&#8230; <a class=\"wp-block-latest-posts__read-more\" href=\"https:\/\/ongelpaso.org.uy\/autonomias\/30-de-julio-dia-mundial-contra-la-trata-de-personas\/\" rel=\"noopener noreferrer\">Lee m\u00e1s<span class=\"screen-reader-text\">: 30 de julio &#8211; D\u00eda Mundial contra la Trata de Personas<\/span><\/a><\/div><\/li>\n<li><div class=\"wp-block-latest-posts__featured-image alignleft\"><a href=\"https:\/\/ongelpaso.org.uy\/autonomias\/presentacion-de-informe-alternativo-sobre-la-situacion-en-violencia-de-genero-ante-comite-de-derechos-humanos-de-naciones-unidas\/\" aria-label=\"Presentaci\u00f3n de Informe Alternativo sobre la situaci\u00f3n en violencia de g\u00e9nero ante  Comit\u00e9 de Derechos Humanos de Naciones Unidas\"><img loading=\"lazy\" decoding=\"async\" width=\"150\" height=\"150\" src=\"https:\/\/ongelpaso.org.uy\/autonomias\/wp-content\/uploads\/2022\/07\/ComiteDH-2022-e1659033458181-150x150.png\" class=\"attachment-thumbnail size-thumbnail wp-post-image\" alt=\"\" style=\"max-width:150px;max-height:150px;\" \/><\/a><\/div><a class=\"wp-block-latest-posts__post-title\" href=\"https:\/\/ongelpaso.org.uy\/autonomias\/presentacion-de-informe-alternativo-sobre-la-situacion-en-violencia-de-genero-ante-comite-de-derechos-humanos-de-naciones-unidas\/\">Presentaci\u00f3n de Informe Alternativo sobre la situaci\u00f3n en violencia de g\u00e9nero ante  Comit\u00e9 de Derechos Humanos de Naciones Unidas<\/a><div class=\"wp-block-latest-posts__post-excerpt\">&#128266; Escuchar El Proyecto Autonom\u00edas Colectivas particip\u00f3 de la redacci\u00f3n del informe que fue presentado desde la asociaci\u00f3n civil El Paso y la Red Uruguaya Contra la Violencia Dom\u00e9stica y Sexual (RUCVDS) al Comit\u00e9 de Derechos Humanos de Naciones Unidas. Este Comit\u00e9 revisa la situaci\u00f3n de cumplimiento por parte de los Estados al Pacto Internacional&#8230; <a class=\"wp-block-latest-posts__read-more\" href=\"https:\/\/ongelpaso.org.uy\/autonomias\/presentacion-de-informe-alternativo-sobre-la-situacion-en-violencia-de-genero-ante-comite-de-derechos-humanos-de-naciones-unidas\/\" rel=\"noopener noreferrer\">Lee m\u00e1s<span class=\"screen-reader-text\">: Presentaci\u00f3n de Informe Alternativo sobre la situaci\u00f3n en violencia de g\u00e9nero ante  Comit\u00e9 de Derechos Humanos de Naciones Unidas<\/span><\/a><\/div><\/li>\n<li><div class=\"wp-block-latest-posts__featured-image alignleft\"><a href=\"https:\/\/ongelpaso.org.uy\/autonomias\/basta-de-silencio-hablemos-de-violencia-en-las-infancias-y-adolescencias\/\" aria-label=\"Basta de silencio: hablemos de violencia en las infancias y adolescencias\"><img loading=\"lazy\" decoding=\"async\" width=\"150\" height=\"134\" src=\"https:\/\/ongelpaso.org.uy\/autonomias\/wp-content\/uploads\/2022\/04\/Infografia-1-25-de-abril-Dia-Mundial-contra-el-maltrato-Infantil-e1650853197680-150x134.png\" class=\"attachment-thumbnail size-thumbnail wp-post-image\" alt=\"\" style=\"max-width:150px;max-height:150px;\" \/><\/a><\/div><a class=\"wp-block-latest-posts__post-title\" href=\"https:\/\/ongelpaso.org.uy\/autonomias\/basta-de-silencio-hablemos-de-violencia-en-las-infancias-y-adolescencias\/\">Basta de silencio: hablemos de violencia en las infancias y adolescencias<\/a><div class=\"wp-block-latest-posts__post-excerpt\">&#128266; Escuchar El maltrato infantil es el abuso y la desatenci\u00f3n hacia ni\u00f1as, ni\u00f1os o adolescentes, que causen da\u00f1o o puedan causar da\u00f1o a su salud, desarrollo, dignidad, o poner en peligro su supervivencia. Incluye el maltrato f\u00edsico o psicol\u00f3gico, el abuso sexual, la negligencia y explotaci\u00f3n&nbsp;(OMS 2020).&nbsp; El maltrato infantil implica para las infancias&#8230; <a class=\"wp-block-latest-posts__read-more\" href=\"https:\/\/ongelpaso.org.uy\/autonomias\/basta-de-silencio-hablemos-de-violencia-en-las-infancias-y-adolescencias\/\" rel=\"noopener noreferrer\">Lee m\u00e1s<span class=\"screen-reader-text\">: Basta de silencio: hablemos de violencia en las infancias y adolescencias<\/span><\/a><\/div><\/li>\n<li><div class=\"wp-block-latest-posts__featured-image alignleft\"><a href=\"https:\/\/ongelpaso.org.uy\/autonomias\/no-son-cifras-son-mujeres-%ef%bf%bc\/\" aria-label=\"No son cifras, son mujeres\"><img loading=\"lazy\" decoding=\"async\" width=\"143\" height=\"150\" src=\"https:\/\/ongelpaso.org.uy\/autonomias\/wp-content\/uploads\/2022\/03\/Infografia-feminista-para-el-8M-PNG-e1646697753662-143x150.png\" class=\"attachment-thumbnail size-thumbnail wp-post-image\" alt=\"\" style=\"max-width:150px;max-height:150px;\" \/><\/a><\/div><a class=\"wp-block-latest-posts__post-title\" href=\"https:\/\/ongelpaso.org.uy\/autonomias\/no-son-cifras-son-mujeres-%ef%bf%bc\/\">No son cifras, son mujeres<\/a><div class=\"wp-block-latest-posts__post-excerpt\">&#128266; Escuchar En el marco del 8 de marzo, D\u00eda internacional de las mujeres, desde el Observatorio contra la Violencia basada en G\u00e9nero y Acceso a la Justicia, en conjunto con el proyecto Feminicidio Uruguay, presentamos la infograf\u00eda: No son cifras, son mujeres: feminicidios e intentos de feminicidios de 2021, en Uruguay. Todos los datos&#8230; <a class=\"wp-block-latest-posts__read-more\" href=\"https:\/\/ongelpaso.org.uy\/autonomias\/no-son-cifras-son-mujeres-%ef%bf%bc\/\" rel=\"noopener noreferrer\">Lee m\u00e1s<span class=\"screen-reader-text\">: No son cifras, son mujeres<\/span><\/a><\/div><\/li>\n<li><div class=\"wp-block-latest-posts__featured-image alignleft\"><a href=\"https:\/\/ongelpaso.org.uy\/autonomias\/el-8-de-marzo-marchamos-desde-todos-los-rincones-del-pais\/\" aria-label=\"El 8 de marzo marchamos desde todos los rincones del pa\u00eds\"><img loading=\"lazy\" decoding=\"async\" width=\"150\" height=\"150\" src=\"https:\/\/ongelpaso.org.uy\/autonomias\/wp-content\/uploads\/2022\/03\/8m-150x150.jpg\" class=\"attachment-thumbnail size-thumbnail wp-post-image\" alt=\"\" style=\"max-width:150px;max-height:150px;\" \/><\/a><\/div><a class=\"wp-block-latest-posts__post-title\" href=\"https:\/\/ongelpaso.org.uy\/autonomias\/el-8-de-marzo-marchamos-desde-todos-los-rincones-del-pais\/\">El 8 de marzo marchamos desde todos los rincones del pa\u00eds<\/a><div class=\"wp-block-latest-posts__post-excerpt\">&#128266; Escuchar En un nuevo 8 de marzo D\u00eda internacional de las mujeres convocamos a manifestarnos en las calles de todo el pa\u00eds para visibilizar la discriminaci\u00f3n y violencia de g\u00e9nero que vivimos las mujeres, y exigir medidas que eliminen la cultura machista vigente. JUNTAS EN TODOS LOS ESPACIOS CONTRA TODAS LAS OPRESIONES #Juntas8M2022 #JuntasEnTodosLosEspacios&#8230; <a class=\"wp-block-latest-posts__read-more\" href=\"https:\/\/ongelpaso.org.uy\/autonomias\/el-8-de-marzo-marchamos-desde-todos-los-rincones-del-pais\/\" rel=\"noopener noreferrer\">Lee m\u00e1s<span class=\"screen-reader-text\">: El 8 de marzo marchamos desde todos los rincones del pa\u00eds<\/span><\/a><\/div><\/li>\n<li><div class=\"wp-block-latest-posts__featured-image alignleft\"><a href=\"https:\/\/ongelpaso.org.uy\/autonomias\/movilizacion-nacional-contra-la-cultura-de-violacion\/\" aria-label=\"Movilizaci\u00f3n Nacional contra la cultura de violaci\u00f3n\"><img loading=\"lazy\" decoding=\"async\" width=\"150\" height=\"150\" src=\"https:\/\/ongelpaso.org.uy\/autonomias\/wp-content\/uploads\/2022\/01\/movilizacion-150x150-2.jpg\" class=\"attachment-thumbnail size-thumbnail wp-post-image\" alt=\"\" style=\"max-width:150px;max-height:150px;\" \/><\/a><\/div><a class=\"wp-block-latest-posts__post-title\" href=\"https:\/\/ongelpaso.org.uy\/autonomias\/movilizacion-nacional-contra-la-cultura-de-violacion\/\">Movilizaci\u00f3n Nacional contra la cultura de violaci\u00f3n<\/a><div class=\"wp-block-latest-posts__post-excerpt\">&#128266; Escuchar Ante el conocimiento p\u00fablico de varias situaciones de violencia sexual registradas en las \u00faltimas semanas, mujeres y disidencias de todo el pa\u00eds nos movilizamos para manifestarnos una vez m\u00e1s contra la violencia machista, la cultura de la violaci\u00f3n y la violencia femicida. La concentraci\u00f3n ser\u00e1 en diversos puntos del pa\u00eds a las 18&#8230; <a class=\"wp-block-latest-posts__read-more\" href=\"https:\/\/ongelpaso.org.uy\/autonomias\/movilizacion-nacional-contra-la-cultura-de-violacion\/\" rel=\"noopener noreferrer\">Lee m\u00e1s<span class=\"screen-reader-text\">: Movilizaci\u00f3n Nacional contra la cultura de violaci\u00f3n<\/span><\/a><\/div><\/li>\n<li><div class=\"wp-block-latest-posts__featured-image alignleft\"><a href=\"https:\/\/ongelpaso.org.uy\/autonomias\/presentacion-del-observatorio-contra-la-violencia-basada-en-genero-y-acceso-a-la-justicia\/\" aria-label=\"Presentaci\u00f3n del Observatorio contra la Violencia Basada en G\u00e9nero y Acceso a la Justicia\"><img loading=\"lazy\" decoding=\"async\" width=\"150\" height=\"150\" src=\"https:\/\/ongelpaso.org.uy\/autonomias\/wp-content\/uploads\/2021\/11\/noticia-150x150.jpg\" class=\"attachment-thumbnail size-thumbnail wp-post-image\" alt=\"\" style=\"max-width:150px;max-height:150px;\" srcset=\"https:\/\/ongelpaso.org.uy\/autonomias\/wp-content\/uploads\/2021\/11\/noticia-150x150.jpg 150w, https:\/\/ongelpaso.org.uy\/autonomias\/wp-content\/uploads\/2021\/11\/noticia-300x300.jpg 300w, https:\/\/ongelpaso.org.uy\/autonomias\/wp-content\/uploads\/2021\/11\/noticia.jpg 500w\" sizes=\"auto, (max-width: 150px) 100vw, 150px\" \/><\/a><\/div><a class=\"wp-block-latest-posts__post-title\" href=\"https:\/\/ongelpaso.org.uy\/autonomias\/presentacion-del-observatorio-contra-la-violencia-basada-en-genero-y-acceso-a-la-justicia\/\">Presentaci\u00f3n del Observatorio contra la Violencia Basada en G\u00e9nero y Acceso a la Justicia<\/a><div class=\"wp-block-latest-posts__post-excerpt\">&#128266; Escuchar Entrevista a Cristina Prego, Coordinadora del Proyecto Autonom\u00edas Colectivas, sobre el Observatorio contra la Violencia Basada en G\u00e9nero y Acceso a la Justicia<\/div><\/li>\n<li><div class=\"wp-block-latest-posts__featured-image alignleft\"><a href=\"https:\/\/ongelpaso.org.uy\/autonomias\/boletin-informativo-sobre-procedimientos-y-derechos-a-la-hora-de-realizar-denuncias-de-violencia-basada-en-genero\/\" aria-label=\"Bolet\u00edn informativo sobre Procedimientos y derechos a la hora de realizar denuncias de Violencia Basada en G\u00e9nero\"><img loading=\"lazy\" decoding=\"async\" width=\"150\" height=\"150\" src=\"https:\/\/ongelpaso.org.uy\/autonomias\/wp-content\/uploads\/2021\/11\/procedimientoss-150x150.png\" class=\"attachment-thumbnail size-thumbnail wp-post-image\" alt=\"\" style=\"max-width:150px;max-height:150px;\" \/><\/a><\/div><a class=\"wp-block-latest-posts__post-title\" href=\"https:\/\/ongelpaso.org.uy\/autonomias\/boletin-informativo-sobre-procedimientos-y-derechos-a-la-hora-de-realizar-denuncias-de-violencia-basada-en-genero\/\">Bolet\u00edn informativo sobre Procedimientos y derechos a la hora de realizar denuncias de Violencia Basada en G\u00e9nero<\/a><div class=\"wp-block-latest-posts__post-excerpt\">&#128266; Escuchar Presentamos el siguiente bolet\u00edn informativo para acceder a una cartilla que informa sobre derechos, garant\u00edas y procedimientos legales a la hora de realizar una denuncia de Violencia Basada en G\u00e9nero. Tanto la ley n\u00b019.580 como el C\u00f3digo del Proceso Penal (ley n\u00b019.293) establecen procedimientos, derechos y garant\u00edas de la v\u00edctima a la hora&#8230; <a class=\"wp-block-latest-posts__read-more\" href=\"https:\/\/ongelpaso.org.uy\/autonomias\/boletin-informativo-sobre-procedimientos-y-derechos-a-la-hora-de-realizar-denuncias-de-violencia-basada-en-genero\/\" rel=\"noopener noreferrer\">Lee m\u00e1s<span class=\"screen-reader-text\">: Bolet\u00edn informativo sobre Procedimientos y derechos a la hora de realizar denuncias de Violencia Basada en G\u00e9nero<\/span><\/a><\/div><\/li>\n<li><div class=\"wp-block-latest-posts__featured-image alignleft\"><a href=\"https:\/\/ongelpaso.org.uy\/autonomias\/infografia-sobre-datos-1\/\" aria-label=\"Situaci\u00f3n de trata de personas en Uruguay\"><img loading=\"lazy\" decoding=\"async\" width=\"150\" height=\"150\" src=\"https:\/\/ongelpaso.org.uy\/autonomias\/wp-content\/uploads\/2021\/11\/latrata-150x150.jpg\" class=\"attachment-thumbnail size-thumbnail wp-post-image\" alt=\"\" style=\"max-width:150px;max-height:150px;\" srcset=\"https:\/\/ongelpaso.org.uy\/autonomias\/wp-content\/uploads\/2021\/11\/latrata-150x150.jpg 150w, https:\/\/ongelpaso.org.uy\/autonomias\/wp-content\/uploads\/2021\/11\/latrata-300x300.jpg 300w, https:\/\/ongelpaso.org.uy\/autonomias\/wp-content\/uploads\/2021\/11\/latrata.jpg 574w\" sizes=\"auto, (max-width: 150px) 100vw, 150px\" \/><\/a><\/div><a class=\"wp-block-latest-posts__post-title\" href=\"https:\/\/ongelpaso.org.uy\/autonomias\/infografia-sobre-datos-1\/\">Situaci\u00f3n de trata de personas en Uruguay<\/a><div class=\"wp-block-latest-posts__post-excerpt\">&#128266; Escuchar Conociendo m\u00e1s sobre este problema nacional La siguiente infograf\u00eda presenta informaci\u00f3n general sobre la situaci\u00f3n de trata de personas en Uruguay, un profundo problema que afecta nuestro pa\u00eds, sobre el que se conoce y dialoga poco. A partir de la investigaci\u00f3n \u00abDue\u00f1os de personas, personas con due\u00f1os\u00bb, llevada adelante por la Asociaci\u00f3n Civil&#8230; <a class=\"wp-block-latest-posts__read-more\" href=\"https:\/\/ongelpaso.org.uy\/autonomias\/infografia-sobre-datos-1\/\" rel=\"noopener noreferrer\">Lee m\u00e1s<span class=\"screen-reader-text\">: Situaci\u00f3n de trata de personas en Uruguay<\/span><\/a><\/div><\/li>\n<li><div class=\"wp-block-latest-posts__featured-image alignleft\"><a href=\"https:\/\/ongelpaso.org.uy\/autonomias\/infografia-sobre-datos-2\/\" aria-label=\"Explotaci\u00f3n sexual comercial de ni\u00f1as, ni\u00f1os y adolescentes\"><img loading=\"lazy\" decoding=\"async\" width=\"150\" height=\"150\" src=\"https:\/\/ongelpaso.org.uy\/autonomias\/wp-content\/uploads\/2021\/11\/2-150x150.jpg\" class=\"attachment-thumbnail size-thumbnail wp-post-image\" alt=\"\" style=\"max-width:150px;max-height:150px;\" srcset=\"https:\/\/ongelpaso.org.uy\/autonomias\/wp-content\/uploads\/2021\/11\/2-150x150.jpg 150w, https:\/\/ongelpaso.org.uy\/autonomias\/wp-content\/uploads\/2021\/11\/2-300x300.jpg 300w, https:\/\/ongelpaso.org.uy\/autonomias\/wp-content\/uploads\/2021\/11\/2.jpg 574w\" sizes=\"auto, (max-width: 150px) 100vw, 150px\" \/><\/a><\/div><a class=\"wp-block-latest-posts__post-title\" href=\"https:\/\/ongelpaso.org.uy\/autonomias\/infografia-sobre-datos-2\/\">Explotaci\u00f3n sexual comercial de ni\u00f1as, ni\u00f1os y adolescentes<\/a><div class=\"wp-block-latest-posts__post-excerpt\">&#128266; Escuchar La siguiente infograf\u00eda pretende aportar en el debate p\u00fablico a la problematizaci\u00f3n de la explotaci\u00f3n sexual comercial para su erradicaci\u00f3n. En ella encontrar\u00e1s la definici\u00f3n e implicancias de la explotaci\u00f3n sexual comercial de ni\u00f1as, ni\u00f1os y adolescentes, datos relativos a Uruguay, y los riesgos suscitados desde la pandemia por COVID-19. \u00a1Desc\u00e1rgalo y comp\u00e1rtelo!&#8230; <a class=\"wp-block-latest-posts__read-more\" href=\"https:\/\/ongelpaso.org.uy\/autonomias\/infografia-sobre-datos-2\/\" rel=\"noopener noreferrer\">Lee m\u00e1s<span class=\"screen-reader-text\">: Explotaci\u00f3n sexual comercial de ni\u00f1as, ni\u00f1os y adolescentes<\/span><\/a><\/div><\/li>\n<li><div class=\"wp-block-latest-posts__featured-image alignleft\"><a href=\"https:\/\/ongelpaso.org.uy\/autonomias\/acceso-a-la-investigacion-duenos-de-personas\/\" aria-label=\"Publicaci\u00f3n \u00abDue\u00f1os de personas. Personas con due\u00f1os. Investigaci\u00f3n sobre trata de personas en Uruguay\u00bb\"><img loading=\"lazy\" decoding=\"async\" width=\"150\" height=\"150\" src=\"https:\/\/ongelpaso.org.uy\/autonomias\/wp-content\/uploads\/2021\/11\/publicacion-trata-e1637632018268-150x150.png\" class=\"attachment-thumbnail size-thumbnail wp-post-image\" alt=\"\" style=\"max-width:150px;max-height:150px;\" \/><\/a><\/div><a class=\"wp-block-latest-posts__post-title\" href=\"https:\/\/ongelpaso.org.uy\/autonomias\/acceso-a-la-investigacion-duenos-de-personas\/\">Publicaci\u00f3n \u00abDue\u00f1os de personas. Personas con due\u00f1os. Investigaci\u00f3n sobre trata de personas en Uruguay\u00bb<\/a><div class=\"wp-block-latest-posts__post-excerpt\">&#128266; Escuchar Esta investigaci\u00f3n busca profundizar el conocimiento de las formas en que se produce y reproduce la trata de personas, especialmente de mujeres con fines sexuales y laborales, e incorpora adem\u00e1s otras formas explotaci\u00f3n sexual de ni\u00f1as, ni\u00f1os y adolescentes. La publicaci\u00f3n, del a\u00f1o 2020, fue realizada en el marco del proyecto Uruguay Mira&#8230; <a class=\"wp-block-latest-posts__read-more\" href=\"https:\/\/ongelpaso.org.uy\/autonomias\/acceso-a-la-investigacion-duenos-de-personas\/\" rel=\"noopener noreferrer\">Lee m\u00e1s<span class=\"screen-reader-text\">: Publicaci\u00f3n \u00abDue\u00f1os de personas. Personas con due\u00f1os. Investigaci\u00f3n sobre trata de personas en Uruguay\u00bb<\/span><\/a><\/div><\/li>\n<li><div class=\"wp-block-latest-posts__featured-image alignleft\"><a href=\"https:\/\/ongelpaso.org.uy\/autonomias\/placas-de-campana-del-dia-de-la-trata\/\" aria-label=\"D\u00eda Mundial Contra la Trata\"><img loading=\"lazy\" decoding=\"async\" width=\"150\" height=\"150\" src=\"https:\/\/ongelpaso.org.uy\/autonomias\/wp-content\/uploads\/2021\/11\/1-2-150x150.png\" class=\"attachment-thumbnail size-thumbnail wp-post-image\" alt=\"\" style=\"max-width:150px;max-height:150px;\" \/><\/a><\/div><a class=\"wp-block-latest-posts__post-title\" href=\"https:\/\/ongelpaso.org.uy\/autonomias\/placas-de-campana-del-dia-de-la-trata\/\">D\u00eda Mundial Contra la Trata<\/a><div class=\"wp-block-latest-posts__post-excerpt\">&#128266; Escuchar El pasado 30 de julio, en el marco del D\u00eda Mundial Contra la Trata, fueron publicadas y difundidas desde el Proyecto Autonom\u00edas Colectivas 10 placas descriptivas sobre la realidad de la trata de personas en nuestro pa\u00eds, y las acciones que el Estado puede llevar adelante para combatirla. #PonerFinALaTrata&nbsp;#D\u00edaContraLaTrata&nbsp;#Uruguay&nbsp;#DerechosHumanos<\/div><\/li>\n<li><div class=\"wp-block-latest-posts__featured-image alignleft\"><a href=\"https:\/\/ongelpaso.org.uy\/autonomias\/noticia-en-relacion-al-25-de-noviembre\/\" aria-label=\"Presentaci\u00f3n del Observatorio contra la Violencia Basada en G\u00e9nero y Acceso a la justicia\"><img loading=\"lazy\" decoding=\"async\" width=\"150\" height=\"150\" src=\"https:\/\/ongelpaso.org.uy\/autonomias\/wp-content\/uploads\/2021\/11\/WhatsApp-Image-2021-11-22-at-8.27.28-PM-150x150.jpeg\" class=\"attachment-thumbnail size-thumbnail wp-post-image\" alt=\"\" style=\"max-width:150px;max-height:150px;\" \/><\/a><\/div><a class=\"wp-block-latest-posts__post-title\" href=\"https:\/\/ongelpaso.org.uy\/autonomias\/noticia-en-relacion-al-25-de-noviembre\/\">Presentaci\u00f3n del Observatorio contra la Violencia Basada en G\u00e9nero y Acceso a la justicia<\/a><div class=\"wp-block-latest-posts__post-excerpt\">&#128266; Escuchar La instancia se desarrollar\u00e1 en la Instituci\u00f3n Nacional de Derechos Humanos, y ser\u00e1 transmitida en vivo por el Facebook de la Asociaci\u00f3n Civil El Paso Esta actividad har\u00e1 foco en la importancia de la producci\u00f3n, presentaci\u00f3n y difusi\u00f3n de informaci\u00f3n de calidad y accesible para todas y todos en la lucha contra la&#8230; <a class=\"wp-block-latest-posts__read-more\" href=\"https:\/\/ongelpaso.org.uy\/autonomias\/noticia-en-relacion-al-25-de-noviembre\/\" rel=\"noopener noreferrer\">Lee m\u00e1s<span class=\"screen-reader-text\">: Presentaci\u00f3n del Observatorio contra la Violencia Basada en G\u00e9nero y Acceso a la justicia<\/span><\/a><\/div><\/li>\n<li><div class=\"wp-block-latest-posts__featured-image alignleft\"><a href=\"https:\/\/ongelpaso.org.uy\/autonomias\/noticia-sobre-consultoria\/\" aria-label=\"Presentaci\u00f3n de Consultor\u00eda \u00abAn\u00e1lisis de las barreras en el acceso a la justicia de las mujeres en casos de femicidios sin aclarar y desapariciones\u00bb\"><img loading=\"lazy\" decoding=\"async\" width=\"150\" height=\"150\" src=\"https:\/\/ongelpaso.org.uy\/autonomias\/wp-content\/uploads\/2021\/11\/proyecto-150x150.png\" class=\"attachment-thumbnail size-thumbnail wp-post-image\" alt=\"\" style=\"max-width:150px;max-height:150px;\" \/><\/a><\/div><a class=\"wp-block-latest-posts__post-title\" href=\"https:\/\/ongelpaso.org.uy\/autonomias\/noticia-sobre-consultoria\/\">Presentaci\u00f3n de Consultor\u00eda \u00abAn\u00e1lisis de las barreras en el acceso a la justicia de las mujeres en casos de femicidios sin aclarar y desapariciones\u00bb<\/a><div class=\"wp-block-latest-posts__post-excerpt\">&#128266; Escuchar Se present\u00f3 este martes 23 de noviembre la consultor\u00eda realizada en el marco del Observatorio de violencia basada en g\u00e9nero y acceso a la justicia, del Proyecto Autonom\u00edas Colectivas Esta investigaci\u00f3n llevada adelante por la Psic. Fabiana Condon y la Dra. Alicia Deus aporta al conocimiento sobre el acceso a la justicia de&#8230; <a class=\"wp-block-latest-posts__read-more\" href=\"https:\/\/ongelpaso.org.uy\/autonomias\/noticia-sobre-consultoria\/\" rel=\"noopener noreferrer\">Lee m\u00e1s<span class=\"screen-reader-text\">: Presentaci\u00f3n de Consultor\u00eda \u00abAn\u00e1lisis de las barreras en el acceso a la justicia de las mujeres en casos de femicidios sin aclarar y desapariciones\u00bb<\/span><\/a><\/div><\/li>\n<li><div class=\"wp-block-latest-posts__featured-image alignleft\"><a href=\"https:\/\/ongelpaso.org.uy\/autonomias\/noticia-sobre-formulario\/\" aria-label=\"Formulario de relevamiento de dificultades e irregularidades a la hora de realizar una denuncia sobre Violencia Basada en G\u00e9nero\"><img loading=\"lazy\" decoding=\"async\" width=\"150\" height=\"150\" src=\"https:\/\/ongelpaso.org.uy\/autonomias\/wp-content\/uploads\/2021\/11\/Sin-titulo-150x150.png\" class=\"attachment-thumbnail size-thumbnail wp-post-image\" alt=\"\" style=\"max-width:150px;max-height:150px;\" \/><\/a><\/div><a class=\"wp-block-latest-posts__post-title\" href=\"https:\/\/ongelpaso.org.uy\/autonomias\/noticia-sobre-formulario\/\">Formulario de relevamiento de dificultades e irregularidades a la hora de realizar una denuncia sobre Violencia Basada en G\u00e9nero<\/a><div class=\"wp-block-latest-posts__post-excerpt\">&#128266; Escuchar Desde el Proyecto Autonom\u00edas Colectivas queremos compartirles el siguiente formulario de relevamiento de dificultades e irregularidades para denunciar situaciones de Violencia Basada en G\u00e9nero (VBG) vivida por mujeres de todas las edades, orientaciones sexuales e identidades de g\u00e9nero, origen \u00e9tnico racial o nacionalidad y tambi\u00e9n por ni\u00f1as, ni\u00f1os y adolescentes. A la hora&#8230; <a class=\"wp-block-latest-posts__read-more\" href=\"https:\/\/ongelpaso.org.uy\/autonomias\/noticia-sobre-formulario\/\" rel=\"noopener noreferrer\">Lee m\u00e1s<span class=\"screen-reader-text\">: Formulario de relevamiento de dificultades e irregularidades a la hora de realizar una denuncia sobre Violencia Basada en G\u00e9nero<\/span><\/a><\/div><\/li>\n<\/ul>","protected":false},"excerpt":{"rendered":"<p>&#128266; Escuchar<\/p>\n","protected":false},"author":1,"featured_media":0,"parent":138,"menu_order":2,"comment_status":"closed","ping_status":"closed","template":"","meta":{"footnotes":""},"class_list":["post-142","page","type-page","status-publish","hentry"],"_links":{"self":[{"href":"https:\/\/ongelpaso.org.uy\/autonomias\/wp-json\/wp\/v2\/pages\/142","targetHints":{"allow":["GET"]}}],"collection":[{"href":"https:\/\/ongelpaso.org.uy\/autonomias\/wp-json\/wp\/v2\/pages"}],"about":[{"href":"https:\/\/ongelpaso.org.uy\/autonomias\/wp-json\/wp\/v2\/types\/page"}],"author":[{"embeddable":true,"href":"https:\/\/ongelpaso.org.uy\/autonomias\/wp-json\/wp\/v2\/users\/1"}],"replies":[{"embeddable":true,"href":"https:\/\/ongelpaso.org.uy\/autonomias\/wp-json\/wp\/v2\/comments?post=142"}],"version-history":[{"count":3,"href":"https:\/\/ongelpaso.org.uy\/autonomias\/wp-json\/wp\/v2\/pages\/142\/revisions"}],"predecessor-version":[{"id":1063,"href":"https:\/\/ongelpaso.org.uy\/autonomias\/wp-json\/wp\/v2\/pages\/142\/revisions\/1063"}],"up":[{"embeddable":true,"href":"https:\/\/ongelpaso.org.uy\/autonomias\/wp-json\/wp\/v2\/pages\/138"}],"wp:attachment":[{"href":"https:\/\/ongelpaso.org.uy\/autonomias\/wp-json\/wp\/v2\/media?parent=142"}],"curies":[{"name":"wp","href":"https:\/\/api.w.org\/{rel}","templated":true}]}}