{"id":144,"date":"2021-10-29T13:28:37","date_gmt":"2021-10-29T13:28:37","guid":{"rendered":"https:\/\/www.ixohost.uy\/autonomias\/?page_id=144"},"modified":"2023-09-01T00:41:36","modified_gmt":"2023-09-01T00:41:36","slug":"campanas","status":"publish","type":"page","link":"https:\/\/ongelpaso.org.uy\/autonomias\/campanas\/","title":{"rendered":"Comunicaci\u00f3n"},"content":{"rendered":"<button id=\"listenButton1\" class=\"responsivevoice-button\" type=\"button\" value=\"Play\" title=\"ResponsiveVoice Tap to Start\/Stop Speech\"><span>&#128266; Escuchar<\/span><\/button>\n        <script>\n            listenButton1.onclick = function(){\n                if(responsiveVoice.isPlaying()){\n                    responsiveVoice.cancel();\n                }else{\n                    responsiveVoice.speak(\"Todas las l\u00edneas del proyecto, inclu\u00eddos los datos obtenidos por el Observatorio, se difunden a partir de campa\u00f1as de comunicaci\u00f3n con foco en informaci\u00f3n, sensibilizaci\u00f3n, educaci\u00f3n y acciones de incidencia y exigibilidad. Objetivos de comunicaci\u00f3n: Contribuir a mantener el tema de la violencia de g\u00e9nero desde una perspectiva de Derechos Humanos como un punto central de la agenda del movimiento social, las pol\u00edticas p\u00fablicas y la justicia. Incidir en actores clave en la definici\u00f3n, ejecuci\u00f3n, monitoreo y exigibilidad de las pol\u00edticas p\u00fablicas en lo que respecta a la violencia de g\u00e9nero, para que incorporen el enfoque de Derechos Humanos. Brindar herramientas y difundir acciones propias y de aliadas que contribuyan al empoderamiento de personas, especialmente mujeres, de distintas zonas del pa\u00eds que hayan sufrido violencia basada en g\u00e9nero, para el desarrollo de su autonom\u00eda f\u00edsica, econ\u00f3mica, pol\u00edtica y del acceso efectivo a la justicia. Este proyecto cuenta con el apoyo financiero de la Uni\u00f3n Europea, las opiniones y contenidos son responsabilidad exclusiva de las organizaciones y no refleja necesariamente la opini\u00f3n de la Uni\u00f3n Europea. Campa\u00f1as y acciones En 2023: 25 de abril, D\u00eda Mundial contra el maltrato infantil. Presentamos: Basta de Silencio: Hablemos de violencia hacia las infancias y adolescencias. Desde el Observatorio contra la Violencia basada en G\u00e9nero y Acceso a la Justicia, en conjunto con el proyectoFeminicidio Uruguay, presentamos: No son cifras, son mujeres. En 2022: 7 de diciembre, D\u00eda Nacional Contra la Explotaci\u00f3n sexual hacia ni\u00f1as, ni\u00f1os y adolescentes. 23 de setiembre - D\u00eda contra la explotaci\u00f3n sexual y la trata de personas 30 de Julio, D\u00eda Mundial contra la Trata de personas. 25 de abril, D\u00eda Mundial contra el maltrato infantil. Presentamos: Basta de Silencio: Hablemos de violencia hacia las infancias y adolescencias. En el marco del #8M, desde el Observatorio contra la Violencia basada en G\u00e9nero y Acceso a la Justicia, en conjunto con el proyectoFeminicidio Uruguay, presentamos la infograf\u00eda: No son cifras, son mujeres. En 2021: Formulario de relevamiento de dificultades e irregularidades para denunciar situaciones de Violencia Basada en G\u00e9nero (VBG) vivida por mujeres de todas las edades, orientaciones sexuales e identidades de g\u00e9nero, origen \u00e9tnico racial o nacionalidad y tambi\u00e9n por ni\u00f1as, ni\u00f1os y adolescentes. A la hora de realizar denuncias sobre situaciones de VBG, las malas pr\u00e1cticas y violencias institucionales desalientan, dificultan y vulneran todav\u00eda m\u00e1s a las v\u00edctimas de esta situaci\u00f3n. Por eso, este formulario de registro y sistematizaci\u00f3n tiene el objetivo de visibilizar estas situaciones, y exigir el respeto a los derechos y garant\u00edas de las personas denunciantes y las v\u00edctimas, en cumplimiento con la Ley n\u00b019.580. Es importante que sepas que: * La informaci\u00f3n recogida es de car\u00e1cter an\u00f3nima y confidencial. * El env\u00edo de este formulario no implica la realizaci\u00f3n de una denuncia formal. * Puede ser completado por la persona que la vivi\u00f3 o por un tercero. En el siguiente enlace podr\u00e1s acceder al formulario: https:\/\/forms.gle\/qHRx71vohLDdMU396 Adem\u00e1s, en el siguiente link podr\u00e1s acceder a un bolet\u00edn informativo sobre derechos, garant\u00edas y procedimientos legales a la hora de realizar una denuncia de VBG: https:\/\/n9.cl\/uf38h Conversatorio \\\"La Vida despu\u00e9s de...\\\" En el marco del 23 de setiembre de 2021, D\u00eda Internacional contra la Explotaci\u00f3n Sexual y la Trata de Personas, se realiz\u00f3 el conversatorio donde se abord\u00f3 el Proyecto de vida despu\u00e9s de la trata, las salidas hacia la autonom\u00eda y la no re-captaci\u00f3n. D\u00eda Mundial Contra la Trata El 30 de julio de 2021, en el marco del D\u00eda Mundial Contra la Trata, fueron publicadas y difundidas 10 placas descriptivas sobre la realidad de la trata de personas en Uruguay, y las acciones que el Estado puede llevar adelante para combatirla. Esta acci\u00f3n forma parte del objetivo de aportar al ejercicio de los derechos humanos de mujeres, ni\u00f1as y ni\u00f1os afectadas por la violencia de g\u00e9nero. Convocatoria a participar en grupos de trabajo a todas aquellas mujeres mayores de 18 a\u00f1os que han sufrido violencia sexual Desde el proyecto Autonom\u00edas Colectivas Contra la Violencia de G\u00e9nero se invit\u00f3 a todas aquellas mujeres mayores de 18 a\u00f1os que han sufrido violencia sexual a integrarse a un grupo de trabajo, donde abordar la experiencia desde una perspectiva feminista y facilitados por psic\u00f3logas. Se realizar\u00e1 en 4 localidades: 2 de Montevideo, y 2 de Canelones. Duraci\u00f3n: 6 meses Trabajo en grupos para mujeres que sufrieron y transitaron experiencias de abuso sexual desde una perspectiva feminista El curso est\u00e1 dirigido a profesionales del \u00e1rea social y la salud. Comienzo: 5 de julio de 2021.Duraci\u00f3n: 2 meses.Cupos limitados. Presentaci\u00f3n de los proyectos seleccionados en el marco del Instrumento Europeo para la Democracia y los Derechos Humanos de la Uni\u00f3n Europea En el marco del D\u00eda Internacional de las Mujeres en 2021, se realiz\u00f3 la presentaci\u00f3n de los proyectos seleccionados en el marco del Instrumento Europeo para la Democracia y los Derechos Humanos. El evento cont\u00f3 con la Presentaci\u00f3n central \\\"Estructuras de la violencia en Am\u00e9rica Latina\\\" de Diana Maff\u00eda. Salidas en medios https:\/\/www.youtube.com\/watch?v=JvprEdBWz8U Presentaci\u00f3n del Observatorio contra la Violencia Basada en G\u00e9nero y Acceso a la Justicia 24\/11\/2021Arriba gente - Canal 10 https:\/\/twitter.com\/infocapitaluy\/status\/1463177654752923651?t=TqTPuL2egf6X28HGWnJNtA&s=08 https:\/\/www.youtube.com\/watch?v=wAhLWvzeBIs Formulario de relevamiento de dificultades e irregularidades para denunciar situaciones de Violencia Basada en G\u00e9nero 10\/11\/2021Arriba gente - Canal 10 https:\/\/twitter.com\/infocapitaluy\/status\/1459190421339484166 Formulario de relevamiento de dificultades e irregularidades para denunciar situaciones de Violencia Basada en G\u00e9neroInforme Capital - 10\/11\/2021\", \"Spanish Latin American Female\");\n                }\n            };\n        <\/script>\n    \n<p class=\"has-text-align-left\">Todas las l\u00edneas del proyecto, inclu\u00eddos los datos obtenidos por el Observatorio, se difunden a partir de campa\u00f1as de comunicaci\u00f3n con foco en <strong>informaci\u00f3n, sensibilizaci\u00f3n, educaci\u00f3n y acciones de incidencia y exigibilidad<\/strong>. <\/p>\n\n\n\n<h2 class=\"wp-block-heading\"> <strong>Objetivos de comunicaci\u00f3n: <\/strong> <\/h2>\n\n\n\n<ul class=\"wp-block-list\">\n<li>Contribuir a<strong> mantener el tema de la violencia de g\u00e9nero desde una perspectiva de Derechos Humanos<\/strong> como un punto central de la <strong>agenda del movimiento social, las pol\u00edticas p\u00fablicas y la justicia<\/strong>.<\/li>\n<\/ul>\n\n\n\n<ul class=\"wp-block-list\">\n<li><strong>Incidir en actores clave <\/strong>en la definici\u00f3n, ejecuci\u00f3n, monitoreo y exigibilidad de las pol\u00edticas p\u00fablicas en lo que respecta a la violencia de g\u00e9nero, para que incorporen el enfoque de Derechos Humanos.<\/li>\n<\/ul>\n\n\n\n<ul class=\"wp-block-list\">\n<li><strong>Brindar herramientas y difundir acciones<\/strong> propias y de aliadas que contribuyan al empoderamiento de personas, especialmente mujeres, de distintas zonas del pa\u00eds que hayan sufrido violencia basada en g\u00e9nero, para el desarrollo de su autonom\u00eda f\u00edsica, econ\u00f3mica, pol\u00edtica y del acceso efectivo a la justicia.<\/li>\n\n\n\n<li>Este proyecto cuenta con el apoyo financiero de la Uni\u00f3n Europea, las opiniones y contenidos son responsabilidad exclusiva de las organizaciones y no  refleja necesariamente la opini\u00f3n de la Uni\u00f3n Europea.<\/li>\n<\/ul>\n\n\n\n<h2 class=\"wp-block-heading\"><strong>Campa\u00f1as y acciones<\/strong><\/h2>\n\n\n\n<h2 class=\"wp-block-heading\">En 2023:<\/h2>\n\n\n\n<div class=\"wp-block-group\"><div class=\"wp-block-group__inner-container is-layout-constrained wp-block-group-is-layout-constrained\">\n<div class=\"wp-block-columns is-layout-flex wp-container-core-columns-is-layout-28f84493 wp-block-columns-is-layout-flex\">\n<div class=\"wp-block-column is-layout-flow wp-block-column-is-layout-flow\">\n<div class=\"wp-block-getwid-images-slider has-arrows-inside has-dots-inside has-images-center has-cropped-images\"><div class=\"wp-block-getwid-images-slider__wrapper\" data-effect=\"slide\" data-slides-show=\"1\" data-slides-show-laptop=\"1\" data-slides-show-tablet=\"1\" data-slides-show-mobile=\"1\" data-slides-scroll=\"1\" data-autoplay=\"false\" data-autoplay-speed=\"6000\" data-infinite=\"true\" data-animation-speed=\"800\" data-center-mode=\"false\" data-variable-width=\"false\" data-arrows=\"inside\" data-dots=\"inside\" data-spacing=\"none\"><div class=\"wp-block-getwid-images-slider__item\"><figure><img loading=\"lazy\" decoding=\"async\" width=\"1080\" height=\"1080\" src=\"https:\/\/ongelpaso.org.uy\/autonomias\/wp-content\/uploads\/2023\/08\/1-2.jpg\" data-id=\"2165\" data-link=\"https:\/\/ongelpaso.org.uy\/autonomias\/campanas\/1-2-3\/\" data-original-link=\"https:\/\/ongelpaso.org.uy\/autonomias\/wp-content\/uploads\/2023\/08\/1-2.jpg\" class=\"wp-block-getwid-images-slider__image wp-image-2165\" srcset=\"https:\/\/ongelpaso.org.uy\/autonomias\/wp-content\/uploads\/2023\/08\/1-2.jpg 1080w, https:\/\/ongelpaso.org.uy\/autonomias\/wp-content\/uploads\/2023\/08\/1-2-300x300.jpg 300w, https:\/\/ongelpaso.org.uy\/autonomias\/wp-content\/uploads\/2023\/08\/1-2-1024x1024.jpg 1024w, https:\/\/ongelpaso.org.uy\/autonomias\/wp-content\/uploads\/2023\/08\/1-2-150x150.jpg 150w, https:\/\/ongelpaso.org.uy\/autonomias\/wp-content\/uploads\/2023\/08\/1-2-768x768.jpg 768w\" sizes=\"auto, (max-width: 1080px) 100vw, 1080px\" \/><\/figure><\/div><div class=\"wp-block-getwid-images-slider__item\"><figure><img loading=\"lazy\" decoding=\"async\" width=\"1080\" height=\"1080\" src=\"https:\/\/ongelpaso.org.uy\/autonomias\/wp-content\/uploads\/2023\/08\/2-1.jpg\" data-id=\"2166\" data-link=\"https:\/\/ongelpaso.org.uy\/autonomias\/campanas\/2-1-3\/\" data-original-link=\"https:\/\/ongelpaso.org.uy\/autonomias\/wp-content\/uploads\/2023\/08\/2-1.jpg\" class=\"wp-block-getwid-images-slider__image wp-image-2166\" srcset=\"https:\/\/ongelpaso.org.uy\/autonomias\/wp-content\/uploads\/2023\/08\/2-1.jpg 1080w, https:\/\/ongelpaso.org.uy\/autonomias\/wp-content\/uploads\/2023\/08\/2-1-300x300.jpg 300w, https:\/\/ongelpaso.org.uy\/autonomias\/wp-content\/uploads\/2023\/08\/2-1-1024x1024.jpg 1024w, https:\/\/ongelpaso.org.uy\/autonomias\/wp-content\/uploads\/2023\/08\/2-1-150x150.jpg 150w, https:\/\/ongelpaso.org.uy\/autonomias\/wp-content\/uploads\/2023\/08\/2-1-768x768.jpg 768w\" sizes=\"auto, (max-width: 1080px) 100vw, 1080px\" \/><\/figure><\/div><div class=\"wp-block-getwid-images-slider__item\"><figure><img loading=\"lazy\" decoding=\"async\" width=\"1080\" height=\"1080\" src=\"https:\/\/ongelpaso.org.uy\/autonomias\/wp-content\/uploads\/2023\/08\/3-1.png\" data-id=\"2167\" data-link=\"https:\/\/ongelpaso.org.uy\/autonomias\/campanas\/3-1-3\/\" data-original-link=\"https:\/\/ongelpaso.org.uy\/autonomias\/wp-content\/uploads\/2023\/08\/3-1.png\" class=\"wp-block-getwid-images-slider__image wp-image-2167\" srcset=\"https:\/\/ongelpaso.org.uy\/autonomias\/wp-content\/uploads\/2023\/08\/3-1.png 1080w, https:\/\/ongelpaso.org.uy\/autonomias\/wp-content\/uploads\/2023\/08\/3-1-300x300.png 300w, https:\/\/ongelpaso.org.uy\/autonomias\/wp-content\/uploads\/2023\/08\/3-1-1024x1024.png 1024w, https:\/\/ongelpaso.org.uy\/autonomias\/wp-content\/uploads\/2023\/08\/3-1-150x150.png 150w, https:\/\/ongelpaso.org.uy\/autonomias\/wp-content\/uploads\/2023\/08\/3-1-768x768.png 768w\" sizes=\"auto, (max-width: 1080px) 100vw, 1080px\" \/><\/figure><\/div><\/div><\/div>\n<\/div>\n\n\n\n<div class=\"wp-block-column is-layout-flow wp-block-column-is-layout-flow\">\n<p><\/p>\n\n\n\n<p><strong><strong>25 de abril, D\u00eda Mundial contra el maltrato infantil<\/strong>. Presentamos: <em><strong>Basta de Silencio: Hablemos de violencia hacia las infancias y adolescencias.<\/strong><\/em><\/strong><\/p>\n<\/div>\n<\/div>\n<\/div><\/div>\n\n\n\n<div class=\"wp-block-group\"><div class=\"wp-block-group__inner-container is-layout-constrained wp-block-group-is-layout-constrained\">\n<div class=\"wp-block-columns is-layout-flex wp-container-core-columns-is-layout-28f84493 wp-block-columns-is-layout-flex\">\n<div class=\"wp-block-column is-layout-flow wp-block-column-is-layout-flow\">\n<div class=\"wp-block-getwid-images-slider has-arrows-inside has-dots-inside has-images-center has-cropped-images\"><div class=\"wp-block-getwid-images-slider__wrapper\" data-effect=\"slide\" data-slides-show=\"1\" data-slides-show-laptop=\"1\" data-slides-show-tablet=\"1\" data-slides-show-mobile=\"1\" data-slides-scroll=\"1\" data-autoplay=\"false\" data-autoplay-speed=\"6000\" data-infinite=\"true\" data-animation-speed=\"800\" data-center-mode=\"false\" data-variable-width=\"false\" data-arrows=\"inside\" data-dots=\"inside\" data-spacing=\"none\"><div class=\"wp-block-getwid-images-slider__item\"><figure><img loading=\"lazy\" decoding=\"async\" width=\"1080\" height=\"1080\" src=\"https:\/\/ongelpaso.org.uy\/autonomias\/wp-content\/uploads\/2023\/08\/Placa-1-3.png\" data-id=\"2201\" data-link=\"https:\/\/ongelpaso.org.uy\/autonomias\/campanas\/placa-1-3\/\" data-original-link=\"https:\/\/ongelpaso.org.uy\/autonomias\/wp-content\/uploads\/2023\/08\/Placa-1-3.png\" class=\"wp-block-getwid-images-slider__image wp-image-2201\" srcset=\"https:\/\/ongelpaso.org.uy\/autonomias\/wp-content\/uploads\/2023\/08\/Placa-1-3.png 1080w, https:\/\/ongelpaso.org.uy\/autonomias\/wp-content\/uploads\/2023\/08\/Placa-1-3-300x300.png 300w, https:\/\/ongelpaso.org.uy\/autonomias\/wp-content\/uploads\/2023\/08\/Placa-1-3-1024x1024.png 1024w, https:\/\/ongelpaso.org.uy\/autonomias\/wp-content\/uploads\/2023\/08\/Placa-1-3-150x150.png 150w, https:\/\/ongelpaso.org.uy\/autonomias\/wp-content\/uploads\/2023\/08\/Placa-1-3-768x768.png 768w\" sizes=\"auto, (max-width: 1080px) 100vw, 1080px\" \/><\/figure><\/div><div class=\"wp-block-getwid-images-slider__item\"><figure><img loading=\"lazy\" decoding=\"async\" width=\"1080\" height=\"1080\" src=\"https:\/\/ongelpaso.org.uy\/autonomias\/wp-content\/uploads\/2023\/08\/Placa-7-6.png\" data-id=\"2207\" data-link=\"https:\/\/ongelpaso.org.uy\/autonomias\/campanas\/placa-7-6\/\" data-original-link=\"https:\/\/ongelpaso.org.uy\/autonomias\/wp-content\/uploads\/2023\/08\/Placa-7-6.png\" class=\"wp-block-getwid-images-slider__image wp-image-2207\" srcset=\"https:\/\/ongelpaso.org.uy\/autonomias\/wp-content\/uploads\/2023\/08\/Placa-7-6.png 1080w, https:\/\/ongelpaso.org.uy\/autonomias\/wp-content\/uploads\/2023\/08\/Placa-7-6-300x300.png 300w, https:\/\/ongelpaso.org.uy\/autonomias\/wp-content\/uploads\/2023\/08\/Placa-7-6-1024x1024.png 1024w, https:\/\/ongelpaso.org.uy\/autonomias\/wp-content\/uploads\/2023\/08\/Placa-7-6-150x150.png 150w, https:\/\/ongelpaso.org.uy\/autonomias\/wp-content\/uploads\/2023\/08\/Placa-7-6-768x768.png 768w\" sizes=\"auto, (max-width: 1080px) 100vw, 1080px\" \/><\/figure><\/div><div class=\"wp-block-getwid-images-slider__item\"><figure><img loading=\"lazy\" decoding=\"async\" width=\"1080\" height=\"1080\" src=\"https:\/\/ongelpaso.org.uy\/autonomias\/wp-content\/uploads\/2023\/08\/Placa-6-6.png\" data-id=\"2206\" data-link=\"https:\/\/ongelpaso.org.uy\/autonomias\/campanas\/placa-6-6\/\" data-original-link=\"https:\/\/ongelpaso.org.uy\/autonomias\/wp-content\/uploads\/2023\/08\/Placa-6-6.png\" class=\"wp-block-getwid-images-slider__image wp-image-2206\" srcset=\"https:\/\/ongelpaso.org.uy\/autonomias\/wp-content\/uploads\/2023\/08\/Placa-6-6.png 1080w, https:\/\/ongelpaso.org.uy\/autonomias\/wp-content\/uploads\/2023\/08\/Placa-6-6-300x300.png 300w, https:\/\/ongelpaso.org.uy\/autonomias\/wp-content\/uploads\/2023\/08\/Placa-6-6-1024x1024.png 1024w, https:\/\/ongelpaso.org.uy\/autonomias\/wp-content\/uploads\/2023\/08\/Placa-6-6-150x150.png 150w, https:\/\/ongelpaso.org.uy\/autonomias\/wp-content\/uploads\/2023\/08\/Placa-6-6-768x768.png 768w\" sizes=\"auto, (max-width: 1080px) 100vw, 1080px\" \/><\/figure><\/div><div class=\"wp-block-getwid-images-slider__item\"><figure><img loading=\"lazy\" decoding=\"async\" width=\"1080\" height=\"1080\" src=\"https:\/\/ongelpaso.org.uy\/autonomias\/wp-content\/uploads\/2023\/08\/Placa-5-5.png\" data-id=\"2205\" data-link=\"https:\/\/ongelpaso.org.uy\/autonomias\/campanas\/placa-5-5\/\" data-original-link=\"https:\/\/ongelpaso.org.uy\/autonomias\/wp-content\/uploads\/2023\/08\/Placa-5-5.png\" class=\"wp-block-getwid-images-slider__image wp-image-2205\" srcset=\"https:\/\/ongelpaso.org.uy\/autonomias\/wp-content\/uploads\/2023\/08\/Placa-5-5.png 1080w, https:\/\/ongelpaso.org.uy\/autonomias\/wp-content\/uploads\/2023\/08\/Placa-5-5-300x300.png 300w, https:\/\/ongelpaso.org.uy\/autonomias\/wp-content\/uploads\/2023\/08\/Placa-5-5-1024x1024.png 1024w, https:\/\/ongelpaso.org.uy\/autonomias\/wp-content\/uploads\/2023\/08\/Placa-5-5-150x150.png 150w, https:\/\/ongelpaso.org.uy\/autonomias\/wp-content\/uploads\/2023\/08\/Placa-5-5-768x768.png 768w\" sizes=\"auto, (max-width: 1080px) 100vw, 1080px\" \/><\/figure><\/div><div class=\"wp-block-getwid-images-slider__item\"><figure><img loading=\"lazy\" decoding=\"async\" width=\"1080\" height=\"1080\" src=\"https:\/\/ongelpaso.org.uy\/autonomias\/wp-content\/uploads\/2023\/08\/Placa-4-5.png\" data-id=\"2204\" data-link=\"https:\/\/ongelpaso.org.uy\/autonomias\/campanas\/placa-4-5\/\" data-original-link=\"https:\/\/ongelpaso.org.uy\/autonomias\/wp-content\/uploads\/2023\/08\/Placa-4-5.png\" class=\"wp-block-getwid-images-slider__image wp-image-2204\" srcset=\"https:\/\/ongelpaso.org.uy\/autonomias\/wp-content\/uploads\/2023\/08\/Placa-4-5.png 1080w, https:\/\/ongelpaso.org.uy\/autonomias\/wp-content\/uploads\/2023\/08\/Placa-4-5-300x300.png 300w, https:\/\/ongelpaso.org.uy\/autonomias\/wp-content\/uploads\/2023\/08\/Placa-4-5-1024x1024.png 1024w, https:\/\/ongelpaso.org.uy\/autonomias\/wp-content\/uploads\/2023\/08\/Placa-4-5-150x150.png 150w, https:\/\/ongelpaso.org.uy\/autonomias\/wp-content\/uploads\/2023\/08\/Placa-4-5-768x768.png 768w\" sizes=\"auto, (max-width: 1080px) 100vw, 1080px\" \/><\/figure><\/div><div class=\"wp-block-getwid-images-slider__item\"><figure><img loading=\"lazy\" decoding=\"async\" width=\"1080\" height=\"1080\" src=\"https:\/\/ongelpaso.org.uy\/autonomias\/wp-content\/uploads\/2023\/08\/Placa-3-3.png\" data-id=\"2203\" data-link=\"https:\/\/ongelpaso.org.uy\/autonomias\/campanas\/placa-3-3\/\" data-original-link=\"https:\/\/ongelpaso.org.uy\/autonomias\/wp-content\/uploads\/2023\/08\/Placa-3-3.png\" class=\"wp-block-getwid-images-slider__image wp-image-2203\" srcset=\"https:\/\/ongelpaso.org.uy\/autonomias\/wp-content\/uploads\/2023\/08\/Placa-3-3.png 1080w, https:\/\/ongelpaso.org.uy\/autonomias\/wp-content\/uploads\/2023\/08\/Placa-3-3-300x300.png 300w, https:\/\/ongelpaso.org.uy\/autonomias\/wp-content\/uploads\/2023\/08\/Placa-3-3-1024x1024.png 1024w, https:\/\/ongelpaso.org.uy\/autonomias\/wp-content\/uploads\/2023\/08\/Placa-3-3-150x150.png 150w, https:\/\/ongelpaso.org.uy\/autonomias\/wp-content\/uploads\/2023\/08\/Placa-3-3-768x768.png 768w\" sizes=\"auto, (max-width: 1080px) 100vw, 1080px\" \/><\/figure><\/div><div class=\"wp-block-getwid-images-slider__item\"><figure><img loading=\"lazy\" decoding=\"async\" width=\"1080\" height=\"1080\" src=\"https:\/\/ongelpaso.org.uy\/autonomias\/wp-content\/uploads\/2023\/08\/Placa-2-3.png\" data-id=\"2202\" data-link=\"https:\/\/ongelpaso.org.uy\/autonomias\/campanas\/placa-2-3-2\/\" data-original-link=\"https:\/\/ongelpaso.org.uy\/autonomias\/wp-content\/uploads\/2023\/08\/Placa-2-3.png\" class=\"wp-block-getwid-images-slider__image wp-image-2202\" srcset=\"https:\/\/ongelpaso.org.uy\/autonomias\/wp-content\/uploads\/2023\/08\/Placa-2-3.png 1080w, https:\/\/ongelpaso.org.uy\/autonomias\/wp-content\/uploads\/2023\/08\/Placa-2-3-300x300.png 300w, https:\/\/ongelpaso.org.uy\/autonomias\/wp-content\/uploads\/2023\/08\/Placa-2-3-1024x1024.png 1024w, https:\/\/ongelpaso.org.uy\/autonomias\/wp-content\/uploads\/2023\/08\/Placa-2-3-150x150.png 150w, https:\/\/ongelpaso.org.uy\/autonomias\/wp-content\/uploads\/2023\/08\/Placa-2-3-768x768.png 768w\" sizes=\"auto, (max-width: 1080px) 100vw, 1080px\" \/><\/figure><\/div><\/div><\/div>\n<\/div>\n\n\n\n<div class=\"wp-block-column is-layout-flow wp-block-column-is-layout-flow\">\n<p><\/p>\n\n\n\n<p><\/p>\n\n\n\n<p><strong>Desde el Observatorio contra la Violencia basada en G\u00e9nero y Acceso a la Justicia, en conjunto con el proyecto&nbsp;<a href=\"https:\/\/www.facebook.com\/feminicidio.uruguay?__tn__=-]K*F\">Feminicidio Uruguay<\/a>, presentamos: No son cifras, son mujeres.<\/strong><\/p>\n<\/div>\n<\/div>\n\n\n\n<h2 class=\"wp-block-heading\">En 2022:<\/h2>\n\n\n\n<div class=\"wp-block-columns is-layout-flex wp-container-core-columns-is-layout-28f84493 wp-block-columns-is-layout-flex\">\n<div class=\"wp-block-column is-layout-flow wp-block-column-is-layout-flow\">\n<figure class=\"wp-block-gallery has-nested-images columns-default is-cropped wp-block-gallery-1 is-layout-flex wp-block-gallery-is-layout-flex\">\n<figure class=\"wp-block-image size-large\"><img loading=\"lazy\" decoding=\"async\" width=\"410\" height=\"1024\" data-id=\"2236\" src=\"https:\/\/ongelpaso.org.uy\/autonomias\/wp-content\/uploads\/2023\/09\/318184311_2880358902096371_1659882906686583866_n-1-410x1024.png\" alt=\"\" class=\"wp-image-2236\" srcset=\"https:\/\/ongelpaso.org.uy\/autonomias\/wp-content\/uploads\/2023\/09\/318184311_2880358902096371_1659882906686583866_n-1-410x1024.png 410w, https:\/\/ongelpaso.org.uy\/autonomias\/wp-content\/uploads\/2023\/09\/318184311_2880358902096371_1659882906686583866_n-1-120x300.png 120w, https:\/\/ongelpaso.org.uy\/autonomias\/wp-content\/uploads\/2023\/09\/318184311_2880358902096371_1659882906686583866_n-1-768x1920.png 768w, https:\/\/ongelpaso.org.uy\/autonomias\/wp-content\/uploads\/2023\/09\/318184311_2880358902096371_1659882906686583866_n-1.png 800w\" sizes=\"auto, (max-width: 410px) 100vw, 410px\" \/><\/figure>\n<\/figure>\n<\/div>\n\n\n\n<div class=\"wp-block-column is-layout-flow wp-block-column-is-layout-flow\">\n<p><\/p>\n\n\n\n<p><\/p>\n\n\n\n<p><strong>7 de diciembre, D\u00eda Nacional Contra la Explotaci\u00f3n sexual hacia ni\u00f1as, ni\u00f1os y adolescentes.<\/strong><\/p>\n<\/div>\n<\/div>\n\n\n\n<div class=\"wp-block-columns is-layout-flex wp-container-core-columns-is-layout-28f84493 wp-block-columns-is-layout-flex\">\n<div class=\"wp-block-column is-layout-flow wp-block-column-is-layout-flow\">\n<div class=\"wp-block-getwid-images-slider has-arrows-inside has-dots-inside has-images-center has-cropped-images\"><div class=\"wp-block-getwid-images-slider__wrapper\" data-effect=\"slide\" data-slides-show=\"1\" data-slides-show-laptop=\"1\" data-slides-show-tablet=\"1\" data-slides-show-mobile=\"1\" data-slides-scroll=\"1\" data-autoplay=\"false\" data-autoplay-speed=\"6000\" data-infinite=\"true\" data-animation-speed=\"800\" data-center-mode=\"false\" data-variable-width=\"false\" data-arrows=\"inside\" data-dots=\"inside\" data-spacing=\"none\"><div class=\"wp-block-getwid-images-slider__item\"><figure><img loading=\"lazy\" decoding=\"async\" width=\"1448\" height=\"2048\" src=\"https:\/\/ongelpaso.org.uy\/autonomias\/wp-content\/uploads\/2023\/09\/305271304_2804867382978857_7326334581412871199_n-1.jpg\" data-id=\"2237\" data-link=\"https:\/\/ongelpaso.org.uy\/autonomias\/campanas\/305271304_2804867382978857_7326334581412871199_n-1\/\" data-original-link=\"https:\/\/ongelpaso.org.uy\/autonomias\/wp-content\/uploads\/2023\/09\/305271304_2804867382978857_7326334581412871199_n-1.jpg\" class=\"wp-block-getwid-images-slider__image wp-image-2237\" srcset=\"https:\/\/ongelpaso.org.uy\/autonomias\/wp-content\/uploads\/2023\/09\/305271304_2804867382978857_7326334581412871199_n-1.jpg 1448w, https:\/\/ongelpaso.org.uy\/autonomias\/wp-content\/uploads\/2023\/09\/305271304_2804867382978857_7326334581412871199_n-1-212x300.jpg 212w, https:\/\/ongelpaso.org.uy\/autonomias\/wp-content\/uploads\/2023\/09\/305271304_2804867382978857_7326334581412871199_n-1-724x1024.jpg 724w, https:\/\/ongelpaso.org.uy\/autonomias\/wp-content\/uploads\/2023\/09\/305271304_2804867382978857_7326334581412871199_n-1-768x1086.jpg 768w, https:\/\/ongelpaso.org.uy\/autonomias\/wp-content\/uploads\/2023\/09\/305271304_2804867382978857_7326334581412871199_n-1-1086x1536.jpg 1086w\" sizes=\"auto, (max-width: 1448px) 100vw, 1448px\" \/><\/figure><\/div><div class=\"wp-block-getwid-images-slider__item\"><figure><img loading=\"lazy\" decoding=\"async\" width=\"1448\" height=\"2048\" src=\"https:\/\/ongelpaso.org.uy\/autonomias\/wp-content\/uploads\/2023\/09\/305926755_2804866289645633_8790393129946481015_n-1.jpg\" data-id=\"2238\" data-link=\"https:\/\/ongelpaso.org.uy\/autonomias\/campanas\/305926755_2804866289645633_8790393129946481015_n-1\/\" data-original-link=\"https:\/\/ongelpaso.org.uy\/autonomias\/wp-content\/uploads\/2023\/09\/305926755_2804866289645633_8790393129946481015_n-1.jpg\" class=\"wp-block-getwid-images-slider__image wp-image-2238\" srcset=\"https:\/\/ongelpaso.org.uy\/autonomias\/wp-content\/uploads\/2023\/09\/305926755_2804866289645633_8790393129946481015_n-1.jpg 1448w, https:\/\/ongelpaso.org.uy\/autonomias\/wp-content\/uploads\/2023\/09\/305926755_2804866289645633_8790393129946481015_n-1-212x300.jpg 212w, https:\/\/ongelpaso.org.uy\/autonomias\/wp-content\/uploads\/2023\/09\/305926755_2804866289645633_8790393129946481015_n-1-724x1024.jpg 724w, https:\/\/ongelpaso.org.uy\/autonomias\/wp-content\/uploads\/2023\/09\/305926755_2804866289645633_8790393129946481015_n-1-768x1086.jpg 768w, https:\/\/ongelpaso.org.uy\/autonomias\/wp-content\/uploads\/2023\/09\/305926755_2804866289645633_8790393129946481015_n-1-1086x1536.jpg 1086w\" sizes=\"auto, (max-width: 1448px) 100vw, 1448px\" \/><\/figure><\/div><div class=\"wp-block-getwid-images-slider__item\"><figure><img loading=\"lazy\" decoding=\"async\" width=\"1448\" height=\"2048\" src=\"https:\/\/ongelpaso.org.uy\/autonomias\/wp-content\/uploads\/2023\/09\/305995517_2804868812978714_7272351333218313040_n-1.jpg\" data-id=\"2239\" data-link=\"https:\/\/ongelpaso.org.uy\/autonomias\/campanas\/305995517_2804868812978714_7272351333218313040_n-1\/\" data-original-link=\"https:\/\/ongelpaso.org.uy\/autonomias\/wp-content\/uploads\/2023\/09\/305995517_2804868812978714_7272351333218313040_n-1.jpg\" class=\"wp-block-getwid-images-slider__image wp-image-2239\" srcset=\"https:\/\/ongelpaso.org.uy\/autonomias\/wp-content\/uploads\/2023\/09\/305995517_2804868812978714_7272351333218313040_n-1.jpg 1448w, https:\/\/ongelpaso.org.uy\/autonomias\/wp-content\/uploads\/2023\/09\/305995517_2804868812978714_7272351333218313040_n-1-212x300.jpg 212w, https:\/\/ongelpaso.org.uy\/autonomias\/wp-content\/uploads\/2023\/09\/305995517_2804868812978714_7272351333218313040_n-1-724x1024.jpg 724w, https:\/\/ongelpaso.org.uy\/autonomias\/wp-content\/uploads\/2023\/09\/305995517_2804868812978714_7272351333218313040_n-1-768x1086.jpg 768w, https:\/\/ongelpaso.org.uy\/autonomias\/wp-content\/uploads\/2023\/09\/305995517_2804868812978714_7272351333218313040_n-1-1086x1536.jpg 1086w\" sizes=\"auto, (max-width: 1448px) 100vw, 1448px\" \/><\/figure><\/div><div class=\"wp-block-getwid-images-slider__item\"><figure><img loading=\"lazy\" decoding=\"async\" width=\"1448\" height=\"2048\" src=\"https:\/\/ongelpaso.org.uy\/autonomias\/wp-content\/uploads\/2023\/09\/306850832_2804870182978577_1650350213402207873_n-1.jpg\" data-id=\"2240\" data-link=\"https:\/\/ongelpaso.org.uy\/autonomias\/campanas\/306850832_2804870182978577_1650350213402207873_n-1\/\" data-original-link=\"https:\/\/ongelpaso.org.uy\/autonomias\/wp-content\/uploads\/2023\/09\/306850832_2804870182978577_1650350213402207873_n-1.jpg\" class=\"wp-block-getwid-images-slider__image wp-image-2240\" srcset=\"https:\/\/ongelpaso.org.uy\/autonomias\/wp-content\/uploads\/2023\/09\/306850832_2804870182978577_1650350213402207873_n-1.jpg 1448w, https:\/\/ongelpaso.org.uy\/autonomias\/wp-content\/uploads\/2023\/09\/306850832_2804870182978577_1650350213402207873_n-1-212x300.jpg 212w, https:\/\/ongelpaso.org.uy\/autonomias\/wp-content\/uploads\/2023\/09\/306850832_2804870182978577_1650350213402207873_n-1-724x1024.jpg 724w, https:\/\/ongelpaso.org.uy\/autonomias\/wp-content\/uploads\/2023\/09\/306850832_2804870182978577_1650350213402207873_n-1-768x1086.jpg 768w, https:\/\/ongelpaso.org.uy\/autonomias\/wp-content\/uploads\/2023\/09\/306850832_2804870182978577_1650350213402207873_n-1-1086x1536.jpg 1086w\" sizes=\"auto, (max-width: 1448px) 100vw, 1448px\" \/><\/figure><\/div><div class=\"wp-block-getwid-images-slider__item\"><figure><img loading=\"lazy\" decoding=\"async\" width=\"1448\" height=\"2048\" src=\"https:\/\/ongelpaso.org.uy\/autonomias\/wp-content\/uploads\/2023\/09\/307870908_2804871072978488_3152646885181587133_n-1.jpg\" data-id=\"2241\" data-link=\"https:\/\/ongelpaso.org.uy\/autonomias\/campanas\/307870908_2804871072978488_3152646885181587133_n-1\/\" data-original-link=\"https:\/\/ongelpaso.org.uy\/autonomias\/wp-content\/uploads\/2023\/09\/307870908_2804871072978488_3152646885181587133_n-1.jpg\" class=\"wp-block-getwid-images-slider__image wp-image-2241\" srcset=\"https:\/\/ongelpaso.org.uy\/autonomias\/wp-content\/uploads\/2023\/09\/307870908_2804871072978488_3152646885181587133_n-1.jpg 1448w, https:\/\/ongelpaso.org.uy\/autonomias\/wp-content\/uploads\/2023\/09\/307870908_2804871072978488_3152646885181587133_n-1-212x300.jpg 212w, https:\/\/ongelpaso.org.uy\/autonomias\/wp-content\/uploads\/2023\/09\/307870908_2804871072978488_3152646885181587133_n-1-724x1024.jpg 724w, https:\/\/ongelpaso.org.uy\/autonomias\/wp-content\/uploads\/2023\/09\/307870908_2804871072978488_3152646885181587133_n-1-768x1086.jpg 768w, https:\/\/ongelpaso.org.uy\/autonomias\/wp-content\/uploads\/2023\/09\/307870908_2804871072978488_3152646885181587133_n-1-1086x1536.jpg 1086w\" sizes=\"auto, (max-width: 1448px) 100vw, 1448px\" \/><\/figure><\/div><div class=\"wp-block-getwid-images-slider__item\"><figure><img loading=\"lazy\" decoding=\"async\" width=\"1448\" height=\"2048\" src=\"https:\/\/ongelpaso.org.uy\/autonomias\/wp-content\/uploads\/2023\/09\/308350820_2804874102978185_6241619987906043925_n-1.jpg\" data-id=\"2242\" data-link=\"https:\/\/ongelpaso.org.uy\/autonomias\/campanas\/308350820_2804874102978185_6241619987906043925_n-1\/\" data-original-link=\"https:\/\/ongelpaso.org.uy\/autonomias\/wp-content\/uploads\/2023\/09\/308350820_2804874102978185_6241619987906043925_n-1.jpg\" class=\"wp-block-getwid-images-slider__image wp-image-2242\" srcset=\"https:\/\/ongelpaso.org.uy\/autonomias\/wp-content\/uploads\/2023\/09\/308350820_2804874102978185_6241619987906043925_n-1.jpg 1448w, https:\/\/ongelpaso.org.uy\/autonomias\/wp-content\/uploads\/2023\/09\/308350820_2804874102978185_6241619987906043925_n-1-212x300.jpg 212w, https:\/\/ongelpaso.org.uy\/autonomias\/wp-content\/uploads\/2023\/09\/308350820_2804874102978185_6241619987906043925_n-1-724x1024.jpg 724w, https:\/\/ongelpaso.org.uy\/autonomias\/wp-content\/uploads\/2023\/09\/308350820_2804874102978185_6241619987906043925_n-1-768x1086.jpg 768w, https:\/\/ongelpaso.org.uy\/autonomias\/wp-content\/uploads\/2023\/09\/308350820_2804874102978185_6241619987906043925_n-1-1086x1536.jpg 1086w\" sizes=\"auto, (max-width: 1448px) 100vw, 1448px\" \/><\/figure><\/div><div class=\"wp-block-getwid-images-slider__item\"><figure><img loading=\"lazy\" decoding=\"async\" width=\"1448\" height=\"2048\" src=\"https:\/\/ongelpaso.org.uy\/autonomias\/wp-content\/uploads\/2023\/09\/308467982_2804874112978184_8870536029680547407_n-1.jpg\" data-id=\"2243\" data-link=\"https:\/\/ongelpaso.org.uy\/autonomias\/campanas\/308467982_2804874112978184_8870536029680547407_n-1\/\" data-original-link=\"https:\/\/ongelpaso.org.uy\/autonomias\/wp-content\/uploads\/2023\/09\/308467982_2804874112978184_8870536029680547407_n-1.jpg\" class=\"wp-block-getwid-images-slider__image wp-image-2243\" srcset=\"https:\/\/ongelpaso.org.uy\/autonomias\/wp-content\/uploads\/2023\/09\/308467982_2804874112978184_8870536029680547407_n-1.jpg 1448w, https:\/\/ongelpaso.org.uy\/autonomias\/wp-content\/uploads\/2023\/09\/308467982_2804874112978184_8870536029680547407_n-1-212x300.jpg 212w, https:\/\/ongelpaso.org.uy\/autonomias\/wp-content\/uploads\/2023\/09\/308467982_2804874112978184_8870536029680547407_n-1-724x1024.jpg 724w, https:\/\/ongelpaso.org.uy\/autonomias\/wp-content\/uploads\/2023\/09\/308467982_2804874112978184_8870536029680547407_n-1-768x1086.jpg 768w, https:\/\/ongelpaso.org.uy\/autonomias\/wp-content\/uploads\/2023\/09\/308467982_2804874112978184_8870536029680547407_n-1-1086x1536.jpg 1086w\" sizes=\"auto, (max-width: 1448px) 100vw, 1448px\" \/><\/figure><\/div><div class=\"wp-block-getwid-images-slider__item\"><figure><img loading=\"lazy\" decoding=\"async\" width=\"1448\" height=\"2048\" src=\"https:\/\/ongelpaso.org.uy\/autonomias\/wp-content\/uploads\/2023\/09\/308679818_2804875196311409_6100790994998882729_n-1.jpg\" data-id=\"2244\" data-link=\"https:\/\/ongelpaso.org.uy\/autonomias\/campanas\/308679818_2804875196311409_6100790994998882729_n-1\/\" data-original-link=\"https:\/\/ongelpaso.org.uy\/autonomias\/wp-content\/uploads\/2023\/09\/308679818_2804875196311409_6100790994998882729_n-1.jpg\" class=\"wp-block-getwid-images-slider__image wp-image-2244\" srcset=\"https:\/\/ongelpaso.org.uy\/autonomias\/wp-content\/uploads\/2023\/09\/308679818_2804875196311409_6100790994998882729_n-1.jpg 1448w, https:\/\/ongelpaso.org.uy\/autonomias\/wp-content\/uploads\/2023\/09\/308679818_2804875196311409_6100790994998882729_n-1-212x300.jpg 212w, https:\/\/ongelpaso.org.uy\/autonomias\/wp-content\/uploads\/2023\/09\/308679818_2804875196311409_6100790994998882729_n-1-724x1024.jpg 724w, https:\/\/ongelpaso.org.uy\/autonomias\/wp-content\/uploads\/2023\/09\/308679818_2804875196311409_6100790994998882729_n-1-768x1086.jpg 768w, https:\/\/ongelpaso.org.uy\/autonomias\/wp-content\/uploads\/2023\/09\/308679818_2804875196311409_6100790994998882729_n-1-1086x1536.jpg 1086w\" sizes=\"auto, (max-width: 1448px) 100vw, 1448px\" \/><\/figure><\/div><div class=\"wp-block-getwid-images-slider__item\"><figure><img loading=\"lazy\" decoding=\"async\" width=\"1448\" height=\"2048\" src=\"https:\/\/ongelpaso.org.uy\/autonomias\/wp-content\/uploads\/2023\/09\/308687668_2804875186311410_6189730089846904878_n-1.jpg\" data-id=\"2245\" data-link=\"https:\/\/ongelpaso.org.uy\/autonomias\/campanas\/308687668_2804875186311410_6189730089846904878_n-1\/\" data-original-link=\"https:\/\/ongelpaso.org.uy\/autonomias\/wp-content\/uploads\/2023\/09\/308687668_2804875186311410_6189730089846904878_n-1.jpg\" class=\"wp-block-getwid-images-slider__image wp-image-2245\" srcset=\"https:\/\/ongelpaso.org.uy\/autonomias\/wp-content\/uploads\/2023\/09\/308687668_2804875186311410_6189730089846904878_n-1.jpg 1448w, https:\/\/ongelpaso.org.uy\/autonomias\/wp-content\/uploads\/2023\/09\/308687668_2804875186311410_6189730089846904878_n-1-212x300.jpg 212w, https:\/\/ongelpaso.org.uy\/autonomias\/wp-content\/uploads\/2023\/09\/308687668_2804875186311410_6189730089846904878_n-1-724x1024.jpg 724w, https:\/\/ongelpaso.org.uy\/autonomias\/wp-content\/uploads\/2023\/09\/308687668_2804875186311410_6189730089846904878_n-1-768x1086.jpg 768w, https:\/\/ongelpaso.org.uy\/autonomias\/wp-content\/uploads\/2023\/09\/308687668_2804875186311410_6189730089846904878_n-1-1086x1536.jpg 1086w\" sizes=\"auto, (max-width: 1448px) 100vw, 1448px\" \/><\/figure><\/div><\/div><\/div>\n<\/div>\n\n\n\n<div class=\"wp-block-column is-layout-flow wp-block-column-is-layout-flow\">\n<p><strong>23 de setiembre &#8211; D\u00eda contra la explotaci\u00f3n sexual y la trata de personas<\/strong><\/p>\n<\/div>\n<\/div>\n\n\n\n<div class=\"wp-block-columns is-layout-flex wp-container-core-columns-is-layout-28f84493 wp-block-columns-is-layout-flex\">\n<div class=\"wp-block-column is-layout-flow wp-block-column-is-layout-flow\">\n<div class=\"wp-block-getwid-images-slider has-arrows-inside has-dots-inside has-images-center has-cropped-images\"><div class=\"wp-block-getwid-images-slider__wrapper\" data-effect=\"slide\" data-slides-show=\"1\" data-slides-show-laptop=\"1\" data-slides-show-tablet=\"1\" data-slides-show-mobile=\"1\" data-slides-scroll=\"1\" data-autoplay=\"false\" data-autoplay-speed=\"6000\" data-infinite=\"true\" data-animation-speed=\"800\" data-center-mode=\"false\" data-variable-width=\"false\" data-arrows=\"inside\" data-dots=\"inside\" data-spacing=\"none\"><div class=\"wp-block-getwid-images-slider__item\"><figure><img loading=\"lazy\" decoding=\"async\" width=\"1448\" height=\"2048\" src=\"https:\/\/ongelpaso.org.uy\/autonomias\/wp-content\/uploads\/2023\/09\/296023499_2758547814277481_609882468898739144_n-1.jpg\" data-id=\"2217\" data-link=\"https:\/\/ongelpaso.org.uy\/autonomias\/campanas\/296023499_2758547814277481_609882468898739144_n-1\/\" data-original-link=\"https:\/\/ongelpaso.org.uy\/autonomias\/wp-content\/uploads\/2023\/09\/296023499_2758547814277481_609882468898739144_n-1.jpg\" class=\"wp-block-getwid-images-slider__image wp-image-2217\" srcset=\"https:\/\/ongelpaso.org.uy\/autonomias\/wp-content\/uploads\/2023\/09\/296023499_2758547814277481_609882468898739144_n-1.jpg 1448w, https:\/\/ongelpaso.org.uy\/autonomias\/wp-content\/uploads\/2023\/09\/296023499_2758547814277481_609882468898739144_n-1-212x300.jpg 212w, https:\/\/ongelpaso.org.uy\/autonomias\/wp-content\/uploads\/2023\/09\/296023499_2758547814277481_609882468898739144_n-1-724x1024.jpg 724w, https:\/\/ongelpaso.org.uy\/autonomias\/wp-content\/uploads\/2023\/09\/296023499_2758547814277481_609882468898739144_n-1-768x1086.jpg 768w, https:\/\/ongelpaso.org.uy\/autonomias\/wp-content\/uploads\/2023\/09\/296023499_2758547814277481_609882468898739144_n-1-1086x1536.jpg 1086w\" sizes=\"auto, (max-width: 1448px) 100vw, 1448px\" \/><\/figure><\/div><div class=\"wp-block-getwid-images-slider__item\"><figure><img loading=\"lazy\" decoding=\"async\" width=\"1448\" height=\"2048\" src=\"https:\/\/ongelpaso.org.uy\/autonomias\/wp-content\/uploads\/2023\/09\/296058697_2758546897610906_3724660699752412856_n-1.jpg\" data-id=\"2218\" data-link=\"https:\/\/ongelpaso.org.uy\/autonomias\/campanas\/296058697_2758546897610906_3724660699752412856_n-1\/\" data-original-link=\"https:\/\/ongelpaso.org.uy\/autonomias\/wp-content\/uploads\/2023\/09\/296058697_2758546897610906_3724660699752412856_n-1.jpg\" class=\"wp-block-getwid-images-slider__image wp-image-2218\" srcset=\"https:\/\/ongelpaso.org.uy\/autonomias\/wp-content\/uploads\/2023\/09\/296058697_2758546897610906_3724660699752412856_n-1.jpg 1448w, https:\/\/ongelpaso.org.uy\/autonomias\/wp-content\/uploads\/2023\/09\/296058697_2758546897610906_3724660699752412856_n-1-212x300.jpg 212w, https:\/\/ongelpaso.org.uy\/autonomias\/wp-content\/uploads\/2023\/09\/296058697_2758546897610906_3724660699752412856_n-1-724x1024.jpg 724w, https:\/\/ongelpaso.org.uy\/autonomias\/wp-content\/uploads\/2023\/09\/296058697_2758546897610906_3724660699752412856_n-1-768x1086.jpg 768w, https:\/\/ongelpaso.org.uy\/autonomias\/wp-content\/uploads\/2023\/09\/296058697_2758546897610906_3724660699752412856_n-1-1086x1536.jpg 1086w\" sizes=\"auto, (max-width: 1448px) 100vw, 1448px\" \/><\/figure><\/div><div class=\"wp-block-getwid-images-slider__item\"><figure><img loading=\"lazy\" decoding=\"async\" width=\"1448\" height=\"2048\" src=\"https:\/\/ongelpaso.org.uy\/autonomias\/wp-content\/uploads\/2023\/09\/296265672_2758555350943394_1872868831793509064_n-1.jpg\" data-id=\"2219\" data-link=\"https:\/\/ongelpaso.org.uy\/autonomias\/campanas\/296265672_2758555350943394_1872868831793509064_n-1\/\" data-original-link=\"https:\/\/ongelpaso.org.uy\/autonomias\/wp-content\/uploads\/2023\/09\/296265672_2758555350943394_1872868831793509064_n-1.jpg\" class=\"wp-block-getwid-images-slider__image wp-image-2219\" srcset=\"https:\/\/ongelpaso.org.uy\/autonomias\/wp-content\/uploads\/2023\/09\/296265672_2758555350943394_1872868831793509064_n-1.jpg 1448w, https:\/\/ongelpaso.org.uy\/autonomias\/wp-content\/uploads\/2023\/09\/296265672_2758555350943394_1872868831793509064_n-1-212x300.jpg 212w, https:\/\/ongelpaso.org.uy\/autonomias\/wp-content\/uploads\/2023\/09\/296265672_2758555350943394_1872868831793509064_n-1-724x1024.jpg 724w, https:\/\/ongelpaso.org.uy\/autonomias\/wp-content\/uploads\/2023\/09\/296265672_2758555350943394_1872868831793509064_n-1-768x1086.jpg 768w, https:\/\/ongelpaso.org.uy\/autonomias\/wp-content\/uploads\/2023\/09\/296265672_2758555350943394_1872868831793509064_n-1-1086x1536.jpg 1086w\" sizes=\"auto, (max-width: 1448px) 100vw, 1448px\" \/><\/figure><\/div><div class=\"wp-block-getwid-images-slider__item\"><figure><img loading=\"lazy\" decoding=\"async\" width=\"1448\" height=\"2048\" src=\"https:\/\/ongelpaso.org.uy\/autonomias\/wp-content\/uploads\/2023\/09\/296370913_2758552620943667_5258677186822927961_n-1.jpg\" data-id=\"2220\" data-link=\"https:\/\/ongelpaso.org.uy\/autonomias\/campanas\/296370913_2758552620943667_5258677186822927961_n-1\/\" data-original-link=\"https:\/\/ongelpaso.org.uy\/autonomias\/wp-content\/uploads\/2023\/09\/296370913_2758552620943667_5258677186822927961_n-1.jpg\" class=\"wp-block-getwid-images-slider__image wp-image-2220\" srcset=\"https:\/\/ongelpaso.org.uy\/autonomias\/wp-content\/uploads\/2023\/09\/296370913_2758552620943667_5258677186822927961_n-1.jpg 1448w, https:\/\/ongelpaso.org.uy\/autonomias\/wp-content\/uploads\/2023\/09\/296370913_2758552620943667_5258677186822927961_n-1-212x300.jpg 212w, https:\/\/ongelpaso.org.uy\/autonomias\/wp-content\/uploads\/2023\/09\/296370913_2758552620943667_5258677186822927961_n-1-724x1024.jpg 724w, https:\/\/ongelpaso.org.uy\/autonomias\/wp-content\/uploads\/2023\/09\/296370913_2758552620943667_5258677186822927961_n-1-768x1086.jpg 768w, https:\/\/ongelpaso.org.uy\/autonomias\/wp-content\/uploads\/2023\/09\/296370913_2758552620943667_5258677186822927961_n-1-1086x1536.jpg 1086w\" sizes=\"auto, (max-width: 1448px) 100vw, 1448px\" \/><\/figure><\/div><div class=\"wp-block-getwid-images-slider__item\"><figure><img loading=\"lazy\" decoding=\"async\" width=\"1448\" height=\"2048\" src=\"https:\/\/ongelpaso.org.uy\/autonomias\/wp-content\/uploads\/2023\/09\/296583539_2758542560944673_7620254346450090290_n-1.jpg\" data-id=\"2221\" data-link=\"https:\/\/ongelpaso.org.uy\/autonomias\/campanas\/296583539_2758542560944673_7620254346450090290_n-1\/\" data-original-link=\"https:\/\/ongelpaso.org.uy\/autonomias\/wp-content\/uploads\/2023\/09\/296583539_2758542560944673_7620254346450090290_n-1.jpg\" class=\"wp-block-getwid-images-slider__image wp-image-2221\" srcset=\"https:\/\/ongelpaso.org.uy\/autonomias\/wp-content\/uploads\/2023\/09\/296583539_2758542560944673_7620254346450090290_n-1.jpg 1448w, https:\/\/ongelpaso.org.uy\/autonomias\/wp-content\/uploads\/2023\/09\/296583539_2758542560944673_7620254346450090290_n-1-212x300.jpg 212w, https:\/\/ongelpaso.org.uy\/autonomias\/wp-content\/uploads\/2023\/09\/296583539_2758542560944673_7620254346450090290_n-1-724x1024.jpg 724w, https:\/\/ongelpaso.org.uy\/autonomias\/wp-content\/uploads\/2023\/09\/296583539_2758542560944673_7620254346450090290_n-1-768x1086.jpg 768w, https:\/\/ongelpaso.org.uy\/autonomias\/wp-content\/uploads\/2023\/09\/296583539_2758542560944673_7620254346450090290_n-1-1086x1536.jpg 1086w\" sizes=\"auto, (max-width: 1448px) 100vw, 1448px\" \/><\/figure><\/div><div class=\"wp-block-getwid-images-slider__item\"><figure><img loading=\"lazy\" decoding=\"async\" width=\"1448\" height=\"2048\" src=\"https:\/\/ongelpaso.org.uy\/autonomias\/wp-content\/uploads\/2023\/09\/296785484_2758543670944562_147729571280587049_n-1.jpg\" data-id=\"2222\" data-link=\"https:\/\/ongelpaso.org.uy\/autonomias\/campanas\/296785484_2758543670944562_147729571280587049_n-1\/\" data-original-link=\"https:\/\/ongelpaso.org.uy\/autonomias\/wp-content\/uploads\/2023\/09\/296785484_2758543670944562_147729571280587049_n-1.jpg\" class=\"wp-block-getwid-images-slider__image wp-image-2222\" srcset=\"https:\/\/ongelpaso.org.uy\/autonomias\/wp-content\/uploads\/2023\/09\/296785484_2758543670944562_147729571280587049_n-1.jpg 1448w, https:\/\/ongelpaso.org.uy\/autonomias\/wp-content\/uploads\/2023\/09\/296785484_2758543670944562_147729571280587049_n-1-212x300.jpg 212w, https:\/\/ongelpaso.org.uy\/autonomias\/wp-content\/uploads\/2023\/09\/296785484_2758543670944562_147729571280587049_n-1-724x1024.jpg 724w, https:\/\/ongelpaso.org.uy\/autonomias\/wp-content\/uploads\/2023\/09\/296785484_2758543670944562_147729571280587049_n-1-768x1086.jpg 768w, https:\/\/ongelpaso.org.uy\/autonomias\/wp-content\/uploads\/2023\/09\/296785484_2758543670944562_147729571280587049_n-1-1086x1536.jpg 1086w\" sizes=\"auto, (max-width: 1448px) 100vw, 1448px\" \/><\/figure><\/div><\/div><\/div>\n<\/div>\n\n\n\n<div class=\"wp-block-column is-layout-flow wp-block-column-is-layout-flow\">\n<p><\/p>\n\n\n\n<p><strong>30 de Julio, D\u00eda Mundial contra la Trata de personas. <\/strong><\/p>\n<\/div>\n<\/div>\n\n\n\n<div class=\"wp-block-columns is-layout-flex wp-container-core-columns-is-layout-28f84493 wp-block-columns-is-layout-flex\">\n<div class=\"wp-block-column is-layout-flow wp-block-column-is-layout-flow\">\n<div class=\"wp-block-columns is-layout-flex wp-container-core-columns-is-layout-28f84493 wp-block-columns-is-layout-flex\">\n<div class=\"wp-block-column is-layout-flow wp-block-column-is-layout-flow\">\n<div class=\"wp-block-getwid-images-slider has-arrows-inside has-dots-inside has-images-center has-cropped-images\"><div class=\"wp-block-getwid-images-slider__wrapper\" data-effect=\"slide\" data-slides-show=\"1\" data-slides-show-laptop=\"1\" data-slides-show-tablet=\"1\" data-slides-show-mobile=\"1\" data-slides-scroll=\"1\" data-autoplay=\"false\" data-autoplay-speed=\"6000\" data-infinite=\"true\" data-animation-speed=\"800\" data-center-mode=\"false\" data-variable-width=\"false\" data-arrows=\"inside\" data-dots=\"inside\" data-spacing=\"none\"><div class=\"wp-block-getwid-images-slider__item\"><figure><img loading=\"lazy\" decoding=\"async\" width=\"800\" height=\"2000\" src=\"https:\/\/ongelpaso.org.uy\/autonomias\/wp-content\/uploads\/2023\/09\/Infografia-1-25-de-abril-Dia-Mundial-contra-el-maltrato-Infantil.png\" data-id=\"2246\" data-link=\"https:\/\/ongelpaso.org.uy\/autonomias\/campanas\/infografia-1-25-de-abril-dia-mundial-contra-el-maltrato-infantil-3\/\" data-original-link=\"https:\/\/ongelpaso.org.uy\/autonomias\/wp-content\/uploads\/2023\/09\/Infografia-1-25-de-abril-Dia-Mundial-contra-el-maltrato-Infantil.png\" class=\"wp-block-getwid-images-slider__image wp-image-2246\" srcset=\"https:\/\/ongelpaso.org.uy\/autonomias\/wp-content\/uploads\/2023\/09\/Infografia-1-25-de-abril-Dia-Mundial-contra-el-maltrato-Infantil.png 800w, https:\/\/ongelpaso.org.uy\/autonomias\/wp-content\/uploads\/2023\/09\/Infografia-1-25-de-abril-Dia-Mundial-contra-el-maltrato-Infantil-120x300.png 120w, https:\/\/ongelpaso.org.uy\/autonomias\/wp-content\/uploads\/2023\/09\/Infografia-1-25-de-abril-Dia-Mundial-contra-el-maltrato-Infantil-410x1024.png 410w, https:\/\/ongelpaso.org.uy\/autonomias\/wp-content\/uploads\/2023\/09\/Infografia-1-25-de-abril-Dia-Mundial-contra-el-maltrato-Infantil-768x1920.png 768w, https:\/\/ongelpaso.org.uy\/autonomias\/wp-content\/uploads\/2023\/09\/Infografia-1-25-de-abril-Dia-Mundial-contra-el-maltrato-Infantil-614x1536.png 614w\" sizes=\"auto, (max-width: 800px) 100vw, 800px\" \/><\/figure><\/div><div class=\"wp-block-getwid-images-slider__item\"><figure><img loading=\"lazy\" decoding=\"async\" width=\"800\" height=\"2000\" src=\"https:\/\/ongelpaso.org.uy\/autonomias\/wp-content\/uploads\/2023\/09\/Infografia-2-25-de-Abril-Dia-Mundial-contra-el-maltrato-infantil.png\" data-id=\"2247\" data-link=\"https:\/\/ongelpaso.org.uy\/autonomias\/campanas\/infografia-2-25-de-abril-dia-mundial-contra-el-maltrato-infantil\/\" data-original-link=\"https:\/\/ongelpaso.org.uy\/autonomias\/wp-content\/uploads\/2023\/09\/Infografia-2-25-de-Abril-Dia-Mundial-contra-el-maltrato-infantil.png\" class=\"wp-block-getwid-images-slider__image wp-image-2247\" srcset=\"https:\/\/ongelpaso.org.uy\/autonomias\/wp-content\/uploads\/2023\/09\/Infografia-2-25-de-Abril-Dia-Mundial-contra-el-maltrato-infantil.png 800w, https:\/\/ongelpaso.org.uy\/autonomias\/wp-content\/uploads\/2023\/09\/Infografia-2-25-de-Abril-Dia-Mundial-contra-el-maltrato-infantil-120x300.png 120w, https:\/\/ongelpaso.org.uy\/autonomias\/wp-content\/uploads\/2023\/09\/Infografia-2-25-de-Abril-Dia-Mundial-contra-el-maltrato-infantil-410x1024.png 410w, https:\/\/ongelpaso.org.uy\/autonomias\/wp-content\/uploads\/2023\/09\/Infografia-2-25-de-Abril-Dia-Mundial-contra-el-maltrato-infantil-768x1920.png 768w, https:\/\/ongelpaso.org.uy\/autonomias\/wp-content\/uploads\/2023\/09\/Infografia-2-25-de-Abril-Dia-Mundial-contra-el-maltrato-infantil-614x1536.png 614w\" sizes=\"auto, (max-width: 800px) 100vw, 800px\" \/><\/figure><\/div><\/div><\/div>\n<\/div>\n\n\n\n<div class=\"wp-block-column is-layout-flow wp-block-column-is-layout-flow\">\n<p><strong><strong>25 de abril, D\u00eda Mundial contra el maltrato infantil<\/strong>. Presentamos: <em><strong>Basta de Silencio: Hablemos de violencia hacia las infancias y adolescencias.<\/strong><\/em><\/strong><\/p>\n<\/div>\n<\/div>\n<\/div>\n<\/div>\n\n\n\n<div class=\"wp-block-columns is-layout-flex wp-container-core-columns-is-layout-28f84493 wp-block-columns-is-layout-flex\">\n<div class=\"wp-block-column is-layout-flow wp-block-column-is-layout-flow\">\n<div class=\"wp-block-getwid-images-slider has-arrows-inside has-dots-inside has-images-center has-cropped-images\"><div class=\"wp-block-getwid-images-slider__wrapper\" data-effect=\"slide\" data-slides-show=\"1\" data-slides-show-laptop=\"1\" data-slides-show-tablet=\"1\" data-slides-show-mobile=\"1\" data-slides-scroll=\"1\" data-autoplay=\"false\" data-autoplay-speed=\"6000\" data-infinite=\"true\" data-animation-speed=\"800\" data-center-mode=\"false\" data-variable-width=\"false\" data-arrows=\"inside\" data-dots=\"inside\" data-spacing=\"none\"><div class=\"wp-block-getwid-images-slider__item\"><figure><img loading=\"lazy\" decoding=\"async\" width=\"800\" height=\"2000\" src=\"https:\/\/ongelpaso.org.uy\/autonomias\/wp-content\/uploads\/2023\/09\/275470888_2634901356642128_2075298901261756907_n-1.png\" data-id=\"2248\" data-link=\"https:\/\/ongelpaso.org.uy\/autonomias\/campanas\/275470888_2634901356642128_2075298901261756907_n-1\/\" data-original-link=\"https:\/\/ongelpaso.org.uy\/autonomias\/wp-content\/uploads\/2023\/09\/275470888_2634901356642128_2075298901261756907_n-1.png\" class=\"wp-block-getwid-images-slider__image wp-image-2248\" srcset=\"https:\/\/ongelpaso.org.uy\/autonomias\/wp-content\/uploads\/2023\/09\/275470888_2634901356642128_2075298901261756907_n-1.png 800w, https:\/\/ongelpaso.org.uy\/autonomias\/wp-content\/uploads\/2023\/09\/275470888_2634901356642128_2075298901261756907_n-1-120x300.png 120w, https:\/\/ongelpaso.org.uy\/autonomias\/wp-content\/uploads\/2023\/09\/275470888_2634901356642128_2075298901261756907_n-1-410x1024.png 410w, https:\/\/ongelpaso.org.uy\/autonomias\/wp-content\/uploads\/2023\/09\/275470888_2634901356642128_2075298901261756907_n-1-768x1920.png 768w, https:\/\/ongelpaso.org.uy\/autonomias\/wp-content\/uploads\/2023\/09\/275470888_2634901356642128_2075298901261756907_n-1-614x1536.png 614w\" sizes=\"auto, (max-width: 800px) 100vw, 800px\" \/><\/figure><\/div><\/div><\/div>\n<\/div>\n\n\n\n<div class=\"wp-block-column is-layout-flow wp-block-column-is-layout-flow\">\n<p><strong>En el marco del #8M, desde el Observatorio contra la Violencia basada en G\u00e9nero y Acceso a la Justicia, en conjunto con el proyecto&nbsp;<a href=\"https:\/\/www.facebook.com\/feminicidio.uruguay?__tn__=-]K*F\">Feminicidio Uruguay<\/a>, presentamos la infograf\u00eda: No son cifras, son mujeres.<\/strong><\/p>\n<\/div>\n<\/div>\n<\/div><\/div>\n\n\n\n<h2 class=\"wp-block-heading\">En 2021:<\/h2>\n\n\n\n<p class=\"has-background\" style=\"background-color:#ffecde\"><strong style=\"font-size: revert;\">Formulario de relevamiento de dificultades e irregularidades para denunciar situaciones de Violencia Basada en G\u00e9nero (VBG) <\/strong><span style=\"font-size: revert;\">vivida por mujeres de todas las edades, orientaciones sexuales e identidades de g\u00e9nero, origen \u00e9tnico racial o nacionalidad y tambi\u00e9n por ni\u00f1as, ni\u00f1os y adolescentes.&nbsp;<\/span> <\/p>\n\n\n<div class=\"wp-block-image\">\n<figure class=\"alignleft size-medium is-resized\"><img loading=\"lazy\" decoding=\"async\" src=\"https:\/\/ongelpaso.org.uy\/autonomias\/wp-content\/uploads\/2021\/11\/Placa_Procedimientos-y-derechos-legales-para-hacer-denuncias-de-VBG-300x251.png\" alt=\"\" class=\"wp-image-498\" style=\"width:315px;height:264px\" width=\"315\" height=\"264\" srcset=\"https:\/\/ongelpaso.org.uy\/autonomias\/wp-content\/uploads\/2021\/11\/Placa_Procedimientos-y-derechos-legales-para-hacer-denuncias-de-VBG-300x251.png 300w, https:\/\/ongelpaso.org.uy\/autonomias\/wp-content\/uploads\/2021\/11\/Placa_Procedimientos-y-derechos-legales-para-hacer-denuncias-de-VBG-768x644.png 768w, https:\/\/ongelpaso.org.uy\/autonomias\/wp-content\/uploads\/2021\/11\/Placa_Procedimientos-y-derechos-legales-para-hacer-denuncias-de-VBG.png 940w\" sizes=\"auto, (max-width: 315px) 100vw, 315px\" \/><\/figure>\n<\/div>\n\n\n<p>A la hora de realizar denuncias sobre situaciones de VBG, las malas pr\u00e1cticas y violencias institucionales desalientan, dificultan y vulneran todav\u00eda m\u00e1s a las v\u00edctimas de esta situaci\u00f3n. Por eso, este formulario de registro y sistematizaci\u00f3n tiene el objetivo de visibilizar estas situaciones, y exigir el respeto a los derechos y garant\u00edas de las personas denunciantes y las v\u00edctimas, en cumplimiento con la Ley n\u00b019.580.<\/p>\n\n\n\n<p>Es importante que sepas que: * La informaci\u00f3n recogida es de car\u00e1cter an\u00f3nima y confidencial.<\/p>\n\n\n\n<p>* El env\u00edo de este formulario no implica la realizaci\u00f3n de una denuncia formal.<\/p>\n\n\n\n<p>* Puede ser completado por la persona que la vivi\u00f3 o por un tercero. En el siguiente enlace podr\u00e1s acceder al formulario:<a href=\"https:\/\/l.facebook.com\/l.php?u=https%3A%2F%2Fforms.gle%2FqHRx71vohLDdMU396%3Ffbclid%3DIwAR094gJUdaphVHYx-j3VGpbm9kiy69DjXM05otM2q1118n_w04zD_JdEjgs&amp;h=AT2pWhC9ERSZbPBpSMnUgiuJrmoc1bb7CeV9um2ejzIvVMeWl_MgE8A8L5eeli5PusYSR8nmedZ8NTp7iRlNuTq8IURENE0isGPI_aOYKBMOKn2-qB6xD7SijI2EtiC481_1&amp;__tn__=-UK-R&amp;c[0]=AT2VQDeJ-9ecdH7rXIWP8L5B0vZTzjz51MAbA-a_XDAevvWlciqVVF2kPAzSyPqdmQFAk-Epviw0_ze8Zbi5O8agdWKKjCWHHiNc9hBHNVHWXql2FVXpyY7ZEShfQxcvpmoesbfQdHGDWV0yaFYoZH-7qE3CxAuTnblmbDno83v9k8m3RxE5Jv09heen98TGz45NPZof\"> <\/a><a href=\"https:\/\/l.facebook.com\/l.php?u=https%3A%2F%2Fforms.gle%2FqHRx71vohLDdMU396%3Ffbclid%3DIwAR094gJUdaphVHYx-j3VGpbm9kiy69DjXM05otM2q1118n_w04zD_JdEjgs&amp;h=AT2pWhC9ERSZbPBpSMnUgiuJrmoc1bb7CeV9um2ejzIvVMeWl_MgE8A8L5eeli5PusYSR8nmedZ8NTp7iRlNuTq8IURENE0isGPI_aOYKBMOKn2-qB6xD7SijI2EtiC481_1&amp;__tn__=-UK-R&amp;c[0]=AT2VQDeJ-9ecdH7rXIWP8L5B0vZTzjz51MAbA-a_XDAevvWlciqVVF2kPAzSyPqdmQFAk-Epviw0_ze8Zbi5O8agdWKKjCWHHiNc9hBHNVHWXql2FVXpyY7ZEShfQxcvpmoesbfQdHGDWV0yaFYoZH-7qE3CxAuTnblmbDno83v9k8m3RxE5Jv09heen98TGz45NPZof\" target=\"_blank\" rel=\"noreferrer noopener\">https:\/\/forms.gle\/<\/a><a href=\"https:\/\/forms.gle\/qHRx71vohLDdMU396\" target=\"_blank\" rel=\"noreferrer noopener\">qHRx71vohLDdMU396<\/a><\/p>\n\n\n\n<p>Adem\u00e1s, en el siguiente link podr\u00e1s acceder a un bolet\u00edn informativo sobre derechos, garant\u00edas y procedimientos legales a la hora de realizar una denuncia de VBG:<a href=\"https:\/\/l.facebook.com\/l.php?u=https%3A%2F%2Fn9.cl%2Fuf38h%3Ffbclid%3DIwAR3fC0mBLyO_CtpdIF8LA6BxrfuJFJFk2BlpMvr3g5sziNi3pHsyi7fFt48&amp;h=AT0vXwEEO5QfILmFz2FpeQbyzT9coGHwhhja1_AxRDQpAcjhggXc0UgluellrFqD7w_oCpjUZumD6NkOmtV4tBWt_i7IauTFK0-HQTRQMbhuRWHV7oiTiJ2oYgo7XaWXQ7TN&amp;__tn__=-UK-R&amp;c[0]=AT2VQDeJ-9ecdH7rXIWP8L5B0vZTzjz51MAbA-a_XDAevvWlciqVVF2kPAzSyPqdmQFAk-Epviw0_ze8Zbi5O8agdWKKjCWHHiNc9hBHNVHWXql2FVXpyY7ZEShfQxcvpmoesbfQdHGDWV0yaFYoZH-7qE3CxAuTnblmbDno83v9k8m3RxE5Jv09heen98TGz45NPZof\"> <\/a><a href=\"https:\/\/n9.cl\/uf38h\" target=\"_blank\" rel=\"noreferrer noopener\">https:\/\/n9.cl\/uf38h<\/a><\/p>\n\n\n\n<p><\/p>\n\n\n\n<p class=\"has-background\" style=\"background-color:#ffecde\"><strong>Conversatorio  \u00abLa Vida despu\u00e9s de&#8230;\u00bb <\/strong><\/p>\n\n\n\n<div class=\"wp-block-media-text is-stacked-on-mobile is-vertically-aligned-center\" style=\"grid-template-columns:32% auto\"><figure class=\"wp-block-media-text__media\"><img loading=\"lazy\" decoding=\"async\" width=\"940\" height=\"788\" src=\"https:\/\/ongelpaso.org.uy\/autonomias\/wp-content\/uploads\/2021\/11\/2-La-vida-despues-de...-8.jpg\" alt=\"\" class=\"wp-image-565 size-full\" srcset=\"https:\/\/ongelpaso.org.uy\/autonomias\/wp-content\/uploads\/2021\/11\/2-La-vida-despues-de...-8.jpg 940w, https:\/\/ongelpaso.org.uy\/autonomias\/wp-content\/uploads\/2021\/11\/2-La-vida-despues-de...-8-300x251.jpg 300w, https:\/\/ongelpaso.org.uy\/autonomias\/wp-content\/uploads\/2021\/11\/2-La-vida-despues-de...-8-768x644.jpg 768w\" sizes=\"auto, (max-width: 940px) 100vw, 940px\" \/><\/figure><div class=\"wp-block-media-text__content\">\n<p> En el marco del <strong>23 de setiembre de 2021, D\u00eda Internacional contra la Explotaci\u00f3n Sexual y la Trata de Personas<\/strong>, se realiz\u00f3 el conversatorio donde se abord\u00f3 el Proyecto de vida despu\u00e9s de la trata, las salidas hacia la autonom\u00eda y la no re-captaci\u00f3n.  <\/p>\n<\/div><\/div>\n\n\n\n<p><\/p>\n\n\n\n<p><\/p>\n\n\n\n<p class=\"has-text-align-left has-background\" style=\"background-color:#ffecde\"><strong style=\"font-size: revert;\">D\u00eda Mundial Contra la Trata<\/strong> <\/p>\n\n\n\n<div class=\"wp-block-media-text is-stacked-on-mobile is-vertically-aligned-center\" style=\"grid-template-columns:32% auto\"><figure class=\"wp-block-media-text__media\"><img loading=\"lazy\" decoding=\"async\" width=\"940\" height=\"788\" src=\"https:\/\/ongelpaso.org.uy\/autonomias\/wp-content\/uploads\/2021\/11\/1-3.png\" alt=\"\" class=\"wp-image-573 size-full\" srcset=\"https:\/\/ongelpaso.org.uy\/autonomias\/wp-content\/uploads\/2021\/11\/1-3.png 940w, https:\/\/ongelpaso.org.uy\/autonomias\/wp-content\/uploads\/2021\/11\/1-3-300x251.png 300w, https:\/\/ongelpaso.org.uy\/autonomias\/wp-content\/uploads\/2021\/11\/1-3-768x644.png 768w\" sizes=\"auto, (max-width: 940px) 100vw, 940px\" \/><\/figure><div class=\"wp-block-media-text__content\">\n<p>El 30 de julio de 2021, en el marco del D\u00eda Mundial Contra la Trata, fueron publicadas y difundidas 10 placas descriptivas sobre <strong>la realidad de la trata de personas en Uruguay<\/strong>, y las acciones que el Estado puede llevar adelante para combatirla.<\/p>\n\n\n\n<p>Esta acci\u00f3n forma parte del objetivo de aportar al ejercicio de los derechos humanos de mujeres, ni\u00f1as y ni\u00f1os afectadas por la violencia de g\u00e9nero.  <\/p>\n<\/div><\/div>\n\n\n\n<div class=\"wp-block-columns is-layout-flex wp-container-core-columns-is-layout-28f84493 wp-block-columns-is-layout-flex\">\n<div class=\"wp-block-column is-layout-flow wp-block-column-is-layout-flow\" style=\"flex-basis:100%\">\n<figure class=\"wp-block-gallery has-nested-images columns-5 is-cropped wp-block-gallery-2 is-layout-flex wp-block-gallery-is-layout-flex\">\n<figure class=\"wp-block-image size-large\"><a href=\"https:\/\/ongelpaso.org.uy\/autonomias\/wp-content\/uploads\/2021\/11\/2-1.png\"><img loading=\"lazy\" decoding=\"async\" width=\"940\" height=\"788\" data-id=\"521\" src=\"https:\/\/ongelpaso.org.uy\/autonomias\/wp-content\/uploads\/2021\/11\/2-1.png\" alt=\"\" class=\"wp-image-521\" srcset=\"https:\/\/ongelpaso.org.uy\/autonomias\/wp-content\/uploads\/2021\/11\/2-1.png 940w, https:\/\/ongelpaso.org.uy\/autonomias\/wp-content\/uploads\/2021\/11\/2-1-300x251.png 300w, https:\/\/ongelpaso.org.uy\/autonomias\/wp-content\/uploads\/2021\/11\/2-1-768x644.png 768w\" sizes=\"auto, (max-width: 940px) 100vw, 940px\" \/><\/a><\/figure>\n\n\n\n<figure class=\"wp-block-image size-large\"><a href=\"https:\/\/ongelpaso.org.uy\/autonomias\/wp-content\/uploads\/2021\/11\/3-1.png\"><img loading=\"lazy\" decoding=\"async\" width=\"940\" height=\"788\" data-id=\"522\" src=\"https:\/\/ongelpaso.org.uy\/autonomias\/wp-content\/uploads\/2021\/11\/3-1.png\" alt=\"\" class=\"wp-image-522\" srcset=\"https:\/\/ongelpaso.org.uy\/autonomias\/wp-content\/uploads\/2021\/11\/3-1.png 940w, https:\/\/ongelpaso.org.uy\/autonomias\/wp-content\/uploads\/2021\/11\/3-1-300x251.png 300w, https:\/\/ongelpaso.org.uy\/autonomias\/wp-content\/uploads\/2021\/11\/3-1-768x644.png 768w\" sizes=\"auto, (max-width: 940px) 100vw, 940px\" \/><\/a><\/figure>\n\n\n\n<figure class=\"wp-block-image size-large\"><a href=\"https:\/\/ongelpaso.org.uy\/autonomias\/wp-content\/uploads\/2021\/11\/4-1.png\"><img loading=\"lazy\" decoding=\"async\" width=\"940\" height=\"788\" data-id=\"523\" src=\"https:\/\/ongelpaso.org.uy\/autonomias\/wp-content\/uploads\/2021\/11\/4-1.png\" alt=\"\" class=\"wp-image-523\" srcset=\"https:\/\/ongelpaso.org.uy\/autonomias\/wp-content\/uploads\/2021\/11\/4-1.png 940w, https:\/\/ongelpaso.org.uy\/autonomias\/wp-content\/uploads\/2021\/11\/4-1-300x251.png 300w, https:\/\/ongelpaso.org.uy\/autonomias\/wp-content\/uploads\/2021\/11\/4-1-768x644.png 768w\" sizes=\"auto, (max-width: 940px) 100vw, 940px\" \/><\/a><\/figure>\n\n\n\n<figure class=\"wp-block-image size-large\"><a href=\"https:\/\/ongelpaso.org.uy\/autonomias\/wp-content\/uploads\/2021\/11\/5-1.png\"><img loading=\"lazy\" decoding=\"async\" width=\"940\" height=\"788\" data-id=\"524\" src=\"https:\/\/ongelpaso.org.uy\/autonomias\/wp-content\/uploads\/2021\/11\/5-1.png\" alt=\"\" class=\"wp-image-524\" srcset=\"https:\/\/ongelpaso.org.uy\/autonomias\/wp-content\/uploads\/2021\/11\/5-1.png 940w, https:\/\/ongelpaso.org.uy\/autonomias\/wp-content\/uploads\/2021\/11\/5-1-300x251.png 300w, https:\/\/ongelpaso.org.uy\/autonomias\/wp-content\/uploads\/2021\/11\/5-1-768x644.png 768w\" sizes=\"auto, (max-width: 940px) 100vw, 940px\" \/><\/a><\/figure>\n\n\n\n<figure class=\"wp-block-image size-large\"><a href=\"https:\/\/ongelpaso.org.uy\/autonomias\/wp-content\/uploads\/2021\/11\/6-1.png\"><img loading=\"lazy\" decoding=\"async\" width=\"940\" height=\"788\" data-id=\"525\" src=\"https:\/\/ongelpaso.org.uy\/autonomias\/wp-content\/uploads\/2021\/11\/6-1.png\" alt=\"\" class=\"wp-image-525\" srcset=\"https:\/\/ongelpaso.org.uy\/autonomias\/wp-content\/uploads\/2021\/11\/6-1.png 940w, https:\/\/ongelpaso.org.uy\/autonomias\/wp-content\/uploads\/2021\/11\/6-1-300x251.png 300w, https:\/\/ongelpaso.org.uy\/autonomias\/wp-content\/uploads\/2021\/11\/6-1-768x644.png 768w\" sizes=\"auto, (max-width: 940px) 100vw, 940px\" \/><\/a><\/figure>\n\n\n\n<figure class=\"wp-block-image size-large\"><a href=\"https:\/\/ongelpaso.org.uy\/autonomias\/wp-content\/uploads\/2021\/11\/7-1.png\"><img loading=\"lazy\" decoding=\"async\" width=\"940\" height=\"788\" data-id=\"526\" src=\"https:\/\/ongelpaso.org.uy\/autonomias\/wp-content\/uploads\/2021\/11\/7-1.png\" alt=\"\" class=\"wp-image-526\" srcset=\"https:\/\/ongelpaso.org.uy\/autonomias\/wp-content\/uploads\/2021\/11\/7-1.png 940w, https:\/\/ongelpaso.org.uy\/autonomias\/wp-content\/uploads\/2021\/11\/7-1-300x251.png 300w, https:\/\/ongelpaso.org.uy\/autonomias\/wp-content\/uploads\/2021\/11\/7-1-768x644.png 768w\" sizes=\"auto, (max-width: 940px) 100vw, 940px\" \/><\/a><\/figure>\n\n\n\n<figure class=\"wp-block-image size-large\"><a href=\"https:\/\/ongelpaso.org.uy\/autonomias\/wp-content\/uploads\/2021\/11\/8-1.png\"><img loading=\"lazy\" decoding=\"async\" width=\"940\" height=\"788\" data-id=\"527\" src=\"https:\/\/ongelpaso.org.uy\/autonomias\/wp-content\/uploads\/2021\/11\/8-1.png\" alt=\"\" class=\"wp-image-527\" srcset=\"https:\/\/ongelpaso.org.uy\/autonomias\/wp-content\/uploads\/2021\/11\/8-1.png 940w, https:\/\/ongelpaso.org.uy\/autonomias\/wp-content\/uploads\/2021\/11\/8-1-300x251.png 300w, https:\/\/ongelpaso.org.uy\/autonomias\/wp-content\/uploads\/2021\/11\/8-1-768x644.png 768w\" sizes=\"auto, (max-width: 940px) 100vw, 940px\" \/><\/a><\/figure>\n\n\n\n<figure class=\"wp-block-image size-large\"><a href=\"https:\/\/ongelpaso.org.uy\/autonomias\/wp-content\/uploads\/2021\/11\/9-1.png\"><img loading=\"lazy\" decoding=\"async\" width=\"940\" height=\"788\" data-id=\"528\" src=\"https:\/\/ongelpaso.org.uy\/autonomias\/wp-content\/uploads\/2021\/11\/9-1.png\" alt=\"\" class=\"wp-image-528\" srcset=\"https:\/\/ongelpaso.org.uy\/autonomias\/wp-content\/uploads\/2021\/11\/9-1.png 940w, https:\/\/ongelpaso.org.uy\/autonomias\/wp-content\/uploads\/2021\/11\/9-1-300x251.png 300w, https:\/\/ongelpaso.org.uy\/autonomias\/wp-content\/uploads\/2021\/11\/9-1-768x644.png 768w\" sizes=\"auto, (max-width: 940px) 100vw, 940px\" \/><\/a><\/figure>\n\n\n\n<figure class=\"wp-block-image size-large\"><a href=\"https:\/\/ongelpaso.org.uy\/autonomias\/wp-content\/uploads\/2021\/11\/10-2.png\"><img loading=\"lazy\" decoding=\"async\" width=\"940\" height=\"788\" data-id=\"529\" src=\"https:\/\/ongelpaso.org.uy\/autonomias\/wp-content\/uploads\/2021\/11\/10-2.png\" alt=\"\" class=\"wp-image-529\" srcset=\"https:\/\/ongelpaso.org.uy\/autonomias\/wp-content\/uploads\/2021\/11\/10-2.png 940w, https:\/\/ongelpaso.org.uy\/autonomias\/wp-content\/uploads\/2021\/11\/10-2-300x251.png 300w, https:\/\/ongelpaso.org.uy\/autonomias\/wp-content\/uploads\/2021\/11\/10-2-768x644.png 768w\" sizes=\"auto, (max-width: 940px) 100vw, 940px\" \/><\/a><\/figure>\n<\/figure>\n<\/div>\n<\/div>\n\n\n\n<p class=\"has-background\" style=\"background-color:#ffecde\"> <strong style=\"font-size: revert;\">Convocatoria a participar en grupos de trabajo<\/strong><span style=\"font-size: revert;\"> <\/span><strong style=\"font-size: revert;\">a todas aquellas mujeres mayores de 18 a\u00f1os que han sufrido violencia sexual <\/strong> <\/p>\n\n\n\n<div class=\"wp-block-media-text is-stacked-on-mobile is-vertically-aligned-center\" style=\"grid-template-columns:32% auto\"><figure class=\"wp-block-media-text__media\"><img loading=\"lazy\" decoding=\"async\" width=\"843\" height=\"843\" src=\"https:\/\/ongelpaso.org.uy\/autonomias\/wp-content\/uploads\/2021\/11\/grupos-1.png\" alt=\"\" class=\"wp-image-595 size-full\" srcset=\"https:\/\/ongelpaso.org.uy\/autonomias\/wp-content\/uploads\/2021\/11\/grupos-1.png 843w, https:\/\/ongelpaso.org.uy\/autonomias\/wp-content\/uploads\/2021\/11\/grupos-1-300x300.png 300w, https:\/\/ongelpaso.org.uy\/autonomias\/wp-content\/uploads\/2021\/11\/grupos-1-150x150.png 150w, https:\/\/ongelpaso.org.uy\/autonomias\/wp-content\/uploads\/2021\/11\/grupos-1-768x768.png 768w\" sizes=\"auto, (max-width: 843px) 100vw, 843px\" \/><\/figure><div class=\"wp-block-media-text__content\">\n<p>Desde el proyecto Autonom\u00edas Colectivas Contra la Violencia de G\u00e9nero se invit\u00f3 a todas aquellas mujeres mayores de 18 a\u00f1os que han sufrido violencia sexual a integrarse a un grupo de trabajo, donde abordar la experiencia desde una perspectiva feminista y facilitados por psic\u00f3logas.<\/p>\n\n\n\n<p>Se realizar\u00e1 en 4 localidades: 2 de Montevideo, y 2 de Canelones.<\/p>\n\n\n\n<p>Duraci\u00f3n: 6 meses<a href=\"https:\/\/www.facebook.com\/cotidianomujeruy\/photos\/a.506141549441586\/4451335501588818\/?__cft__[0]=AZWprBIDFXrbpVRU8H4PSnw7p9wd8x_QINeclE8_sXJK-4Pc1xj4bli41YXOJD_M1BsmxL4DA92L15VdUJfrmntH6iOlV-fLKaTGqkS8YR21i9CtTEJo4zm5UpvIp5Mjlrgv0qLOIUgaj3Yf4J3Va138&amp;__tn__=EH-R\"><\/a><\/p>\n<\/div><\/div>\n\n\n\n<p class=\"has-background\" style=\"background-color:#ffecde\"><strong>Trabajo en grupos para mujeres que sufrieron y transitaron experiencias de abuso sexual desde una perspectiva feminista <\/strong><\/p>\n\n\n\n<div class=\"wp-block-media-text is-stacked-on-mobile is-vertically-aligned-center\" style=\"grid-template-columns:32% auto\"><figure class=\"wp-block-media-text__media\"><img loading=\"lazy\" decoding=\"async\" width=\"1024\" height=\"1024\" src=\"https:\/\/ongelpaso.org.uy\/autonomias\/wp-content\/uploads\/2021\/11\/curso-1-1024x1024.png\" alt=\"\" class=\"wp-image-596 size-full\" srcset=\"https:\/\/ongelpaso.org.uy\/autonomias\/wp-content\/uploads\/2021\/11\/curso-1-1024x1024.png 1024w, https:\/\/ongelpaso.org.uy\/autonomias\/wp-content\/uploads\/2021\/11\/curso-1-300x300.png 300w, https:\/\/ongelpaso.org.uy\/autonomias\/wp-content\/uploads\/2021\/11\/curso-1-150x150.png 150w, https:\/\/ongelpaso.org.uy\/autonomias\/wp-content\/uploads\/2021\/11\/curso-1-768x768.png 768w, https:\/\/ongelpaso.org.uy\/autonomias\/wp-content\/uploads\/2021\/11\/curso-1.png 1080w\" sizes=\"auto, (max-width: 1024px) 100vw, 1024px\" \/><\/figure><div class=\"wp-block-media-text__content\">\n<p>El curso est\u00e1 dirigido a profesionales del \u00e1rea social y la salud.<\/p>\n\n\n\n<p>Comienzo: 5 de julio de 2021.<br>Duraci\u00f3n: 2 meses.<br>Cupos limitados.<\/p>\n<\/div><\/div>\n\n\n\n<div class=\"wp-block-columns is-layout-flex wp-container-core-columns-is-layout-28f84493 wp-block-columns-is-layout-flex\">\n<div class=\"wp-block-column is-layout-flow wp-block-column-is-layout-flow\"><\/div>\n\n\n\n<div class=\"wp-block-column is-layout-flow wp-block-column-is-layout-flow\">\n<p><\/p>\n<\/div>\n<\/div>\n\n\n\n<p class=\"has-background\" style=\"background-color:#ffecde\">Presentaci\u00f3n de los proyectos seleccionados en el marco del Instrumento Europeo para la Democracia y los Derechos <strong>Humanos de la Uni\u00f3n Europea <\/strong><\/p>\n\n\n\n<div class=\"wp-block-columns is-layout-flex wp-container-core-columns-is-layout-28f84493 wp-block-columns-is-layout-flex\">\n<div class=\"wp-block-column is-layout-flow wp-block-column-is-layout-flow\">\n<figure class=\"wp-block-image size-full\"><img loading=\"lazy\" decoding=\"async\" width=\"1000\" height=\"1000\" src=\"https:\/\/ongelpaso.org.uy\/autonomias\/wp-content\/uploads\/2021\/11\/Presentacion.jpeg\" alt=\"\" class=\"wp-image-841\" srcset=\"https:\/\/ongelpaso.org.uy\/autonomias\/wp-content\/uploads\/2021\/11\/Presentacion.jpeg 1000w, https:\/\/ongelpaso.org.uy\/autonomias\/wp-content\/uploads\/2021\/11\/Presentacion-300x300.jpeg 300w, https:\/\/ongelpaso.org.uy\/autonomias\/wp-content\/uploads\/2021\/11\/Presentacion-150x150.jpeg 150w, https:\/\/ongelpaso.org.uy\/autonomias\/wp-content\/uploads\/2021\/11\/Presentacion-768x768.jpeg 768w\" sizes=\"auto, (max-width: 1000px) 100vw, 1000px\" \/><\/figure>\n<\/div>\n\n\n\n<div class=\"wp-block-column is-layout-flow wp-block-column-is-layout-flow\">\n<p>En el marco del D\u00eda Internacional de las Mujeres en 2021, se realiz\u00f3 la presentaci\u00f3n de los proyectos seleccionados  en el marco del Instrumento Europeo para la Democracia y los Derechos Humanos. El evento cont\u00f3 con la Presentaci\u00f3n central \u00abEstructuras de la violencia en Am\u00e9rica Latina\u00bb de Diana Maff\u00eda.<\/p>\n<\/div>\n<\/div>\n\n\n\n<h2 class=\"wp-block-heading\">Salidas en medios<\/h2>\n\n\n\n<div class=\"wp-block-columns is-layout-flex wp-container-core-columns-is-layout-28f84493 wp-block-columns-is-layout-flex\">\n<div class=\"wp-block-column is-layout-flow wp-block-column-is-layout-flow\" style=\"flex-basis:100%\">\n<div class=\"wp-block-columns is-layout-flex wp-container-core-columns-is-layout-28f84493 wp-block-columns-is-layout-flex\">\n<div class=\"wp-block-column is-layout-flow wp-block-column-is-layout-flow\">\n<figure class=\"wp-block-embed is-type-video is-provider-youtube wp-block-embed-youtube wp-embed-aspect-16-9 wp-has-aspect-ratio\"><div class=\"wp-block-embed__wrapper\">\n<iframe loading=\"lazy\" title=\"Entrevista -  Observatorio Contra la Violencia basada en G\u00e9nero y Acceso a la Justicia\" width=\"980\" height=\"551\" src=\"https:\/\/www.youtube.com\/embed\/JvprEdBWz8U?feature=oembed\" frameborder=\"0\" allow=\"accelerometer; autoplay; clipboard-write; encrypted-media; gyroscope; picture-in-picture; web-share\" allowfullscreen><\/iframe>\n<\/div><figcaption class=\"wp-element-caption\">Presentaci\u00f3n del Observatorio contra la Violencia Basada en G\u00e9nero y Acceso a la Justicia  <br>24\/11\/2021<br>Arriba gente &#8211; Canal 10 <\/figcaption><\/figure>\n\n\n\n<figure class=\"wp-block-embed alignleft is-type-rich is-provider-twitter wp-block-embed-twitter\"><div class=\"wp-block-embed__wrapper\">\n<blockquote class=\"twitter-tweet\" data-width=\"550\" data-dnt=\"true\"><p lang=\"es\" dir=\"ltr\"><a href=\"https:\/\/twitter.com\/hashtag\/InformeCapital?src=hash&amp;ref_src=twsrc%5Etfw\">#InformeCapital<\/a><br><br>Qued\u00f3 habilitado hoy el Observatorio contra la violencia basada en g\u00e9nero y acceso a la justicia. <br><br>Esta acci\u00f3n es parte del Proyecto Autonom\u00edas Colectivas de la <a href=\"https:\/\/twitter.com\/OngElPaso?ref_src=twsrc%5Etfw\">@OngElPaso<\/a> y <a href=\"https:\/\/twitter.com\/ElAbrojoUy?ref_src=twsrc%5Etfw\">@ElAbrojoUy<\/a> y busca aportar informaci\u00f3n de calidad sobre este fen\u00f3meno. <a href=\"https:\/\/t.co\/31ic4uZWen\">pic.twitter.com\/31ic4uZWen<\/a><\/p>&mdash; MVD Noticias (@MVDNoticias) <a href=\"https:\/\/twitter.com\/MVDNoticias\/status\/1463177654752923651?ref_src=twsrc%5Etfw\">November 23, 2021<\/a><\/blockquote><script async src=\"https:\/\/platform.twitter.com\/widgets.js\" charset=\"utf-8\"><\/script>\n<\/div><\/figure>\n\n\n\n<p class=\"has-text-align-center\" style=\"font-size:13px\"><\/p>\n<\/div>\n\n\n\n<div class=\"wp-block-column is-layout-flow wp-block-column-is-layout-flow\">\n<figure class=\"wp-block-embed is-type-video is-provider-youtube wp-block-embed-youtube wp-embed-aspect-16-9 wp-has-aspect-ratio\"><div class=\"wp-block-embed__wrapper\">\n<iframe loading=\"lazy\" title=\"Proyecto &quot;Autonom\u00edas Colectivas&quot;\" width=\"980\" height=\"551\" src=\"https:\/\/www.youtube.com\/embed\/wAhLWvzeBIs?feature=oembed\" frameborder=\"0\" allow=\"accelerometer; autoplay; clipboard-write; encrypted-media; gyroscope; picture-in-picture; web-share\" allowfullscreen><\/iframe>\n<\/div><figcaption class=\"wp-element-caption\">Formulario de relevamiento  <strong style=\"font-size: revert;\">de dificultades e irregularidades para denunciar situaciones de Violencia Basada en G\u00e9nero<\/strong> <br>10\/11\/2021<br>Arriba gente &#8211; Canal 10<br><\/figcaption><\/figure>\n\n\n\n<figure class=\"wp-block-embed is-type-rich is-provider-twitter wp-block-embed-twitter\"><div class=\"wp-block-embed__wrapper\">\n<blockquote class=\"twitter-tweet\" data-width=\"550\" data-dnt=\"true\"><p lang=\"es\" dir=\"ltr\">Titulares en la Primera Edici\u00f3n de <a href=\"https:\/\/twitter.com\/hashtag\/InformeCapital?src=hash&amp;ref_src=twsrc%5Etfw\">#InformeCapital<\/a>, por <a href=\"https:\/\/twitter.com\/TVCIUDADuy?ref_src=twsrc%5Etfw\">@TVCIUDADuy<\/a>. <a href=\"https:\/\/t.co\/rbBNzu8CGS\">pic.twitter.com\/rbBNzu8CGS<\/a><\/p>&mdash; MVD Noticias (@MVDNoticias) <a href=\"https:\/\/twitter.com\/MVDNoticias\/status\/1459190421339484166?ref_src=twsrc%5Etfw\">November 12, 2021<\/a><\/blockquote><script async src=\"https:\/\/platform.twitter.com\/widgets.js\" charset=\"utf-8\"><\/script>\n<\/div><figcaption class=\"wp-element-caption\"> Formulario de relevamiento <strong>de dificultades e irregularidades para denunciar situaciones de Violencia Basada en G\u00e9nero<\/strong><br>Informe Capital &#8211; 10\/11\/2021 <\/figcaption><\/figure>\n<\/div>\n<\/div>\n<\/div>\n<\/div>\n","protected":false},"excerpt":{"rendered":"<p>&#128266; Escuchar Todas las l\u00edneas del proyecto, inclu\u00eddos los datos obtenidos por el Observatorio, se difunden a partir de campa\u00f1as de comunicaci\u00f3n con foco en informaci\u00f3n, sensibilizaci\u00f3n, educaci\u00f3n y acciones de incidencia y exigibilidad. Objetivos de comunicaci\u00f3n: Campa\u00f1as y acciones En 2023: 25 de abril, D\u00eda Mundial contra el maltrato infantil. Presentamos: Basta de Silencio: [&hellip;]<\/p>\n","protected":false},"author":1,"featured_media":0,"parent":0,"menu_order":0,"comment_status":"closed","ping_status":"closed","template":"","meta":{"footnotes":""},"class_list":["post-144","page","type-page","status-publish","hentry"],"_links":{"self":[{"href":"https:\/\/ongelpaso.org.uy\/autonomias\/wp-json\/wp\/v2\/pages\/144","targetHints":{"allow":["GET"]}}],"collection":[{"href":"https:\/\/ongelpaso.org.uy\/autonomias\/wp-json\/wp\/v2\/pages"}],"about":[{"href":"https:\/\/ongelpaso.org.uy\/autonomias\/wp-json\/wp\/v2\/types\/page"}],"author":[{"embeddable":true,"href":"https:\/\/ongelpaso.org.uy\/autonomias\/wp-json\/wp\/v2\/users\/1"}],"replies":[{"embeddable":true,"href":"https:\/\/ongelpaso.org.uy\/autonomias\/wp-json\/wp\/v2\/comments?post=144"}],"version-history":[{"count":83,"href":"https:\/\/ongelpaso.org.uy\/autonomias\/wp-json\/wp\/v2\/pages\/144\/revisions"}],"predecessor-version":[{"id":2250,"href":"https:\/\/ongelpaso.org.uy\/autonomias\/wp-json\/wp\/v2\/pages\/144\/revisions\/2250"}],"wp:attachment":[{"href":"https:\/\/ongelpaso.org.uy\/autonomias\/wp-json\/wp\/v2\/media?parent=144"}],"curies":[{"name":"wp","href":"https:\/\/api.w.org\/{rel}","templated":true}]}}