{"id":15,"date":"2021-10-28T12:01:28","date_gmt":"2021-10-28T12:01:28","guid":{"rendered":"https:\/\/www.ixohost.uy\/autonomias\/?page_id=15"},"modified":"2025-11-19T18:48:43","modified_gmt":"2025-11-19T18:48:43","slug":"portada","status":"publish","type":"page","link":"https:\/\/ongelpaso.org.uy\/autonomias\/","title":{"rendered":"Portada"},"content":{"rendered":"<button id=\"listenButton7\" class=\"responsivevoice-button\" type=\"button\" value=\"Play\" title=\"ResponsiveVoice Tap to Start\/Stop Speech\"><span>&#128266; Escuchar<\/span><\/button>\n        <script>\n            listenButton7.onclick = function(){\n                if(responsiveVoice.isPlaying()){\n                    responsiveVoice.cancel();\n                }else{\n                    responsiveVoice.speak(\"\u00bfQui\u00e9nes somos? Autonom\u00edas Colectivas es un proyecto destinado a contribuir a la erradicaci\u00f3n de la violencia basada en g\u00e9nero en Uruguay, desde un enfoque de promoci\u00f3n y respeto de los Derechos Humanos, por medio de tres estrategias de trabajo: el trabajo con grupos de mujeres que han sufrido violencia sexual, la promoci\u00f3n de autonom\u00edas econ\u00f3micas, y la implementaci\u00f3n de un Observatorio de violencia basada en g\u00e9nero. Llevado adelante por Con apoyo financiero de Ingresa ac\u00e1 para conocer m\u00e1s NOVEDADES INSCRIPCIONES ABIERTAS PARA EL SEMINARIO \\\"DE LA IMPUNIDAD A LA AUTONOM\u00cdA\\\", ESTRATEGIAS Y ACCIONES PARA DEFENDER UNA VIDA LIBRE DE VIOLENCIA DE G\u00c9NERO PARA INSCRIBIRTE AL SEMINARIO CLIQUEA AQU\u00cd LA SOCIEDAD CIVIL PRESENT\u00d3 LA SITUACI\u00d3N DE URUGUAY ANTE EL EXAMEN PERI\u00d3DICO UNIVERSAL DE NACIONES UNIDAS El viernes 16 de febrero fueron presentados en Ginebra los informes alternativos enviados por la sociedad civil para el Examen Peri\u00f3dico Universal, que revisar\u00e1 la situaci\u00f3n del Estado uruguayo en mayo de 2024. Descarg\u00e1 aqu\u00ed el informe presentado por El Paso y la RUCVDS, con apoyo del Proyecto Autonom\u00edas Colectivas. SE REALIZ\u00d3 EL PRIMER ENCUENTRO DE MUJERES DE GRUPOS DE REPARCI\u00d3N DE VIOLENCIA SEXUAL El s\u00e1bado 18 de noviembre se llev\u00f3 adelante este Primer Encuentro, que reuni\u00f3 a m\u00e1s de 30 mujeres de distintos departamentos del pa\u00eds. ACTIVIDAD \u00abVIOLENCIA DE G\u00c9NERO Y VIOLENCIA GENERACIONAL. LA CONSTRUCCI\u00d3N DE V\u00cdNCULOS SEXOAFECTIVOS LIBRES DE VIOLENCIA EN LAS ADOLESCENCIAS\u00bb La tarde del martes 5 de diciembre se desarroll\u00f3 un c\u00e1lido y revitalizante intercambio sobre las violencias de g\u00e9nero y generacionales, que cont\u00f3 con la presencia y aporte de distintos colectivos y espacios feministas. REALIZAMOS EN PAYSAND\u00da EL CONVERSATORIO SOBRE EXPLOTACI\u00d3N SEXUAL Y TRATA DE PERSONAS La actividad present\u00f3 el Informe \u00abM\u00e1s invisibles. La trata y la pandemia\u00bb, y una mesa de intercambio sobre las dificultades en la detecci\u00f3n de explotaci\u00f3n sexual en infancias y adolescencias, Materiales para descargar Barreras para acceso a la justicia y debida diligencia en desapariciones y femicidios -RESUMEN EJECUTIVO Descarg\u00e1 aqu\u00ed Informe: \\\"M\u00e1s Invisibles. La trata y la pandemia\\\" Situaci\u00f3n de trata entre 2018 y 2022 Descarg\u00e1 aqu\u00ed Derechos, garant\u00edas y recomendaciones sobre femicidio y acceso a la justicia M\u00e1s informaci\u00f3n aqu\u00ed Descarg\u00e1 el Informe sobre Feminicidios entre 2001 y 2022 Ampliar informaci\u00f3n OBSERVATORIO CONTRA LA VIOLENCIA DE G\u00c9NERO Y ACCESO A LA JUSTICIA 24 FEMINICIDIOS EN 2023 en URUGUAY Mapa de Uruguay con el n\u00famero de feminicidios por a\u00f1o para cada departamento 25 de noviembre D\u00eda internacional de la eliminaci\u00f3n de la violencia contra la mujer 8 de marzo 8 de marzo 8 de marzo PR\u00d3XIMAS ACTIVIDADES NOTICIAS Ver todas las noticias DIMENSIONES Violencia Dom\u00e9stica Trata de personas Violencia en la toma de decisiones Violencia Femicida Ni\u00f1as, ni\u00f1os y adolescentes Acceso a la justicia Violencia Sexual Violencia Econ\u00f3mica Autonom\u00edas: AUTONOM\u00cdA F\u00cdSICA AUTONOM\u00cdA ECON\u00d3MICA AUTONOM\u00cdA EN LA TOMA DE DECISIONES Ante una denuncia sobre una situaci\u00f3n de violencia sexual, \u00bfCu\u00e1les son los derechos y garant\u00edas de la v\u00edctima? \u00bfCu\u00e1les son los procedimientos institucionales y legales establecidos? Acced\u00e9 a los protocolos de actuaci\u00f3n aqu\u00ed Comunicaci\u00f3n La comunicaci\u00f3n es unaspecto transversal en el proyecto, busca fortalecer y apoyar en el alcance de los objetivos del mismo.Todas las l\u00edneas del proyecto, incluidos los datos obtenidos por el Observatorio, se difundir\u00e1n a partir de campa\u00f1as de comunicaci\u00f3n con foco eninformaci\u00f3n, sensibilizaci\u00f3n, educaci\u00f3n y acciones de incidencia y exigibilidad, orientadas a diversos p\u00fablicos y territorios.Es fundamental en este enfoque de comunicaci\u00f3n de la acciones, considerar la voz y la participaci\u00f3n directa de las mujeres, sus miradas y reflexiones como los contenidos fundamentales para la definici\u00f3n de los mensajes. Esto apunta a hacer efectivo un lineamiento central de la perspectiva de Derechos Humanos que es la participaci\u00f3n protag\u00f3nica de las personas en los temas que les afectan. Ampliar Contacto\", \"Spanish Latin American Female\");\n                }\n            };\n        <\/script>\n    \n<h2 class=\"wp-block-heading alignwide has-text-align-left h2minusculas has-text-color\" style=\"color:#432563;font-size:31px;font-style:normal;font-weight:800;text-transform:uppercase\"><strong><strong>\u00bfQui\u00e9nes somos?<\/strong><\/strong><\/h2>\n\n\n\n<div class=\"wp-block-columns alignwide is-layout-flex wp-container-core-columns-is-layout-28f84493 wp-block-columns-is-layout-flex\">\n<div class=\"wp-block-column is-vertically-aligned-bottom is-layout-flow wp-block-column-is-layout-flow\" style=\"flex-basis:80%\">\n<p class=\"has-text-align-left h2minusculas has-text-color has-small-font-size\" style=\"color:#432563\"><strong><em>Autonom\u00edas Colectivas <\/em>es un proyecto destinado a contribuir a la erradicaci\u00f3n de la violencia basada en g\u00e9nero en Uruguay, desde un enfoque de promoci\u00f3n y respeto de los Derechos Humanos, por medio de tres estrategias de trabajo: el trabajo con grupos de mujeres que han sufrido violencia sexual, la promoci\u00f3n de autonom\u00edas econ\u00f3micas, y la implementaci\u00f3n de un Observatorio de violencia basada en g\u00e9nero.<\/strong><\/p>\n\n\n\n<div class=\"wp-block-columns are-vertically-aligned-center is-layout-flex wp-container-core-columns-is-layout-28f84493 wp-block-columns-is-layout-flex\">\n<div class=\"wp-block-column is-layout-flow wp-block-column-is-layout-flow\" style=\"flex-basis:100%\">\n<div class=\"wp-block-group\"><div class=\"wp-block-group__inner-container is-layout-constrained wp-block-group-is-layout-constrained\">\n<div class=\"wp-block-group has-small-font-size is-content-justification-space-between is-nowrap is-layout-flex wp-container-core-group-is-layout-cb46ffcb wp-block-group-is-layout-flex\">\n<p class=\"has-text-align-center has-text-color has-link-color wp-elements-d31658afdafd14bd370db99392de269a\" style=\"color:#311c48;font-size:6px\"><strong>Llevado adelante por<\/strong> <\/p>\n\n\n\n<div class=\"wp-block-group\"><div class=\"wp-block-group__inner-container is-layout-constrained wp-block-group-is-layout-constrained\">\n<div class=\"wp-block-columns is-layout-flex wp-container-core-columns-is-layout-28f84493 wp-block-columns-is-layout-flex\">\n<div class=\"wp-block-column is-layout-flow wp-block-column-is-layout-flow\" style=\"flex-basis:100%\">\n<figure class=\"wp-block-image size-full is-resized\"><img loading=\"lazy\" decoding=\"async\" width=\"254\" height=\"176\" src=\"https:\/\/ongelpaso.org.uy\/autonomias\/wp-content\/uploads\/2021\/11\/ong-el-paso-logo-c-removebg-preview-SIN-FONDO.png\" alt=\"\" class=\"wp-image-828\" style=\"width:49px;height:auto\"\/><\/figure>\n<\/div>\n<\/div>\n<\/div><\/div>\n\n\n\n<div class=\"wp-block-getwid-advanced-spacer\" style=\"height:51px\" aria-hidden=\"true\"><\/div>\n\n\n\n<figure class=\"wp-block-image size-full is-resized\"><img loading=\"lazy\" decoding=\"async\" width=\"424\" height=\"589\" src=\"https:\/\/ongelpaso.org.uy\/autonomias\/wp-content\/uploads\/2023\/12\/El_ABROJO_grande-removebg-preview.png\" alt=\"\" class=\"wp-image-2474\" style=\"width:29px;height:auto\" srcset=\"https:\/\/ongelpaso.org.uy\/autonomias\/wp-content\/uploads\/2023\/12\/El_ABROJO_grande-removebg-preview.png 424w, https:\/\/ongelpaso.org.uy\/autonomias\/wp-content\/uploads\/2023\/12\/El_ABROJO_grande-removebg-preview-216x300.png 216w\" sizes=\"auto, (max-width: 424px) 100vw, 424px\" \/><\/figure>\n\n\n\n<div class=\"wp-block-getwid-advanced-spacer\" style=\"height:51px\" aria-hidden=\"true\"><\/div>\n\n\n\n<div class=\"wp-block-getwid-advanced-spacer\" style=\"height:51px\" aria-hidden=\"true\"><\/div>\n\n\n\n<p class=\"has-text-color has-link-color wp-elements-7beb3b0f3612bbd176782b5ef8b57da5\" style=\"color:#311c48;font-size:6px\"><strong>Con apoyo financiero de<\/strong><\/p>\n\n\n\n<figure class=\"wp-block-image size-large is-resized\"><img loading=\"lazy\" decoding=\"async\" width=\"1024\" height=\"683\" src=\"https:\/\/ongelpaso.org.uy\/autonomias\/wp-content\/uploads\/2021\/11\/Union-Europea-3970x2647-1-1024x683.jpg\" alt=\"\" class=\"wp-image-830\" style=\"width:39px;height:auto\" srcset=\"https:\/\/ongelpaso.org.uy\/autonomias\/wp-content\/uploads\/2021\/11\/Union-Europea-3970x2647-1-1024x683.jpg 1024w, https:\/\/ongelpaso.org.uy\/autonomias\/wp-content\/uploads\/2021\/11\/Union-Europea-3970x2647-1-300x200.jpg 300w, https:\/\/ongelpaso.org.uy\/autonomias\/wp-content\/uploads\/2021\/11\/Union-Europea-3970x2647-1-768x512.jpg 768w, https:\/\/ongelpaso.org.uy\/autonomias\/wp-content\/uploads\/2021\/11\/Union-Europea-3970x2647-1-1536x1024.jpg 1536w, https:\/\/ongelpaso.org.uy\/autonomias\/wp-content\/uploads\/2021\/11\/Union-Europea-3970x2647-1-2048x1366.jpg 2048w\" sizes=\"auto, (max-width: 1024px) 100vw, 1024px\" \/><\/figure>\n<\/div>\n<\/div><\/div>\n<\/div>\n\n\n\n<div class=\"wp-block-column is-vertically-aligned-center is-layout-flow wp-block-column-is-layout-flow\" style=\"flex-basis:60%\">\n<div class=\"wp-block-buttons is-vertical is-content-justification-left is-layout-flex wp-container-core-buttons-is-layout-95744a8e wp-block-buttons-is-layout-flex\">\n<div class=\"wp-block-button has-custom-width wp-block-button__width-75 is-style-fill\"><a class=\"wp-block-button__link has-small-font-size has-custom-font-size wp-element-button\" href=\"https:\/\/ongelpaso.org.uy\/autonomias\/presentacion\" target=\"_blank\" rel=\"noreferrer noopener\">Ingresa ac\u00e1 para conocer m\u00e1s<\/a><\/div>\n<\/div>\n<\/div>\n<\/div>\n<\/div>\n<\/div>\n\n\n\n<h2 class=\"wp-block-heading alignfull has-text-align-left has-white-color has-text-color has-background\" id=\"notas-de-prensa-relacionadas-a-violencia-sexual\" style=\"background-color:#311c48;font-style:normal;font-weight:600;text-transform:uppercase\"><strong>NOVEDADES<\/strong><\/h2>\n\n\n\n<div class=\"wp-block-columns is-layout-flex wp-container-core-columns-is-layout-28f84493 wp-block-columns-is-layout-flex\">\n<div class=\"wp-block-column has-black-color has-text-color is-layout-flow wp-block-column-is-layout-flow\" style=\"flex-basis:100%\">\n<div class=\"wp-block-getwid-content-slider alignfull has-arrows-inside has-dots-inside\" data-autoplay=\"true\"><div class=\"wp-block-getwid-content-slider__wrapper\">\n<div class=\"wp-block-getwid-content-slider-slide\"><div class=\"wp-block-getwid-content-slider-slide__wrapper\">\n<figure class=\"wp-block-image alignfull\"><img loading=\"lazy\" decoding=\"async\" width=\"2000\" height=\"600\" src=\"https:\/\/ongelpaso.org.uy\/autonomias\/wp-content\/uploads\/2024\/02\/Web.png\" alt=\"\" class=\"wp-image-2539\" srcset=\"https:\/\/ongelpaso.org.uy\/autonomias\/wp-content\/uploads\/2024\/02\/Web.png 2000w, https:\/\/ongelpaso.org.uy\/autonomias\/wp-content\/uploads\/2024\/02\/Web-300x90.png 300w, https:\/\/ongelpaso.org.uy\/autonomias\/wp-content\/uploads\/2024\/02\/Web-1024x307.png 1024w, https:\/\/ongelpaso.org.uy\/autonomias\/wp-content\/uploads\/2024\/02\/Web-768x230.png 768w, https:\/\/ongelpaso.org.uy\/autonomias\/wp-content\/uploads\/2024\/02\/Web-1536x461.png 1536w\" sizes=\"auto, (max-width: 2000px) 100vw, 2000px\" \/><\/figure>\n<\/div><\/div>\n\n\n\n<div class=\"wp-block-getwid-content-slider-slide\"><div class=\"wp-block-getwid-content-slider-slide__wrapper\">\n<div class=\"wp-block-cover alignfull\"><img loading=\"lazy\" decoding=\"async\" width=\"1024\" height=\"307\" class=\"wp-block-cover__image-background wp-image-2537\" alt=\"\" src=\"https:\/\/ongelpaso.org.uy\/autonomias\/wp-content\/uploads\/2024\/02\/Banner-web-1-1024x307.png\" style=\"object-position:18% 49%\" data-object-fit=\"cover\" data-object-position=\"18% 49%\" srcset=\"https:\/\/ongelpaso.org.uy\/autonomias\/wp-content\/uploads\/2024\/02\/Banner-web-1-1024x307.png 1024w, https:\/\/ongelpaso.org.uy\/autonomias\/wp-content\/uploads\/2024\/02\/Banner-web-1-300x90.png 300w, https:\/\/ongelpaso.org.uy\/autonomias\/wp-content\/uploads\/2024\/02\/Banner-web-1-768x230.png 768w, https:\/\/ongelpaso.org.uy\/autonomias\/wp-content\/uploads\/2024\/02\/Banner-web-1-1536x461.png 1536w, https:\/\/ongelpaso.org.uy\/autonomias\/wp-content\/uploads\/2024\/02\/Banner-web-1.png 2000w\" sizes=\"auto, (max-width: 1024px) 100vw, 1024px\" \/><span aria-hidden=\"true\" class=\"wp-block-cover__background has-background-dim\"><\/span><div class=\"wp-block-cover__inner-container is-layout-flow wp-block-cover-is-layout-flow\">\n<p class=\"has-text-align-left has-white-color has-text-color has-link-color has-large-font-size wp-elements-1bea7ff3750be59ee6decaf366faf201\"><strong><a href=\"https:\/\/ongelpaso.org.uy\/autonomias\/inscripciones-abiertas-para-el-seminario-de-la-impunidad-a-la-autonomia-estrategias\/\" data-type=\"link\" data-id=\"https:\/\/ongelpaso.org.uy\/autonomias\/inscripciones-abiertas-para-el-seminario-de-la-impunidad-a-la-autonomia-estrategias\/\">INSCRIPCIONES ABIERTAS PARA EL SEMINARIO \u00abDE LA IMPUNIDAD A LA AUTONOM\u00cdA\u00bb, ESTRATEGIAS Y ACCIONES PARA DEFENDER UNA VIDA LIBRE DE VIOLENCIA DE G\u00c9NERO<\/a><\/strong><\/p>\n\n\n\n<p class=\"has-text-align-center has-large-font-size\"><strong>PARA INSCRIBIRTE AL SEMINARIO CLIQUEA <a href=\"https:\/\/docs.google.com\/forms\/d\/e\/1FAIpQLScntPNivdaE8viHJLZC_1dMQs-J2Jlaluo-wa3rXTCll4ze7g\/viewform\" data-type=\"link\" data-id=\"https:\/\/docs.google.com\/forms\/d\/e\/1FAIpQLScntPNivdaE8viHJLZC_1dMQs-J2Jlaluo-wa3rXTCll4ze7g\/viewform\">AQU\u00cd<\/a><\/strong><\/p>\n<\/div><\/div>\n<\/div><\/div>\n\n\n\n<div class=\"wp-block-getwid-content-slider-slide\"><div class=\"wp-block-getwid-content-slider-slide__wrapper\">\n<div class=\"wp-block-getwid-media-text-slider wp-block-getwid-media-text-slider--current-slide-1 has-arrows-outside has-dots-outside\" data-labels=\"[&quot;Slide 1&quot;,&quot;Slide 2&quot;,&quot;Slide 3&quot;]\" data-animation=\"fadeIn\" data-duration=\"1500ms\" data-delay=\"0ms\"><div class=\"wp-block-getwid-media-text-slider__slides-wrapper\"><div class=\"wp-block-getwid-media-text-slider__content\" data-slide-autoplay=\"false\" data-slide-pause-on-hover=\"true\" data-slide-autoplay-speed=\"5000\" data-slide-speed=\"1000\" data-infinite=\"true\">\n<div class=\"wp-block-getwid-media-text-slider-slide wp-block-getwid-media-text-slider-slide__content-wrapper slide-1\"><div class=\"wp-block-getwid-media-text-slider-slide__content\">\n<div class=\"wp-block-getwid-media-text-slider-slide-content\"><figure class=\"wp-block-getwid-media-text-slider-slide-content__media\"><img loading=\"lazy\" decoding=\"async\" width=\"1600\" height=\"1200\" src=\"https:\/\/ongelpaso.org.uy\/autonomias\/wp-content\/uploads\/2024\/02\/GGduSbCWoAAYXBX-1.jpg\" alt=\"\" class=\"wp-block-getwid-media-text-slider-slide-content__image wp-image-2530\" srcset=\"https:\/\/ongelpaso.org.uy\/autonomias\/wp-content\/uploads\/2024\/02\/GGduSbCWoAAYXBX-1.jpg 1600w, https:\/\/ongelpaso.org.uy\/autonomias\/wp-content\/uploads\/2024\/02\/GGduSbCWoAAYXBX-1-300x225.jpg 300w, https:\/\/ongelpaso.org.uy\/autonomias\/wp-content\/uploads\/2024\/02\/GGduSbCWoAAYXBX-1-1024x768.jpg 1024w, https:\/\/ongelpaso.org.uy\/autonomias\/wp-content\/uploads\/2024\/02\/GGduSbCWoAAYXBX-1-768x576.jpg 768w, https:\/\/ongelpaso.org.uy\/autonomias\/wp-content\/uploads\/2024\/02\/GGduSbCWoAAYXBX-1-1536x1152.jpg 1536w\" sizes=\"auto, (max-width: 1600px) 100vw, 1600px\" \/><div class=\"wp-block-getwid-media-text-slider-slide-content__media-overlay\" style=\"opacity:0.3\"><\/div><\/figure><div class=\"wp-block-getwid-media-text-slider-slide-content__content\"><div class=\"wp-block-getwid-media-text-slider-slide-content__content-wrapper\">\n<h2 class=\"wp-block-heading has-white-color has-text-color has-link-color wp-elements-5e173f2e6fa280d97f57608ec6ebde4b\"><a href=\"DDDhttps:\/\/ongelpaso.org.uy\/autonomias\/la-sociedad-civil-presento-la-situacion-de-uruguay-ante-el-examen-periodico-universal-de-naciones-unidas\/\"><strong>LA SOCIEDAD CIVIL PRESENT\u00d3 LA SITUACI\u00d3N DE URUGUAY ANTE EL EXAMEN PERI\u00d3DICO UNIVERSAL DE NACIONES UNIDAS<\/strong><\/a><\/h2>\n\n\n\n<p class=\"has-white-color has-text-color has-link-color wp-elements-b42e0c7e8b51e316886c60f5b3f6f198\"><strong>El viernes 16 de febrero fueron presentados en Ginebra los informes alternativos enviados por la sociedad civil para el Examen Peri\u00f3dico Universal, que revisar\u00e1 la situaci\u00f3n del Estado uruguayo en mayo de 2024. Descarg\u00e1 aqu\u00ed el informe presentado por El Paso y la RUCVDS, con apoyo del Proyecto Autonom\u00edas Colectivas.<\/strong><\/p>\n<\/div><\/div><\/div>\n<\/div><\/div>\n\n\n\n<div class=\"wp-block-getwid-media-text-slider-slide wp-block-getwid-media-text-slider-slide__content-wrapper slide-2\"><div class=\"wp-block-getwid-media-text-slider-slide__content\">\n<div class=\"wp-block-getwid-media-text-slider-slide-content\"><figure class=\"wp-block-getwid-media-text-slider-slide-content__media\"><div class=\"wp-block-getwid-media-text-slider-slide-content__media-overlay\" style=\"opacity:0.3\"><\/div><\/figure><div class=\"wp-block-getwid-media-text-slider-slide-content__content\"><div class=\"wp-block-getwid-media-text-slider-slide-content__content-wrapper\"><\/div><\/div><\/div>\n<\/div><\/div>\n\n\n\n<div class=\"wp-block-getwid-media-text-slider-slide wp-block-getwid-media-text-slider-slide__content-wrapper slide-3\"><div class=\"wp-block-getwid-media-text-slider-slide__content\">\n<div class=\"wp-block-getwid-media-text-slider-slide-content\"><figure class=\"wp-block-getwid-media-text-slider-slide-content__media\"><div class=\"wp-block-getwid-media-text-slider-slide-content__media-overlay\" style=\"opacity:0.3\"><\/div><\/figure><div class=\"wp-block-getwid-media-text-slider-slide-content__content\"><div class=\"wp-block-getwid-media-text-slider-slide-content__content-wrapper\"><\/div><\/div><\/div>\n<\/div><\/div>\n<\/div><\/div><\/div>\n<\/div><\/div>\n\n\n\n<div class=\"wp-block-getwid-content-slider-slide\"><div class=\"wp-block-getwid-content-slider-slide__wrapper\">\n<div class=\"wp-block-getwid-media-text-slider wp-block-getwid-media-text-slider--current-slide-1 has-arrows-outside has-dots-outside\" data-labels=\"[&quot;Slide 1&quot;]\" data-animation=\"fadeIn\" data-duration=\"1500ms\" data-delay=\"0ms\"><div class=\"wp-block-getwid-media-text-slider__slides-wrapper\"><div class=\"wp-block-getwid-media-text-slider__content\" data-slide-autoplay=\"false\" data-slide-pause-on-hover=\"true\" data-slide-autoplay-speed=\"5000\" data-slide-speed=\"1000\" data-infinite=\"true\">\n<div class=\"wp-block-getwid-media-text-slider-slide wp-block-getwid-media-text-slider-slide__content-wrapper slide-1\"><div class=\"wp-block-getwid-media-text-slider-slide__content\">\n<div class=\"wp-block-getwid-media-text-slider-slide-content\"><figure class=\"wp-block-getwid-media-text-slider-slide-content__media\"><img loading=\"lazy\" decoding=\"async\" width=\"1600\" height=\"483\" src=\"https:\/\/ongelpaso.org.uy\/autonomias\/wp-content\/uploads\/2023\/11\/para-web.jpg\" alt=\"\" class=\"wp-block-getwid-media-text-slider-slide-content__image wp-image-2329\" srcset=\"https:\/\/ongelpaso.org.uy\/autonomias\/wp-content\/uploads\/2023\/11\/para-web.jpg 1600w, https:\/\/ongelpaso.org.uy\/autonomias\/wp-content\/uploads\/2023\/11\/para-web-300x91.jpg 300w, https:\/\/ongelpaso.org.uy\/autonomias\/wp-content\/uploads\/2023\/11\/para-web-1024x309.jpg 1024w, https:\/\/ongelpaso.org.uy\/autonomias\/wp-content\/uploads\/2023\/11\/para-web-768x232.jpg 768w, https:\/\/ongelpaso.org.uy\/autonomias\/wp-content\/uploads\/2023\/11\/para-web-1536x464.jpg 1536w\" sizes=\"auto, (max-width: 1600px) 100vw, 1600px\" \/><div class=\"wp-block-getwid-media-text-slider-slide-content__media-overlay\" style=\"opacity:0.3\"><\/div><\/figure><div class=\"wp-block-getwid-media-text-slider-slide-content__content\"><div class=\"wp-block-getwid-media-text-slider-slide-content__content-wrapper\">\n<p class=\"has-white-color has-text-color has-link-color wp-elements-2d09927b66781d54e4c7b09a8dafb577\"><a href=\"https:\/\/ongelpaso.org.uy\/autonomias\/se-realizo-el-primer-encuentro-de-mujeres-de-grupos-de-reparacion-de-violencia-sexual\/\" data-type=\"link\" data-id=\"https:\/\/ongelpaso.org.uy\/autonomias\/se-realizo-el-primer-encuentro-de-mujeres-de-grupos-de-reparacion-de-violencia-sexual\/\"><strong>SE REALIZ\u00d3 EL PRIMER ENCUENTRO DE MUJERES DE GRUPOS DE REPARCI\u00d3N DE VIOLENCIA SEXUAL  <\/strong><\/a><\/p>\n\n\n\n<p class=\"has-white-color has-text-color has-link-color wp-elements-dbd142688e3e87dd62e5794ba8053454\">El s\u00e1bado 18 de noviembre se llev\u00f3 adelante este Primer Encuentro, que reuni\u00f3 a m\u00e1s de 30 mujeres de distintos departamentos del pa\u00eds.<\/p>\n<\/div><\/div><\/div>\n<\/div><\/div>\n<\/div><\/div><\/div>\n<\/div><\/div>\n\n\n\n<div class=\"wp-block-getwid-content-slider-slide\"><div class=\"wp-block-getwid-content-slider-slide__wrapper\">\n<div class=\"wp-block-getwid-media-text-slider wp-block-getwid-media-text-slider--current-slide-1 has-arrows-outside has-dots-outside\" data-labels=\"[&quot;Slide 1&quot;]\" data-animation=\"fadeIn\" data-duration=\"1500ms\" data-delay=\"0ms\"><div class=\"wp-block-getwid-media-text-slider__slides-wrapper\"><div class=\"wp-block-getwid-media-text-slider__content\" data-slide-autoplay=\"false\" data-slide-pause-on-hover=\"true\" data-slide-autoplay-speed=\"5000\" data-slide-speed=\"1000\" data-infinite=\"true\">\n<div class=\"wp-block-getwid-media-text-slider-slide wp-block-getwid-media-text-slider-slide__content-wrapper slide-1\"><div class=\"wp-block-getwid-media-text-slider-slide__content\">\n<div class=\"wp-block-getwid-media-text-slider-slide-content\"><figure class=\"wp-block-getwid-media-text-slider-slide-content__media\"><img loading=\"lazy\" decoding=\"async\" width=\"2048\" height=\"1151\" src=\"https:\/\/ongelpaso.org.uy\/autonomias\/wp-content\/uploads\/2023\/12\/WhatsApp-Image-2023-12-07-at-12.24.19.jpeg\" alt=\"\" class=\"wp-block-getwid-media-text-slider-slide-content__image wp-image-2469\" srcset=\"https:\/\/ongelpaso.org.uy\/autonomias\/wp-content\/uploads\/2023\/12\/WhatsApp-Image-2023-12-07-at-12.24.19.jpeg 2048w, https:\/\/ongelpaso.org.uy\/autonomias\/wp-content\/uploads\/2023\/12\/WhatsApp-Image-2023-12-07-at-12.24.19-300x169.jpeg 300w, https:\/\/ongelpaso.org.uy\/autonomias\/wp-content\/uploads\/2023\/12\/WhatsApp-Image-2023-12-07-at-12.24.19-1024x576.jpeg 1024w, https:\/\/ongelpaso.org.uy\/autonomias\/wp-content\/uploads\/2023\/12\/WhatsApp-Image-2023-12-07-at-12.24.19-768x432.jpeg 768w, https:\/\/ongelpaso.org.uy\/autonomias\/wp-content\/uploads\/2023\/12\/WhatsApp-Image-2023-12-07-at-12.24.19-1536x863.jpeg 1536w\" sizes=\"auto, (max-width: 2048px) 100vw, 2048px\" \/><div class=\"wp-block-getwid-media-text-slider-slide-content__media-overlay\" style=\"opacity:0.3\"><\/div><\/figure><div class=\"wp-block-getwid-media-text-slider-slide-content__content\"><div class=\"wp-block-getwid-media-text-slider-slide-content__content-wrapper\">\n<p><\/p>\n\n\n\n<p class=\"has-white-color has-text-color has-link-color wp-elements-7653c3cbb4e3c527c4a9a4b23afdce35\"><strong><a href=\"https:\/\/ongelpaso.org.uy\/autonomias\/realizamos-en-las-pioneras-la-actividad-violencia-de-genero-y-violencia-generacional-la-construccion-de-vinculos-sexoafectivos-libres-de-violencia-en-las-adolescencias\/\" data-type=\"link\" data-id=\"https:\/\/ongelpaso.org.uy\/autonomias\/realizamos-en-las-pioneras-la-actividad-violencia-de-genero-y-violencia-generacional-la-construccion-de-vinculos-sexoafectivos-libres-de-violencia-en-las-adolescencias\/\">ACTIVIDAD \u00abVIOLENCIA DE G\u00c9NERO Y VIOLENCIA GENERACIONAL. LA CONSTRUCCI\u00d3N DE V\u00cdNCULOS SEXOAFECTIVOS LIBRES DE VIOLENCIA EN LAS ADOLESCENCIAS\u00bb<\/a><\/strong><\/p>\n\n\n\n<p class=\"has-white-color has-text-color has-link-color wp-elements-b531fe64ef34363c490e8cb48d2f6747\"><strong>La<\/strong> <strong>tarde del martes 5 de diciembre se desarroll\u00f3 un c\u00e1lido y revitalizante intercambio sobre las violencias de g\u00e9nero y generacionales, que cont\u00f3 con la presencia y aporte de distintos colectivos y espacios feministas.<\/strong><\/p>\n<\/div><\/div><\/div>\n<\/div><\/div>\n<\/div><\/div><\/div>\n<\/div><\/div>\n\n\n\n<div class=\"wp-block-getwid-content-slider-slide\"><div class=\"wp-block-getwid-content-slider-slide__wrapper\">\n<div class=\"wp-block-getwid-media-text-slider wp-block-getwid-media-text-slider--current-slide-1 has-arrows-outside has-dots-outside\" data-labels=\"[&quot;Slide 1&quot;]\" data-animation=\"fadeIn\" data-duration=\"1500ms\" data-delay=\"0ms\"><div class=\"wp-block-getwid-media-text-slider__slides-wrapper\"><div class=\"wp-block-getwid-media-text-slider__content\" data-slide-autoplay=\"false\" data-slide-pause-on-hover=\"true\" data-slide-autoplay-speed=\"5000\" data-slide-speed=\"1000\" data-infinite=\"true\">\n<div class=\"wp-block-getwid-media-text-slider-slide wp-block-getwid-media-text-slider-slide__content-wrapper slide-1\"><div class=\"wp-block-getwid-media-text-slider-slide__content\">\n<div class=\"wp-block-getwid-media-text-slider-slide-content\"><figure class=\"wp-block-getwid-media-text-slider-slide-content__media\"><img loading=\"lazy\" decoding=\"async\" width=\"2048\" height=\"1151\" src=\"https:\/\/ongelpaso.org.uy\/autonomias\/wp-content\/uploads\/2023\/12\/WhatsApp-Image-2023-12-07-at-12.22.50.jpeg\" alt=\"\" class=\"wp-block-getwid-media-text-slider-slide-content__image wp-image-2464\" srcset=\"https:\/\/ongelpaso.org.uy\/autonomias\/wp-content\/uploads\/2023\/12\/WhatsApp-Image-2023-12-07-at-12.22.50.jpeg 2048w, https:\/\/ongelpaso.org.uy\/autonomias\/wp-content\/uploads\/2023\/12\/WhatsApp-Image-2023-12-07-at-12.22.50-300x169.jpeg 300w, https:\/\/ongelpaso.org.uy\/autonomias\/wp-content\/uploads\/2023\/12\/WhatsApp-Image-2023-12-07-at-12.22.50-1024x576.jpeg 1024w, https:\/\/ongelpaso.org.uy\/autonomias\/wp-content\/uploads\/2023\/12\/WhatsApp-Image-2023-12-07-at-12.22.50-768x432.jpeg 768w, https:\/\/ongelpaso.org.uy\/autonomias\/wp-content\/uploads\/2023\/12\/WhatsApp-Image-2023-12-07-at-12.22.50-1536x863.jpeg 1536w\" sizes=\"auto, (max-width: 2048px) 100vw, 2048px\" \/><div class=\"wp-block-getwid-media-text-slider-slide-content__media-overlay\" style=\"opacity:0.3\"><\/div><\/figure><div class=\"wp-block-getwid-media-text-slider-slide-content__content\"><div class=\"wp-block-getwid-media-text-slider-slide-content__content-wrapper\">\n<p class=\"has-white-color has-text-color has-link-color wp-elements-f03b19bc9fb47d143ce450b325182d78\"><a href=\"https:\/\/ongelpaso.org.uy\/autonomias\/realizamos-en-paysandu-el-conversatorio-sobre-explotacion-sexual-y-trata-de-personas\/\" data-type=\"link\" data-id=\"https:\/\/ongelpaso.org.uy\/autonomias\/realizamos-en-paysandu-el-conversatorio-sobre-explotacion-sexual-y-trata-de-personas\/\"><strong>REALIZAMOS EN PAYSAND\u00da EL CONVERSATORIO SOBRE EXPLOTACI\u00d3N SEXUAL Y TRATA DE PERSONAS<\/strong><\/a><\/p>\n\n\n\n<p class=\"has-white-color has-text-color has-link-color wp-elements-4c1522b2e47bd272e678599a12def905\">La actividad present\u00f3 el Informe \u00abM\u00e1s invisibles. La trata y la pandemia\u00bb, y una mesa de intercambio sobre las dificultades en la detecci\u00f3n de explotaci\u00f3n sexual en infancias y adolescencias,<\/p>\n<\/div><\/div><\/div>\n<\/div><\/div>\n<\/div><\/div><\/div>\n<\/div><\/div>\n\n\n\n<div class=\"wp-block-getwid-content-slider-slide\"><div class=\"wp-block-getwid-content-slider-slide__wrapper\">\n<div class=\"wp-block-group is-nowrap is-layout-flex wp-container-core-group-is-layout-6c531013 wp-block-group-is-layout-flex\">\n<figure class=\"wp-block-image\"><img loading=\"lazy\" decoding=\"async\" width=\"1080\" height=\"1080\" src=\"https:\/\/ongelpaso.org.uy\/autonomias\/wp-content\/uploads\/2023\/11\/1-1.png\" alt=\"\" class=\"wp-image-2304\" srcset=\"https:\/\/ongelpaso.org.uy\/autonomias\/wp-content\/uploads\/2023\/11\/1-1.png 1080w, https:\/\/ongelpaso.org.uy\/autonomias\/wp-content\/uploads\/2023\/11\/1-1-300x300.png 300w, https:\/\/ongelpaso.org.uy\/autonomias\/wp-content\/uploads\/2023\/11\/1-1-1024x1024.png 1024w, https:\/\/ongelpaso.org.uy\/autonomias\/wp-content\/uploads\/2023\/11\/1-1-150x150.png 150w, https:\/\/ongelpaso.org.uy\/autonomias\/wp-content\/uploads\/2023\/11\/1-1-768x768.png 768w\" sizes=\"auto, (max-width: 1080px) 100vw, 1080px\" \/><\/figure>\n\n\n\n<figure class=\"wp-block-image\"><img loading=\"lazy\" decoding=\"async\" width=\"1080\" height=\"1080\" src=\"https:\/\/ongelpaso.org.uy\/autonomias\/wp-content\/uploads\/2023\/11\/3-1.png\" alt=\"\" class=\"wp-image-2307\" srcset=\"https:\/\/ongelpaso.org.uy\/autonomias\/wp-content\/uploads\/2023\/11\/3-1.png 1080w, https:\/\/ongelpaso.org.uy\/autonomias\/wp-content\/uploads\/2023\/11\/3-1-300x300.png 300w, https:\/\/ongelpaso.org.uy\/autonomias\/wp-content\/uploads\/2023\/11\/3-1-1024x1024.png 1024w, https:\/\/ongelpaso.org.uy\/autonomias\/wp-content\/uploads\/2023\/11\/3-1-150x150.png 150w, https:\/\/ongelpaso.org.uy\/autonomias\/wp-content\/uploads\/2023\/11\/3-1-768x768.png 768w\" sizes=\"auto, (max-width: 1080px) 100vw, 1080px\" \/><\/figure>\n\n\n\n<figure class=\"wp-block-image\"><img loading=\"lazy\" decoding=\"async\" width=\"1080\" height=\"1080\" src=\"https:\/\/ongelpaso.org.uy\/autonomias\/wp-content\/uploads\/2023\/11\/4-1.png\" alt=\"\" class=\"wp-image-2306\" srcset=\"https:\/\/ongelpaso.org.uy\/autonomias\/wp-content\/uploads\/2023\/11\/4-1.png 1080w, https:\/\/ongelpaso.org.uy\/autonomias\/wp-content\/uploads\/2023\/11\/4-1-300x300.png 300w, https:\/\/ongelpaso.org.uy\/autonomias\/wp-content\/uploads\/2023\/11\/4-1-1024x1024.png 1024w, https:\/\/ongelpaso.org.uy\/autonomias\/wp-content\/uploads\/2023\/11\/4-1-150x150.png 150w, https:\/\/ongelpaso.org.uy\/autonomias\/wp-content\/uploads\/2023\/11\/4-1-768x768.png 768w\" sizes=\"auto, (max-width: 1080px) 100vw, 1080px\" \/><\/figure>\n<\/div>\n<\/div><\/div>\n<\/div><\/div>\n<\/div>\n<\/div>\n\n\n\n<h2 class=\"wp-block-heading alignfull has-text-align-left has-white-color has-text-color has-background\" id=\"notas-de-prensa-relacionadas-a-violencia-sexual\" style=\"background-color:#311c48;font-style:normal;font-weight:600;text-transform:uppercase\"><strong>Materiales para descargar <\/strong><\/h2>\n\n\n\n<div class=\"wp-block-cover alignfull has-custom-content-position is-position-top-center ban01\" style=\"min-height:50px;aspect-ratio:unset;\"><span aria-hidden=\"true\" class=\"wp-block-cover__background has-background-dim-100 has-background-dim\" style=\"background-color:#311c48\"><\/span><div class=\"wp-block-cover__inner-container is-layout-flow wp-block-cover-is-layout-flow\">\n<div class=\"wp-block-columns alignwide are-vertically-aligned-center is-layout-flex wp-container-core-columns-is-layout-28f84493 wp-block-columns-is-layout-flex\">\n<div class=\"wp-block-column is-vertically-aligned-center is-layout-flow wp-block-column-is-layout-flow\">\n<figure class=\"wp-block-image size-large is-style-default txtblanco\"><img loading=\"lazy\" decoding=\"async\" width=\"724\" height=\"1024\" src=\"https:\/\/ongelpaso.org.uy\/autonomias\/wp-content\/uploads\/2024\/03\/resumen-ejecutivo-724x1024.jpg\" alt=\"\" class=\"wp-image-2567\" srcset=\"https:\/\/ongelpaso.org.uy\/autonomias\/wp-content\/uploads\/2024\/03\/resumen-ejecutivo-724x1024.jpg 724w, https:\/\/ongelpaso.org.uy\/autonomias\/wp-content\/uploads\/2024\/03\/resumen-ejecutivo-212x300.jpg 212w, https:\/\/ongelpaso.org.uy\/autonomias\/wp-content\/uploads\/2024\/03\/resumen-ejecutivo-768x1086.jpg 768w, https:\/\/ongelpaso.org.uy\/autonomias\/wp-content\/uploads\/2024\/03\/resumen-ejecutivo-1086x1536.jpg 1086w, https:\/\/ongelpaso.org.uy\/autonomias\/wp-content\/uploads\/2024\/03\/resumen-ejecutivo.jpg 1414w\" sizes=\"auto, (max-width: 724px) 100vw, 724px\" \/><\/figure>\n\n\n\n<p>Barreras para  acceso a la justicia y debida diligencia en desapariciones y femicidios  -RESUMEN EJECUTIVO<\/p>\n\n\n\n<div class=\"wp-block-buttons is-layout-flex wp-block-buttons-is-layout-flex\">\n<div class=\"wp-block-button\"><a class=\"wp-block-button__link wp-element-button\" href=\"https:\/\/ongelpaso.org.uy\/autonomias\/analisis-de-barreras-para-elacceso-a-la-justicia-y-ladebida-diligencia-endesapariciones-de-mujeres-yfemicidios-sin-aclarar\/\" target=\"_blank\" rel=\"noreferrer noopener\">Descarg\u00e1 aqu\u00ed<\/a><\/div>\n<\/div>\n<\/div>\n\n\n\n<div class=\"wp-block-column is-vertically-aligned-center is-layout-flow wp-block-column-is-layout-flow\">\n<figure class=\"wp-block-image size-large\"><img loading=\"lazy\" decoding=\"async\" width=\"724\" height=\"1024\" src=\"https:\/\/ongelpaso.org.uy\/autonomias\/wp-content\/uploads\/2023\/07\/imagen-para-web-1-724x1024.png\" alt=\"\" class=\"wp-image-2113\" srcset=\"https:\/\/ongelpaso.org.uy\/autonomias\/wp-content\/uploads\/2023\/07\/imagen-para-web-1-724x1024.png 724w, https:\/\/ongelpaso.org.uy\/autonomias\/wp-content\/uploads\/2023\/07\/imagen-para-web-1-212x300.png 212w, https:\/\/ongelpaso.org.uy\/autonomias\/wp-content\/uploads\/2023\/07\/imagen-para-web-1-768x1086.png 768w, https:\/\/ongelpaso.org.uy\/autonomias\/wp-content\/uploads\/2023\/07\/imagen-para-web-1-1086x1536.png 1086w, https:\/\/ongelpaso.org.uy\/autonomias\/wp-content\/uploads\/2023\/07\/imagen-para-web-1.png 1414w\" sizes=\"auto, (max-width: 724px) 100vw, 724px\" \/><\/figure>\n\n\n\n<p>Informe: \u00abM\u00e1s Invisibles. La trata y la pandemia\u00bb <\/p>\n\n\n\n<p>Situaci\u00f3n de trata entre 2018 y 2022<\/p>\n\n\n\n<p><\/p>\n\n\n\n<p><\/p>\n\n\n\n<p><\/p>\n\n\n\n<p><\/p>\n\n\n\n<div class=\"wp-block-buttons is-layout-flex wp-block-buttons-is-layout-flex\">\n<div class=\"wp-block-button\"><a class=\"wp-block-button__link wp-element-button\" href=\"https:\/\/ongelpaso.org.uy\/autonomias\/?p=2114\" target=\"_blank\" rel=\"noreferrer noopener\">Descarg\u00e1 aqu\u00ed<\/a><\/div>\n<\/div>\n<\/div>\n\n\n\n<div class=\"wp-block-column is-vertically-aligned-center is-layout-flow wp-block-column-is-layout-flow\">\n<figure class=\"wp-block-image size-large is-style-default txtblanco\"><img loading=\"lazy\" decoding=\"async\" width=\"717\" height=\"1024\" src=\"https:\/\/ongelpaso.org.uy\/autonomias\/wp-content\/uploads\/2023\/07\/librillo-para-portada--717x1024.png\" alt=\"\" class=\"wp-image-2029\" srcset=\"https:\/\/ongelpaso.org.uy\/autonomias\/wp-content\/uploads\/2023\/07\/librillo-para-portada--717x1024.png 717w, https:\/\/ongelpaso.org.uy\/autonomias\/wp-content\/uploads\/2023\/07\/librillo-para-portada--210x300.png 210w, https:\/\/ongelpaso.org.uy\/autonomias\/wp-content\/uploads\/2023\/07\/librillo-para-portada-.png 756w\" sizes=\"auto, (max-width: 717px) 100vw, 717px\" \/><\/figure>\n\n\n\n<p>Derechos, garant\u00edas y recomendaciones sobre femicidio y acceso a la justicia<\/p>\n\n\n\n<div class=\"wp-block-buttons is-layout-flex wp-block-buttons-is-layout-flex\">\n<div class=\"wp-block-button\"><a class=\"wp-block-button__link wp-element-button\" href=\"https:\/\/ongelpaso.org.uy\/autonomias\/presentamos-librillo-femicidio-y-acceso-a-la-justicia-derechos-garantias-recomendaciones-y-redes-para-acompanar-a-victimas\/\" target=\"_blank\" rel=\"noreferrer noopener\">M\u00e1s informaci\u00f3n aqu\u00ed<\/a><\/div>\n<\/div>\n<\/div>\n\n\n\n<div class=\"wp-block-column is-vertically-aligned-center is-layout-flow wp-block-column-is-layout-flow\">\n<figure class=\"wp-block-image size-large\"><img loading=\"lazy\" decoding=\"async\" width=\"726\" height=\"1024\" src=\"https:\/\/ongelpaso.org.uy\/autonomias\/wp-content\/uploads\/2023\/07\/Informe-feminicidio-726x1024.png\" alt=\"\" class=\"wp-image-2030\" srcset=\"https:\/\/ongelpaso.org.uy\/autonomias\/wp-content\/uploads\/2023\/07\/Informe-feminicidio-726x1024.png 726w, https:\/\/ongelpaso.org.uy\/autonomias\/wp-content\/uploads\/2023\/07\/Informe-feminicidio-213x300.png 213w, https:\/\/ongelpaso.org.uy\/autonomias\/wp-content\/uploads\/2023\/07\/Informe-feminicidio.png 759w\" sizes=\"auto, (max-width: 726px) 100vw, 726px\" \/><\/figure>\n\n\n\n<p>Descarg\u00e1 el Informe sobre Feminicidios entre 2001 y 2022<\/p>\n\n\n\n<p><\/p>\n\n\n\n<p><\/p>\n\n\n\n<div class=\"wp-block-buttons is-layout-flex wp-block-buttons-is-layout-flex\">\n<div class=\"wp-block-button\"><a class=\"wp-block-button__link wp-element-button\" href=\"https:\/\/ongelpaso.org.uy\/autonomias\/informe-el-feminicidio-en-uruguay-datos-que-nos-ayudan-a-dimensionar-el-problema\/\" target=\"_blank\" rel=\"noreferrer noopener\">Ampliar informaci\u00f3n<\/a><\/div>\n<\/div>\n<\/div>\n<\/div>\n<\/div><\/div>\n\n\n\n<h3 class=\"wp-block-heading alignfull h2minusculas has-white-color has-text-color has-background\" style=\"background-color:#311c48;font-style:normal;font-weight:700;text-transform:uppercase\"><strong>OBSERVATORIO CONTRA LA VIOLENCIA DE G\u00c9NERO Y ACCESO A LA JUSTICIA <\/strong><\/h3>\n\n\n\n<div style=\"height:9px\" aria-hidden=\"true\" class=\"wp-block-spacer\"><\/div>\n\n\n\n<div class=\"wp-block-columns alignfull is-layout-flex wp-container-core-columns-is-layout-28f84493 wp-block-columns-is-layout-flex\">\n<div class=\"wp-block-column is-layout-flow wp-block-column-is-layout-flow\">\n<p class=\"has-text-align-center has-white-color has-text-color has-background\" style=\"background-color:#1aac87;font-size:23px;font-style:normal;font-weight:900;text-transform:uppercase\">24 <strong>FEMINICIDIOS EN 2023 en URUGUAY<\/strong> <\/p>\n\n\n\n<div class=\"flourish-embed flourish-chart\" data-src=\"visualisation\/7860560\"><script src=\"https:\/\/public.flourish.studio\/resources\/embed.js\"><\/script><\/div>\n<\/div>\n\n\n\n<div class=\"wp-block-column is-layout-flow wp-block-column-is-layout-flow\">\n<p class=\"has-white-color has-text-color has-background\" style=\"background-color:#1aac87;font-size:16px;font-style:normal;font-weight:800\">M<strong>apa de Uruguay con el n\u00famero de feminicidios por a\u00f1o para cada departamento<\/strong><\/p>\n\n\n\n<div class=\"flourish-embed flourish-map\" data-src=\"visualisation\/7860817\"><script src=\"https:\/\/public.flourish.studio\/resources\/embed.js\"><\/script><\/div>\n<\/div>\n<\/div>\n\n\n\n<div style=\"height:2em\" aria-hidden=\"true\" class=\"wp-block-spacer\"><\/div>\n\n\n\n<div class=\"wp-block-cover alignfull ban01\" style=\"min-height:50px;aspect-ratio:unset;\"><span aria-hidden=\"true\" class=\"wp-block-cover__background has-background-dim-100 has-background-dim\" style=\"background-color:#333135\"><\/span><div class=\"wp-block-cover__inner-container is-layout-flow wp-block-cover-is-layout-flow\">\n<h2 class=\"wp-block-heading h2minusculas has-white-color has-text-color\" id=\"notas-de-prensa-relacionadas-a-violencia-sexual\">25 de noviembre<\/h2>\n\n\n\n<h2 class=\"wp-block-heading alignwide has-text-align-left has-white-color has-text-color\"><strong>D\u00eda internacional de la eliminaci\u00f3n de la violencia contra la mujer<\/strong><\/h2>\n\n\n\n<p class=\"has-medium-font-size\"><\/p>\n\n\n\n<div class=\"wp-block-getwid-images-slider has-arrows-inside has-dots-inside has-images-center has-cropped-images\"><div class=\"wp-block-getwid-images-slider__wrapper\" data-effect=\"slide\" data-slides-show=\"1\" data-slides-show-laptop=\"1\" data-slides-show-tablet=\"1\" data-slides-show-mobile=\"1\" data-slides-scroll=\"1\" data-autoplay=\"false\" data-pause-hover=\"false\" data-autoplay-speed=\"6000\" data-infinite=\"true\" data-animation-speed=\"800\" data-center-mode=\"false\" data-variable-width=\"false\" data-arrows=\"inside\" data-dots=\"inside\" data-spacing=\"none\"><div class=\"wp-block-getwid-images-slider__item\"><a href=\"https:\/\/ongelpaso.org.uy\/autonomias\/wp-content\/uploads\/2023\/11\/3-1.png\"><figure><img loading=\"lazy\" decoding=\"async\" width=\"1024\" height=\"1024\" src=\"https:\/\/ongelpaso.org.uy\/autonomias\/wp-content\/uploads\/2023\/11\/3-1-1024x1024.png\" alt=\"\" data-id=\"2307\" data-link=\"https:\/\/ongelpaso.org.uy\/autonomias\/portada\/3-1-4\/\" data-original-link=\"https:\/\/ongelpaso.org.uy\/autonomias\/wp-content\/uploads\/2023\/11\/3-1.png\" class=\"wp-block-getwid-images-slider__image wp-image-2307\" srcset=\"https:\/\/ongelpaso.org.uy\/autonomias\/wp-content\/uploads\/2023\/11\/3-1-1024x1024.png 1024w, https:\/\/ongelpaso.org.uy\/autonomias\/wp-content\/uploads\/2023\/11\/3-1-300x300.png 300w, https:\/\/ongelpaso.org.uy\/autonomias\/wp-content\/uploads\/2023\/11\/3-1-150x150.png 150w, https:\/\/ongelpaso.org.uy\/autonomias\/wp-content\/uploads\/2023\/11\/3-1-768x768.png 768w, https:\/\/ongelpaso.org.uy\/autonomias\/wp-content\/uploads\/2023\/11\/3-1.png 1080w\" sizes=\"auto, (max-width: 1024px) 100vw, 1024px\" \/><\/figure><\/a><\/div><div class=\"wp-block-getwid-images-slider__item\"><a href=\"https:\/\/ongelpaso.org.uy\/autonomias\/wp-content\/uploads\/2023\/11\/4-1.png\"><figure><img loading=\"lazy\" decoding=\"async\" width=\"1024\" height=\"1024\" src=\"https:\/\/ongelpaso.org.uy\/autonomias\/wp-content\/uploads\/2023\/11\/4-1-1024x1024.png\" alt=\"\" data-id=\"2306\" data-link=\"https:\/\/ongelpaso.org.uy\/autonomias\/portada\/4-1-3\/\" data-original-link=\"https:\/\/ongelpaso.org.uy\/autonomias\/wp-content\/uploads\/2023\/11\/4-1.png\" class=\"wp-block-getwid-images-slider__image wp-image-2306\" srcset=\"https:\/\/ongelpaso.org.uy\/autonomias\/wp-content\/uploads\/2023\/11\/4-1-1024x1024.png 1024w, https:\/\/ongelpaso.org.uy\/autonomias\/wp-content\/uploads\/2023\/11\/4-1-300x300.png 300w, https:\/\/ongelpaso.org.uy\/autonomias\/wp-content\/uploads\/2023\/11\/4-1-150x150.png 150w, https:\/\/ongelpaso.org.uy\/autonomias\/wp-content\/uploads\/2023\/11\/4-1-768x768.png 768w, https:\/\/ongelpaso.org.uy\/autonomias\/wp-content\/uploads\/2023\/11\/4-1.png 1080w\" sizes=\"auto, (max-width: 1024px) 100vw, 1024px\" \/><\/figure><\/a><\/div><div class=\"wp-block-getwid-images-slider__item\"><a href=\"https:\/\/ongelpaso.org.uy\/autonomias\/wp-content\/uploads\/2023\/11\/2-1.png\"><figure><img loading=\"lazy\" decoding=\"async\" width=\"1024\" height=\"1024\" src=\"https:\/\/ongelpaso.org.uy\/autonomias\/wp-content\/uploads\/2023\/11\/2-1-1024x1024.png\" alt=\"\" data-id=\"2305\" data-link=\"https:\/\/ongelpaso.org.uy\/autonomias\/portada\/2-1-4\/\" data-original-link=\"https:\/\/ongelpaso.org.uy\/autonomias\/wp-content\/uploads\/2023\/11\/2-1.png\" class=\"wp-block-getwid-images-slider__image wp-image-2305\" srcset=\"https:\/\/ongelpaso.org.uy\/autonomias\/wp-content\/uploads\/2023\/11\/2-1-1024x1024.png 1024w, https:\/\/ongelpaso.org.uy\/autonomias\/wp-content\/uploads\/2023\/11\/2-1-300x300.png 300w, https:\/\/ongelpaso.org.uy\/autonomias\/wp-content\/uploads\/2023\/11\/2-1-150x150.png 150w, https:\/\/ongelpaso.org.uy\/autonomias\/wp-content\/uploads\/2023\/11\/2-1-768x768.png 768w, https:\/\/ongelpaso.org.uy\/autonomias\/wp-content\/uploads\/2023\/11\/2-1.png 1080w\" sizes=\"auto, (max-width: 1024px) 100vw, 1024px\" \/><\/figure><\/a><\/div><div class=\"wp-block-getwid-images-slider__item\"><a href=\"https:\/\/ongelpaso.org.uy\/autonomias\/wp-content\/uploads\/2023\/11\/1-1.png\"><figure><img loading=\"lazy\" decoding=\"async\" width=\"1024\" height=\"1024\" src=\"https:\/\/ongelpaso.org.uy\/autonomias\/wp-content\/uploads\/2023\/11\/1-1-1024x1024.png\" alt=\"\" data-id=\"2304\" data-link=\"https:\/\/ongelpaso.org.uy\/autonomias\/portada\/1-1-4\/\" data-original-link=\"https:\/\/ongelpaso.org.uy\/autonomias\/wp-content\/uploads\/2023\/11\/1-1.png\" class=\"wp-block-getwid-images-slider__image wp-image-2304\" srcset=\"https:\/\/ongelpaso.org.uy\/autonomias\/wp-content\/uploads\/2023\/11\/1-1-1024x1024.png 1024w, https:\/\/ongelpaso.org.uy\/autonomias\/wp-content\/uploads\/2023\/11\/1-1-300x300.png 300w, https:\/\/ongelpaso.org.uy\/autonomias\/wp-content\/uploads\/2023\/11\/1-1-150x150.png 150w, https:\/\/ongelpaso.org.uy\/autonomias\/wp-content\/uploads\/2023\/11\/1-1-768x768.png 768w, https:\/\/ongelpaso.org.uy\/autonomias\/wp-content\/uploads\/2023\/11\/1-1.png 1080w\" sizes=\"auto, (max-width: 1024px) 100vw, 1024px\" \/><\/figure><\/a><\/div><div class=\"wp-block-getwid-images-slider__item\"><a href=\"https:\/\/ongelpaso.org.uy\/autonomias\/wp-content\/uploads\/2023\/05\/25-de-abril-del-23.jpg\"><figure><img loading=\"lazy\" decoding=\"async\" width=\"1024\" height=\"1024\" src=\"https:\/\/ongelpaso.org.uy\/autonomias\/wp-content\/uploads\/2023\/05\/25-de-abril-del-23-1024x1024.jpg\" alt=\"\" data-id=\"1968\" data-link=\"https:\/\/ongelpaso.org.uy\/autonomias\/portada\/25-de-abril-del-23\/\" data-original-link=\"https:\/\/ongelpaso.org.uy\/autonomias\/wp-content\/uploads\/2023\/05\/25-de-abril-del-23.jpg\" class=\"wp-block-getwid-images-slider__image wp-image-1968\" srcset=\"https:\/\/ongelpaso.org.uy\/autonomias\/wp-content\/uploads\/2023\/05\/25-de-abril-del-23-1024x1024.jpg 1024w, https:\/\/ongelpaso.org.uy\/autonomias\/wp-content\/uploads\/2023\/05\/25-de-abril-del-23-300x300.jpg 300w, https:\/\/ongelpaso.org.uy\/autonomias\/wp-content\/uploads\/2023\/05\/25-de-abril-del-23-150x150.jpg 150w, https:\/\/ongelpaso.org.uy\/autonomias\/wp-content\/uploads\/2023\/05\/25-de-abril-del-23-768x768.jpg 768w, https:\/\/ongelpaso.org.uy\/autonomias\/wp-content\/uploads\/2023\/05\/25-de-abril-del-23.jpg 1080w\" sizes=\"auto, (max-width: 1024px) 100vw, 1024px\" \/><\/figure><\/a><\/div><div class=\"wp-block-getwid-images-slider__item\"><a href=\"https:\/\/ongelpaso.org.uy\/autonomias\/wp-content\/uploads\/2023\/05\/25-de-abril-del-23-placa-3.jpg\"><figure><img loading=\"lazy\" decoding=\"async\" width=\"1024\" height=\"1024\" src=\"https:\/\/ongelpaso.org.uy\/autonomias\/wp-content\/uploads\/2023\/05\/25-de-abril-del-23-placa-3-1024x1024.jpg\" alt=\"\" data-id=\"1967\" data-link=\"https:\/\/ongelpaso.org.uy\/autonomias\/portada\/25-de-abril-del-23-placa-3\/\" data-original-link=\"https:\/\/ongelpaso.org.uy\/autonomias\/wp-content\/uploads\/2023\/05\/25-de-abril-del-23-placa-3.jpg\" class=\"wp-block-getwid-images-slider__image wp-image-1967\" srcset=\"https:\/\/ongelpaso.org.uy\/autonomias\/wp-content\/uploads\/2023\/05\/25-de-abril-del-23-placa-3-1024x1024.jpg 1024w, https:\/\/ongelpaso.org.uy\/autonomias\/wp-content\/uploads\/2023\/05\/25-de-abril-del-23-placa-3-300x300.jpg 300w, https:\/\/ongelpaso.org.uy\/autonomias\/wp-content\/uploads\/2023\/05\/25-de-abril-del-23-placa-3-150x150.jpg 150w, https:\/\/ongelpaso.org.uy\/autonomias\/wp-content\/uploads\/2023\/05\/25-de-abril-del-23-placa-3-768x768.jpg 768w, https:\/\/ongelpaso.org.uy\/autonomias\/wp-content\/uploads\/2023\/05\/25-de-abril-del-23-placa-3.jpg 1080w\" sizes=\"auto, (max-width: 1024px) 100vw, 1024px\" \/><\/figure><\/a><\/div><div class=\"wp-block-getwid-images-slider__item\"><a href=\"https:\/\/ongelpaso.org.uy\/autonomias\/wp-content\/uploads\/2023\/03\/WhatsApp-Image-2023-03-07-at-20.47.04-copia-1.jpeg\"><figure><img loading=\"lazy\" decoding=\"async\" width=\"1024\" height=\"1024\" src=\"https:\/\/ongelpaso.org.uy\/autonomias\/wp-content\/uploads\/2023\/03\/WhatsApp-Image-2023-03-07-at-20.47.04-copia-1-1024x1024.jpeg\" alt=\"\" data-id=\"1956\" data-link=\"https:\/\/ongelpaso.org.uy\/autonomias\/portada\/whatsapp-image-2023-03-07-at-20-47-04-copia-1\/\" data-original-link=\"https:\/\/ongelpaso.org.uy\/autonomias\/wp-content\/uploads\/2023\/03\/WhatsApp-Image-2023-03-07-at-20.47.04-copia-1.jpeg\" class=\"wp-block-getwid-images-slider__image wp-image-1956\" srcset=\"https:\/\/ongelpaso.org.uy\/autonomias\/wp-content\/uploads\/2023\/03\/WhatsApp-Image-2023-03-07-at-20.47.04-copia-1-1024x1024.jpeg 1024w, https:\/\/ongelpaso.org.uy\/autonomias\/wp-content\/uploads\/2023\/03\/WhatsApp-Image-2023-03-07-at-20.47.04-copia-1-300x300.jpeg 300w, https:\/\/ongelpaso.org.uy\/autonomias\/wp-content\/uploads\/2023\/03\/WhatsApp-Image-2023-03-07-at-20.47.04-copia-1-150x150.jpeg 150w, https:\/\/ongelpaso.org.uy\/autonomias\/wp-content\/uploads\/2023\/03\/WhatsApp-Image-2023-03-07-at-20.47.04-copia-1-768x768.jpeg 768w, https:\/\/ongelpaso.org.uy\/autonomias\/wp-content\/uploads\/2023\/03\/WhatsApp-Image-2023-03-07-at-20.47.04-copia-1.jpeg 1080w\" sizes=\"auto, (max-width: 1024px) 100vw, 1024px\" \/><figcaption class=\"wp-block-getwid-images-slider__caption\">8 de marzo <\/figcaption><\/figure><\/a><\/div><div class=\"wp-block-getwid-images-slider__item\"><a href=\"https:\/\/ongelpaso.org.uy\/autonomias\/wp-content\/uploads\/2023\/03\/Placa-6-1.png\"><figure><img loading=\"lazy\" decoding=\"async\" width=\"1024\" height=\"1024\" src=\"https:\/\/ongelpaso.org.uy\/autonomias\/wp-content\/uploads\/2023\/03\/Placa-6-1-1024x1024.png\" alt=\"\" data-id=\"1954\" data-link=\"https:\/\/ongelpaso.org.uy\/autonomias\/portada\/placa-6-1\/\" data-original-link=\"https:\/\/ongelpaso.org.uy\/autonomias\/wp-content\/uploads\/2023\/03\/Placa-6-1.png\" class=\"wp-block-getwid-images-slider__image wp-image-1954\" srcset=\"https:\/\/ongelpaso.org.uy\/autonomias\/wp-content\/uploads\/2023\/03\/Placa-6-1-1024x1024.png 1024w, https:\/\/ongelpaso.org.uy\/autonomias\/wp-content\/uploads\/2023\/03\/Placa-6-1-300x300.png 300w, https:\/\/ongelpaso.org.uy\/autonomias\/wp-content\/uploads\/2023\/03\/Placa-6-1-150x150.png 150w, https:\/\/ongelpaso.org.uy\/autonomias\/wp-content\/uploads\/2023\/03\/Placa-6-1-768x768.png 768w, https:\/\/ongelpaso.org.uy\/autonomias\/wp-content\/uploads\/2023\/03\/Placa-6-1.png 1080w\" sizes=\"auto, (max-width: 1024px) 100vw, 1024px\" \/><figcaption class=\"wp-block-getwid-images-slider__caption\">8 de marzo <\/figcaption><\/figure><\/a><\/div><div class=\"wp-block-getwid-images-slider__item\"><a href=\"https:\/\/ongelpaso.org.uy\/autonomias\/wp-content\/uploads\/2023\/03\/Placa-2.png\"><figure><img loading=\"lazy\" decoding=\"async\" width=\"1024\" height=\"1024\" src=\"https:\/\/ongelpaso.org.uy\/autonomias\/wp-content\/uploads\/2023\/03\/Placa-2-1024x1024.png\" alt=\"\" data-id=\"1950\" data-link=\"https:\/\/ongelpaso.org.uy\/autonomias\/portada\/placa-2-2\/\" data-original-link=\"https:\/\/ongelpaso.org.uy\/autonomias\/wp-content\/uploads\/2023\/03\/Placa-2.png\" class=\"wp-block-getwid-images-slider__image wp-image-1950\" srcset=\"https:\/\/ongelpaso.org.uy\/autonomias\/wp-content\/uploads\/2023\/03\/Placa-2-1024x1024.png 1024w, https:\/\/ongelpaso.org.uy\/autonomias\/wp-content\/uploads\/2023\/03\/Placa-2-300x300.png 300w, https:\/\/ongelpaso.org.uy\/autonomias\/wp-content\/uploads\/2023\/03\/Placa-2-150x150.png 150w, https:\/\/ongelpaso.org.uy\/autonomias\/wp-content\/uploads\/2023\/03\/Placa-2-768x768.png 768w, https:\/\/ongelpaso.org.uy\/autonomias\/wp-content\/uploads\/2023\/03\/Placa-2.png 1080w\" sizes=\"auto, (max-width: 1024px) 100vw, 1024px\" \/><figcaption class=\"wp-block-getwid-images-slider__caption\">8 de marzo<\/figcaption><\/figure><\/a><\/div><\/div><\/div>\n\n\n\n<div style=\"height:20px\" aria-hidden=\"true\" class=\"wp-block-spacer\"><\/div>\n<\/div><\/div>\n\n\n\n<div style=\"height:50px\" aria-hidden=\"true\" class=\"wp-block-spacer\"><\/div>\n\n\n\n<h2 class=\"wp-block-heading alignfull h2minusculas has-white-color has-text-color has-background\" style=\"background-color:#311c48;font-size:29px;font-style:normal;font-weight:700;text-transform:uppercase\">PR\u00d3XIMAS ACTIVIDADES<\/h2>\n\n\n<div class=\"wp-block-image\">\n<figure class=\"aligncenter size-large is-resized\"><img loading=\"lazy\" decoding=\"async\" width=\"1024\" height=\"1024\" src=\"https:\/\/ongelpaso.org.uy\/autonomias\/wp-content\/uploads\/2024\/03\/Seminario_2024-1-1024x1024.png\" alt=\"\" class=\"wp-image-2541\" style=\"width:488px;height:auto\" srcset=\"https:\/\/ongelpaso.org.uy\/autonomias\/wp-content\/uploads\/2024\/03\/Seminario_2024-1-1024x1024.png 1024w, https:\/\/ongelpaso.org.uy\/autonomias\/wp-content\/uploads\/2024\/03\/Seminario_2024-1-300x300.png 300w, https:\/\/ongelpaso.org.uy\/autonomias\/wp-content\/uploads\/2024\/03\/Seminario_2024-1-150x150.png 150w, https:\/\/ongelpaso.org.uy\/autonomias\/wp-content\/uploads\/2024\/03\/Seminario_2024-1-768x768.png 768w, https:\/\/ongelpaso.org.uy\/autonomias\/wp-content\/uploads\/2024\/03\/Seminario_2024-1.png 1080w\" sizes=\"auto, (max-width: 1024px) 100vw, 1024px\" \/><\/figure>\n<\/div>\n\n\n<h2 class=\"wp-block-heading alignfull has-text-align-left has-white-color has-text-color has-background\" id=\"notas-de-prensa-relacionadas-a-violencia-sexual\" style=\"background-color:#311c48;font-style:normal;font-weight:600;text-transform:uppercase\"><strong>NOTICIAS<\/strong><\/h2>\n\n\n\n<div class=\"wp-block-columns is-layout-flex wp-container-core-columns-is-layout-28f84493 wp-block-columns-is-layout-flex\">\n<div class=\"wp-block-column has-black-color has-text-color is-layout-flow wp-block-column-is-layout-flow\" style=\"flex-basis:100%\"><ul style=\"font-style:normal;font-weight:400;text-transform:none;\" class=\"wp-block-latest-posts__list is-grid columns-2 alignwide wp-block-latest-posts has-normal-font-size\"><li><div class=\"wp-block-latest-posts__featured-image alignleft\"><a href=\"https:\/\/ongelpaso.org.uy\/autonomias\/analisis-de-barreras-para-elacceso-a-la-justicia-y-ladebida-diligencia-endesapariciones-de-mujeres-yfemicidios-sin-aclarar\/\" aria-label=\"AN\u00c1LISIS DE BARRERAS PARA ELACCESO A LA JUSTICIA Y LADEBIDA DILIGENCIA ENDESAPARICIONES DE MUJERES YFEMICIDIOS SIN ACLARAR.\"><img loading=\"lazy\" decoding=\"async\" width=\"150\" height=\"150\" src=\"https:\/\/ongelpaso.org.uy\/autonomias\/wp-content\/uploads\/2024\/03\/resumen-ejecutivo-150x150.jpg\" class=\"attachment-thumbnail size-thumbnail wp-post-image\" alt=\"\" style=\"max-width:150px;max-height:150px;\" \/><\/a><\/div><a class=\"wp-block-latest-posts__post-title\" href=\"https:\/\/ongelpaso.org.uy\/autonomias\/analisis-de-barreras-para-elacceso-a-la-justicia-y-ladebida-diligencia-endesapariciones-de-mujeres-yfemicidios-sin-aclarar\/\">AN\u00c1LISIS DE BARRERAS PARA ELACCESO A LA JUSTICIA Y LADEBIDA DILIGENCIA ENDESAPARICIONES DE MUJERES YFEMICIDIOS SIN ACLARAR.<\/a><div class=\"wp-block-latest-posts__post-excerpt\">&#128266; Escuchar Descarga aqu\u00ed el Resumen Ejecutivo de la investigaci\u00f3n llevada adelante por Alicia Deus y Fabiana Condon, para el Proyecto Autonom\u00edas Colectivas.<\/div><\/li>\n<li><div class=\"wp-block-latest-posts__featured-image alignleft\"><a href=\"https:\/\/ongelpaso.org.uy\/autonomias\/inscripciones-abiertas-para-el-seminario-de-la-impunidad-a-la-autonomia-estrategias\/\" aria-label=\"INSCRIPCIONES ABIERTAS PARA EL SEMINARIO \u00abDE LA IMPUNIDAD A LA AUTONOM\u00cdA\u00bb, ESTRATEGIAS Y ACCIONES PARA DEFENDER UNA VIDA LIBRE DE VIOLENCIA DE G\u00c9NERO\"><img loading=\"lazy\" decoding=\"async\" width=\"150\" height=\"150\" src=\"https:\/\/ongelpaso.org.uy\/autonomias\/wp-content\/uploads\/2024\/03\/Seminario_2024-1-150x150.png\" class=\"attachment-thumbnail size-thumbnail wp-post-image\" alt=\"\" style=\"max-width:150px;max-height:150px;\" srcset=\"https:\/\/ongelpaso.org.uy\/autonomias\/wp-content\/uploads\/2024\/03\/Seminario_2024-1-150x150.png 150w, https:\/\/ongelpaso.org.uy\/autonomias\/wp-content\/uploads\/2024\/03\/Seminario_2024-1-300x300.png 300w, https:\/\/ongelpaso.org.uy\/autonomias\/wp-content\/uploads\/2024\/03\/Seminario_2024-1-1024x1024.png 1024w, https:\/\/ongelpaso.org.uy\/autonomias\/wp-content\/uploads\/2024\/03\/Seminario_2024-1-768x768.png 768w, https:\/\/ongelpaso.org.uy\/autonomias\/wp-content\/uploads\/2024\/03\/Seminario_2024-1.png 1080w\" sizes=\"auto, (max-width: 150px) 100vw, 150px\" \/><\/a><\/div><a class=\"wp-block-latest-posts__post-title\" href=\"https:\/\/ongelpaso.org.uy\/autonomias\/inscripciones-abiertas-para-el-seminario-de-la-impunidad-a-la-autonomia-estrategias\/\">INSCRIPCIONES ABIERTAS PARA EL SEMINARIO \u00abDE LA IMPUNIDAD A LA AUTONOM\u00cdA\u00bb, ESTRATEGIAS Y ACCIONES PARA DEFENDER UNA VIDA LIBRE DE VIOLENCIA DE G\u00c9NERO<\/a><div class=\"wp-block-latest-posts__post-excerpt\">&#128266; Escuchar El Proyecto Autonom\u00edas Colectivas ha desarrollado distintas actividades y estudios sobre diversas violencias basadas en g\u00e9nero. Como cierre del proyecto, nos proponemos generar un espacio de debate abierto y p\u00fablico para construir herramientas y caminos posibles hacia&#8230; <a class=\"wp-block-latest-posts__read-more\" href=\"https:\/\/ongelpaso.org.uy\/autonomias\/inscripciones-abiertas-para-el-seminario-de-la-impunidad-a-la-autonomia-estrategias\/\" rel=\"noopener noreferrer\">Lee m\u00e1s<span class=\"screen-reader-text\">: INSCRIPCIONES ABIERTAS PARA EL SEMINARIO \u00abDE LA IMPUNIDAD A LA AUTONOM\u00cdA\u00bb, ESTRATEGIAS Y ACCIONES PARA DEFENDER UNA VIDA LIBRE DE VIOLENCIA DE G\u00c9NERO<\/span><\/a><\/div><\/li>\n<li><a class=\"wp-block-latest-posts__post-title\" href=\"https:\/\/ongelpaso.org.uy\/autonomias\/la-sociedad-civil-presento-la-situacion-de-uruguay-ante-el-examen-periodico-universal-de-naciones-unidas\/\">LA SOCIEDAD CIVIL PRESENT\u00d3 LA SITUACI\u00d3N DE URUGUAY ANTE EL EXAMEN PERI\u00d3DICO UNIVERSAL DE NACIONES UNIDAS<\/a><div class=\"wp-block-latest-posts__post-excerpt\">&#128266; Escuchar El viernes 16 de febrero fueron presentados en Ginebra los informes alternativos enviados por la sociedad civil para el Examen Peri\u00f3dico Universal, que revisar\u00e1 la situaci\u00f3n del Estado uruguayo en mayo de 2024. Descarg\u00e1 aqu\u00ed el informe&#8230; <a class=\"wp-block-latest-posts__read-more\" href=\"https:\/\/ongelpaso.org.uy\/autonomias\/la-sociedad-civil-presento-la-situacion-de-uruguay-ante-el-examen-periodico-universal-de-naciones-unidas\/\" rel=\"noopener noreferrer\">Lee m\u00e1s<span class=\"screen-reader-text\">: LA SOCIEDAD CIVIL PRESENT\u00d3 LA SITUACI\u00d3N DE URUGUAY ANTE EL EXAMEN PERI\u00d3DICO UNIVERSAL DE NACIONES UNIDAS<\/span><\/a><\/div><\/li>\n<li><div class=\"wp-block-latest-posts__featured-image alignleft\"><a href=\"https:\/\/ongelpaso.org.uy\/autonomias\/realizamos-en-las-pioneras-la-actividad-violencia-de-genero-y-violencia-generacional-la-construccion-de-vinculos-sexoafectivos-libres-de-violencia-en-las-adolescencias\/\" aria-label=\"ACTIVIDAD \u00abVIOLENCIA DE G\u00c9NERO Y VIOLENCIA GENERACIONAL. LA CONSTRUCCI\u00d3N DE V\u00cdNCULOS SEXOAFECTIVOS LIBRES DE VIOLENCIA EN LAS ADOLESCENCIAS\u00bb\"><img loading=\"lazy\" decoding=\"async\" width=\"150\" height=\"150\" src=\"https:\/\/ongelpaso.org.uy\/autonomias\/wp-content\/uploads\/2023\/12\/WhatsApp-Image-2023-12-07-at-12.24.19-150x150.jpeg\" class=\"attachment-thumbnail size-thumbnail wp-post-image\" alt=\"\" style=\"max-width:150px;max-height:150px;\" \/><\/a><\/div><a class=\"wp-block-latest-posts__post-title\" href=\"https:\/\/ongelpaso.org.uy\/autonomias\/realizamos-en-las-pioneras-la-actividad-violencia-de-genero-y-violencia-generacional-la-construccion-de-vinculos-sexoafectivos-libres-de-violencia-en-las-adolescencias\/\">ACTIVIDAD \u00abVIOLENCIA DE G\u00c9NERO Y VIOLENCIA GENERACIONAL. LA CONSTRUCCI\u00d3N DE V\u00cdNCULOS SEXOAFECTIVOS LIBRES DE VIOLENCIA EN LAS ADOLESCENCIAS\u00bb<\/a><div class=\"wp-block-latest-posts__post-excerpt\">&#128266; Escuchar La fresca y lluviosa tarde del martes 5 de diciembre no impidi\u00f3 que dentro del espacio de Las Pioneras se desarrollara un c\u00e1lido y revitalizante intercambio sobre las violencias de g\u00e9nero y generacionales, que cont\u00f3 con la&#8230; <a class=\"wp-block-latest-posts__read-more\" href=\"https:\/\/ongelpaso.org.uy\/autonomias\/realizamos-en-las-pioneras-la-actividad-violencia-de-genero-y-violencia-generacional-la-construccion-de-vinculos-sexoafectivos-libres-de-violencia-en-las-adolescencias\/\" rel=\"noopener noreferrer\">Lee m\u00e1s<span class=\"screen-reader-text\">: ACTIVIDAD \u00abVIOLENCIA DE G\u00c9NERO Y VIOLENCIA GENERACIONAL. LA CONSTRUCCI\u00d3N DE V\u00cdNCULOS SEXOAFECTIVOS LIBRES DE VIOLENCIA EN LAS ADOLESCENCIAS\u00bb<\/span><\/a><\/div><\/li>\n<li><div class=\"wp-block-latest-posts__featured-image alignleft\"><a href=\"https:\/\/ongelpaso.org.uy\/autonomias\/realizamos-en-paysandu-el-conversatorio-sobre-explotacion-sexual-y-trata-de-personas\/\" aria-label=\"REALIZAMOS EN PAYSAND\u00da EL CONVERSATORIO SOBRE EXPLOTACI\u00d3N SEXUAL Y TRATA DE PERSONAS\"><img loading=\"lazy\" decoding=\"async\" width=\"150\" height=\"150\" src=\"https:\/\/ongelpaso.org.uy\/autonomias\/wp-content\/uploads\/2023\/12\/WhatsApp-Image-2023-12-07-at-12.22.50-150x150.jpeg\" class=\"attachment-thumbnail size-thumbnail wp-post-image\" alt=\"\" style=\"max-width:150px;max-height:150px;\" \/><\/a><\/div><a class=\"wp-block-latest-posts__post-title\" href=\"https:\/\/ongelpaso.org.uy\/autonomias\/realizamos-en-paysandu-el-conversatorio-sobre-explotacion-sexual-y-trata-de-personas\/\">REALIZAMOS EN PAYSAND\u00da EL CONVERSATORIO SOBRE EXPLOTACI\u00d3N SEXUAL Y TRATA DE PERSONAS<\/a><div class=\"wp-block-latest-posts__post-excerpt\">&#128266; Escuchar La actividad present\u00f3 el Informe \u00abM\u00e1s invisibles. La trata y la pandemia\u00bb, y una mesa de intercambio sobre las dificultades en la detecci\u00f3n de explotaci\u00f3n sexual en infancias y adolescencias, en especial la que ocurre en medios&#8230; <a class=\"wp-block-latest-posts__read-more\" href=\"https:\/\/ongelpaso.org.uy\/autonomias\/realizamos-en-paysandu-el-conversatorio-sobre-explotacion-sexual-y-trata-de-personas\/\" rel=\"noopener noreferrer\">Lee m\u00e1s<span class=\"screen-reader-text\">: REALIZAMOS EN PAYSAND\u00da EL CONVERSATORIO SOBRE EXPLOTACI\u00d3N SEXUAL Y TRATA DE PERSONAS<\/span><\/a><\/div><\/li>\n<li><div class=\"wp-block-latest-posts__featured-image alignleft\"><a href=\"https:\/\/ongelpaso.org.uy\/autonomias\/realizamos-el-conversatorio-no-son-cifras-son-mujeres-en-young\/\" aria-label=\"REALIZAMOS EL CONVERSATORIO NO SON CIFRAS, SON MUJERES EN YOUNG\"><img loading=\"lazy\" decoding=\"async\" width=\"150\" height=\"150\" src=\"https:\/\/ongelpaso.org.uy\/autonomias\/wp-content\/uploads\/2023\/12\/WhatsApp-Image-2023-12-07-at-12.22.42-1-150x150.jpeg\" class=\"attachment-thumbnail size-thumbnail wp-post-image\" alt=\"\" style=\"max-width:150px;max-height:150px;\" \/><\/a><\/div><a class=\"wp-block-latest-posts__post-title\" href=\"https:\/\/ongelpaso.org.uy\/autonomias\/realizamos-el-conversatorio-no-son-cifras-son-mujeres-en-young\/\">REALIZAMOS EL CONVERSATORIO NO SON CIFRAS, SON MUJERES EN YOUNG<\/a><div class=\"wp-block-latest-posts__post-excerpt\">&#128266; Escuchar El pasado 20 de setiembre de 2023 llevamos adelante en conjunto con Feminicidio Uruguay una actividad de Conversatorio sobre feminicidios en Uruguay, y en la zona del litoral del pa\u00eds. La actividad se organiz\u00f3 con compa\u00f1eras de&#8230; <a class=\"wp-block-latest-posts__read-more\" href=\"https:\/\/ongelpaso.org.uy\/autonomias\/realizamos-el-conversatorio-no-son-cifras-son-mujeres-en-young\/\" rel=\"noopener noreferrer\">Lee m\u00e1s<span class=\"screen-reader-text\">: REALIZAMOS EL CONVERSATORIO NO SON CIFRAS, SON MUJERES EN YOUNG<\/span><\/a><\/div><\/li>\n<\/ul><\/div>\n<\/div>\n\n\n\n<div class=\"wp-block-buttons is-layout-flex wp-block-buttons-is-layout-flex\">\n<div class=\"wp-block-button\"><a class=\"wp-block-button__link wp-element-button\" href=\"https:\/\/ongelpaso.org.uy\/autonomias\/noticias\/\">Ver todas las noticias<\/a><\/div>\n<\/div>\n\n\n\n<hr class=\"wp-block-separator has-alpha-channel-opacity\"\/>\n\n\n\n<div style=\"height:4em\" aria-hidden=\"true\" class=\"wp-block-spacer\"><\/div>\n\n\n\n<h2 class=\"wp-block-heading alignfull has-text-align-left has-white-color has-text-color has-background\" id=\"notas-de-prensa-relacionadas-a-violencia-sexual\" style=\"background-color:#311c48;font-style:normal;font-weight:600;text-transform:uppercase\"><strong>DIMENSIONES<\/strong><\/h2>\n\n\n\n<div class=\"wp-block-columns is-layout-flex wp-container-core-columns-is-layout-28f84493 wp-block-columns-is-layout-flex\">\n<div class=\"wp-block-column is-layout-flow wp-block-column-is-layout-flow\" style=\"flex-basis:100%\">\n<div class=\"wp-block-columns has-huge-font-size is-layout-flex wp-container-core-columns-is-layout-28f84493 wp-block-columns-is-layout-flex\">\n<div class=\"wp-block-column is-layout-flow wp-block-column-is-layout-flow\" style=\"flex-basis:100%\">\n<div class=\"wp-block-columns is-layout-flex wp-container-core-columns-is-layout-28f84493 wp-block-columns-is-layout-flex\">\n<div class=\"wp-block-column is-vertically-aligned-stretch has-normal-font-size is-layout-flow wp-block-column-is-layout-flow\" style=\"flex-basis:100%\">\n<figure class=\"wp-block-gallery has-nested-images columns-8 slideautonomias wp-block-gallery-1 is-layout-flex wp-block-gallery-is-layout-flex\">\n<figure class=\"wp-block-image size-thumbnail\"><img loading=\"lazy\" decoding=\"async\" width=\"150\" height=\"150\" data-id=\"2491\" src=\"https:\/\/ongelpaso.org.uy\/autonomias\/wp-content\/uploads\/2024\/01\/vd_autonomias-removebg-preview-150x150.png\" alt=\"\" class=\"wp-image-2491\" title=\"Violencia dom\u00e9stica\" srcset=\"https:\/\/ongelpaso.org.uy\/autonomias\/wp-content\/uploads\/2024\/01\/vd_autonomias-removebg-preview-150x150.png 150w, https:\/\/ongelpaso.org.uy\/autonomias\/wp-content\/uploads\/2024\/01\/vd_autonomias-removebg-preview-300x300.png 300w, https:\/\/ongelpaso.org.uy\/autonomias\/wp-content\/uploads\/2024\/01\/vd_autonomias-removebg-preview.png 362w\" sizes=\"auto, (max-width: 150px) 100vw, 150px\" \/><figcaption class=\"wp-element-caption\"><a href=\"https:\/\/ongelpaso.org.uy\/autonomias\/temas-y-dimensiones\/violencia-domestica\/\" target=\"_blank\" rel=\"noreferrer noopener\">Violencia Dom\u00e9stica<\/a><\/figcaption><\/figure>\n\n\n\n<figure class=\"wp-block-image size-thumbnail\"><a href=\"https:\/\/ongelpaso.org.uy\/autonomias\/temas-y-dimensiones\/trata\/\"><img loading=\"lazy\" decoding=\"async\" width=\"150\" height=\"150\" data-id=\"2492\" src=\"https:\/\/ongelpaso.org.uy\/autonomias\/wp-content\/uploads\/2024\/01\/iconotrata-removebg-preview-1-150x150.png\" alt=\"\" class=\"wp-image-2492\" title=\"Trata de personas\"\/><\/a><figcaption class=\"wp-element-caption\"><a href=\"https:\/\/ongelpaso.org.uy\/autonomias\/temas-y-dimensiones\/trata\/\" data-type=\"link\" data-id=\"https:\/\/ongelpaso.org.uy\/autonomias\/temas-y-dimensiones\/trata\/\">Trata de personas<\/a><\/figcaption><\/figure>\n\n\n\n<figure class=\"wp-block-image size-full\"><img loading=\"lazy\" decoding=\"async\" width=\"500\" height=\"500\" data-id=\"2489\" src=\"https:\/\/ongelpaso.org.uy\/autonomias\/wp-content\/uploads\/2024\/01\/f5069d33-86ee-42fd-bb4a-673bdb470641-removebg-preview-1.png\" alt=\"\" class=\"wp-image-2489\" title=\"Toma de decisiones\" srcset=\"https:\/\/ongelpaso.org.uy\/autonomias\/wp-content\/uploads\/2024\/01\/f5069d33-86ee-42fd-bb4a-673bdb470641-removebg-preview-1.png 500w, https:\/\/ongelpaso.org.uy\/autonomias\/wp-content\/uploads\/2024\/01\/f5069d33-86ee-42fd-bb4a-673bdb470641-removebg-preview-1-300x300.png 300w, https:\/\/ongelpaso.org.uy\/autonomias\/wp-content\/uploads\/2024\/01\/f5069d33-86ee-42fd-bb4a-673bdb470641-removebg-preview-1-150x150.png 150w\" sizes=\"auto, (max-width: 500px) 100vw, 500px\" \/><figcaption class=\"wp-element-caption\"><a href=\"https:\/\/ongelpaso.org.uy\/autonomias\/temas-y-dimensiones\/toma-de-decisiones\/\" data-type=\"link\" data-id=\"https:\/\/ongelpaso.org.uy\/autonomias\/temas-y-dimensiones\/toma-de-decisiones\/\">Violencia en la toma de decisiones<\/a><\/figcaption><\/figure>\n\n\n\n<figure class=\"wp-block-image size-full\"><img loading=\"lazy\" decoding=\"async\" width=\"500\" height=\"500\" data-id=\"2479\" src=\"https:\/\/ongelpaso.org.uy\/autonomias\/wp-content\/uploads\/2024\/01\/905b7da7-b19b-4854-bca0-17e6cce3bd23-removebg-preview.png\" alt=\"\" class=\"wp-image-2479\" title=\"Violencia femicida\" srcset=\"https:\/\/ongelpaso.org.uy\/autonomias\/wp-content\/uploads\/2024\/01\/905b7da7-b19b-4854-bca0-17e6cce3bd23-removebg-preview.png 500w, https:\/\/ongelpaso.org.uy\/autonomias\/wp-content\/uploads\/2024\/01\/905b7da7-b19b-4854-bca0-17e6cce3bd23-removebg-preview-300x300.png 300w, https:\/\/ongelpaso.org.uy\/autonomias\/wp-content\/uploads\/2024\/01\/905b7da7-b19b-4854-bca0-17e6cce3bd23-removebg-preview-150x150.png 150w\" sizes=\"auto, (max-width: 500px) 100vw, 500px\" \/><figcaption class=\"wp-element-caption\"><a href=\"https:\/\/ongelpaso.org.uy\/autonomias\/temas-y-dimensiones\/violencia-femicida\/\" data-type=\"link\" data-id=\"https:\/\/ongelpaso.org.uy\/autonomias\/temas-y-dimensiones\/violencia-femicida\/\">Violencia Femicida<\/a><\/figcaption><\/figure>\n\n\n\n<figure class=\"wp-block-image size-full\"><img loading=\"lazy\" decoding=\"async\" width=\"500\" height=\"500\" data-id=\"2486\" src=\"https:\/\/ongelpaso.org.uy\/autonomias\/wp-content\/uploads\/2024\/01\/ninas-ninos-y-adolescentes-removebg-preview.png\" alt=\"\" class=\"wp-image-2486\" title=\"Ni\u00f1as, ni\u00f1os, y adolescentes\" srcset=\"https:\/\/ongelpaso.org.uy\/autonomias\/wp-content\/uploads\/2024\/01\/ninas-ninos-y-adolescentes-removebg-preview.png 500w, https:\/\/ongelpaso.org.uy\/autonomias\/wp-content\/uploads\/2024\/01\/ninas-ninos-y-adolescentes-removebg-preview-300x300.png 300w, https:\/\/ongelpaso.org.uy\/autonomias\/wp-content\/uploads\/2024\/01\/ninas-ninos-y-adolescentes-removebg-preview-150x150.png 150w\" sizes=\"auto, (max-width: 500px) 100vw, 500px\" \/><figcaption class=\"wp-element-caption\"><a href=\"https:\/\/ongelpaso.org.uy\/autonomias\/temas-y-dimensiones\/ninas-ninos-y-adolescentes\/\" data-type=\"link\" data-id=\"https:\/\/ongelpaso.org.uy\/autonomias\/temas-y-dimensiones\/ninas-ninos-y-adolescentes\/\">Ni\u00f1as, ni\u00f1os y adolescentes<\/a><\/figcaption><\/figure>\n\n\n\n<figure class=\"wp-block-image size-full\"><img loading=\"lazy\" decoding=\"async\" width=\"500\" height=\"500\" data-id=\"2480\" src=\"https:\/\/ongelpaso.org.uy\/autonomias\/wp-content\/uploads\/2024\/01\/acceso-a-la-removebg-preview.png\" alt=\"\" class=\"wp-image-2480\" title=\"Acceso a la justicia\" srcset=\"https:\/\/ongelpaso.org.uy\/autonomias\/wp-content\/uploads\/2024\/01\/acceso-a-la-removebg-preview.png 500w, https:\/\/ongelpaso.org.uy\/autonomias\/wp-content\/uploads\/2024\/01\/acceso-a-la-removebg-preview-300x300.png 300w, https:\/\/ongelpaso.org.uy\/autonomias\/wp-content\/uploads\/2024\/01\/acceso-a-la-removebg-preview-150x150.png 150w\" sizes=\"auto, (max-width: 500px) 100vw, 500px\" \/><figcaption class=\"wp-element-caption\"><a href=\"https:\/\/ongelpaso.org.uy\/autonomias\/temas-y-dimensiones\/acceso-a-la-justicia\/\" data-type=\"link\" data-id=\"https:\/\/ongelpaso.org.uy\/autonomias\/temas-y-dimensiones\/acceso-a-la-justicia\/\">Acceso a la justicia<\/a><\/figcaption><\/figure>\n\n\n\n<figure class=\"wp-block-image size-full\"><img loading=\"lazy\" decoding=\"async\" width=\"500\" height=\"500\" data-id=\"2488\" src=\"https:\/\/ongelpaso.org.uy\/autonomias\/wp-content\/uploads\/2024\/01\/violencia-sexual-removebg-preview.png\" alt=\"\" class=\"wp-image-2488\" title=\"Violencia sexual\" srcset=\"https:\/\/ongelpaso.org.uy\/autonomias\/wp-content\/uploads\/2024\/01\/violencia-sexual-removebg-preview.png 500w, https:\/\/ongelpaso.org.uy\/autonomias\/wp-content\/uploads\/2024\/01\/violencia-sexual-removebg-preview-300x300.png 300w, https:\/\/ongelpaso.org.uy\/autonomias\/wp-content\/uploads\/2024\/01\/violencia-sexual-removebg-preview-150x150.png 150w\" sizes=\"auto, (max-width: 500px) 100vw, 500px\" \/><figcaption class=\"wp-element-caption\"><a href=\"https:\/\/ongelpaso.org.uy\/autonomias\/temas-y-dimensiones\/violencia-sexual\/\" data-type=\"link\" data-id=\"https:\/\/ongelpaso.org.uy\/autonomias\/temas-y-dimensiones\/violencia-sexual\/\">Violencia Sexual<\/a><\/figcaption><\/figure>\n\n\n\n<figure class=\"wp-block-image size-full\"><img loading=\"lazy\" decoding=\"async\" width=\"500\" height=\"500\" data-id=\"2487\" src=\"https:\/\/ongelpaso.org.uy\/autonomias\/wp-content\/uploads\/2024\/01\/violencia-economica-removebg-preview.png\" alt=\"\" class=\"wp-image-2487\" title=\"Violencia econ\u00f3mica\" srcset=\"https:\/\/ongelpaso.org.uy\/autonomias\/wp-content\/uploads\/2024\/01\/violencia-economica-removebg-preview.png 500w, https:\/\/ongelpaso.org.uy\/autonomias\/wp-content\/uploads\/2024\/01\/violencia-economica-removebg-preview-300x300.png 300w, https:\/\/ongelpaso.org.uy\/autonomias\/wp-content\/uploads\/2024\/01\/violencia-economica-removebg-preview-150x150.png 150w\" sizes=\"auto, (max-width: 500px) 100vw, 500px\" \/><figcaption class=\"wp-element-caption\"><a href=\"https:\/\/ongelpaso.org.uy\/autonomias\/temas-y-dimensiones\/violencia-economica\/\" data-type=\"link\" data-id=\"https:\/\/ongelpaso.org.uy\/autonomias\/temas-y-dimensiones\/violencia-economica\/\">Violencia Econ\u00f3mica<\/a><\/figcaption><\/figure>\n<\/figure>\n<\/div>\n<\/div>\n<\/div>\n<\/div>\n<\/div>\n<\/div>\n\n\n\n<div class=\"wp-block-columns is-layout-flex wp-container-core-columns-is-layout-28f84493 wp-block-columns-is-layout-flex\">\n<div class=\"wp-block-column is-layout-flow wp-block-column-is-layout-flow\" style=\"flex-basis:25%\">\n<h2 class=\"wp-block-heading\" id=\"autonomias\">Autonom\u00edas:<\/h2>\n<\/div>\n\n\n\n<div class=\"wp-block-column is-layout-flow wp-block-column-is-layout-flow\"><div class=\"wp-block-image\">\n<figure class=\"aligncenter size-full is-resized\"><img loading=\"lazy\" decoding=\"async\" width=\"1000\" height=\"1000\" src=\"https:\/\/ongelpaso.org.uy\/autonomias\/wp-content\/uploads\/2021\/12\/autonomia-fisica.jpg\" alt=\"\" class=\"wp-image-1136\" style=\"width:140px;height:140px\" srcset=\"https:\/\/ongelpaso.org.uy\/autonomias\/wp-content\/uploads\/2021\/12\/autonomia-fisica.jpg 1000w, https:\/\/ongelpaso.org.uy\/autonomias\/wp-content\/uploads\/2021\/12\/autonomia-fisica-300x300.jpg 300w, https:\/\/ongelpaso.org.uy\/autonomias\/wp-content\/uploads\/2021\/12\/autonomia-fisica-150x150.jpg 150w, https:\/\/ongelpaso.org.uy\/autonomias\/wp-content\/uploads\/2021\/12\/autonomia-fisica-768x768.jpg 768w\" sizes=\"auto, (max-width: 1000px) 100vw, 1000px\" \/><figcaption class=\"wp-element-caption\"><a href=\"https:\/\/ongelpaso.org.uy\/autonomias\/autonomias\/\"><strong>AUTONOM\u00cdA F\u00cdSICA<\/strong><\/a><\/figcaption><\/figure>\n<\/div><\/div>\n\n\n\n<div class=\"wp-block-column is-layout-flow wp-block-column-is-layout-flow\"><div class=\"wp-block-image\">\n<figure class=\"aligncenter size-full is-resized\"><a href=\"https:\/\/ongelpaso.org.uy\/autonomias\/autonomias\/\"><img loading=\"lazy\" decoding=\"async\" width=\"1000\" height=\"1000\" src=\"https:\/\/ongelpaso.org.uy\/autonomias\/wp-content\/uploads\/2021\/12\/autonomia-economica.jpg\" alt=\"\" class=\"wp-image-1137\" style=\"width:140px;height:140px\" srcset=\"https:\/\/ongelpaso.org.uy\/autonomias\/wp-content\/uploads\/2021\/12\/autonomia-economica.jpg 1000w, https:\/\/ongelpaso.org.uy\/autonomias\/wp-content\/uploads\/2021\/12\/autonomia-economica-300x300.jpg 300w, https:\/\/ongelpaso.org.uy\/autonomias\/wp-content\/uploads\/2021\/12\/autonomia-economica-150x150.jpg 150w, https:\/\/ongelpaso.org.uy\/autonomias\/wp-content\/uploads\/2021\/12\/autonomia-economica-768x768.jpg 768w\" sizes=\"auto, (max-width: 1000px) 100vw, 1000px\" \/><\/a><figcaption class=\"wp-element-caption\"><a href=\"https:\/\/ongelpaso.org.uy\/autonomias\/autonomias\/\"><strong>AUTONOM\u00cdA ECON\u00d3MICA <\/strong><\/a><\/figcaption><\/figure>\n<\/div><\/div>\n\n\n\n<div class=\"wp-block-column is-layout-flow wp-block-column-is-layout-flow\"><div class=\"wp-block-image\">\n<figure class=\"aligncenter size-full is-resized\"><a href=\"https:\/\/ongelpaso.org.uy\/autonomias\/autonomias\/\"><img loading=\"lazy\" decoding=\"async\" width=\"1000\" height=\"1000\" src=\"https:\/\/ongelpaso.org.uy\/autonomias\/wp-content\/uploads\/2021\/12\/autonomia-en-la-toma.jpg\" alt=\"\" class=\"wp-image-1138\" style=\"width:140px;height:140px\" srcset=\"https:\/\/ongelpaso.org.uy\/autonomias\/wp-content\/uploads\/2021\/12\/autonomia-en-la-toma.jpg 1000w, https:\/\/ongelpaso.org.uy\/autonomias\/wp-content\/uploads\/2021\/12\/autonomia-en-la-toma-300x300.jpg 300w, https:\/\/ongelpaso.org.uy\/autonomias\/wp-content\/uploads\/2021\/12\/autonomia-en-la-toma-150x150.jpg 150w, https:\/\/ongelpaso.org.uy\/autonomias\/wp-content\/uploads\/2021\/12\/autonomia-en-la-toma-768x768.jpg 768w\" sizes=\"auto, (max-width: 1000px) 100vw, 1000px\" \/><\/a><figcaption class=\"wp-element-caption\"><a href=\"https:\/\/ongelpaso.org.uy\/autonomias\/autonomias\/\"><strong>AUTONOM\u00cdA EN LA TOMA DE DECISIONES <\/strong><\/a><\/figcaption><\/figure>\n<\/div><\/div>\n<\/div>\n\n\n\n<div class=\"wp-block-cover alignfull ban01\" style=\"min-height:386px;aspect-ratio:unset;\"><span aria-hidden=\"true\" class=\"wp-block-cover__background has-background-dim-100 has-background-dim\" style=\"background-color:#1aac8f\"><\/span><div class=\"wp-block-cover__inner-container is-layout-flow wp-block-cover-is-layout-flow\">\n<p class=\"has-text-align-center has-white-color has-text-color has-large-font-size\">Ante una denuncia sobre una situaci\u00f3n de violencia sexual, \u00bfCu\u00e1les son los derechos y garant\u00edas de la v\u00edctima? \u00bfCu\u00e1les son los procedimientos institucionales y legales establecidos? <\/p>\n\n\n\n<p class=\"has-text-align-center destacaCTA has-white-color has-text-color has-huge-font-size\">Acced\u00e9 a los protocolos de actuaci\u00f3n <a rel=\"noreferrer noopener\" href=\"https:\/\/ongelpaso.org.uy\/autonomias\/protocolos-de-actuacion-ante-delitos-sexuales\/\" target=\"_blank\"><strong>aqu\u00ed<\/strong><\/a><\/p>\n<\/div><\/div>\n\n\n\n<div class=\"wp-block-columns is-layout-flex wp-container-core-columns-is-layout-28f84493 wp-block-columns-is-layout-flex\">\n<div class=\"wp-block-column is-layout-flow wp-block-column-is-layout-flow\" style=\"flex-basis:50%\">\n<h2 class=\"wp-block-heading h2minusculas\" id=\"comunicacion\">Comunicaci\u00f3n<\/h2>\n\n\n\n<p>La comunicaci\u00f3n es un&nbsp;<strong>aspecto transversal en el proyecto<\/strong>, busca fortalecer y apoyar en el alcance de los objetivos del mismo.<br>Todas las l\u00edneas del proyecto, incluidos los datos obtenidos por el Observatorio, se difundir\u00e1n a partir de campa\u00f1as de comunicaci\u00f3n con foco en&nbsp;<strong>informaci\u00f3n, sensibilizaci\u00f3n, educaci\u00f3n y acciones de incidencia y exigibilidad<\/strong>, orientadas a diversos p\u00fablicos y territorios.<br>Es fundamental en este enfoque de comunicaci\u00f3n de la acciones, considerar la voz y la participaci\u00f3n directa de las mujeres, sus miradas y reflexiones como los contenidos fundamentales para la definici\u00f3n de los mensajes. Esto apunta a hacer efectivo un lineamiento central de la perspectiva de Derechos Humanos que es la participaci\u00f3n protag\u00f3nica de las personas en los temas que les afectan.<\/p>\n\n\n\n<div class=\"wp-block-buttons is-layout-flex wp-block-buttons-is-layout-flex\">\n<div class=\"wp-block-button\"><a class=\"wp-block-button__link wp-element-button\" href=\"https:\/\/ongelpaso.org.uy\/autonomias\/campanas\/\">Ampliar<\/a><\/div>\n<\/div>\n<\/div>\n\n\n\n<div class=\"wp-block-column is-layout-flow wp-block-column-is-layout-flow\" style=\"flex-basis:50%\">\n<h2 class=\"wp-block-heading h2minusculas\" id=\"contacto\">Contacto<\/h2>\n\n\n\n<div class=\"wpcf7 no-js\" id=\"wpcf7-f187-o1\" lang=\"es-ES\" dir=\"ltr\" data-wpcf7-id=\"187\">\n<div class=\"screen-reader-response\"><p role=\"status\" aria-live=\"polite\" aria-atomic=\"true\"><\/p> <ul><\/ul><\/div>\n<form action=\"\/autonomias\/wp-json\/wp\/v2\/pages\/15#wpcf7-f187-o1\" method=\"post\" class=\"wpcf7-form init\" aria-label=\"Formulario de contacto\" novalidate=\"novalidate\" data-status=\"init\">\n<fieldset class=\"hidden-fields-container\"><input type=\"hidden\" name=\"_wpcf7\" value=\"187\" \/><input type=\"hidden\" name=\"_wpcf7_version\" value=\"6.1.3\" \/><input type=\"hidden\" name=\"_wpcf7_locale\" value=\"es_ES\" \/><input type=\"hidden\" name=\"_wpcf7_unit_tag\" value=\"wpcf7-f187-o1\" \/><input type=\"hidden\" name=\"_wpcf7_container_post\" value=\"0\" \/><input type=\"hidden\" name=\"_wpcf7_posted_data_hash\" value=\"\" \/>\n<\/fieldset>\n<p><label> Tu nombre<br \/>\n<span class=\"wpcf7-form-control-wrap\" data-name=\"your-name\"><input size=\"40\" maxlength=\"400\" class=\"wpcf7-form-control wpcf7-text wpcf7-validates-as-required\" aria-required=\"true\" aria-invalid=\"false\" value=\"\" type=\"text\" name=\"your-name\" \/><\/span> <\/label>\n<\/p>\n<p><label> Tu correo electr\u00f3nico<br \/>\n<span class=\"wpcf7-form-control-wrap\" data-name=\"your-email\"><input size=\"40\" maxlength=\"400\" class=\"wpcf7-form-control wpcf7-email wpcf7-validates-as-required wpcf7-text wpcf7-validates-as-email\" aria-required=\"true\" aria-invalid=\"false\" value=\"\" type=\"email\" name=\"your-email\" \/><\/span> <\/label>\n<\/p>\n<p><label> Asunto<br \/>\n<span class=\"wpcf7-form-control-wrap\" data-name=\"your-subject\"><input size=\"40\" maxlength=\"400\" class=\"wpcf7-form-control wpcf7-text wpcf7-validates-as-required\" aria-required=\"true\" aria-invalid=\"false\" value=\"\" type=\"text\" name=\"your-subject\" \/><\/span> <\/label>\n<\/p>\n<p><label> Tu mensaje (opcional)<br \/>\n<span class=\"wpcf7-form-control-wrap\" data-name=\"your-message\"><textarea cols=\"40\" rows=\"10\" maxlength=\"2000\" class=\"wpcf7-form-control wpcf7-textarea\" aria-invalid=\"false\" name=\"your-message\"><\/textarea><\/span> <\/label>\n<\/p>\n<p><input class=\"wpcf7-form-control wpcf7-submit has-spinner\" type=\"submit\" value=\"Enviar\" \/>\n<\/p><p style=\"display: none !important;\" class=\"akismet-fields-container\" data-prefix=\"_wpcf7_ak_\"><label>&#916;<textarea name=\"_wpcf7_ak_hp_textarea\" cols=\"45\" rows=\"8\" maxlength=\"100\"><\/textarea><\/label><input type=\"hidden\" id=\"ak_js_1\" name=\"_wpcf7_ak_js\" value=\"216\"\/><script>document.getElementById( \"ak_js_1\" ).setAttribute( \"value\", ( new Date() ).getTime() );<\/script><\/p><div class=\"wpcf7-response-output\" aria-hidden=\"true\"><\/div>\n<\/form>\n<\/div>\n\n<\/div>\n<\/div>\n\n\n","protected":false},"excerpt":{"rendered":"<p>&#128266; Escuchar \u00bfQui\u00e9nes somos? Autonom\u00edas Colectivas es un proyecto destinado a contribuir a la erradicaci\u00f3n de la violencia basada en g\u00e9nero en Uruguay, desde un enfoque de promoci\u00f3n y respeto de los Derechos Humanos, por medio de tres estrategias de trabajo: el trabajo con grupos de mujeres que han sufrido violencia sexual, la promoci\u00f3n de [&hellip;]<\/p>\n","protected":false},"author":1,"featured_media":0,"parent":0,"menu_order":0,"comment_status":"closed","ping_status":"closed","template":"","meta":{"footnotes":""},"class_list":["post-15","page","type-page","status-publish","hentry"],"_links":{"self":[{"href":"https:\/\/ongelpaso.org.uy\/autonomias\/wp-json\/wp\/v2\/pages\/15","targetHints":{"allow":["GET"]}}],"collection":[{"href":"https:\/\/ongelpaso.org.uy\/autonomias\/wp-json\/wp\/v2\/pages"}],"about":[{"href":"https:\/\/ongelpaso.org.uy\/autonomias\/wp-json\/wp\/v2\/types\/page"}],"author":[{"embeddable":true,"href":"https:\/\/ongelpaso.org.uy\/autonomias\/wp-json\/wp\/v2\/users\/1"}],"replies":[{"embeddable":true,"href":"https:\/\/ongelpaso.org.uy\/autonomias\/wp-json\/wp\/v2\/comments?post=15"}],"version-history":[{"count":364,"href":"https:\/\/ongelpaso.org.uy\/autonomias\/wp-json\/wp\/v2\/pages\/15\/revisions"}],"predecessor-version":[{"id":2583,"href":"https:\/\/ongelpaso.org.uy\/autonomias\/wp-json\/wp\/v2\/pages\/15\/revisions\/2583"}],"wp:attachment":[{"href":"https:\/\/ongelpaso.org.uy\/autonomias\/wp-json\/wp\/v2\/media?parent=15"}],"curies":[{"name":"wp","href":"https:\/\/api.w.org\/{rel}","templated":true}]}}