{"id":152,"date":"2021-10-29T13:30:51","date_gmt":"2021-10-29T13:30:51","guid":{"rendered":"https:\/\/www.ixohost.uy\/autonomias\/?page_id=152"},"modified":"2023-08-31T23:05:40","modified_gmt":"2023-08-31T23:05:40","slug":"recursos","status":"publish","type":"page","link":"https:\/\/ongelpaso.org.uy\/autonomias\/grupo-de-mujeres\/recursos\/","title":{"rendered":"Convocatorias"},"content":{"rendered":"<button id=\"listenButton1\" class=\"responsivevoice-button\" type=\"button\" value=\"Play\" title=\"ResponsiveVoice Tap to Start\/Stop Speech\"><span>&#128266; Escuchar<\/span><\/button>\n        <script>\n            listenButton1.onclick = function(){\n                if(responsiveVoice.isPlaying()){\n                    responsiveVoice.cancel();\n                }else{\n                    responsiveVoice.speak(\"En 2023: Convocatoria \\\"Grupo de mujeres que sufrieron de abuso sexual\\\" Comienzo: Agosto de 2023 Duraci\u00f3n: 6 meses. Lugar: Flores y Durazno Conversatorio \\\"Abuso sexual y grupos de mujeres para la reparaci\u00f3n\\\" Lugar: Cerro Largo Conversatorio \\\"Abuso sexual y grupos de mujeres para la reparaci\u00f3n\\\" Lugar: Flores Convocatoria \\\"Grupo de mujeres que sufrieron de abuso sexual\\\" Comienzo: Junio de 2023 Duraci\u00f3n: 6 meses. Lugar: Montevideo Convocatoria \\\"Grupo de mujeres que sufrieron de abuso sexual\\\" Comienzo: Marzo de 2023 Duraci\u00f3n: 6 meses. Lugar: Salto En 2022: Conversatorio sobre grupos reparatorios para mujeres que sufrieron abuso sexual En el marco del 25 de noviembre, D\u00eda Internacional de la Eliminaci\u00f3n de la Violencia contra la Mujer. el proyecto \u201cAutonom\u00edas colectivas contra la violencia de g\u00e9nero\u201d invita a todas las personas interesadas a participar de esta instancia. Lugar: Rivera Conversatorio sobre grupos reparatorios para mujeres que sufrieron abuso sexual En el marco del 25 de noviembre, D\u00eda Internacional de la Eliminaci\u00f3n de la Violencia contra la Mujer. el proyecto \u201cAutonom\u00edas colectivas contra la violencia de g\u00e9nero\u201d invita a todas las personas interesadas a participar de esta instancia. Lugar: Rivera Conversatorio sobre abuso sexual y grupos reparatorios para mujeres Autonom\u00edas Colectivas contra la Violencia de G\u00e9nero invita a todas las personas interesadas a participar de la presentaci\u00f3n de nuestra experiencia con grupos de mujeres que sufrieron abuso sexual, desde una perspectiva feminista. Lugar: Canelones Convocatoria a grupos de trabajo Desde el proyecto Autonom\u00edas Colectivas Contra la Violencia de G\u00e9nero se invit\u00f3 a todas aquellas mujeres mayores de 18 a\u00f1os que han sufrido violencia sexual a integrarse a un grupo de trabajo, donde abordar la experiencia desde una perspectiva feminista y facilitados por psic\u00f3logas. Se realiz\u00f3 en 2 localidades de Canelones: Las Piedras y Ciudad de la Costa. Duraci\u00f3n: 6 meses En 2021: Convocatoria a grupos de trabajo Desde el proyecto Autonom\u00edas Colectivas Contra la Violencia de G\u00e9nero se invit\u00f3 a todas aquellas mujeres mayores de 18 a\u00f1os que han sufrido violencia sexual a integrarse a un grupo de trabajo, donde abordar la experiencia desde una perspectiva feminista y facilitados por psic\u00f3logas. Se realiz\u00f3 en 4 localidades: 2 de Montevideo, y 2 de Canelones. Duraci\u00f3n: 6 meses Trabajo en grupos para mujeres que sufrieron y transitaron experiencias de abuso sexual desde una perspectiva feminista Comienzo: 5 de julio de 2021.Duraci\u00f3n: 2 meses.Cupos limitados.\", \"Spanish Latin American Female\");\n                }\n            };\n        <\/script>\n    \n<h2 class=\"wp-block-heading\">En 2023:<\/h2>\n\n\n\n<h2 class=\"wp-block-heading\"><\/h2>\n\n\n\n<p><\/p>\n\n\n\n<div class=\"wp-block-media-text alignwide is-stacked-on-mobile\" style=\"grid-template-columns:35% auto\"><figure class=\"wp-block-media-text__media\"><img loading=\"lazy\" decoding=\"async\" width=\"877\" height=\"876\" src=\"https:\/\/ongelpaso.org.uy\/autonomias\/wp-content\/uploads\/2023\/08\/Grupos-agosto-en-Flores-y-Durazno.png\" alt=\"\" class=\"wp-image-2155 size-full\" srcset=\"https:\/\/ongelpaso.org.uy\/autonomias\/wp-content\/uploads\/2023\/08\/Grupos-agosto-en-Flores-y-Durazno.png 877w, https:\/\/ongelpaso.org.uy\/autonomias\/wp-content\/uploads\/2023\/08\/Grupos-agosto-en-Flores-y-Durazno-300x300.png 300w, https:\/\/ongelpaso.org.uy\/autonomias\/wp-content\/uploads\/2023\/08\/Grupos-agosto-en-Flores-y-Durazno-150x150.png 150w, https:\/\/ongelpaso.org.uy\/autonomias\/wp-content\/uploads\/2023\/08\/Grupos-agosto-en-Flores-y-Durazno-768x767.png 768w\" sizes=\"auto, (max-width: 877px) 100vw, 877px\" \/><\/figure><div class=\"wp-block-media-text__content\">\n<p><strong>Convocatoria <\/strong>\u00abGrupo de mujeres que sufrieron de abuso sexual\u00bb<\/p>\n\n\n\n<p>Comienzo: Agosto de 2023<\/p>\n\n\n\n<p>Duraci\u00f3n: 6 meses.<\/p>\n\n\n\n<p>Lugar: Flores y Durazno<\/p>\n<\/div><\/div>\n\n\n\n<div class=\"wp-block-media-text alignwide is-stacked-on-mobile\" style=\"grid-template-columns:35% auto\"><figure class=\"wp-block-media-text__media\"><img loading=\"lazy\" decoding=\"async\" width=\"1024\" height=\"1024\" src=\"https:\/\/ongelpaso.org.uy\/autonomias\/wp-content\/uploads\/2023\/08\/Conversatorio-grupos-1024x1024.jpeg\" alt=\"\" class=\"wp-image-2154 size-full\" srcset=\"https:\/\/ongelpaso.org.uy\/autonomias\/wp-content\/uploads\/2023\/08\/Conversatorio-grupos-1024x1024.jpeg 1024w, https:\/\/ongelpaso.org.uy\/autonomias\/wp-content\/uploads\/2023\/08\/Conversatorio-grupos-300x300.jpeg 300w, https:\/\/ongelpaso.org.uy\/autonomias\/wp-content\/uploads\/2023\/08\/Conversatorio-grupos-150x150.jpeg 150w, https:\/\/ongelpaso.org.uy\/autonomias\/wp-content\/uploads\/2023\/08\/Conversatorio-grupos-768x768.jpeg 768w, https:\/\/ongelpaso.org.uy\/autonomias\/wp-content\/uploads\/2023\/08\/Conversatorio-grupos-1536x1536.jpeg 1536w, https:\/\/ongelpaso.org.uy\/autonomias\/wp-content\/uploads\/2023\/08\/Conversatorio-grupos.jpeg 1600w\" sizes=\"auto, (max-width: 1024px) 100vw, 1024px\" \/><\/figure><div class=\"wp-block-media-text__content\">\n<p><strong>Conversatorio <\/strong>\u00abAbuso sexual y grupos de mujeres para la reparaci\u00f3n\u00bb<\/p>\n\n\n\n<p>Lugar: Cerro Largo<\/p>\n<\/div><\/div>\n\n\n\n<div class=\"wp-block-media-text alignwide is-stacked-on-mobile\" style=\"grid-template-columns:35% auto\"><figure class=\"wp-block-media-text__media\"><img loading=\"lazy\" decoding=\"async\" width=\"1024\" height=\"1024\" src=\"https:\/\/ongelpaso.org.uy\/autonomias\/wp-content\/uploads\/2023\/08\/Conversatorio-grupos-Flores-1024x1024.jpeg\" alt=\"\" class=\"wp-image-2153 size-full\" srcset=\"https:\/\/ongelpaso.org.uy\/autonomias\/wp-content\/uploads\/2023\/08\/Conversatorio-grupos-Flores-1024x1024.jpeg 1024w, https:\/\/ongelpaso.org.uy\/autonomias\/wp-content\/uploads\/2023\/08\/Conversatorio-grupos-Flores-300x300.jpeg 300w, https:\/\/ongelpaso.org.uy\/autonomias\/wp-content\/uploads\/2023\/08\/Conversatorio-grupos-Flores-150x150.jpeg 150w, https:\/\/ongelpaso.org.uy\/autonomias\/wp-content\/uploads\/2023\/08\/Conversatorio-grupos-Flores-768x768.jpeg 768w, https:\/\/ongelpaso.org.uy\/autonomias\/wp-content\/uploads\/2023\/08\/Conversatorio-grupos-Flores-1536x1536.jpeg 1536w, https:\/\/ongelpaso.org.uy\/autonomias\/wp-content\/uploads\/2023\/08\/Conversatorio-grupos-Flores.jpeg 1600w\" sizes=\"auto, (max-width: 1024px) 100vw, 1024px\" \/><\/figure><div class=\"wp-block-media-text__content\">\n<p><strong>Conversatorio <\/strong>\u00abAbuso sexual y grupos de mujeres para la reparaci\u00f3n\u00bb<\/p>\n\n\n\n<p>Lugar: Flores<\/p>\n<\/div><\/div>\n\n\n\n<div class=\"wp-block-media-text alignwide is-stacked-on-mobile\" style=\"grid-template-columns:35% auto\"><figure class=\"wp-block-media-text__media\"><img loading=\"lazy\" decoding=\"async\" width=\"1024\" height=\"1024\" src=\"https:\/\/ongelpaso.org.uy\/autonomias\/wp-content\/uploads\/2023\/08\/Montevideo-2023-1024x1024.jpeg\" alt=\"\" class=\"wp-image-2156 size-full\" srcset=\"https:\/\/ongelpaso.org.uy\/autonomias\/wp-content\/uploads\/2023\/08\/Montevideo-2023-1024x1024.jpeg 1024w, https:\/\/ongelpaso.org.uy\/autonomias\/wp-content\/uploads\/2023\/08\/Montevideo-2023-300x300.jpeg 300w, https:\/\/ongelpaso.org.uy\/autonomias\/wp-content\/uploads\/2023\/08\/Montevideo-2023-150x150.jpeg 150w, https:\/\/ongelpaso.org.uy\/autonomias\/wp-content\/uploads\/2023\/08\/Montevideo-2023-768x768.jpeg 768w, https:\/\/ongelpaso.org.uy\/autonomias\/wp-content\/uploads\/2023\/08\/Montevideo-2023-1536x1536.jpeg 1536w, https:\/\/ongelpaso.org.uy\/autonomias\/wp-content\/uploads\/2023\/08\/Montevideo-2023.jpeg 1600w\" sizes=\"auto, (max-width: 1024px) 100vw, 1024px\" \/><\/figure><div class=\"wp-block-media-text__content\">\n<p><strong>Convocatoria <\/strong>\u00abGrupo de mujeres que sufrieron de abuso sexual\u00bb<\/p>\n\n\n\n<p>Comienzo: Junio de 2023<\/p>\n\n\n\n<p>Duraci\u00f3n: 6 meses.<\/p>\n\n\n\n<p>Lugar: Montevideo<\/p>\n\n\n\n<p><\/p>\n<\/div><\/div>\n\n\n\n<div class=\"wp-block-media-text alignwide is-stacked-on-mobile\" style=\"grid-template-columns:35% auto\"><figure class=\"wp-block-media-text__media\"><img loading=\"lazy\" decoding=\"async\" width=\"1024\" height=\"1024\" src=\"https:\/\/ongelpaso.org.uy\/autonomias\/wp-content\/uploads\/2023\/08\/grupo-SALTO-marzo-1024x1024.jpg\" alt=\"\" class=\"wp-image-2158 size-full\" srcset=\"https:\/\/ongelpaso.org.uy\/autonomias\/wp-content\/uploads\/2023\/08\/grupo-SALTO-marzo-1024x1024.jpg 1024w, https:\/\/ongelpaso.org.uy\/autonomias\/wp-content\/uploads\/2023\/08\/grupo-SALTO-marzo-300x300.jpg 300w, https:\/\/ongelpaso.org.uy\/autonomias\/wp-content\/uploads\/2023\/08\/grupo-SALTO-marzo-150x150.jpg 150w, https:\/\/ongelpaso.org.uy\/autonomias\/wp-content\/uploads\/2023\/08\/grupo-SALTO-marzo-768x768.jpg 768w, https:\/\/ongelpaso.org.uy\/autonomias\/wp-content\/uploads\/2023\/08\/grupo-SALTO-marzo-1536x1536.jpg 1536w, https:\/\/ongelpaso.org.uy\/autonomias\/wp-content\/uploads\/2023\/08\/grupo-SALTO-marzo-2048x2048.jpg 2048w\" sizes=\"auto, (max-width: 1024px) 100vw, 1024px\" \/><\/figure><div class=\"wp-block-media-text__content\">\n<p><strong>Convocatoria <\/strong>\u00abGrupo de mujeres que sufrieron de abuso sexual\u00bb<\/p>\n\n\n\n<p>Comienzo: Marzo de 2023<\/p>\n\n\n\n<p>Duraci\u00f3n: 6 meses.<\/p>\n\n\n\n<p>Lugar: Salto<\/p>\n<\/div><\/div>\n\n\n\n<h2 class=\"wp-block-heading\">En 2022:<\/h2>\n\n\n\n<h2 class=\"wp-block-heading\"><\/h2>\n\n\n\n<div class=\"wp-block-media-text alignwide is-stacked-on-mobile\" style=\"grid-template-columns:35% auto\"><figure class=\"wp-block-media-text__media\"><img loading=\"lazy\" decoding=\"async\" width=\"819\" height=\"1024\" src=\"https:\/\/ongelpaso.org.uy\/autonomias\/wp-content\/uploads\/2023\/03\/Martes-819x1024.png\" alt=\"\" class=\"wp-image-1889 size-full\" srcset=\"https:\/\/ongelpaso.org.uy\/autonomias\/wp-content\/uploads\/2023\/03\/Martes-819x1024.png 819w, https:\/\/ongelpaso.org.uy\/autonomias\/wp-content\/uploads\/2023\/03\/Martes-240x300.png 240w, https:\/\/ongelpaso.org.uy\/autonomias\/wp-content\/uploads\/2023\/03\/Martes-768x960.png 768w, https:\/\/ongelpaso.org.uy\/autonomias\/wp-content\/uploads\/2023\/03\/Martes.png 1080w\" sizes=\"auto, (max-width: 819px) 100vw, 819px\" \/><\/figure><div class=\"wp-block-media-text__content\">\n<p><strong>Conversatorio sobre grupos reparatorios para mujeres que sufrieron abuso sexual<\/strong><\/p>\n\n\n\n<p>En el marco del 25 de noviembre, D\u00eda Internacional de la Eliminaci\u00f3n de la Violencia contra la Mujer. el proyecto \u201cAutonom\u00edas colectivas contra la violencia de g\u00e9nero\u201d invita a todas las personas interesadas a participar de esta instancia.<\/p>\n\n\n\n<p>Lugar: Rivera<\/p>\n<\/div><\/div>\n\n\n\n<p><\/p>\n\n\n\n<p><\/p>\n\n\n\n<div class=\"wp-block-media-text alignwide is-stacked-on-mobile\" style=\"grid-template-columns:35% auto\"><figure class=\"wp-block-media-text__media\"><img loading=\"lazy\" decoding=\"async\" width=\"819\" height=\"1024\" src=\"https:\/\/ongelpaso.org.uy\/autonomias\/wp-content\/uploads\/2023\/03\/Lunes-819x1024.png\" alt=\"\" class=\"wp-image-1888 size-full\" srcset=\"https:\/\/ongelpaso.org.uy\/autonomias\/wp-content\/uploads\/2023\/03\/Lunes-819x1024.png 819w, https:\/\/ongelpaso.org.uy\/autonomias\/wp-content\/uploads\/2023\/03\/Lunes-240x300.png 240w, https:\/\/ongelpaso.org.uy\/autonomias\/wp-content\/uploads\/2023\/03\/Lunes-768x960.png 768w, https:\/\/ongelpaso.org.uy\/autonomias\/wp-content\/uploads\/2023\/03\/Lunes.png 1080w\" sizes=\"auto, (max-width: 819px) 100vw, 819px\" \/><\/figure><div class=\"wp-block-media-text__content\">\n<p><strong>Conversatorio sobre grupos reparatorios para mujeres que sufrieron abuso sexual<\/strong><\/p>\n\n\n\n<p>En el marco del 25 de noviembre, D\u00eda Internacional de la Eliminaci\u00f3n de la Violencia contra la Mujer. el proyecto \u201cAutonom\u00edas colectivas contra la violencia de g\u00e9nero\u201d invita a todas las personas interesadas a participar de esta instancia.<\/p>\n\n\n\n<p>Lugar: Rivera<\/p>\n<\/div><\/div>\n\n\n\n<p><\/p>\n\n\n\n<p><\/p>\n\n\n\n<div class=\"wp-block-group alignwide\"><div class=\"wp-block-group__inner-container is-layout-constrained wp-block-group-is-layout-constrained\">\n<div class=\"wp-block-media-text alignwide is-stacked-on-mobile\" style=\"grid-template-columns:35% auto\"><figure class=\"wp-block-media-text__media\"><img loading=\"lazy\" decoding=\"async\" width=\"1080\" height=\"1080\" src=\"https:\/\/ongelpaso.org.uy\/autonomias\/wp-content\/uploads\/2023\/03\/1.png\" alt=\"\" class=\"wp-image-1890 size-full\" srcset=\"https:\/\/ongelpaso.org.uy\/autonomias\/wp-content\/uploads\/2023\/03\/1.png 1080w, https:\/\/ongelpaso.org.uy\/autonomias\/wp-content\/uploads\/2023\/03\/1-300x300.png 300w, https:\/\/ongelpaso.org.uy\/autonomias\/wp-content\/uploads\/2023\/03\/1-1024x1024.png 1024w, https:\/\/ongelpaso.org.uy\/autonomias\/wp-content\/uploads\/2023\/03\/1-150x150.png 150w, https:\/\/ongelpaso.org.uy\/autonomias\/wp-content\/uploads\/2023\/03\/1-768x768.png 768w\" sizes=\"auto, (max-width: 1080px) 100vw, 1080px\" \/><\/figure><div class=\"wp-block-media-text__content\">\n<p><strong>Conversatorio sobre abuso sexual y grupos reparatorios para mujeres<\/strong><\/p>\n\n\n\n<p>Autonom\u00edas Colectivas contra la Violencia de G\u00e9nero invita a todas las personas interesadas a participar de la presentaci\u00f3n de nuestra experiencia con grupos de mujeres que sufrieron abuso sexual, desde una perspectiva feminista.<\/p>\n\n\n\n<p>Lugar: Canelones<\/p>\n<\/div><\/div>\n<\/div><\/div>\n\n\n\n<p><\/p>\n\n\n\n<p><\/p>\n\n\n\n<div class=\"wp-block-media-text alignwide is-stacked-on-mobile\" style=\"grid-template-columns:35% auto\"><figure class=\"wp-block-media-text__media\"><img loading=\"lazy\" decoding=\"async\" width=\"1024\" height=\"1024\" src=\"https:\/\/ongelpaso.org.uy\/autonomias\/wp-content\/uploads\/2023\/03\/Grupos-junio-2022-2-1024x1024.png\" alt=\"\" class=\"wp-image-1882 size-full\" srcset=\"https:\/\/ongelpaso.org.uy\/autonomias\/wp-content\/uploads\/2023\/03\/Grupos-junio-2022-2-1024x1024.png 1024w, https:\/\/ongelpaso.org.uy\/autonomias\/wp-content\/uploads\/2023\/03\/Grupos-junio-2022-2-300x300.png 300w, https:\/\/ongelpaso.org.uy\/autonomias\/wp-content\/uploads\/2023\/03\/Grupos-junio-2022-2-150x150.png 150w, https:\/\/ongelpaso.org.uy\/autonomias\/wp-content\/uploads\/2023\/03\/Grupos-junio-2022-2-768x768.png 768w, https:\/\/ongelpaso.org.uy\/autonomias\/wp-content\/uploads\/2023\/03\/Grupos-junio-2022-2.png 1080w\" sizes=\"auto, (max-width: 1024px) 100vw, 1024px\" \/><\/figure><div class=\"wp-block-media-text__content\">\n<p><strong>Convocatoria a grupos de trabajo<\/strong><\/p>\n\n\n\n<p>Desde el proyecto Autonom\u00edas Colectivas Contra la Violencia de G\u00e9nero se invit\u00f3 a todas aquellas mujeres mayores de 18 a\u00f1os que han sufrido violencia sexual a integrarse a un grupo de trabajo, donde abordar la experiencia desde una perspectiva feminista y facilitados por psic\u00f3logas.<\/p>\n\n\n\n<p>Se realiz\u00f3 en 2 localidades de Canelones: Las Piedras y Ciudad de la Costa.<\/p>\n\n\n\n<p>Duraci\u00f3n: 6 meses<\/p>\n<\/div><\/div>\n\n\n\n<p><\/p>\n\n\n\n<h2 class=\"wp-block-heading\">En 2021:<\/h2>\n\n\n\n<div class=\"wp-block-media-text alignwide is-stacked-on-mobile\" style=\"grid-template-columns:35% auto\"><figure class=\"wp-block-media-text__media\"><img loading=\"lazy\" decoding=\"async\" width=\"843\" height=\"843\" src=\"https:\/\/ongelpaso.org.uy\/autonomias\/wp-content\/uploads\/2023\/03\/Grupos-2021.png\" alt=\"\" class=\"wp-image-1880 size-full\" srcset=\"https:\/\/ongelpaso.org.uy\/autonomias\/wp-content\/uploads\/2023\/03\/Grupos-2021.png 843w, https:\/\/ongelpaso.org.uy\/autonomias\/wp-content\/uploads\/2023\/03\/Grupos-2021-300x300.png 300w, https:\/\/ongelpaso.org.uy\/autonomias\/wp-content\/uploads\/2023\/03\/Grupos-2021-150x150.png 150w, https:\/\/ongelpaso.org.uy\/autonomias\/wp-content\/uploads\/2023\/03\/Grupos-2021-768x768.png 768w\" sizes=\"auto, (max-width: 843px) 100vw, 843px\" \/><\/figure><div class=\"wp-block-media-text__content\">\n<p><strong>Convocatoria a grupos de trabajo<\/strong><\/p>\n\n\n\n<p>Desde el proyecto Autonom\u00edas Colectivas Contra la Violencia de G\u00e9nero se invit\u00f3 a todas aquellas mujeres mayores de 18 a\u00f1os que han sufrido violencia sexual a integrarse a un grupo de trabajo, donde abordar la experiencia desde una perspectiva feminista y facilitados por psic\u00f3logas.<\/p>\n\n\n\n<p>Se realiz\u00f3 en 4 localidades: 2 de Montevideo, y 2 de Canelones.<\/p>\n\n\n\n<p>Duraci\u00f3n: 6 meses<\/p>\n<\/div><\/div>\n\n\n\n<div class=\"wp-block-media-text alignwide is-stacked-on-mobile\" style=\"grid-template-columns:35% auto\"><figure class=\"wp-block-media-text__media\"><img loading=\"lazy\" decoding=\"async\" width=\"1024\" height=\"1024\" src=\"https:\/\/ongelpaso.org.uy\/autonomias\/wp-content\/uploads\/2023\/03\/Convocatoria-2021-1024x1024.png\" alt=\"\" class=\"wp-image-1915 size-full\" srcset=\"https:\/\/ongelpaso.org.uy\/autonomias\/wp-content\/uploads\/2023\/03\/Convocatoria-2021-1024x1024.png 1024w, https:\/\/ongelpaso.org.uy\/autonomias\/wp-content\/uploads\/2023\/03\/Convocatoria-2021-300x300.png 300w, https:\/\/ongelpaso.org.uy\/autonomias\/wp-content\/uploads\/2023\/03\/Convocatoria-2021-150x150.png 150w, https:\/\/ongelpaso.org.uy\/autonomias\/wp-content\/uploads\/2023\/03\/Convocatoria-2021-768x768.png 768w, https:\/\/ongelpaso.org.uy\/autonomias\/wp-content\/uploads\/2023\/03\/Convocatoria-2021.png 1080w\" sizes=\"auto, (max-width: 1024px) 100vw, 1024px\" \/><\/figure><div class=\"wp-block-media-text__content\">\n<p><strong>Trabajo en grupos para mujeres que sufrieron y transitaron experiencias de abuso sexual desde una perspectiva feminista<\/strong><\/p>\n\n\n\n<p>Comienzo: 5 de julio de 2021.<br>Duraci\u00f3n: 2 meses.<br>Cupos limitados.<\/p>\n<\/div><\/div>\n","protected":false},"excerpt":{"rendered":"<p>&#128266; Escuchar En 2023: Convocatoria \u00abGrupo de mujeres que sufrieron de abuso sexual\u00bb Comienzo: Agosto de 2023 Duraci\u00f3n: 6 meses. Lugar: Flores y Durazno Conversatorio \u00abAbuso sexual y grupos de mujeres para la reparaci\u00f3n\u00bb Lugar: Cerro Largo Conversatorio \u00abAbuso sexual y grupos de mujeres para la reparaci\u00f3n\u00bb Lugar: Flores Convocatoria \u00abGrupo de mujeres que sufrieron [&hellip;]<\/p>\n","protected":false},"author":1,"featured_media":0,"parent":150,"menu_order":1,"comment_status":"closed","ping_status":"closed","template":"","meta":{"footnotes":""},"class_list":["post-152","page","type-page","status-publish","hentry"],"_links":{"self":[{"href":"https:\/\/ongelpaso.org.uy\/autonomias\/wp-json\/wp\/v2\/pages\/152","targetHints":{"allow":["GET"]}}],"collection":[{"href":"https:\/\/ongelpaso.org.uy\/autonomias\/wp-json\/wp\/v2\/pages"}],"about":[{"href":"https:\/\/ongelpaso.org.uy\/autonomias\/wp-json\/wp\/v2\/types\/page"}],"author":[{"embeddable":true,"href":"https:\/\/ongelpaso.org.uy\/autonomias\/wp-json\/wp\/v2\/users\/1"}],"replies":[{"embeddable":true,"href":"https:\/\/ongelpaso.org.uy\/autonomias\/wp-json\/wp\/v2\/comments?post=152"}],"version-history":[{"count":11,"href":"https:\/\/ongelpaso.org.uy\/autonomias\/wp-json\/wp\/v2\/pages\/152\/revisions"}],"predecessor-version":[{"id":2159,"href":"https:\/\/ongelpaso.org.uy\/autonomias\/wp-json\/wp\/v2\/pages\/152\/revisions\/2159"}],"up":[{"embeddable":true,"href":"https:\/\/ongelpaso.org.uy\/autonomias\/wp-json\/wp\/v2\/pages\/150"}],"wp:attachment":[{"href":"https:\/\/ongelpaso.org.uy\/autonomias\/wp-json\/wp\/v2\/media?parent=152"}],"curies":[{"name":"wp","href":"https:\/\/api.w.org\/{rel}","templated":true}]}}