{"id":60,"date":"2021-10-28T13:52:10","date_gmt":"2021-10-28T13:52:10","guid":{"rendered":"https:\/\/www.ixohost.uy\/autonomias\/?page_id=60"},"modified":"2023-12-06T23:38:19","modified_gmt":"2023-12-06T23:38:19","slug":"temas-y-dimensiones","status":"publish","type":"page","link":"https:\/\/ongelpaso.org.uy\/autonomias\/temas-y-dimensiones\/","title":{"rendered":"Dimensiones"},"content":{"rendered":"<button id=\"listenButton1\" class=\"responsivevoice-button\" type=\"button\" value=\"Play\" title=\"ResponsiveVoice Tap to Start\/Stop Speech\"><span>&#128266; Escuchar<\/span><\/button>\n        <script>\n            listenButton1.onclick = function(){\n                if(responsiveVoice.isPlaying()){\n                    responsiveVoice.cancel();\n                }else{\n                    responsiveVoice.speak(\"A fin de visibilizar y analizar los m\u00faltiples \u00e1mbitos y formas espec\u00edficas que toman las violencias basadas en g\u00e9nero, definimos algunas dimensiones que consideramos fundamentales: Violencia dom\u00e9stica Violencia sexual Trata Violencia femicida Acceso a la justicia Ni\u00f1as, ni\u00f1os y adolescentes Violencia en la toma de decisiones Violencia econ\u00f3mica Autonom\u00edas: Autonom\u00eda f\u00edsica Autonom\u00eda econ\u00f3mica Autonom\u00eda en la toma de decisiones Definiciones generales de las violencias y las autonom\u00edas Violencia en el \u00e1mbito dom\u00e9stico \u2013 Refiere a toda acci\u00f3n u omisi\u00f3n, directa o indirecta, que menoscabe o limite ileg\u00edtimamente el libre ejercicio o goce de los derechos humanos de una mujer, ocasionada por una persona con la cual tenga o haya tenido una relaci\u00f3n de parentesco, matrimonio, noviazgo, afectiva o concubinaria.Violencias sexuales \u2013 Es toda acci\u00f3n que vulnere el derecho de la mujer a decidir voluntariamente sobre su vida sexual o reproductiva, a trav\u00e9s de amenazas, coerci\u00f3n, uso de la fuerza o intimidaci\u00f3n.Son formas de violencia sexual: la violaci\u00f3n dentro del matrimonio y de otras relaciones vinculares o de parentesco, exista o no convivencia, la transmisi\u00f3n intencional de infecciones de transmisi\u00f3n sexual (ITS), as\u00ed como la prostituci\u00f3n forzada y la trata sexual. Tambi\u00e9n es violencia sexual la implicaci\u00f3n de ni\u00f1as, ni\u00f1os y adolescentes en actividades sexuales con un adulto o con cualquier otra persona que se encuentre en situaci\u00f3n de ventaja frente a aquellos, sea por su edad, por razones de su mayor desarrollo f\u00edsico o mental, por la relaci\u00f3n de parentesco, afectiva o de confianza que lo une al ni\u00f1o o ni\u00f1a, por su ubicaci\u00f3n de autoridad o poder. Son formas de violencia sexual, entre otras, el abuso sexual, la explotaci\u00f3n sexual y la utilizaci\u00f3n en pornograf\u00eda.Trata - Trata es la captaci\u00f3n, el reclutamiento, el transporte, el traslado, la acogida, la recepci\u00f3n o el hospedaje de personas, dentro del territorio nacional o a trav\u00e9s de fronteras, aunque mediare el consentimiento de las mismas, con fines de explotaci\u00f3n. Sin perjuicio de otras formas de explotaci\u00f3n, se consideran como tales la explotaci\u00f3n sexual, el matrimonio forzado o servil, el embarazo forzado, los trabajos o servicios forzosos u obligatorios, la esclavitud o las pr\u00e1cticas an\u00e1logas a la esclavitud, la servidumbre, la explotaci\u00f3n laboral, la mendicidad forzada, la extracci\u00f3n o transferencia il\u00edcita de \u00f3rganos, tejidos o fluidos humanos y la venta de personas, especialmente de ni\u00f1os, ni\u00f1as o adolescentes.Violencia femicida - Es una acci\u00f3n de extrema violencia que atenta contra el derecho fundamental a la vida y causa la muerte de una mujer por el hecho de serlo, o la de sus hijas, hijos u otras personas a su cargo, con el prop\u00f3sito de causarle sufrimiento o da\u00f1o.Acceso a la justicia- Refiere al acceso a la justicia por parte de mujeres v\u00edctimas de violencia de g\u00e9nero, haciendo particular \u00e9nfasis en los servicios, obst\u00e1culos y pr\u00e1cticas del sistema de justicia.Ni\u00f1as, ni\u00f1os y adolescentes \u2013 Tomando en cuenta la legislaci\u00f3n nacional, nuestro C\u00f3digo de la Ni\u00f1ez y Adolescencia define entiende en su art\u00edculo 123 \\\"por maltrato o violencia sexual hacia ni\u00f1os, ni\u00f1as y adolescentes, toda forma de perjuicio, abuso o castigo f\u00edsico, ps\u00edquico o humillante, descuido o trato negligente, abuso sexual o explotaci\u00f3n sexual en todas sus modalidades, que ocurra en el \u00e1mbito familiar, institucional o comunitario. Tambi\u00e9n se entiende por maltrato hacia ni\u00f1as, ni\u00f1os y adolescentes su exposici\u00f3n a violencia basada en g\u00e9nero contra sus madres u otras personas a cargo de su cuidado.\\\"Violencia en la toma de decisiones \u2013 La violencia en la toma de decisiones implica toda acci\u00f3n que limite o menoscabe el derecho a la participaci\u00f3n y la toma de decisi\u00f3n en \u00e1mbitos pol\u00edticos, gubernamentales, parlamentarios; as\u00ed como la participaci\u00f3n social en general.Violencia econ\u00f3mica - Conducta que se dirige a limitar, controlar o impedir ingresos econ\u00f3micos de una mujer, incluyendo el no pago de obligaciones alimentarias, con el fin de menoscabar su autonom\u00eda.\", \"Spanish Latin American Female\");\n                }\n            };\n        <\/script>\n    \n<p class=\"h2minusculas has-text-color has-background\" style=\"color:#311c48;background-color:#1aab878c;font-size:31px;letter-spacing:0.5px\">A fin de visibilizar y analizar los m\u00faltiples \u00e1mbitos y formas espec\u00edficas que toman las violencias basadas en g\u00e9nero, definimos algunas dimensiones que consideramos fundamentales:<\/p>\n\n\n\n<div class=\"wp-block-columns is-layout-flex wp-container-core-columns-is-layout-28f84493 wp-block-columns-is-layout-flex\">\n<div class=\"wp-block-column is-layout-flow wp-block-column-is-layout-flow\"><div class=\"wp-block-image\">\n<figure class=\"aligncenter size-full is-resized\"><img loading=\"lazy\" decoding=\"async\" width=\"1000\" height=\"1000\" src=\"https:\/\/ongelpaso.org.uy\/autonomias\/wp-content\/uploads\/2023\/12\/vd_autonomias-removebg.png\" alt=\"\" class=\"wp-image-2411\" style=\"width:136px;height:auto\" srcset=\"https:\/\/ongelpaso.org.uy\/autonomias\/wp-content\/uploads\/2023\/12\/vd_autonomias-removebg.png 1000w, https:\/\/ongelpaso.org.uy\/autonomias\/wp-content\/uploads\/2023\/12\/vd_autonomias-removebg-300x300.png 300w, https:\/\/ongelpaso.org.uy\/autonomias\/wp-content\/uploads\/2023\/12\/vd_autonomias-removebg-150x150.png 150w, https:\/\/ongelpaso.org.uy\/autonomias\/wp-content\/uploads\/2023\/12\/vd_autonomias-removebg-768x768.png 768w\" sizes=\"auto, (max-width: 1000px) 100vw, 1000px\" \/><\/figure>\n<\/div>\n\n\n<h4 class=\"wp-block-heading has-text-align-center\"><a href=\"https:\/\/ongelpaso.org.uy\/autonomias\/temas-y-dimensiones\/violencia-domestica\/\" data-type=\"page\" data-id=\"62\">Violencia dom\u00e9stica<\/a><\/h4>\n<\/div>\n\n\n\n<div class=\"wp-block-column is-layout-flow wp-block-column-is-layout-flow\"><div class=\"wp-block-image\">\n<figure class=\"aligncenter size-full is-resized\"><img loading=\"lazy\" decoding=\"async\" width=\"500\" height=\"500\" src=\"https:\/\/ongelpaso.org.uy\/autonomias\/wp-content\/uploads\/2023\/12\/violencia-sexual-removebg-preview.png\" alt=\"\" class=\"wp-image-2421\" style=\"width:130px;height:auto\" srcset=\"https:\/\/ongelpaso.org.uy\/autonomias\/wp-content\/uploads\/2023\/12\/violencia-sexual-removebg-preview.png 500w, https:\/\/ongelpaso.org.uy\/autonomias\/wp-content\/uploads\/2023\/12\/violencia-sexual-removebg-preview-300x300.png 300w, https:\/\/ongelpaso.org.uy\/autonomias\/wp-content\/uploads\/2023\/12\/violencia-sexual-removebg-preview-150x150.png 150w\" sizes=\"auto, (max-width: 500px) 100vw, 500px\" \/><\/figure>\n<\/div>\n\n\n<h4 class=\"wp-block-heading has-text-align-center\"><a href=\"https:\/\/ongelpaso.org.uy\/autonomias\/temas-y-dimensiones\/violencia-sexual\/\" data-type=\"page\" data-id=\"64\">Violencia sexual<\/a><\/h4>\n<\/div>\n\n\n\n<div class=\"wp-block-column is-layout-flow wp-block-column-is-layout-flow\"><div class=\"wp-block-image\">\n<figure class=\"aligncenter size-full is-resized\"><img loading=\"lazy\" decoding=\"async\" width=\"360\" height=\"692\" src=\"https:\/\/ongelpaso.org.uy\/autonomias\/wp-content\/uploads\/2023\/12\/iconotrata-removebg-preview.png\" alt=\"\" class=\"wp-image-2413\" style=\"width:62px;height:auto\" srcset=\"https:\/\/ongelpaso.org.uy\/autonomias\/wp-content\/uploads\/2023\/12\/iconotrata-removebg-preview.png 360w, https:\/\/ongelpaso.org.uy\/autonomias\/wp-content\/uploads\/2023\/12\/iconotrata-removebg-preview-156x300.png 156w\" sizes=\"auto, (max-width: 360px) 100vw, 360px\" \/><\/figure>\n<\/div>\n\n\n<h4 class=\"wp-block-heading has-text-align-center\"> <a href=\"https:\/\/ongelpaso.org.uy\/autonomias\/temas-y-dimensiones\/trata\/\" data-type=\"page\" data-id=\"66\">Trata <\/a><\/h4>\n\n\n\n<p><\/p>\n<\/div>\n\n\n\n<div class=\"wp-block-column is-layout-flow wp-block-column-is-layout-flow\"><div class=\"wp-block-image\">\n<figure class=\"aligncenter size-full is-resized\"><img loading=\"lazy\" decoding=\"async\" width=\"500\" height=\"500\" src=\"https:\/\/ongelpaso.org.uy\/autonomias\/wp-content\/uploads\/2023\/12\/905b7da7-b19b-4854-bca0-17e6cce3bd23-removebg-preview-1.png\" alt=\"\" class=\"wp-image-2427\" style=\"width:110px;height:auto\" srcset=\"https:\/\/ongelpaso.org.uy\/autonomias\/wp-content\/uploads\/2023\/12\/905b7da7-b19b-4854-bca0-17e6cce3bd23-removebg-preview-1.png 500w, https:\/\/ongelpaso.org.uy\/autonomias\/wp-content\/uploads\/2023\/12\/905b7da7-b19b-4854-bca0-17e6cce3bd23-removebg-preview-1-300x300.png 300w, https:\/\/ongelpaso.org.uy\/autonomias\/wp-content\/uploads\/2023\/12\/905b7da7-b19b-4854-bca0-17e6cce3bd23-removebg-preview-1-150x150.png 150w\" sizes=\"auto, (max-width: 500px) 100vw, 500px\" \/><\/figure>\n<\/div>\n\n\n<h4 class=\"wp-block-heading has-text-align-center\"><a href=\"https:\/\/ongelpaso.org.uy\/autonomias\/temas-y-dimensiones\/violencia-femicida\/\" data-type=\"page\" data-id=\"68\">Violencia femicida<\/a><\/h4>\n<\/div>\n<\/div>\n\n\n\n<div class=\"wp-block-columns is-layout-flex wp-container-core-columns-is-layout-28f84493 wp-block-columns-is-layout-flex\">\n<div class=\"wp-block-column is-layout-flow wp-block-column-is-layout-flow\"><div class=\"wp-block-image\">\n<figure class=\"aligncenter size-full is-resized\"><img loading=\"lazy\" decoding=\"async\" width=\"500\" height=\"500\" src=\"https:\/\/ongelpaso.org.uy\/autonomias\/wp-content\/uploads\/2023\/12\/acceso-a-la-removebg-preview.png\" alt=\"\" class=\"wp-image-2428\" style=\"width:96px;height:auto\" srcset=\"https:\/\/ongelpaso.org.uy\/autonomias\/wp-content\/uploads\/2023\/12\/acceso-a-la-removebg-preview.png 500w, https:\/\/ongelpaso.org.uy\/autonomias\/wp-content\/uploads\/2023\/12\/acceso-a-la-removebg-preview-300x300.png 300w, https:\/\/ongelpaso.org.uy\/autonomias\/wp-content\/uploads\/2023\/12\/acceso-a-la-removebg-preview-150x150.png 150w\" sizes=\"auto, (max-width: 500px) 100vw, 500px\" \/><\/figure>\n<\/div>\n\n\n<h4 class=\"wp-block-heading has-text-align-center\"><a href=\"https:\/\/ongelpaso.org.uy\/autonomias\/temas-y-dimensiones\/acceso-a-la-justicia\/\" data-type=\"page\" data-id=\"70\">Acceso a la justicia<\/a><\/h4>\n<\/div>\n\n\n\n<div class=\"wp-block-column is-layout-flow wp-block-column-is-layout-flow\"><div class=\"wp-block-image\">\n<figure class=\"aligncenter size-full is-resized\"><img loading=\"lazy\" decoding=\"async\" width=\"500\" height=\"500\" src=\"https:\/\/ongelpaso.org.uy\/autonomias\/wp-content\/uploads\/2023\/12\/ninas-ninos-y-adolescentes-removebg-preview.png\" alt=\"\" class=\"wp-image-2430\" style=\"width:100px;height:auto\" srcset=\"https:\/\/ongelpaso.org.uy\/autonomias\/wp-content\/uploads\/2023\/12\/ninas-ninos-y-adolescentes-removebg-preview.png 500w, https:\/\/ongelpaso.org.uy\/autonomias\/wp-content\/uploads\/2023\/12\/ninas-ninos-y-adolescentes-removebg-preview-300x300.png 300w, https:\/\/ongelpaso.org.uy\/autonomias\/wp-content\/uploads\/2023\/12\/ninas-ninos-y-adolescentes-removebg-preview-150x150.png 150w\" sizes=\"auto, (max-width: 500px) 100vw, 500px\" \/><\/figure>\n<\/div>\n\n\n<h4 class=\"wp-block-heading has-text-align-center\"><a href=\"https:\/\/ongelpaso.org.uy\/autonomias\/temas-y-dimensiones\/ninas-ninos-y-adolescentes\/\" data-type=\"page\" data-id=\"72\">Ni\u00f1as, ni\u00f1os y adolescentes<\/a><\/h4>\n<\/div>\n\n\n\n<div class=\"wp-block-column is-layout-flow wp-block-column-is-layout-flow\"><div class=\"wp-block-image\">\n<figure class=\"aligncenter size-full is-resized\"><img loading=\"lazy\" decoding=\"async\" width=\"500\" height=\"500\" src=\"https:\/\/ongelpaso.org.uy\/autonomias\/wp-content\/uploads\/2023\/12\/f5069d33-86ee-42fd-bb4a-673bdb470641-removebg-preview.png\" alt=\"\" class=\"wp-image-2432\" style=\"width:90px;height:auto\" srcset=\"https:\/\/ongelpaso.org.uy\/autonomias\/wp-content\/uploads\/2023\/12\/f5069d33-86ee-42fd-bb4a-673bdb470641-removebg-preview.png 500w, https:\/\/ongelpaso.org.uy\/autonomias\/wp-content\/uploads\/2023\/12\/f5069d33-86ee-42fd-bb4a-673bdb470641-removebg-preview-300x300.png 300w, https:\/\/ongelpaso.org.uy\/autonomias\/wp-content\/uploads\/2023\/12\/f5069d33-86ee-42fd-bb4a-673bdb470641-removebg-preview-150x150.png 150w\" sizes=\"auto, (max-width: 500px) 100vw, 500px\" \/><\/figure>\n<\/div>\n\n\n<h4 class=\"wp-block-heading has-text-align-center\"><a href=\"https:\/\/ongelpaso.org.uy\/autonomias\/temas-y-dimensiones\/toma-de-decisiones\/\" data-type=\"page\" data-id=\"74\"> Violencia en la toma de decisiones<\/a><\/h4>\n<\/div>\n\n\n\n<div class=\"wp-block-column is-layout-flow wp-block-column-is-layout-flow\"><div class=\"wp-block-image\">\n<figure class=\"aligncenter size-full is-resized\"><img loading=\"lazy\" decoding=\"async\" width=\"500\" height=\"500\" src=\"https:\/\/ongelpaso.org.uy\/autonomias\/wp-content\/uploads\/2023\/12\/violencia-economica-removebg-preview.png\" alt=\"\" class=\"wp-image-2434\" style=\"width:82px;height:auto\" srcset=\"https:\/\/ongelpaso.org.uy\/autonomias\/wp-content\/uploads\/2023\/12\/violencia-economica-removebg-preview.png 500w, https:\/\/ongelpaso.org.uy\/autonomias\/wp-content\/uploads\/2023\/12\/violencia-economica-removebg-preview-300x300.png 300w, https:\/\/ongelpaso.org.uy\/autonomias\/wp-content\/uploads\/2023\/12\/violencia-economica-removebg-preview-150x150.png 150w\" sizes=\"auto, (max-width: 500px) 100vw, 500px\" \/><\/figure>\n<\/div>\n\n\n<h4 class=\"wp-block-heading has-text-align-center\"><a href=\"https:\/\/ongelpaso.org.uy\/autonomias\/temas-y-dimensiones\/violencia-economica\/\" data-type=\"page\" data-id=\"76\">Violencia econ\u00f3mica<\/a><\/h4>\n<\/div>\n<\/div>\n\n\n\n<h2 class=\"wp-block-heading\"><br>Autonom\u00edas:<\/h2>\n\n\n\n<div class=\"wp-block-columns is-layout-flex wp-container-core-columns-is-layout-28f84493 wp-block-columns-is-layout-flex\">\n<div class=\"wp-block-column is-layout-flow wp-block-column-is-layout-flow\"><div class=\"wp-block-image\">\n<figure class=\"aligncenter size-full is-resized\"><img loading=\"lazy\" decoding=\"async\" width=\"500\" height=\"500\" src=\"https:\/\/ongelpaso.org.uy\/autonomias\/wp-content\/uploads\/2023\/12\/autonomia-fisica-removebg-preview.png\" alt=\"\" class=\"wp-image-2436\" style=\"width:122px;height:auto\" srcset=\"https:\/\/ongelpaso.org.uy\/autonomias\/wp-content\/uploads\/2023\/12\/autonomia-fisica-removebg-preview.png 500w, https:\/\/ongelpaso.org.uy\/autonomias\/wp-content\/uploads\/2023\/12\/autonomia-fisica-removebg-preview-300x300.png 300w, https:\/\/ongelpaso.org.uy\/autonomias\/wp-content\/uploads\/2023\/12\/autonomia-fisica-removebg-preview-150x150.png 150w\" sizes=\"auto, (max-width: 500px) 100vw, 500px\" \/><\/figure>\n<\/div>\n\n\n<h4 class=\"wp-block-heading has-text-align-center\"><a href=\"https:\/\/ongelpaso.org.uy\/autonomias\/autonomias\/\" data-type=\"page\" data-id=\"800\">Autonom\u00eda f\u00edsica<\/a><\/h4>\n<\/div>\n\n\n\n<div class=\"wp-block-column is-layout-flow wp-block-column-is-layout-flow\"><div class=\"wp-block-image\">\n<figure class=\"aligncenter size-full is-resized\"><img loading=\"lazy\" decoding=\"async\" width=\"500\" height=\"500\" src=\"https:\/\/ongelpaso.org.uy\/autonomias\/wp-content\/uploads\/2023\/12\/autonomia-economica-removebg-preview.png\" alt=\"\" class=\"wp-image-2437\" style=\"width:122px;height:auto\" srcset=\"https:\/\/ongelpaso.org.uy\/autonomias\/wp-content\/uploads\/2023\/12\/autonomia-economica-removebg-preview.png 500w, https:\/\/ongelpaso.org.uy\/autonomias\/wp-content\/uploads\/2023\/12\/autonomia-economica-removebg-preview-300x300.png 300w, https:\/\/ongelpaso.org.uy\/autonomias\/wp-content\/uploads\/2023\/12\/autonomia-economica-removebg-preview-150x150.png 150w\" sizes=\"auto, (max-width: 500px) 100vw, 500px\" \/><\/figure>\n<\/div>\n\n\n<h4 class=\"wp-block-heading has-text-align-center\"><a href=\"https:\/\/ongelpaso.org.uy\/autonomias\/autonomias\/\" data-type=\"page\" data-id=\"800\">Autonom\u00eda econ\u00f3mica<\/a><\/h4>\n<\/div>\n\n\n\n<div class=\"wp-block-column is-layout-flow wp-block-column-is-layout-flow\"><div class=\"wp-block-image\">\n<figure class=\"aligncenter size-full is-resized\"><img loading=\"lazy\" decoding=\"async\" width=\"500\" height=\"500\" src=\"https:\/\/ongelpaso.org.uy\/autonomias\/wp-content\/uploads\/2023\/12\/autonomia-en-la-toma-removebg-preview.png\" alt=\"\" class=\"wp-image-2438\" style=\"width:120px;height:auto\" srcset=\"https:\/\/ongelpaso.org.uy\/autonomias\/wp-content\/uploads\/2023\/12\/autonomia-en-la-toma-removebg-preview.png 500w, https:\/\/ongelpaso.org.uy\/autonomias\/wp-content\/uploads\/2023\/12\/autonomia-en-la-toma-removebg-preview-300x300.png 300w, https:\/\/ongelpaso.org.uy\/autonomias\/wp-content\/uploads\/2023\/12\/autonomia-en-la-toma-removebg-preview-150x150.png 150w\" sizes=\"auto, (max-width: 500px) 100vw, 500px\" \/><\/figure>\n<\/div>\n\n\n<h4 class=\"wp-block-heading has-text-align-center\"><a href=\"http:\/\/autonomias\">Autonom\u00eda en la toma de decisiones<\/a><\/h4>\n<\/div>\n\n\n\n<div class=\"wp-block-column is-layout-flow wp-block-column-is-layout-flow\"><\/div>\n<\/div>\n\n\n\n<h3 class=\"wp-block-heading\"><strong>Definiciones generales de las violencias y las autonom\u00edas<\/strong><\/h3>\n\n\n\n<p class=\"has-white-background-color has-background\"><strong>Violencia en el \u00e1mbito dom\u00e9stico <\/strong>\u2013 Refiere a toda acci\u00f3n u omisi\u00f3n, directa o indirecta, que menoscabe o limite ileg\u00edtimamente el libre ejercicio o goce de los derechos humanos de una mujer, ocasionada por una persona con la cual tenga o haya tenido una relaci\u00f3n de parentesco, matrimonio, noviazgo, afectiva o concubinaria.<br><br><strong>Violencias sexuales<\/strong> \u2013 Es toda acci\u00f3n que vulnere el derecho de la mujer a decidir voluntariamente sobre su vida sexual o reproductiva, a trav\u00e9s de amenazas, coerci\u00f3n, uso de la fuerza o intimidaci\u00f3n.<br><br>Son formas de violencia sexual: la violaci\u00f3n dentro del matrimonio y de otras relaciones vinculares o de parentesco, exista o no convivencia, la transmisi\u00f3n intencional de infecciones de transmisi\u00f3n sexual (ITS), as\u00ed como la prostituci\u00f3n forzada y la trata sexual. Tambi\u00e9n es violencia sexual la implicaci\u00f3n de ni\u00f1as, ni\u00f1os y adolescentes en actividades sexuales con un adulto o con cualquier otra persona que se encuentre en situaci\u00f3n de ventaja frente a aquellos, sea por su edad, por razones de su mayor desarrollo f\u00edsico o mental, por la relaci\u00f3n de parentesco, afectiva o de confianza que lo une al ni\u00f1o o ni\u00f1a, por su ubicaci\u00f3n de autoridad o poder. Son formas de violencia sexual, entre otras, el abuso sexual, la explotaci\u00f3n sexual y la utilizaci\u00f3n en pornograf\u00eda.<br><br><strong>Trata<\/strong> &#8211; Trata es la captaci\u00f3n, el reclutamiento, el transporte, el traslado, la acogida, la recepci\u00f3n o el hospedaje de personas, dentro del territorio nacional o a trav\u00e9s de fronteras, aunque mediare el consentimiento de las mismas, con fines de explotaci\u00f3n. Sin perjuicio de otras formas de explotaci\u00f3n, se consideran como tales la explotaci\u00f3n sexual, el matrimonio forzado o servil, el embarazo forzado, los trabajos o servicios forzosos u obligatorios, la esclavitud o las pr\u00e1cticas an\u00e1logas a la esclavitud, la servidumbre, la explotaci\u00f3n laboral, la mendicidad forzada, la extracci\u00f3n o transferencia il\u00edcita de \u00f3rganos, tejidos o fluidos humanos y la venta de personas, especialmente de ni\u00f1os, ni\u00f1as o adolescentes.<br><br><strong>Violencia femicida<\/strong> &#8211; Es una acci\u00f3n de extrema violencia que atenta contra el derecho fundamental a la vida y causa la muerte de una mujer por el hecho de serlo, o la de sus hijas, hijos u otras personas a su cargo, con el prop\u00f3sito de causarle sufrimiento o da\u00f1o.<br><br><strong>Acceso a la justicia-<\/strong> Refiere al acceso a la justicia por parte de mujeres v\u00edctimas de violencia de g\u00e9nero, haciendo particular \u00e9nfasis en los servicios, obst\u00e1culos y pr\u00e1cticas del sistema de justicia.<br><br><strong>Ni\u00f1as, ni\u00f1os y adolescentes<\/strong> \u2013 Tomando en cuenta la legislaci\u00f3n nacional, nuestro C\u00f3digo de la Ni\u00f1ez y Adolescencia define entiende en su art\u00edculo 123 \u00ab<em>por maltrato o violencia sexual hacia ni\u00f1os, ni\u00f1as y adolescentes, toda forma de perjuicio, abuso o castigo f\u00edsico, ps\u00edquico o humillante, descuido o trato negligente, abuso sexual o explotaci\u00f3n sexual en todas sus modalidades, que ocurra en el \u00e1mbito familiar, institucional o comunitario. Tambi\u00e9n se entiende por maltrato hacia ni\u00f1as, ni\u00f1os y adolescentes su exposici\u00f3n a violencia basada en g\u00e9nero contra sus madres u otras personas a cargo de su cuidado.\u00bb<\/em><br><br><strong>Violencia en la toma de decisiones <\/strong>\u2013 La violencia en la toma de decisiones implica toda acci\u00f3n que limite o menoscabe el derecho a la participaci\u00f3n y la toma de decisi\u00f3n en \u00e1mbitos pol\u00edticos, gubernamentales, parlamentarios; as\u00ed como la participaci\u00f3n social en general.<br><br><strong>Violencia econ\u00f3mica <\/strong>&#8211; Conducta que se dirige a limitar, controlar o impedir ingresos econ\u00f3micos de una mujer, incluyendo el no pago de obligaciones alimentarias, con el fin de menoscabar su autonom\u00eda.<\/p>\n","protected":false},"excerpt":{"rendered":"<p>&#128266; Escuchar A fin de visibilizar y analizar los m\u00faltiples \u00e1mbitos y formas espec\u00edficas que toman las violencias basadas en g\u00e9nero, definimos algunas dimensiones que consideramos fundamentales: Violencia dom\u00e9stica Violencia sexual Trata Violencia femicida Acceso a la justicia Ni\u00f1as, ni\u00f1os y adolescentes Violencia en la toma de decisiones Violencia econ\u00f3mica Autonom\u00edas: Autonom\u00eda f\u00edsica Autonom\u00eda econ\u00f3mica [&hellip;]<\/p>\n","protected":false},"author":1,"featured_media":0,"parent":0,"menu_order":0,"comment_status":"closed","ping_status":"closed","template":"","meta":{"footnotes":""},"class_list":["post-60","page","type-page","status-publish","hentry"],"_links":{"self":[{"href":"https:\/\/ongelpaso.org.uy\/autonomias\/wp-json\/wp\/v2\/pages\/60","targetHints":{"allow":["GET"]}}],"collection":[{"href":"https:\/\/ongelpaso.org.uy\/autonomias\/wp-json\/wp\/v2\/pages"}],"about":[{"href":"https:\/\/ongelpaso.org.uy\/autonomias\/wp-json\/wp\/v2\/types\/page"}],"author":[{"embeddable":true,"href":"https:\/\/ongelpaso.org.uy\/autonomias\/wp-json\/wp\/v2\/users\/1"}],"replies":[{"embeddable":true,"href":"https:\/\/ongelpaso.org.uy\/autonomias\/wp-json\/wp\/v2\/comments?post=60"}],"version-history":[{"count":26,"href":"https:\/\/ongelpaso.org.uy\/autonomias\/wp-json\/wp\/v2\/pages\/60\/revisions"}],"predecessor-version":[{"id":2440,"href":"https:\/\/ongelpaso.org.uy\/autonomias\/wp-json\/wp\/v2\/pages\/60\/revisions\/2440"}],"wp:attachment":[{"href":"https:\/\/ongelpaso.org.uy\/autonomias\/wp-json\/wp\/v2\/media?parent=60"}],"curies":[{"name":"wp","href":"https:\/\/api.w.org\/{rel}","templated":true}]}}