{"id":68,"date":"2021-10-28T13:53:36","date_gmt":"2021-10-28T13:53:36","guid":{"rendered":"https:\/\/www.ixohost.uy\/autonomias\/?page_id=68"},"modified":"2024-03-12T22:15:17","modified_gmt":"2024-03-12T22:15:17","slug":"violencia-femicida","status":"publish","type":"page","link":"https:\/\/ongelpaso.org.uy\/autonomias\/temas-y-dimensiones\/violencia-femicida\/","title":{"rendered":"Violencia femicida"},"content":{"rendered":"<button id=\"listenButton11\" class=\"responsivevoice-button\" type=\"button\" value=\"Play\" title=\"ResponsiveVoice Tap to Start\/Stop Speech\"><span>&#128266; Escuchar<\/span><\/button>\n        <script>\n            listenButton11.onclick = function(){\n                if(responsiveVoice.isPlaying()){\n                    responsiveVoice.cancel();\n                }else{\n                    responsiveVoice.speak(\"Se present\u00f3 este martes 23 de noviembre la consultor\u00eda realizada en el marco del Observatorio de violencia basada en g\u00e9nero y acceso a la justicia, del Proyecto Autonom\u00edas Colectivas Esta investigaci\u00f3n llevada adelante por la Psic. Fabiana Condon y la Dra. Alicia Deus aporta al conocimiento sobre el acceso a la justicia de las v\u00edctimas y familiares, y el cumplimiento de la obligaci\u00f3n de la debida diligencia del Estado, para casos de desapariciones y femicidios sin aclarar. Dejamos la presentaci\u00f3n que las investigadoras realizaran, y en los pr\u00f3ximos d\u00edas ser\u00e1 subida en la web el informe completo. Presentaci\u00f3n de Consultor\u00eda An\u00e1lisis de las barreras para acceso a la justiciaDescarga\", \"Spanish Latin American Female\");\n                }\n            };\n        <\/script>\n    \n<h1 class=\"wp-block-heading h2minusculas has-text-color\" style=\"color:#432563;font-size:70px;font-style:normal;font-weight:800;text-transform:uppercase\">VIOLENCIA FEMICIDA<\/h1>\n\n\n\n<div class=\"wp-block-columns alignwide is-layout-flex wp-container-core-columns-is-layout-28f84493 wp-block-columns-is-layout-flex\">\n<div class=\"wp-block-column is-layout-flow wp-block-column-is-layout-flow\" style=\"flex-basis:20%\">\n<figure class=\"wp-block-image size-full is-resized\"><img loading=\"lazy\" decoding=\"async\" width=\"500\" height=\"500\" src=\"https:\/\/ongelpaso.org.uy\/autonomias\/wp-content\/uploads\/2023\/12\/905b7da7-b19b-4854-bca0-17e6cce3bd23-removebg-preview.png\" alt=\"\" class=\"wp-image-2425\" style=\"width:115px;height:auto\" srcset=\"https:\/\/ongelpaso.org.uy\/autonomias\/wp-content\/uploads\/2023\/12\/905b7da7-b19b-4854-bca0-17e6cce3bd23-removebg-preview.png 500w, https:\/\/ongelpaso.org.uy\/autonomias\/wp-content\/uploads\/2023\/12\/905b7da7-b19b-4854-bca0-17e6cce3bd23-removebg-preview-300x300.png 300w, https:\/\/ongelpaso.org.uy\/autonomias\/wp-content\/uploads\/2023\/12\/905b7da7-b19b-4854-bca0-17e6cce3bd23-removebg-preview-150x150.png 150w\" sizes=\"auto, (max-width: 500px) 100vw, 500px\" \/><\/figure>\n<\/div>\n\n\n\n<div class=\"wp-block-column is-layout-flow wp-block-column-is-layout-flow\" style=\"flex-basis:85%\">\n<p class=\"h2minusculas has-text-color has-background\" style=\"color:#311c48;background-color:#1aab878c;font-size:31px;letter-spacing:0.5px\"><strong>La violencia femicida es una \u00abacci\u00f3n de extrema violencia, que atenta contra el derecho fundamental a la vida y causa la muerte de una mujer por el hecho de serlo, o la de sus hijas, hijos u otras personas a su cargo, con el prop\u00f3sito de causarle sufrimiento o da\u00f1o. (<a href=\"https:\/\/www.impo.com.uy\/bases\/leyes\/19580-2017\/6#:~:text=Art%C3%ADculo%206,corporal%20de%20una%20mujer.%20B)\" data-type=\"link\" data-id=\"https:\/\/www.impo.com.uy\/bases\/leyes\/19580-2017\/6#:~:text=Art%C3%ADculo%206,corporal%20de%20una%20mujer.%20B)\">Art\u00edculo 6, literal N de l<strong>a ley n\u00b019.580<\/strong><\/a>)\u00bb<\/strong><\/p>\n<\/div>\n<\/div>\n\n\n\n<h2 class=\"wp-block-heading alignfull h2minusculas has-white-color has-text-color has-background\" style=\"background-color:#311c48;font-size:33px;font-style:normal;font-weight:700;text-transform:uppercase\">DATOS SOBRE FEMINICIDIOS EN URUGUAY ENTRE 2001 Y 2023<\/h2>\n\n\n\n<div class=\"wp-block-columns is-layout-flex wp-container-core-columns-is-layout-28f84493 wp-block-columns-is-layout-flex\">\n<div class=\"wp-block-column is-layout-flow wp-block-column-is-layout-flow\" style=\"flex-basis:100%\">\n<div class=\"infogram-embed\" data-id=\"c3809845-31e0-4da2-8a81-9518d074b3b0\" data-type=\"interactive\" data-title=\"Dashboard Red\"><\/div><script>!function(e,n,i,s){var d=\"InfogramEmbeds\";var o=e.getElementsByTagName(n)[0];if(window[d]&&window[d].initialized)window[d].process&&window[d].process();else if(!e.getElementById(i)){var r=e.createElement(n);r.async=1,r.id=i,r.src=s,o.parentNode.insertBefore(r,o)}}(document,\"script\",\"infogram-async\",\"https:\/\/e.infogram.com\/js\/dist\/embed-loader-min.js\");<\/script><div style=\"padding:8px 0;font-family:Arial!important;font-size:13px!important;line-height:15px!important;text-align:center;border-top:1px solid #dadada;margin:0 30px\"><a href=\"https:\/\/infogram.com\/c3809845-31e0-4da2-8a81-9518d074b3b0\" style=\"color:#989898!important;text-decoration:none!important;\" target=\"_blank\" rel=\"noopener\">Dashboard Red<\/a><br><a href=\"https:\/\/infogram.com\" style=\"color:#989898!important;text-decoration:none!important;\" target=\"_blank\" rel=\"nofollow noopener\">Infogram<\/a><\/div>\n<\/div>\n<\/div>\n\n\n\n<div class=\"wp-block-cover alignfull ban01\" style=\"min-height:50px;aspect-ratio:unset;\"><span aria-hidden=\"true\" class=\"wp-block-cover__background has-background-dim-100 has-background-dim\" style=\"background-color:#311c48\"><\/span><div class=\"wp-block-cover__inner-container is-layout-flow wp-block-cover-is-layout-flow\">\n<div class=\"wp-block-columns alignfull is-layout-flex wp-container-core-columns-is-layout-28f84493 wp-block-columns-is-layout-flex\">\n<div class=\"wp-block-column is-layout-flow wp-block-column-is-layout-flow\">\n<div class=\"wp-block-getwid-section getwid-section-content-full-width\"><div class=\"wp-block-getwid-section__wrapper getwid-justify-content-flex-end\" style=\"padding-bottom:0px\"><div class=\"wp-block-getwid-section__inner-wrapper\"><div class=\"wp-block-getwid-section__background-holder\"><div class=\"wp-block-getwid-section__background has-background\" style=\"background-color:#d7dfe6\"><\/div><div class=\"wp-block-getwid-section__foreground\"><\/div><\/div><div class=\"wp-block-getwid-section__content\"><div class=\"wp-block-getwid-section__inner-content\"><div class=\"wp-block-image\">\n<figure class=\"alignleft size-large is-resized\"><img loading=\"lazy\" decoding=\"async\" width=\"717\" height=\"1024\" src=\"https:\/\/ongelpaso.org.uy\/autonomias\/wp-content\/uploads\/2023\/07\/librillo-para-portada--717x1024.png\" alt=\"\" class=\"wp-image-2029\" style=\"object-fit:cover;width:143px;height:204px\" srcset=\"https:\/\/ongelpaso.org.uy\/autonomias\/wp-content\/uploads\/2023\/07\/librillo-para-portada--717x1024.png 717w, https:\/\/ongelpaso.org.uy\/autonomias\/wp-content\/uploads\/2023\/07\/librillo-para-portada--210x300.png 210w, https:\/\/ongelpaso.org.uy\/autonomias\/wp-content\/uploads\/2023\/07\/librillo-para-portada-.png 756w\" sizes=\"auto, (max-width: 717px) 100vw, 717px\" \/><\/figure>\n<\/div>\n\n\n<div class=\"wp-block-group\"><div class=\"wp-block-group__inner-container is-layout-constrained wp-block-group-is-layout-constrained\">\n<p class=\"has-text-color\" style=\"color:#311c48\"><strong><a href=\"https:\/\/ongelpaso.org.uy\/autonomias\/presentamos-librillo-femicidio-y-acceso-a-la-justicia-derechos-garantias-recomendaciones-y-redes-para-acompanar-a-victimas\/\" data-type=\"link\" data-id=\"https:\/\/ongelpaso.org.uy\/autonomias\/presentamos-librillo-femicidio-y-acceso-a-la-justicia-derechos-garantias-recomendaciones-y-redes-para-acompanar-a-victimas\/\">DESCARG\u00c1 AQU\u00cd EL LIBRILLO \u00abFEMICIDIO Y ACCESO A LA JUSTICIA.\u00bb <\/a><\/strong><\/p>\n<\/div><\/div>\n<\/div><\/div><\/div><\/div><\/div>\n<\/div>\n\n\n\n<div class=\"wp-block-column is-layout-flow wp-block-column-is-layout-flow\">\n<p class=\"cita-seccion\">EMERGENCIA NACIONAL: <strong>en el a\u00f1o 2022 han ocurrido 37 feminicidios. <\/strong>Adem\u00e1s,<strong> hasta el 20 de agosto del a\u00f1o 2023 se registran 12 feminicidios en Uruguay.  <\/strong>            <\/p>\n<\/div>\n\n\n\n<div class=\"wp-block-column is-layout-flow wp-block-column-is-layout-flow\">\n<div class=\"wp-block-getwid-section getwid-section-content-full-width\"><div class=\"wp-block-getwid-section__wrapper getwid-justify-content-flex-end\" style=\"padding-bottom:0px\"><div class=\"wp-block-getwid-section__inner-wrapper\"><div class=\"wp-block-getwid-section__background-holder\"><div class=\"wp-block-getwid-section__background has-background\" style=\"background-color:#d7dfe6\"><\/div><div class=\"wp-block-getwid-section__foreground\"><\/div><\/div><div class=\"wp-block-getwid-section__content\"><div class=\"wp-block-getwid-section__inner-content\"><div class=\"wp-block-image\">\n<figure class=\"alignleft size-large is-resized\"><img loading=\"lazy\" decoding=\"async\" width=\"726\" height=\"1024\" src=\"https:\/\/ongelpaso.org.uy\/autonomias\/wp-content\/uploads\/2023\/07\/Informe-feminicidio-726x1024.png\" alt=\"\" class=\"wp-image-2030\" style=\"width:143px;height:204px\" srcset=\"https:\/\/ongelpaso.org.uy\/autonomias\/wp-content\/uploads\/2023\/07\/Informe-feminicidio-726x1024.png 726w, https:\/\/ongelpaso.org.uy\/autonomias\/wp-content\/uploads\/2023\/07\/Informe-feminicidio-213x300.png 213w, https:\/\/ongelpaso.org.uy\/autonomias\/wp-content\/uploads\/2023\/07\/Informe-feminicidio.png 759w\" sizes=\"auto, (max-width: 726px) 100vw, 726px\" \/><\/figure>\n<\/div>\n\n\n<div class=\"wp-block-group\"><div class=\"wp-block-group__inner-container is-layout-constrained wp-block-group-is-layout-constrained\">\n<p class=\"has-text-color\" style=\"color:#311c48\"><strong><a href=\"https:\/\/ongelpaso.org.uy\/autonomias\/informe-el-feminicidio-en-uruguay-datos-que-nos-ayudan-a-dimensionar-el-problema\/\" data-type=\"link\" data-id=\"https:\/\/ongelpaso.org.uy\/autonomias\/informe-el-feminicidio-en-uruguay-datos-que-nos-ayudan-a-dimensionar-el-problema\/\">DESCARG\u00c1 AQU\u00cd EL INFORME \u00abEL FEMINICIDIO EN URUGUAY. DATOS QUE NOS AYUDAN A DIMENSIONAR EL PROBLEMA\u00bb<\/a><\/strong><\/p>\n<\/div><\/div>\n<\/div><\/div><\/div><\/div><\/div>\n<\/div>\n<\/div>\n<\/div><\/div>\n\n\n\n<hr class=\"wp-block-separator has-css-opacity is-style-wide\"\/>\n\n\n\n<div class=\"wp-block-buttons alignfull is-content-justification-center is-layout-flex wp-container-core-buttons-is-layout-a89b3969 wp-block-buttons-is-layout-flex\" style=\"background-color:#1aac87\">\n<div class=\"wp-block-button\"><a class=\"wp-block-button__link wp-element-button\" href=\"https:\/\/ongelpaso.org.uy\/autonomias\/legislacion\/\" target=\"_blank\" rel=\"noreferrer noopener\">Accede aqu\u00ed a la normativa internacional \/ nacional<\/a><\/div>\n<\/div>\n\n\n\n<div style=\"height:14px\" aria-hidden=\"true\" class=\"wp-block-spacer\"><\/div>\n\n\n\n<h2 class=\"wp-block-heading alignfull h2minusculas has-white-color has-text-color has-background\" style=\"background-color:#311c48;font-size:33px;font-style:normal;font-weight:700;text-transform:uppercase\">\u00daLTIMAS NOVEDADES<\/h2>\n\n\n\n<div class=\"wp-block-getwid-images-slider has-arrows-inside has-dots-inside has-images-center has-cropped-images\"><div class=\"wp-block-getwid-images-slider__wrapper\" data-effect=\"slide\" data-slides-show=\"1\" data-slides-show-laptop=\"1\" data-slides-show-tablet=\"1\" data-slides-show-mobile=\"1\" data-slides-scroll=\"1\" data-autoplay=\"false\" data-autoplay-speed=\"6000\" data-infinite=\"true\" data-animation-speed=\"800\" data-center-mode=\"false\" data-variable-width=\"false\" data-arrows=\"inside\" data-dots=\"inside\" data-spacing=\"none\"><div class=\"wp-block-getwid-images-slider__item\"><figure><img loading=\"lazy\" decoding=\"async\" width=\"768\" height=\"768\" src=\"https:\/\/ongelpaso.org.uy\/autonomias\/wp-content\/uploads\/2023\/12\/Invitacion-feminicidio-2023-768x768.png\" alt=\"\" data-id=\"2380\" data-link=\"https:\/\/ongelpaso.org.uy\/autonomias\/temas-y-dimensiones\/violencia-femicida\/invitacion-feminicidio-2023-2\/\" data-original-link=\"https:\/\/ongelpaso.org.uy\/autonomias\/wp-content\/uploads\/2023\/12\/Invitacion-feminicidio-2023.png\" class=\"wp-block-getwid-images-slider__image wp-image-2380\" srcset=\"https:\/\/ongelpaso.org.uy\/autonomias\/wp-content\/uploads\/2023\/12\/Invitacion-feminicidio-2023-768x768.png 768w, https:\/\/ongelpaso.org.uy\/autonomias\/wp-content\/uploads\/2023\/12\/Invitacion-feminicidio-2023-300x300.png 300w, https:\/\/ongelpaso.org.uy\/autonomias\/wp-content\/uploads\/2023\/12\/Invitacion-feminicidio-2023-1024x1024.png 1024w, https:\/\/ongelpaso.org.uy\/autonomias\/wp-content\/uploads\/2023\/12\/Invitacion-feminicidio-2023-150x150.png 150w, https:\/\/ongelpaso.org.uy\/autonomias\/wp-content\/uploads\/2023\/12\/Invitacion-feminicidio-2023.png 1080w\" sizes=\"auto, (max-width: 768px) 100vw, 768px\" \/><\/figure><\/div><div class=\"wp-block-getwid-images-slider__item\"><figure><img loading=\"lazy\" decoding=\"async\" width=\"768\" height=\"768\" src=\"https:\/\/ongelpaso.org.uy\/autonomias\/wp-content\/uploads\/2023\/11\/4-1-768x768.png\" alt=\"\" data-id=\"2306\" data-link=\"https:\/\/ongelpaso.org.uy\/autonomias\/portada\/4-1-3\/\" data-original-link=\"https:\/\/ongelpaso.org.uy\/autonomias\/wp-content\/uploads\/2023\/11\/4-1.png\" class=\"wp-block-getwid-images-slider__image wp-image-2306\" srcset=\"https:\/\/ongelpaso.org.uy\/autonomias\/wp-content\/uploads\/2023\/11\/4-1-768x768.png 768w, https:\/\/ongelpaso.org.uy\/autonomias\/wp-content\/uploads\/2023\/11\/4-1-300x300.png 300w, https:\/\/ongelpaso.org.uy\/autonomias\/wp-content\/uploads\/2023\/11\/4-1-1024x1024.png 1024w, https:\/\/ongelpaso.org.uy\/autonomias\/wp-content\/uploads\/2023\/11\/4-1-150x150.png 150w, https:\/\/ongelpaso.org.uy\/autonomias\/wp-content\/uploads\/2023\/11\/4-1.png 1080w\" sizes=\"auto, (max-width: 768px) 100vw, 768px\" \/><figcaption class=\"wp-block-getwid-images-slider__caption\">25 de Noviembre: d\u00eda internacional de la eliminaci\u00f3n de la violencia contra la mujer<\/figcaption><\/figure><\/div><div class=\"wp-block-getwid-images-slider__item\"><figure><img loading=\"lazy\" decoding=\"async\" width=\"768\" height=\"768\" src=\"https:\/\/ongelpaso.org.uy\/autonomias\/wp-content\/uploads\/2023\/11\/2-1-768x768.png\" alt=\"\" data-id=\"2305\" data-link=\"https:\/\/ongelpaso.org.uy\/autonomias\/portada\/2-1-4\/\" data-original-link=\"https:\/\/ongelpaso.org.uy\/autonomias\/wp-content\/uploads\/2023\/11\/2-1.png\" class=\"wp-block-getwid-images-slider__image wp-image-2305\" srcset=\"https:\/\/ongelpaso.org.uy\/autonomias\/wp-content\/uploads\/2023\/11\/2-1-768x768.png 768w, https:\/\/ongelpaso.org.uy\/autonomias\/wp-content\/uploads\/2023\/11\/2-1-300x300.png 300w, https:\/\/ongelpaso.org.uy\/autonomias\/wp-content\/uploads\/2023\/11\/2-1-1024x1024.png 1024w, https:\/\/ongelpaso.org.uy\/autonomias\/wp-content\/uploads\/2023\/11\/2-1-150x150.png 150w, https:\/\/ongelpaso.org.uy\/autonomias\/wp-content\/uploads\/2023\/11\/2-1.png 1080w\" sizes=\"auto, (max-width: 768px) 100vw, 768px\" \/><figcaption class=\"wp-block-getwid-images-slider__caption\">25 de Noviembre: d\u00eda internacional de la eliminaci\u00f3n de la violencia contra la mujer<\/figcaption><\/figure><\/div><div class=\"wp-block-getwid-images-slider__item\"><figure><img loading=\"lazy\" decoding=\"async\" width=\"768\" height=\"768\" src=\"https:\/\/ongelpaso.org.uy\/autonomias\/wp-content\/uploads\/2023\/11\/1-1-768x768.png\" alt=\"\" data-id=\"2304\" data-link=\"https:\/\/ongelpaso.org.uy\/autonomias\/portada\/1-1-4\/\" data-original-link=\"https:\/\/ongelpaso.org.uy\/autonomias\/wp-content\/uploads\/2023\/11\/1-1.png\" class=\"wp-block-getwid-images-slider__image wp-image-2304\" srcset=\"https:\/\/ongelpaso.org.uy\/autonomias\/wp-content\/uploads\/2023\/11\/1-1-768x768.png 768w, https:\/\/ongelpaso.org.uy\/autonomias\/wp-content\/uploads\/2023\/11\/1-1-300x300.png 300w, https:\/\/ongelpaso.org.uy\/autonomias\/wp-content\/uploads\/2023\/11\/1-1-1024x1024.png 1024w, https:\/\/ongelpaso.org.uy\/autonomias\/wp-content\/uploads\/2023\/11\/1-1-150x150.png 150w, https:\/\/ongelpaso.org.uy\/autonomias\/wp-content\/uploads\/2023\/11\/1-1.png 1080w\" sizes=\"auto, (max-width: 768px) 100vw, 768px\" \/><figcaption class=\"wp-block-getwid-images-slider__caption\">25 de Noviembre: d\u00eda internacional de la eliminaci\u00f3n de la violencia contra la mujer<\/figcaption><\/figure><\/div><div class=\"wp-block-getwid-images-slider__item\"><figure><img loading=\"lazy\" decoding=\"async\" width=\"768\" height=\"768\" src=\"https:\/\/ongelpaso.org.uy\/autonomias\/wp-content\/uploads\/2023\/08\/Placa-7-6-768x768.png\" alt=\"\" data-id=\"2207\" data-link=\"https:\/\/ongelpaso.org.uy\/autonomias\/campanas\/placa-7-6\/\" data-original-link=\"https:\/\/ongelpaso.org.uy\/autonomias\/wp-content\/uploads\/2023\/08\/Placa-7-6.png\" class=\"wp-block-getwid-images-slider__image wp-image-2207\" srcset=\"https:\/\/ongelpaso.org.uy\/autonomias\/wp-content\/uploads\/2023\/08\/Placa-7-6-768x768.png 768w, https:\/\/ongelpaso.org.uy\/autonomias\/wp-content\/uploads\/2023\/08\/Placa-7-6-300x300.png 300w, https:\/\/ongelpaso.org.uy\/autonomias\/wp-content\/uploads\/2023\/08\/Placa-7-6-1024x1024.png 1024w, https:\/\/ongelpaso.org.uy\/autonomias\/wp-content\/uploads\/2023\/08\/Placa-7-6-150x150.png 150w, https:\/\/ongelpaso.org.uy\/autonomias\/wp-content\/uploads\/2023\/08\/Placa-7-6.png 1080w\" sizes=\"auto, (max-width: 768px) 100vw, 768px\" \/><\/figure><\/div><div class=\"wp-block-getwid-images-slider__item\"><figure><img loading=\"lazy\" decoding=\"async\" width=\"768\" height=\"768\" src=\"https:\/\/ongelpaso.org.uy\/autonomias\/wp-content\/uploads\/2023\/08\/Placa-6-6-768x768.png\" alt=\"\" data-id=\"2206\" data-link=\"https:\/\/ongelpaso.org.uy\/autonomias\/campanas\/placa-6-6\/\" data-original-link=\"https:\/\/ongelpaso.org.uy\/autonomias\/wp-content\/uploads\/2023\/08\/Placa-6-6.png\" class=\"wp-block-getwid-images-slider__image wp-image-2206\" srcset=\"https:\/\/ongelpaso.org.uy\/autonomias\/wp-content\/uploads\/2023\/08\/Placa-6-6-768x768.png 768w, https:\/\/ongelpaso.org.uy\/autonomias\/wp-content\/uploads\/2023\/08\/Placa-6-6-300x300.png 300w, https:\/\/ongelpaso.org.uy\/autonomias\/wp-content\/uploads\/2023\/08\/Placa-6-6-1024x1024.png 1024w, https:\/\/ongelpaso.org.uy\/autonomias\/wp-content\/uploads\/2023\/08\/Placa-6-6-150x150.png 150w, https:\/\/ongelpaso.org.uy\/autonomias\/wp-content\/uploads\/2023\/08\/Placa-6-6.png 1080w\" sizes=\"auto, (max-width: 768px) 100vw, 768px\" \/><\/figure><\/div><div class=\"wp-block-getwid-images-slider__item\"><figure><img loading=\"lazy\" decoding=\"async\" width=\"768\" height=\"768\" src=\"https:\/\/ongelpaso.org.uy\/autonomias\/wp-content\/uploads\/2023\/08\/Placa-5-5-768x768.png\" alt=\"\" data-id=\"2205\" data-link=\"https:\/\/ongelpaso.org.uy\/autonomias\/campanas\/placa-5-5\/\" data-original-link=\"https:\/\/ongelpaso.org.uy\/autonomias\/wp-content\/uploads\/2023\/08\/Placa-5-5.png\" class=\"wp-block-getwid-images-slider__image wp-image-2205\" srcset=\"https:\/\/ongelpaso.org.uy\/autonomias\/wp-content\/uploads\/2023\/08\/Placa-5-5-768x768.png 768w, https:\/\/ongelpaso.org.uy\/autonomias\/wp-content\/uploads\/2023\/08\/Placa-5-5-300x300.png 300w, https:\/\/ongelpaso.org.uy\/autonomias\/wp-content\/uploads\/2023\/08\/Placa-5-5-1024x1024.png 1024w, https:\/\/ongelpaso.org.uy\/autonomias\/wp-content\/uploads\/2023\/08\/Placa-5-5-150x150.png 150w, https:\/\/ongelpaso.org.uy\/autonomias\/wp-content\/uploads\/2023\/08\/Placa-5-5.png 1080w\" sizes=\"auto, (max-width: 768px) 100vw, 768px\" \/><\/figure><\/div><div class=\"wp-block-getwid-images-slider__item\"><figure><img loading=\"lazy\" decoding=\"async\" width=\"768\" height=\"768\" src=\"https:\/\/ongelpaso.org.uy\/autonomias\/wp-content\/uploads\/2023\/08\/Placa-3-3-768x768.png\" alt=\"\" data-id=\"2203\" data-link=\"https:\/\/ongelpaso.org.uy\/autonomias\/campanas\/placa-3-3\/\" data-original-link=\"https:\/\/ongelpaso.org.uy\/autonomias\/wp-content\/uploads\/2023\/08\/Placa-3-3.png\" class=\"wp-block-getwid-images-slider__image wp-image-2203\" srcset=\"https:\/\/ongelpaso.org.uy\/autonomias\/wp-content\/uploads\/2023\/08\/Placa-3-3-768x768.png 768w, https:\/\/ongelpaso.org.uy\/autonomias\/wp-content\/uploads\/2023\/08\/Placa-3-3-300x300.png 300w, https:\/\/ongelpaso.org.uy\/autonomias\/wp-content\/uploads\/2023\/08\/Placa-3-3-1024x1024.png 1024w, https:\/\/ongelpaso.org.uy\/autonomias\/wp-content\/uploads\/2023\/08\/Placa-3-3-150x150.png 150w, https:\/\/ongelpaso.org.uy\/autonomias\/wp-content\/uploads\/2023\/08\/Placa-3-3.png 1080w\" sizes=\"auto, (max-width: 768px) 100vw, 768px\" \/><\/figure><\/div><div class=\"wp-block-getwid-images-slider__item\"><figure><img loading=\"lazy\" decoding=\"async\" width=\"768\" height=\"768\" src=\"https:\/\/ongelpaso.org.uy\/autonomias\/wp-content\/uploads\/2023\/08\/Placa-5-768x768.png\" alt=\"\" data-id=\"2172\" data-link=\"https:\/\/ongelpaso.org.uy\/autonomias\/campanas\/placa-5-3\/\" data-original-link=\"https:\/\/ongelpaso.org.uy\/autonomias\/wp-content\/uploads\/2023\/08\/Placa-5.png\" class=\"wp-block-getwid-images-slider__image wp-image-2172\" srcset=\"https:\/\/ongelpaso.org.uy\/autonomias\/wp-content\/uploads\/2023\/08\/Placa-5-768x768.png 768w, https:\/\/ongelpaso.org.uy\/autonomias\/wp-content\/uploads\/2023\/08\/Placa-5-300x300.png 300w, https:\/\/ongelpaso.org.uy\/autonomias\/wp-content\/uploads\/2023\/08\/Placa-5-1024x1024.png 1024w, https:\/\/ongelpaso.org.uy\/autonomias\/wp-content\/uploads\/2023\/08\/Placa-5-150x150.png 150w, https:\/\/ongelpaso.org.uy\/autonomias\/wp-content\/uploads\/2023\/08\/Placa-5.png 1080w\" sizes=\"auto, (max-width: 768px) 100vw, 768px\" \/><\/figure><\/div><div class=\"wp-block-getwid-images-slider__item\"><figure><img loading=\"lazy\" decoding=\"async\" width=\"768\" height=\"768\" src=\"https:\/\/ongelpaso.org.uy\/autonomias\/wp-content\/uploads\/2023\/07\/WhatsApp-Image-2023-06-28-at-22.53.46-768x768.jpeg\" alt=\"\" data-id=\"2042\" data-link=\"https:\/\/ongelpaso.org.uy\/autonomias\/portada\/whatsapp-image-2023-06-28-at-22-53-46\/\" data-original-link=\"https:\/\/ongelpaso.org.uy\/autonomias\/wp-content\/uploads\/2023\/07\/WhatsApp-Image-2023-06-28-at-22.53.46.jpeg\" class=\"wp-block-getwid-images-slider__image wp-image-2042\" srcset=\"https:\/\/ongelpaso.org.uy\/autonomias\/wp-content\/uploads\/2023\/07\/WhatsApp-Image-2023-06-28-at-22.53.46-768x768.jpeg 768w, https:\/\/ongelpaso.org.uy\/autonomias\/wp-content\/uploads\/2023\/07\/WhatsApp-Image-2023-06-28-at-22.53.46-300x300.jpeg 300w, https:\/\/ongelpaso.org.uy\/autonomias\/wp-content\/uploads\/2023\/07\/WhatsApp-Image-2023-06-28-at-22.53.46-1024x1024.jpeg 1024w, https:\/\/ongelpaso.org.uy\/autonomias\/wp-content\/uploads\/2023\/07\/WhatsApp-Image-2023-06-28-at-22.53.46-150x150.jpeg 150w, https:\/\/ongelpaso.org.uy\/autonomias\/wp-content\/uploads\/2023\/07\/WhatsApp-Image-2023-06-28-at-22.53.46.jpeg 1080w\" sizes=\"auto, (max-width: 768px) 100vw, 768px\" \/><\/figure><\/div><\/div><\/div>\n\n\n\n<div class=\"wp-block-cover alignfull\"><span aria-hidden=\"true\" class=\"wp-block-cover__background has-background-dim-100 has-background-dim\" style=\"background-color:#241434\"><\/span><div class=\"wp-block-cover__inner-container is-layout-flow wp-block-cover-is-layout-flow\">\n<h2 class=\"wp-block-heading alignwide h2minusculas has-white-color has-text-color has-background\" style=\"background-color:#311c48;font-size:33px;font-style:normal;font-weight:700;text-transform:uppercase\">Archivos de Violencia femicida<\/h2>\n\n\n\n        <div class=\"wp-block-getwid-post-carousel custom-post-type-post alignwide has-slides-gap-large is-carousel has-arrows-outside has-dots-outside\">\n            <div data-slider-option=\"{&quot;sliderSlidesToShowDesktop&quot;:&quot;3&quot;,&quot;getwid_slidesToShowLaptop&quot;:&quot;2&quot;,&quot;getwid_slidesToShowTablet&quot;:&quot;1&quot;,&quot;getwid_slidesToShowMobile&quot;:&quot;1&quot;,&quot;getwid_autoplay_speed&quot;:6000,&quot;getwid_animation_speed&quot;:800,&quot;getwid_slidesToScroll&quot;:&quot;1&quot;,&quot;getwid_autoplay&quot;:false,&quot;getwid_pause_on_hover&quot;:false,&quot;getwid_infinite&quot;:true,&quot;getwid_center_mode&quot;:false,&quot;getwid_arrows&quot;:&quot;outside&quot;,&quot;getwid_dots&quot;:&quot;outside&quot;}\" class=\"wp-block-getwid-post-carousel__wrapper\">\n                \t\t\t\t\t\t\t<div class=\"wp-block-getwid-post-carousel__slide\">\n\t\t\t\t\t\t\t\t\n<div class=\"wp-block-getwid-post-carousel__post\">\n            <div class=\"wp-block-getwid-post-carousel__post-thumbnail\">\n            <a href=\"https:\/\/ongelpaso.org.uy\/autonomias\/analisis-de-barreras-para-elacceso-a-la-justicia-y-ladebida-diligencia-endesapariciones-de-mujeres-yfemicidios-sin-aclarar\/\"><img loading=\"lazy\" decoding=\"async\" width=\"1414\" height=\"2000\" src=\"https:\/\/ongelpaso.org.uy\/autonomias\/wp-content\/uploads\/2024\/03\/resumen-ejecutivo.jpg\" class=\"attachment-post-thumbnail size-post-thumbnail wp-post-image\" alt=\"\" srcset=\"https:\/\/ongelpaso.org.uy\/autonomias\/wp-content\/uploads\/2024\/03\/resumen-ejecutivo.jpg 1414w, https:\/\/ongelpaso.org.uy\/autonomias\/wp-content\/uploads\/2024\/03\/resumen-ejecutivo-212x300.jpg 212w, https:\/\/ongelpaso.org.uy\/autonomias\/wp-content\/uploads\/2024\/03\/resumen-ejecutivo-724x1024.jpg 724w, https:\/\/ongelpaso.org.uy\/autonomias\/wp-content\/uploads\/2024\/03\/resumen-ejecutivo-768x1086.jpg 768w, https:\/\/ongelpaso.org.uy\/autonomias\/wp-content\/uploads\/2024\/03\/resumen-ejecutivo-1086x1536.jpg 1086w\" sizes=\"auto, (max-width: 1414px) 100vw, 1414px\" \/><\/a>\n        <\/div>\n        <div class=\"wp-block-getwid-post-carousel__post-content-wrapper\">\n        <div class=\"wp-block-getwid-post-carousel__post-header\">\n            <h3 class=\"wp-block-getwid-post-carousel__post-title\"><a href=\"https:\/\/ongelpaso.org.uy\/autonomias\/analisis-de-barreras-para-elacceso-a-la-justicia-y-ladebida-diligencia-endesapariciones-de-mujeres-yfemicidios-sin-aclarar\/\">AN\u00c1LISIS DE BARRERAS PARA ELACCESO A LA JUSTICIA Y LADEBIDA DILIGENCIA ENDESAPARICIONES DE MUJERES YFEMICIDIOS SIN ACLARAR.<\/a><\/h3>        <\/div>\n        <div class=\"wp-block-getwid-post-carousel__post-excerpt\"><p>&#128266; Escuchar Descarga aqu\u00ed el Resumen Ejecutivo de la investigaci\u00f3n llevada adelante por Alicia Deus y Fabiana Condon, para el Proyecto Autonom\u00edas Colectivas.<\/p>\n<\/div>\n    <\/div>\n<\/div>\n\n\t\t\t\t\t\t\t<\/div>\n\t\t\t\t\t\t\t\t\t\t\t\t\t<div class=\"wp-block-getwid-post-carousel__slide\">\n\t\t\t\t\t\t\t\t\n<div class=\"wp-block-getwid-post-carousel__post\">\n            <div class=\"wp-block-getwid-post-carousel__post-thumbnail\">\n            <a href=\"https:\/\/ongelpaso.org.uy\/autonomias\/inscripciones-abiertas-para-el-seminario-de-la-impunidad-a-la-autonomia-estrategias\/\"><img loading=\"lazy\" decoding=\"async\" width=\"1080\" height=\"1080\" src=\"https:\/\/ongelpaso.org.uy\/autonomias\/wp-content\/uploads\/2024\/03\/Seminario_2024-1.png\" class=\"attachment-post-thumbnail size-post-thumbnail wp-post-image\" alt=\"\" srcset=\"https:\/\/ongelpaso.org.uy\/autonomias\/wp-content\/uploads\/2024\/03\/Seminario_2024-1.png 1080w, https:\/\/ongelpaso.org.uy\/autonomias\/wp-content\/uploads\/2024\/03\/Seminario_2024-1-300x300.png 300w, https:\/\/ongelpaso.org.uy\/autonomias\/wp-content\/uploads\/2024\/03\/Seminario_2024-1-1024x1024.png 1024w, https:\/\/ongelpaso.org.uy\/autonomias\/wp-content\/uploads\/2024\/03\/Seminario_2024-1-150x150.png 150w, https:\/\/ongelpaso.org.uy\/autonomias\/wp-content\/uploads\/2024\/03\/Seminario_2024-1-768x768.png 768w\" sizes=\"auto, (max-width: 1080px) 100vw, 1080px\" \/><\/a>\n        <\/div>\n        <div class=\"wp-block-getwid-post-carousel__post-content-wrapper\">\n        <div class=\"wp-block-getwid-post-carousel__post-header\">\n            <h3 class=\"wp-block-getwid-post-carousel__post-title\"><a href=\"https:\/\/ongelpaso.org.uy\/autonomias\/inscripciones-abiertas-para-el-seminario-de-la-impunidad-a-la-autonomia-estrategias\/\">INSCRIPCIONES ABIERTAS PARA EL SEMINARIO \u00abDE LA IMPUNIDAD A LA AUTONOM\u00cdA\u00bb, ESTRATEGIAS Y ACCIONES PARA DEFENDER UNA VIDA LIBRE DE VIOLENCIA DE G\u00c9NERO<\/a><\/h3>        <\/div>\n        <div class=\"wp-block-getwid-post-carousel__post-excerpt\"><p>&#128266; Escuchar El Proyecto Autonom\u00edas Colectivas ha desarrollado distintas actividades y estudios sobre diversas violencias basadas en g\u00e9nero. Como cierre del proyecto, nos proponemos generar un espacio de debate abierto y p\u00fablico para construir herramientas y caminos posibles hacia la autonom\u00eda plena de las mujeres. El Seminario cumple con los objetivos de: Este es un [&hellip;]<\/p>\n<\/div>\n    <\/div>\n<\/div>\n\n\t\t\t\t\t\t\t<\/div>\n\t\t\t\t\t\t\t\t\t\t\t\t\t<div class=\"wp-block-getwid-post-carousel__slide\">\n\t\t\t\t\t\t\t\t\n<div class=\"wp-block-getwid-post-carousel__post\">\n        <div class=\"wp-block-getwid-post-carousel__post-content-wrapper\">\n        <div class=\"wp-block-getwid-post-carousel__post-header\">\n            <h3 class=\"wp-block-getwid-post-carousel__post-title\"><a href=\"https:\/\/ongelpaso.org.uy\/autonomias\/la-sociedad-civil-presento-la-situacion-de-uruguay-ante-el-examen-periodico-universal-de-naciones-unidas\/\">LA SOCIEDAD CIVIL PRESENT\u00d3 LA SITUACI\u00d3N DE URUGUAY ANTE EL EXAMEN PERI\u00d3DICO UNIVERSAL DE NACIONES UNIDAS<\/a><\/h3>        <\/div>\n        <div class=\"wp-block-getwid-post-carousel__post-excerpt\"><p>&#128266; Escuchar El viernes 16 de febrero fueron presentados en Ginebra los informes alternativos enviados por la sociedad civil para el Examen Peri\u00f3dico Universal, que revisar\u00e1 la situaci\u00f3n del Estado uruguayo en mayo de 2024. Descarg\u00e1 aqu\u00ed el informe presentado por El Paso y la RUCVDS, con apoyo del Proyecto Autonom\u00edas Colectivas. El Examen Peri\u00f3dico [&hellip;]<\/p>\n<\/div>\n    <\/div>\n<\/div>\n\n\t\t\t\t\t\t\t<\/div>\n\t\t\t\t\t\t\t\t\t\t\t\t\t<div class=\"wp-block-getwid-post-carousel__slide\">\n\t\t\t\t\t\t\t\t\n<div class=\"wp-block-getwid-post-carousel__post\">\n            <div class=\"wp-block-getwid-post-carousel__post-thumbnail\">\n            <a href=\"https:\/\/ongelpaso.org.uy\/autonomias\/realizamos-el-conversatorio-no-son-cifras-son-mujeres-en-young\/\"><img loading=\"lazy\" decoding=\"async\" width=\"2048\" height=\"1151\" src=\"https:\/\/ongelpaso.org.uy\/autonomias\/wp-content\/uploads\/2023\/12\/WhatsApp-Image-2023-12-07-at-12.22.42-1.jpeg\" class=\"attachment-post-thumbnail size-post-thumbnail wp-post-image\" alt=\"\" srcset=\"https:\/\/ongelpaso.org.uy\/autonomias\/wp-content\/uploads\/2023\/12\/WhatsApp-Image-2023-12-07-at-12.22.42-1.jpeg 2048w, https:\/\/ongelpaso.org.uy\/autonomias\/wp-content\/uploads\/2023\/12\/WhatsApp-Image-2023-12-07-at-12.22.42-1-300x169.jpeg 300w, https:\/\/ongelpaso.org.uy\/autonomias\/wp-content\/uploads\/2023\/12\/WhatsApp-Image-2023-12-07-at-12.22.42-1-1024x576.jpeg 1024w, https:\/\/ongelpaso.org.uy\/autonomias\/wp-content\/uploads\/2023\/12\/WhatsApp-Image-2023-12-07-at-12.22.42-1-768x432.jpeg 768w, https:\/\/ongelpaso.org.uy\/autonomias\/wp-content\/uploads\/2023\/12\/WhatsApp-Image-2023-12-07-at-12.22.42-1-1536x863.jpeg 1536w\" sizes=\"auto, (max-width: 2048px) 100vw, 2048px\" \/><\/a>\n        <\/div>\n        <div class=\"wp-block-getwid-post-carousel__post-content-wrapper\">\n        <div class=\"wp-block-getwid-post-carousel__post-header\">\n            <h3 class=\"wp-block-getwid-post-carousel__post-title\"><a href=\"https:\/\/ongelpaso.org.uy\/autonomias\/realizamos-el-conversatorio-no-son-cifras-son-mujeres-en-young\/\">REALIZAMOS EL CONVERSATORIO NO SON CIFRAS, SON MUJERES EN YOUNG<\/a><\/h3>        <\/div>\n        <div class=\"wp-block-getwid-post-carousel__post-excerpt\"><p>&#128266; Escuchar El pasado 20 de setiembre de 2023 llevamos adelante en conjunto con Feminicidio Uruguay una actividad de Conversatorio sobre feminicidios en Uruguay, y en la zona del litoral del pa\u00eds. La actividad se organiz\u00f3 con compa\u00f1eras de la colectiva Mburucuy\u00e1, de R\u00edo Negro, y se llev\u00f3 adelante en la Casa de la Cultura [&hellip;]<\/p>\n<\/div>\n    <\/div>\n<\/div>\n\n\t\t\t\t\t\t\t<\/div>\n\t\t\t\t\t\t\t\t\t\t\t\t\t<div class=\"wp-block-getwid-post-carousel__slide\">\n\t\t\t\t\t\t\t\t\n<div class=\"wp-block-getwid-post-carousel__post\">\n            <div class=\"wp-block-getwid-post-carousel__post-thumbnail\">\n            <a href=\"https:\/\/ongelpaso.org.uy\/autonomias\/informe-el-feminicidio-en-uruguay-datos-que-nos-ayudan-a-dimensionar-el-problema\/\"><img loading=\"lazy\" decoding=\"async\" width=\"759\" height=\"1071\" src=\"https:\/\/ongelpaso.org.uy\/autonomias\/wp-content\/uploads\/2023\/07\/Informe-feminicidio.png\" class=\"attachment-post-thumbnail size-post-thumbnail wp-post-image\" alt=\"\" srcset=\"https:\/\/ongelpaso.org.uy\/autonomias\/wp-content\/uploads\/2023\/07\/Informe-feminicidio.png 759w, https:\/\/ongelpaso.org.uy\/autonomias\/wp-content\/uploads\/2023\/07\/Informe-feminicidio-213x300.png 213w, https:\/\/ongelpaso.org.uy\/autonomias\/wp-content\/uploads\/2023\/07\/Informe-feminicidio-726x1024.png 726w\" sizes=\"auto, (max-width: 759px) 100vw, 759px\" \/><\/a>\n        <\/div>\n        <div class=\"wp-block-getwid-post-carousel__post-content-wrapper\">\n        <div class=\"wp-block-getwid-post-carousel__post-header\">\n            <h3 class=\"wp-block-getwid-post-carousel__post-title\"><a href=\"https:\/\/ongelpaso.org.uy\/autonomias\/informe-el-feminicidio-en-uruguay-datos-que-nos-ayudan-a-dimensionar-el-problema\/\">Informe El Feminicidio en Uruguay. Datos que nos ayudan a dimensionar el problema<\/a><\/h3>        <\/div>\n        <div class=\"wp-block-getwid-post-carousel__post-excerpt\"><p>&#128266; Escuchar<\/p>\n<\/div>\n    <\/div>\n<\/div>\n\n\t\t\t\t\t\t\t<\/div>\n\t\t\t\t\t\t\t\t\t\t\t\t\t<div class=\"wp-block-getwid-post-carousel__slide\">\n\t\t\t\t\t\t\t\t\n<div class=\"wp-block-getwid-post-carousel__post\">\n            <div class=\"wp-block-getwid-post-carousel__post-thumbnail\">\n            <a href=\"https:\/\/ongelpaso.org.uy\/autonomias\/presentamos-librillo-femicidio-y-acceso-a-la-justicia-derechos-garantias-recomendaciones-y-redes-para-acompanar-a-victimas\/\"><img loading=\"lazy\" decoding=\"async\" width=\"1124\" height=\"647\" src=\"https:\/\/ongelpaso.org.uy\/autonomias\/wp-content\/uploads\/2023\/07\/librillo-noticia.png\" class=\"attachment-post-thumbnail size-post-thumbnail wp-post-image\" alt=\"\" srcset=\"https:\/\/ongelpaso.org.uy\/autonomias\/wp-content\/uploads\/2023\/07\/librillo-noticia.png 1124w, https:\/\/ongelpaso.org.uy\/autonomias\/wp-content\/uploads\/2023\/07\/librillo-noticia-300x173.png 300w, https:\/\/ongelpaso.org.uy\/autonomias\/wp-content\/uploads\/2023\/07\/librillo-noticia-1024x589.png 1024w, https:\/\/ongelpaso.org.uy\/autonomias\/wp-content\/uploads\/2023\/07\/librillo-noticia-768x442.png 768w\" sizes=\"auto, (max-width: 1124px) 100vw, 1124px\" \/><\/a>\n        <\/div>\n        <div class=\"wp-block-getwid-post-carousel__post-content-wrapper\">\n        <div class=\"wp-block-getwid-post-carousel__post-header\">\n            <h3 class=\"wp-block-getwid-post-carousel__post-title\"><a href=\"https:\/\/ongelpaso.org.uy\/autonomias\/presentamos-librillo-femicidio-y-acceso-a-la-justicia-derechos-garantias-recomendaciones-y-redes-para-acompanar-a-victimas\/\">Descarga el Librillo Femicidio y acceso a la justicia. Derechos, garant\u00edas, recomendaciones y redes para acompa\u00f1ar a v\u00edctimas<\/a><\/h3>        <\/div>\n        <div class=\"wp-block-getwid-post-carousel__post-excerpt\"><p>&#128266; Escuchar<\/p>\n<\/div>\n    <\/div>\n<\/div>\n\n\t\t\t\t\t\t\t<\/div>\n\t\t\t\t\t\t\t\t\t\t\t\t\t<div class=\"wp-block-getwid-post-carousel__slide\">\n\t\t\t\t\t\t\t\t\n<div class=\"wp-block-getwid-post-carousel__post\">\n            <div class=\"wp-block-getwid-post-carousel__post-thumbnail\">\n            <a href=\"https:\/\/ongelpaso.org.uy\/autonomias\/otro-8-de-marzo-en-el-que-gritamos-por-las-que-ya-no-tienen-voz\/\"><img loading=\"lazy\" decoding=\"async\" width=\"1080\" height=\"1080\" src=\"https:\/\/ongelpaso.org.uy\/autonomias\/wp-content\/uploads\/2023\/03\/WhatsApp-Image-2023-03-03-at-20.47.13.jpeg\" class=\"attachment-post-thumbnail size-post-thumbnail wp-post-image\" alt=\"\" srcset=\"https:\/\/ongelpaso.org.uy\/autonomias\/wp-content\/uploads\/2023\/03\/WhatsApp-Image-2023-03-03-at-20.47.13.jpeg 1080w, https:\/\/ongelpaso.org.uy\/autonomias\/wp-content\/uploads\/2023\/03\/WhatsApp-Image-2023-03-03-at-20.47.13-300x300.jpeg 300w, https:\/\/ongelpaso.org.uy\/autonomias\/wp-content\/uploads\/2023\/03\/WhatsApp-Image-2023-03-03-at-20.47.13-1024x1024.jpeg 1024w, https:\/\/ongelpaso.org.uy\/autonomias\/wp-content\/uploads\/2023\/03\/WhatsApp-Image-2023-03-03-at-20.47.13-150x150.jpeg 150w, https:\/\/ongelpaso.org.uy\/autonomias\/wp-content\/uploads\/2023\/03\/WhatsApp-Image-2023-03-03-at-20.47.13-768x768.jpeg 768w\" sizes=\"auto, (max-width: 1080px) 100vw, 1080px\" \/><\/a>\n        <\/div>\n        <div class=\"wp-block-getwid-post-carousel__post-content-wrapper\">\n        <div class=\"wp-block-getwid-post-carousel__post-header\">\n            <h3 class=\"wp-block-getwid-post-carousel__post-title\"><a href=\"https:\/\/ongelpaso.org.uy\/autonomias\/otro-8-de-marzo-en-el-que-gritamos-por-las-que-ya-no-tienen-voz\/\">Otro 8 de Marzo en el que gritamos por las que ya no tienen voz<\/a><\/h3>        <\/div>\n        <div class=\"wp-block-getwid-post-carousel__post-excerpt\"><p>&#128266; Escuchar En un nuevo paro de mujeres por el D\u00eda Internacional de la Mujer nos concentramos y movilizamos en las calles de nuestros barrios, localidades y ciudades, para reclamar nuestros derechos y gritar por las que ya no est\u00e1n. Las cifras que nos aproximan a la realidad de la violencia basada en g\u00e9nero en [&hellip;]<\/p>\n<\/div>\n    <\/div>\n<\/div>\n\n\t\t\t\t\t\t\t<\/div>\n\t\t\t\t\t\t\t\t\t\t\t\t\t<div class=\"wp-block-getwid-post-carousel__slide\">\n\t\t\t\t\t\t\t\t\n<div class=\"wp-block-getwid-post-carousel__post\">\n            <div class=\"wp-block-getwid-post-carousel__post-thumbnail\">\n            <a href=\"https:\/\/ongelpaso.org.uy\/autonomias\/25n-juntas-y-diversas-contra-todas-las-violencias\/\"><img loading=\"lazy\" decoding=\"async\" width=\"1080\" height=\"1080\" src=\"https:\/\/ongelpaso.org.uy\/autonomias\/wp-content\/uploads\/2022\/11\/25N.jpg\" class=\"attachment-post-thumbnail size-post-thumbnail wp-post-image\" alt=\"\" srcset=\"https:\/\/ongelpaso.org.uy\/autonomias\/wp-content\/uploads\/2022\/11\/25N.jpg 1080w, https:\/\/ongelpaso.org.uy\/autonomias\/wp-content\/uploads\/2022\/11\/25N-300x300.jpg 300w, https:\/\/ongelpaso.org.uy\/autonomias\/wp-content\/uploads\/2022\/11\/25N-1024x1024.jpg 1024w, https:\/\/ongelpaso.org.uy\/autonomias\/wp-content\/uploads\/2022\/11\/25N-150x150.jpg 150w, https:\/\/ongelpaso.org.uy\/autonomias\/wp-content\/uploads\/2022\/11\/25N-768x768.jpg 768w\" sizes=\"auto, (max-width: 1080px) 100vw, 1080px\" \/><\/a>\n        <\/div>\n        <div class=\"wp-block-getwid-post-carousel__post-content-wrapper\">\n        <div class=\"wp-block-getwid-post-carousel__post-header\">\n            <h3 class=\"wp-block-getwid-post-carousel__post-title\"><a href=\"https:\/\/ongelpaso.org.uy\/autonomias\/25n-juntas-y-diversas-contra-todas-las-violencias\/\">#25N JUNTAS Y DIVERSAS CONTRA TODAS LAS VIOLENCIAS<\/a><\/h3>        <\/div>\n        <div class=\"wp-block-getwid-post-carousel__post-excerpt\"><p>&#128266; Escuchar En un nuevo D\u00eda Internacional de la eliminaci\u00f3n de la Violencia contra la mujer salimos a las calles para decir una vez m\u00e1s BASTA! Dejamos la proclama de la plataforma 25N Uruguay , 25 de noviembre de 2022. En el marco del 25 de noviembre, D\u00eda Internacional para la Eliminaci\u00f3n de la Violencia [&hellip;]<\/p>\n<\/div>\n    <\/div>\n<\/div>\n\n\t\t\t\t\t\t\t<\/div>\n\t\t\t\t\t\t\t\t\t\t\t\t\t<div class=\"wp-block-getwid-post-carousel__slide\">\n\t\t\t\t\t\t\t\t\n<div class=\"wp-block-getwid-post-carousel__post\">\n            <div class=\"wp-block-getwid-post-carousel__post-thumbnail\">\n            <a href=\"https:\/\/ongelpaso.org.uy\/autonomias\/no-son-cifras-son-mujeres-%ef%bf%bc\/\"><img loading=\"lazy\" decoding=\"async\" width=\"800\" height=\"2000\" src=\"https:\/\/ongelpaso.org.uy\/autonomias\/wp-content\/uploads\/2022\/03\/Infografia-feminista-para-el-8M-PNG.png\" class=\"attachment-post-thumbnail size-post-thumbnail wp-post-image\" alt=\"\" srcset=\"https:\/\/ongelpaso.org.uy\/autonomias\/wp-content\/uploads\/2022\/03\/Infografia-feminista-para-el-8M-PNG.png 800w, https:\/\/ongelpaso.org.uy\/autonomias\/wp-content\/uploads\/2022\/03\/Infografia-feminista-para-el-8M-PNG-120x300.png 120w, https:\/\/ongelpaso.org.uy\/autonomias\/wp-content\/uploads\/2022\/03\/Infografia-feminista-para-el-8M-PNG-410x1024.png 410w, https:\/\/ongelpaso.org.uy\/autonomias\/wp-content\/uploads\/2022\/03\/Infografia-feminista-para-el-8M-PNG-768x1920.png 768w, https:\/\/ongelpaso.org.uy\/autonomias\/wp-content\/uploads\/2022\/03\/Infografia-feminista-para-el-8M-PNG-614x1536.png 614w\" sizes=\"auto, (max-width: 800px) 100vw, 800px\" \/><\/a>\n        <\/div>\n        <div class=\"wp-block-getwid-post-carousel__post-content-wrapper\">\n        <div class=\"wp-block-getwid-post-carousel__post-header\">\n            <h3 class=\"wp-block-getwid-post-carousel__post-title\"><a href=\"https:\/\/ongelpaso.org.uy\/autonomias\/no-son-cifras-son-mujeres-%ef%bf%bc\/\">No son cifras, son mujeres<\/a><\/h3>        <\/div>\n        <div class=\"wp-block-getwid-post-carousel__post-excerpt\"><p>&#128266; Escuchar En el marco del 8 de marzo, D\u00eda internacional de las mujeres, desde el Observatorio contra la Violencia basada en G\u00e9nero y Acceso a la Justicia, en conjunto con el proyecto Feminicidio Uruguay, presentamos la infograf\u00eda: No son cifras, son mujeres: feminicidios e intentos de feminicidios de 2021, en Uruguay. Todos los datos [&hellip;]<\/p>\n<\/div>\n    <\/div>\n<\/div>\n\n\t\t\t\t\t\t\t<\/div>\n\t\t\t\t\t\t\t\t\t\t\t\t\t<div class=\"wp-block-getwid-post-carousel__slide\">\n\t\t\t\t\t\t\t\t\n<div class=\"wp-block-getwid-post-carousel__post\">\n            <div class=\"wp-block-getwid-post-carousel__post-thumbnail\">\n            <a href=\"https:\/\/ongelpaso.org.uy\/autonomias\/noticia-sobre-consultoria\/\"><img loading=\"lazy\" decoding=\"async\" width=\"1920\" height=\"1080\" src=\"https:\/\/ongelpaso.org.uy\/autonomias\/wp-content\/uploads\/2021\/11\/proyecto.png\" class=\"attachment-post-thumbnail size-post-thumbnail wp-post-image\" alt=\"\" srcset=\"https:\/\/ongelpaso.org.uy\/autonomias\/wp-content\/uploads\/2021\/11\/proyecto.png 1920w, https:\/\/ongelpaso.org.uy\/autonomias\/wp-content\/uploads\/2021\/11\/proyecto-300x169.png 300w, https:\/\/ongelpaso.org.uy\/autonomias\/wp-content\/uploads\/2021\/11\/proyecto-1024x576.png 1024w, https:\/\/ongelpaso.org.uy\/autonomias\/wp-content\/uploads\/2021\/11\/proyecto-768x432.png 768w, https:\/\/ongelpaso.org.uy\/autonomias\/wp-content\/uploads\/2021\/11\/proyecto-1536x864.png 1536w\" sizes=\"auto, (max-width: 1920px) 100vw, 1920px\" \/><\/a>\n        <\/div>\n        <div class=\"wp-block-getwid-post-carousel__post-content-wrapper\">\n        <div class=\"wp-block-getwid-post-carousel__post-header\">\n            <h3 class=\"wp-block-getwid-post-carousel__post-title\"><a href=\"https:\/\/ongelpaso.org.uy\/autonomias\/noticia-sobre-consultoria\/\">Presentaci\u00f3n de Consultor\u00eda \u00abAn\u00e1lisis de las barreras en el acceso a la justicia de las mujeres en casos de femicidios sin aclarar y desapariciones\u00bb<\/a><\/h3>        <\/div>\n        <div class=\"wp-block-getwid-post-carousel__post-excerpt\"><p>&#128266; Escuchar Se present\u00f3 este martes 23 de noviembre la consultor\u00eda realizada en el marco del Observatorio de violencia basada en g\u00e9nero y acceso a la justicia, del Proyecto Autonom\u00edas Colectivas Esta investigaci\u00f3n llevada adelante por la Psic. Fabiana Condon y la Dra. Alicia Deus aporta al conocimiento sobre el acceso a la justicia de [&hellip;]<\/p>\n<\/div>\n    <\/div>\n<\/div>\n\n\t\t\t\t\t\t\t<\/div>\n\t\t\t\t\t\t            <\/div>\n        <\/div>\n        <\/div><\/div>\n\n\n\n<p> <\/p>\n\n\n","protected":false},"excerpt":{"rendered":"<p>&#128266; Escuchar VIOLENCIA FEMICIDA La violencia femicida es una \u00abacci\u00f3n de extrema violencia, que atenta contra el derecho fundamental a la vida y causa la muerte de una mujer por el hecho de serlo, o la de sus hijas, hijos u otras personas a su cargo, con el prop\u00f3sito de causarle sufrimiento o da\u00f1o. (Art\u00edculo [&hellip;]<\/p>\n","protected":false},"author":1,"featured_media":0,"parent":60,"menu_order":4,"comment_status":"closed","ping_status":"closed","template":"","meta":{"footnotes":""},"class_list":["post-68","page","type-page","status-publish","hentry"],"_links":{"self":[{"href":"https:\/\/ongelpaso.org.uy\/autonomias\/wp-json\/wp\/v2\/pages\/68","targetHints":{"allow":["GET"]}}],"collection":[{"href":"https:\/\/ongelpaso.org.uy\/autonomias\/wp-json\/wp\/v2\/pages"}],"about":[{"href":"https:\/\/ongelpaso.org.uy\/autonomias\/wp-json\/wp\/v2\/types\/page"}],"author":[{"embeddable":true,"href":"https:\/\/ongelpaso.org.uy\/autonomias\/wp-json\/wp\/v2\/users\/1"}],"replies":[{"embeddable":true,"href":"https:\/\/ongelpaso.org.uy\/autonomias\/wp-json\/wp\/v2\/comments?post=68"}],"version-history":[{"count":35,"href":"https:\/\/ongelpaso.org.uy\/autonomias\/wp-json\/wp\/v2\/pages\/68\/revisions"}],"predecessor-version":[{"id":2564,"href":"https:\/\/ongelpaso.org.uy\/autonomias\/wp-json\/wp\/v2\/pages\/68\/revisions\/2564"}],"up":[{"embeddable":true,"href":"https:\/\/ongelpaso.org.uy\/autonomias\/wp-json\/wp\/v2\/pages\/60"}],"wp:attachment":[{"href":"https:\/\/ongelpaso.org.uy\/autonomias\/wp-json\/wp\/v2\/media?parent=68"}],"curies":[{"name":"wp","href":"https:\/\/api.w.org\/{rel}","templated":true}]}}