{"id":72,"date":"2021-10-28T13:54:17","date_gmt":"2021-10-28T13:54:17","guid":{"rendered":"https:\/\/www.ixohost.uy\/autonomias\/?page_id=72"},"modified":"2023-12-06T23:33:33","modified_gmt":"2023-12-06T23:33:33","slug":"ninas-ninos-y-adolescentes","status":"publish","type":"page","link":"https:\/\/ongelpaso.org.uy\/autonomias\/temas-y-dimensiones\/ninas-ninos-y-adolescentes\/","title":{"rendered":"Ni\u00f1as, ni\u00f1os, y adolescentes"},"content":{"rendered":"<button id=\"listenButton6\" class=\"responsivevoice-button\" type=\"button\" value=\"Play\" title=\"ResponsiveVoice Tap to Start\/Stop Speech\"><span>&#128266; Escuchar<\/span><\/button>\n        <script>\n            listenButton6.onclick = function(){\n                if(responsiveVoice.isPlaying()){\n                    responsiveVoice.cancel();\n                }else{\n                    responsiveVoice.speak(\"El Proyecto Autonom\u00edas Colectivas envi\u00f3 en junio un Informe que documentaba la situaci\u00f3n de desaparici\u00f3n de ni\u00f1as, ni\u00f1os, adolescentes y mujeres en contextos de violencia de g\u00e9nero, y el Grupo de Trabajo manifest\u00f3 en su documento preliminar de visita su preocupaci\u00f3n por las desapariciones de ni\u00f1as, ni\u00f1os y adolescentes tras su estad\u00eda en centros de protecci\u00f3n estatales; as\u00ed como las desapariciones de mujeres y ni\u00f1as, posiblemente relacionadas con situaciones de explotaci\u00f3n sexual y trata. El Grupo de Trabajo de Naciones Unidas sobre Desapariciones Forzadas o Involuntarias realiz\u00f3 una visita a nuestro pa\u00eds entre los d\u00edas 7 y 14 de julio de 2022, a fin de recoger informaci\u00f3n y valorar la situaci\u00f3n de Uruguay en relaci\u00f3n al cumplimiento con la Declaraci\u00f3n sobre la protecci\u00f3n de todas las personas contra las desapariciones forzadas, relativo al acceso a la justicia y reparaci\u00f3n de v\u00edctimas de desapariciones. Si bien la visita se centr\u00f3 en las desapariciones ocurridas durante la dictadura c\u00edvico-militar (1973-1985), tambi\u00e9n se relev\u00f3 la situaci\u00f3n existente sobre las desapariciones forzadas que ocurren en la actualidad. Desde Autonom\u00edas Colectivas se elabor\u00f3 y present\u00f3 un documento de informaci\u00f3n (que adjuntamos para que descargues) donde se resume la preocupaci\u00f3n relativa a la desaparici\u00f3n de ni\u00f1as, adolescentes y mujeres en territorio uruguayo. Esto no se reconoce como problema grave asociado a la violencia de g\u00e9nero, y preocupa la falta de resoluci\u00f3n de desapariciones de adolescentes y mujeres. Informaci\u00f3n relativa a la Consultor\u00eda de An\u00e1lisis de barreras para el acceso a la justicia fue remitida en dicho informe. Adem\u00e1s, desde el proyecto se particip\u00f3 de la invitaci\u00f3n realizada desde el Grupo de Trabajo para dialogar con las y los integrantes, y presentar informaci\u00f3n complementaria. Dejamos para que puedas leer o descargar: Informaci\u00f3n principal sobre desaparici\u00f3n de ni\u00f1as, adolescentes y mujeres remitida al Grupo de Trabajo en su solicitud de contribuciones, El documento de Observaciones preliminares del Grupo de Trabajo presentado el 14 de julio de 2022, al concluir su visita oficial a Uruguay , donde en el cap\u00edtulo de Desapariciones en la actualidad se manifiesta preocupaci\u00f3n sobre la situaci\u00f3n de peligro de ni\u00f1as, ni\u00f1os, adolescentes y mujeres. Documento-elaborado-por-Proyecto-Autonomias-Colectivas-para-GT-Desapariciones-ForzadasDescarga Observaciones-preliminares-GDTFI-UruguayDescarga\", \"Spanish Latin American Female\");\n                }\n            };\n        <\/script>\n    \n<div style=\"height:17px\" aria-hidden=\"true\" class=\"wp-block-spacer\"><\/div>\n\n\n\n<h1 class=\"wp-block-heading h2minusculas has-text-color\" style=\"color:#432563;font-size:70px;font-style:normal;font-weight:800;text-transform:uppercase\">NI\u00d1AS, NI\u00d1OS Y ADOLESCENTES<\/h1>\n\n\n\n<div class=\"wp-block-columns is-layout-flex wp-container-core-columns-is-layout-28f84493 wp-block-columns-is-layout-flex\">\n<div class=\"wp-block-column is-vertically-aligned-center is-layout-flow wp-block-column-is-layout-flow\" style=\"flex-basis:33%\"><div class=\"wp-block-image\">\n<figure class=\"alignleft size-full is-resized\"><img loading=\"lazy\" decoding=\"async\" width=\"500\" height=\"500\" src=\"https:\/\/ongelpaso.org.uy\/autonomias\/wp-content\/uploads\/2023\/12\/ninas-ninos-y-adolescentes-removebg-preview.png\" alt=\"\" class=\"wp-image-2430\" style=\"width:109px;height:auto\" srcset=\"https:\/\/ongelpaso.org.uy\/autonomias\/wp-content\/uploads\/2023\/12\/ninas-ninos-y-adolescentes-removebg-preview.png 500w, https:\/\/ongelpaso.org.uy\/autonomias\/wp-content\/uploads\/2023\/12\/ninas-ninos-y-adolescentes-removebg-preview-300x300.png 300w, https:\/\/ongelpaso.org.uy\/autonomias\/wp-content\/uploads\/2023\/12\/ninas-ninos-y-adolescentes-removebg-preview-150x150.png 150w\" sizes=\"auto, (max-width: 500px) 100vw, 500px\" \/><\/figure>\n<\/div><\/div>\n\n\n\n<div class=\"wp-block-column is-vertically-aligned-top is-layout-flow wp-block-column-is-layout-flow\" style=\"flex-basis:66%\">\n<p class=\"h2minusculas has-text-color has-background\" style=\"color:#311c48;background-color:#1aab878c;font-size:31px;letter-spacing:0.5px\"><strong>El C\u00f3digo de la Ni\u00f1ez y Adolescencia entiende \u00abpor maltrato o violencia sexual hacia ni\u00f1os, ni\u00f1as y adolescentes, toda forma de perjuicio, abuso o castigo f\u00edsico, ps\u00edquico o humillante, descuido o trato negligente, abuso sexual o explotaci\u00f3n sexual en todas sus modalidades, que ocurra en el \u00e1mbito familiar, institucional o comunitario. Tambi\u00e9n se entiende por maltrato hacia ni\u00f1as, ni\u00f1os y adolescentes su exposici\u00f3n a violencia basada en g\u00e9nero contra sus madres u otras personas a cargo de su cuidado.\u00bb (<a href=\"https:\/\/www.impo.com.uy\/bases\/codigo-ninez-adolescencia\/17823-2004\" data-type=\"link\" data-id=\"https:\/\/www.impo.com.uy\/bases\/codigo-ninez-adolescencia\/17823-2004\">Ley n\u00b0 17.823<\/a>)<\/strong><\/p>\n<\/div>\n<\/div>\n\n\n\n<h2 class=\"wp-block-heading alignfull h2minusculas has-white-color has-text-color has-background\" style=\"background-color:#311c48;font-size:19px;font-style:normal;font-weight:700;text-transform:uppercase\">ALGUNOS DATOS SOBRE VIOLENCIA HACIA INFANCIAS Y ADOLESCENCIAS<\/h2>\n\n\n\n<div class=\"wp-block-columns is-layout-flex wp-container-core-columns-is-layout-28f84493 wp-block-columns-is-layout-flex\">\n<div class=\"wp-block-column is-layout-flow wp-block-column-is-layout-flow\" style=\"flex-basis:100%\">\n<div class=\"infogram-embed\" data-id=\"885932a8-be98-4f83-aa0c-2ec0eccc6217\" data-type=\"interactive\" data-title=\"\"><\/div><script>!function(e,n,i,s){var d=\"InfogramEmbeds\";var o=e.getElementsByTagName(n)[0];if(window[d]&&window[d].initialized)window[d].process&&window[d].process();else if(!e.getElementById(i)){var r=e.createElement(n);r.async=1,r.id=i,r.src=s,o.parentNode.insertBefore(r,o)}}(document,\"script\",\"infogram-async\",\"https:\/\/e.infogram.com\/js\/dist\/embed-loader-min.js\");<\/script><div style=\"padding:8px 0;font-family:Arial!important;font-size:13px!important;line-height:15px!important;text-align:center;border-top:1px solid #dadada;margin:0 30px\"><br><a href=\"https:\/\/infogram.com\" style=\"color:#989898!important;text-decoration:none!important;\" target=\"_blank\" rel=\"nofollow noopener\">Infogram<\/a><\/div>\n<\/div>\n<\/div>\n\n\n\n<div class=\"wp-block-cover alignfull ban01 has-small-font-size\" style=\"min-height:50px;aspect-ratio:unset;\"><span aria-hidden=\"true\" class=\"wp-block-cover__background has-background-dim-100 has-background-dim\" style=\"background-color:#311c48\"><\/span><div class=\"wp-block-cover__inner-container is-layout-flow wp-block-cover-is-layout-flow\">\n<div class=\"wp-block-columns alignwide is-layout-flex wp-container-core-columns-is-layout-28f84493 wp-block-columns-is-layout-flex\">\n<div class=\"wp-block-column is-layout-flow wp-block-column-is-layout-flow\">\n<div class=\"wp-block-columns is-layout-flex wp-container-core-columns-is-layout-28f84493 wp-block-columns-is-layout-flex\">\n<div class=\"wp-block-column is-layout-flow wp-block-column-is-layout-flow\">\n<p class=\"has-normal-font-size\"><strong>La violencia es un fen\u00f3meno que genera en ni\u00f1os, ni\u00f1as y adolescentes profundas consecuencias para su desarrollo, e impacta a nivel familiar y comunitario.<\/strong><\/p>\n<\/div>\n<\/div>\n<\/div>\n\n\n\n<div class=\"wp-block-column is-layout-flow wp-block-column-is-layout-flow\">\n<div class=\"wp-block-columns is-layout-flex wp-container-core-columns-is-layout-28f84493 wp-block-columns-is-layout-flex\">\n<div class=\"wp-block-column is-layout-flow wp-block-column-is-layout-flow\">\n<p class=\"has-normal-font-size\">El Sistema Integral de Protecci\u00f3n a la Infancia y la Adolescencia contra la Violencia (SIPIAV) <strong>registr\u00f3 en el a\u00f1o 2022 un total de 7473 situaciones de violencia hacia ni\u00f1os, ni\u00f1as y adolescentes, que equivale a m\u00e1s de 20 situaciones de violencia por d\u00eda.<\/strong><\/p>\n<\/div>\n<\/div>\n<\/div>\n<\/div>\n<\/div><\/div>\n\n\n\n<div class=\"wp-block-buttons alignfull is-layout-flex wp-block-buttons-is-layout-flex\">\n<div class=\"wp-block-button has-custom-width wp-block-button__width-100\"><a class=\"wp-block-button__link has-background wp-element-button\" href=\"https:\/\/ongelpaso.org.uy\/autonomias\/legislacion\/\" style=\"background-color:#1aac87\" target=\"_blank\" rel=\"noreferrer noopener\">Acced\u00e9 aqu\u00ed a la normativa internacional \/ nacional<\/a><\/div>\n<\/div>\n\n\n\n<h2 class=\"wp-block-heading alignfull h2minusculas has-white-color has-text-color has-background\" style=\"background-color:#311c48;font-size:19px;font-style:normal;font-weight:700;text-transform:uppercase\">\u00daLTIMAS NOVEDADES<\/h2>\n\n\n\n<div class=\"wp-block-getwid-images-slider has-arrows-inside has-dots-inside has-images-center has-fitted-images\"><div class=\"wp-block-getwid-images-slider__wrapper\" data-effect=\"slide\" data-slides-show=\"1\" data-slides-show-laptop=\"1\" data-slides-show-tablet=\"1\" data-slides-show-mobile=\"1\" data-slides-scroll=\"1\" data-autoplay=\"false\" data-autoplay-speed=\"6000\" data-infinite=\"true\" data-animation-speed=\"800\" data-center-mode=\"false\" data-variable-width=\"false\" data-arrows=\"inside\" data-dots=\"inside\" data-spacing=\"none\"><div class=\"wp-block-getwid-images-slider__item\"><figure><img loading=\"lazy\" decoding=\"async\" width=\"768\" height=\"768\" src=\"https:\/\/ongelpaso.org.uy\/autonomias\/wp-content\/uploads\/2023\/11\/WhatsApp-Image-2023-11-28-at-22.56.32-768x768.jpeg\" alt=\"\" data-id=\"2313\" data-link=\"https:\/\/ongelpaso.org.uy\/autonomias\/portada\/whatsapp-image-2023-11-28-at-22-56-32\/\" data-original-link=\"https:\/\/ongelpaso.org.uy\/autonomias\/wp-content\/uploads\/2023\/11\/WhatsApp-Image-2023-11-28-at-22.56.32.jpeg\" class=\"wp-block-getwid-images-slider__image wp-image-2313\" srcset=\"https:\/\/ongelpaso.org.uy\/autonomias\/wp-content\/uploads\/2023\/11\/WhatsApp-Image-2023-11-28-at-22.56.32-768x768.jpeg 768w, https:\/\/ongelpaso.org.uy\/autonomias\/wp-content\/uploads\/2023\/11\/WhatsApp-Image-2023-11-28-at-22.56.32-300x300.jpeg 300w, https:\/\/ongelpaso.org.uy\/autonomias\/wp-content\/uploads\/2023\/11\/WhatsApp-Image-2023-11-28-at-22.56.32-1024x1024.jpeg 1024w, https:\/\/ongelpaso.org.uy\/autonomias\/wp-content\/uploads\/2023\/11\/WhatsApp-Image-2023-11-28-at-22.56.32-150x150.jpeg 150w, https:\/\/ongelpaso.org.uy\/autonomias\/wp-content\/uploads\/2023\/11\/WhatsApp-Image-2023-11-28-at-22.56.32.jpeg 1080w\" sizes=\"auto, (max-width: 768px) 100vw, 768px\" \/><figcaption class=\"wp-block-getwid-images-slider__caption\">ACTIVIDAD pr\u00f3ximo martes 5\/12. \u00a1Les esperamos!  Pod\u00e9s inscribirte aqu\u00ed: https:\/\/forms.gle\/Xi2B7VXx8dB1LWor8<\/figcaption><\/figure><\/div><div class=\"wp-block-getwid-images-slider__item\"><figure><img loading=\"lazy\" decoding=\"async\" width=\"768\" height=\"768\" src=\"https:\/\/ongelpaso.org.uy\/autonomias\/wp-content\/uploads\/2023\/09\/3-768x768.png\" alt=\"\" data-id=\"2210\" data-link=\"https:\/\/ongelpaso.org.uy\/autonomias\/campanas\/3-5\/\" data-original-link=\"https:\/\/ongelpaso.org.uy\/autonomias\/wp-content\/uploads\/2023\/09\/3.png\" class=\"wp-block-getwid-images-slider__image wp-image-2210\" srcset=\"https:\/\/ongelpaso.org.uy\/autonomias\/wp-content\/uploads\/2023\/09\/3-768x768.png 768w, https:\/\/ongelpaso.org.uy\/autonomias\/wp-content\/uploads\/2023\/09\/3-300x300.png 300w, https:\/\/ongelpaso.org.uy\/autonomias\/wp-content\/uploads\/2023\/09\/3-1024x1024.png 1024w, https:\/\/ongelpaso.org.uy\/autonomias\/wp-content\/uploads\/2023\/09\/3-150x150.png 150w, https:\/\/ongelpaso.org.uy\/autonomias\/wp-content\/uploads\/2023\/09\/3.png 1080w\" sizes=\"auto, (max-width: 768px) 100vw, 768px\" \/><\/figure><\/div><div class=\"wp-block-getwid-images-slider__item\"><figure><img loading=\"lazy\" decoding=\"async\" width=\"768\" height=\"768\" src=\"https:\/\/ongelpaso.org.uy\/autonomias\/wp-content\/uploads\/2023\/09\/2-768x768.jpg\" alt=\"\" data-id=\"2209\" data-link=\"https:\/\/ongelpaso.org.uy\/autonomias\/campanas\/2-6\/\" data-original-link=\"https:\/\/ongelpaso.org.uy\/autonomias\/wp-content\/uploads\/2023\/09\/2.jpg\" class=\"wp-block-getwid-images-slider__image wp-image-2209\" srcset=\"https:\/\/ongelpaso.org.uy\/autonomias\/wp-content\/uploads\/2023\/09\/2-768x768.jpg 768w, https:\/\/ongelpaso.org.uy\/autonomias\/wp-content\/uploads\/2023\/09\/2-300x300.jpg 300w, https:\/\/ongelpaso.org.uy\/autonomias\/wp-content\/uploads\/2023\/09\/2-1024x1024.jpg 1024w, https:\/\/ongelpaso.org.uy\/autonomias\/wp-content\/uploads\/2023\/09\/2-150x150.jpg 150w, https:\/\/ongelpaso.org.uy\/autonomias\/wp-content\/uploads\/2023\/09\/2.jpg 1080w\" sizes=\"auto, (max-width: 768px) 100vw, 768px\" \/><\/figure><\/div><div class=\"wp-block-getwid-images-slider__item\"><figure><img loading=\"lazy\" decoding=\"async\" width=\"768\" height=\"768\" src=\"https:\/\/ongelpaso.org.uy\/autonomias\/wp-content\/uploads\/2023\/09\/1-768x768.jpg\" alt=\"\" data-id=\"2208\" data-link=\"https:\/\/ongelpaso.org.uy\/autonomias\/campanas\/1-7\/\" data-original-link=\"https:\/\/ongelpaso.org.uy\/autonomias\/wp-content\/uploads\/2023\/09\/1.jpg\" class=\"wp-block-getwid-images-slider__image wp-image-2208\" srcset=\"https:\/\/ongelpaso.org.uy\/autonomias\/wp-content\/uploads\/2023\/09\/1-768x768.jpg 768w, https:\/\/ongelpaso.org.uy\/autonomias\/wp-content\/uploads\/2023\/09\/1-300x300.jpg 300w, https:\/\/ongelpaso.org.uy\/autonomias\/wp-content\/uploads\/2023\/09\/1-1024x1024.jpg 1024w, https:\/\/ongelpaso.org.uy\/autonomias\/wp-content\/uploads\/2023\/09\/1-150x150.jpg 150w, https:\/\/ongelpaso.org.uy\/autonomias\/wp-content\/uploads\/2023\/09\/1.jpg 1080w\" sizes=\"auto, (max-width: 768px) 100vw, 768px\" \/><\/figure><\/div><\/div><\/div>\n\n\n\n<div class=\"wp-block-cover alignfull has-text-color has-link-color wp-elements-e0419953bd2c14560258bbca34b71ba5\" style=\"color:#1aac87\"><span aria-hidden=\"true\" class=\"wp-block-cover__background has-background-dim-100 has-background-dim\" style=\"background-color:#311c48\"><\/span><div class=\"wp-block-cover__inner-container is-layout-flow wp-block-cover-is-layout-flow\">\n<h2 class=\"wp-block-heading has-white-color has-text-color\">ARCHIVO DE NOTICIAS <\/h2>\n\n\n\n        <div class=\"wp-block-getwid-post-carousel custom-post-type-post has-slides-gap-large is-carousel has-arrows-outside has-dots-outside\">\n            <div data-slider-option=\"{&quot;sliderSlidesToShowDesktop&quot;:&quot;3&quot;,&quot;getwid_slidesToShowLaptop&quot;:&quot;3&quot;,&quot;getwid_slidesToShowTablet&quot;:&quot;1&quot;,&quot;getwid_slidesToShowMobile&quot;:&quot;1&quot;,&quot;getwid_autoplay_speed&quot;:6000,&quot;getwid_animation_speed&quot;:800,&quot;getwid_slidesToScroll&quot;:&quot;1&quot;,&quot;getwid_autoplay&quot;:false,&quot;getwid_pause_on_hover&quot;:false,&quot;getwid_infinite&quot;:true,&quot;getwid_center_mode&quot;:false,&quot;getwid_arrows&quot;:&quot;outside&quot;,&quot;getwid_dots&quot;:&quot;outside&quot;}\" class=\"wp-block-getwid-post-carousel__wrapper\">\n                \t\t\t\t\t\t\t<div class=\"wp-block-getwid-post-carousel__slide\">\n\t\t\t\t\t\t\t\t\n<div class=\"wp-block-getwid-post-carousel__post\">\n            <div class=\"wp-block-getwid-post-carousel__post-thumbnail\">\n            <a href=\"https:\/\/ongelpaso.org.uy\/autonomias\/inscripciones-abiertas-para-el-seminario-de-la-impunidad-a-la-autonomia-estrategias\/\"><img loading=\"lazy\" decoding=\"async\" width=\"1080\" height=\"1080\" src=\"https:\/\/ongelpaso.org.uy\/autonomias\/wp-content\/uploads\/2024\/03\/Seminario_2024-1.png\" class=\"attachment-post-thumbnail size-post-thumbnail wp-post-image\" alt=\"\" srcset=\"https:\/\/ongelpaso.org.uy\/autonomias\/wp-content\/uploads\/2024\/03\/Seminario_2024-1.png 1080w, https:\/\/ongelpaso.org.uy\/autonomias\/wp-content\/uploads\/2024\/03\/Seminario_2024-1-300x300.png 300w, https:\/\/ongelpaso.org.uy\/autonomias\/wp-content\/uploads\/2024\/03\/Seminario_2024-1-1024x1024.png 1024w, https:\/\/ongelpaso.org.uy\/autonomias\/wp-content\/uploads\/2024\/03\/Seminario_2024-1-150x150.png 150w, https:\/\/ongelpaso.org.uy\/autonomias\/wp-content\/uploads\/2024\/03\/Seminario_2024-1-768x768.png 768w\" sizes=\"auto, (max-width: 1080px) 100vw, 1080px\" \/><\/a>\n        <\/div>\n        <div class=\"wp-block-getwid-post-carousel__post-content-wrapper\">\n        <div class=\"wp-block-getwid-post-carousel__post-header\">\n            <h3 class=\"wp-block-getwid-post-carousel__post-title\"><a href=\"https:\/\/ongelpaso.org.uy\/autonomias\/inscripciones-abiertas-para-el-seminario-de-la-impunidad-a-la-autonomia-estrategias\/\">INSCRIPCIONES ABIERTAS PARA EL SEMINARIO \u00abDE LA IMPUNIDAD A LA AUTONOM\u00cdA\u00bb, ESTRATEGIAS Y ACCIONES PARA DEFENDER UNA VIDA LIBRE DE VIOLENCIA DE G\u00c9NERO<\/a><\/h3>        <\/div>\n        <div class=\"wp-block-getwid-post-carousel__post-excerpt\"><p>&#128266; Escuchar El Proyecto Autonom\u00edas Colectivas ha desarrollado distintas actividades y estudios sobre diversas violencias basadas en g\u00e9nero. Como cierre del proyecto, nos proponemos generar un espacio de debate abierto y p\u00fablico para construir herramientas y caminos posibles hacia la autonom\u00eda plena de las mujeres. El Seminario cumple con los objetivos de: Este es un [&hellip;]<\/p>\n<\/div>\n    <\/div>\n<\/div>\n\n\t\t\t\t\t\t\t<\/div>\n\t\t\t\t\t\t\t\t\t\t\t\t\t<div class=\"wp-block-getwid-post-carousel__slide\">\n\t\t\t\t\t\t\t\t\n<div class=\"wp-block-getwid-post-carousel__post\">\n        <div class=\"wp-block-getwid-post-carousel__post-content-wrapper\">\n        <div class=\"wp-block-getwid-post-carousel__post-header\">\n            <h3 class=\"wp-block-getwid-post-carousel__post-title\"><a href=\"https:\/\/ongelpaso.org.uy\/autonomias\/la-sociedad-civil-presento-la-situacion-de-uruguay-ante-el-examen-periodico-universal-de-naciones-unidas\/\">LA SOCIEDAD CIVIL PRESENT\u00d3 LA SITUACI\u00d3N DE URUGUAY ANTE EL EXAMEN PERI\u00d3DICO UNIVERSAL DE NACIONES UNIDAS<\/a><\/h3>        <\/div>\n        <div class=\"wp-block-getwid-post-carousel__post-excerpt\"><p>&#128266; Escuchar El viernes 16 de febrero fueron presentados en Ginebra los informes alternativos enviados por la sociedad civil para el Examen Peri\u00f3dico Universal, que revisar\u00e1 la situaci\u00f3n del Estado uruguayo en mayo de 2024. Descarg\u00e1 aqu\u00ed el informe presentado por El Paso y la RUCVDS, con apoyo del Proyecto Autonom\u00edas Colectivas. El Examen Peri\u00f3dico [&hellip;]<\/p>\n<\/div>\n    <\/div>\n<\/div>\n\n\t\t\t\t\t\t\t<\/div>\n\t\t\t\t\t\t\t\t\t\t\t\t\t<div class=\"wp-block-getwid-post-carousel__slide\">\n\t\t\t\t\t\t\t\t\n<div class=\"wp-block-getwid-post-carousel__post\">\n            <div class=\"wp-block-getwid-post-carousel__post-thumbnail\">\n            <a href=\"https:\/\/ongelpaso.org.uy\/autonomias\/realizamos-en-paysandu-el-conversatorio-sobre-explotacion-sexual-y-trata-de-personas\/\"><img loading=\"lazy\" decoding=\"async\" width=\"2048\" height=\"1151\" src=\"https:\/\/ongelpaso.org.uy\/autonomias\/wp-content\/uploads\/2023\/12\/WhatsApp-Image-2023-12-07-at-12.22.50.jpeg\" class=\"attachment-post-thumbnail size-post-thumbnail wp-post-image\" alt=\"\" srcset=\"https:\/\/ongelpaso.org.uy\/autonomias\/wp-content\/uploads\/2023\/12\/WhatsApp-Image-2023-12-07-at-12.22.50.jpeg 2048w, https:\/\/ongelpaso.org.uy\/autonomias\/wp-content\/uploads\/2023\/12\/WhatsApp-Image-2023-12-07-at-12.22.50-300x169.jpeg 300w, https:\/\/ongelpaso.org.uy\/autonomias\/wp-content\/uploads\/2023\/12\/WhatsApp-Image-2023-12-07-at-12.22.50-1024x576.jpeg 1024w, https:\/\/ongelpaso.org.uy\/autonomias\/wp-content\/uploads\/2023\/12\/WhatsApp-Image-2023-12-07-at-12.22.50-768x432.jpeg 768w, https:\/\/ongelpaso.org.uy\/autonomias\/wp-content\/uploads\/2023\/12\/WhatsApp-Image-2023-12-07-at-12.22.50-1536x863.jpeg 1536w\" sizes=\"auto, (max-width: 2048px) 100vw, 2048px\" \/><\/a>\n        <\/div>\n        <div class=\"wp-block-getwid-post-carousel__post-content-wrapper\">\n        <div class=\"wp-block-getwid-post-carousel__post-header\">\n            <h3 class=\"wp-block-getwid-post-carousel__post-title\"><a href=\"https:\/\/ongelpaso.org.uy\/autonomias\/realizamos-en-paysandu-el-conversatorio-sobre-explotacion-sexual-y-trata-de-personas\/\">REALIZAMOS EN PAYSAND\u00da EL CONVERSATORIO SOBRE EXPLOTACI\u00d3N SEXUAL Y TRATA DE PERSONAS<\/a><\/h3>        <\/div>\n        <div class=\"wp-block-getwid-post-carousel__post-excerpt\"><p>&#128266; Escuchar La actividad present\u00f3 el Informe \u00abM\u00e1s invisibles. La trata y la pandemia\u00bb, y una mesa de intercambio sobre las dificultades en la detecci\u00f3n de explotaci\u00f3n sexual en infancias y adolescencias, en especial la que ocurre en medios digitales. Adem\u00e1s, se dialog\u00f3 sobre la situaci\u00f3n en Uruguay, con foco en el litoral y Paysand\u00fa. [&hellip;]<\/p>\n<\/div>\n    <\/div>\n<\/div>\n\n\t\t\t\t\t\t\t<\/div>\n\t\t\t\t\t\t\t\t\t\t\t\t\t<div class=\"wp-block-getwid-post-carousel__slide\">\n\t\t\t\t\t\t\t\t\n<div class=\"wp-block-getwid-post-carousel__post\">\n            <div class=\"wp-block-getwid-post-carousel__post-thumbnail\">\n            <a href=\"https:\/\/ongelpaso.org.uy\/autonomias\/relatora-de-naciones-unidas-sobre-la-venta-explotacion-sexual-y-abuso-sexual-infantil-expresa-sus-preocupaciones-sobre-la-situacion-de-explotacion-y-abuso-ninas-ninos-y-adolescentes-en-uruguay\/\"><img loading=\"lazy\" decoding=\"async\" width=\"1200\" height=\"800\" src=\"https:\/\/ongelpaso.org.uy\/autonomias\/wp-content\/uploads\/2023\/05\/mamafatima.jpg\" class=\"attachment-post-thumbnail size-post-thumbnail wp-post-image\" alt=\"\" srcset=\"https:\/\/ongelpaso.org.uy\/autonomias\/wp-content\/uploads\/2023\/05\/mamafatima.jpg 1200w, https:\/\/ongelpaso.org.uy\/autonomias\/wp-content\/uploads\/2023\/05\/mamafatima-300x200.jpg 300w, https:\/\/ongelpaso.org.uy\/autonomias\/wp-content\/uploads\/2023\/05\/mamafatima-1024x683.jpg 1024w, https:\/\/ongelpaso.org.uy\/autonomias\/wp-content\/uploads\/2023\/05\/mamafatima-768x512.jpg 768w\" sizes=\"auto, (max-width: 1200px) 100vw, 1200px\" \/><\/a>\n        <\/div>\n        <div class=\"wp-block-getwid-post-carousel__post-content-wrapper\">\n        <div class=\"wp-block-getwid-post-carousel__post-header\">\n            <h3 class=\"wp-block-getwid-post-carousel__post-title\"><a href=\"https:\/\/ongelpaso.org.uy\/autonomias\/relatora-de-naciones-unidas-sobre-la-venta-explotacion-sexual-y-abuso-sexual-infantil-expresa-sus-preocupaciones-sobre-la-situacion-de-explotacion-y-abuso-ninas-ninos-y-adolescentes-en-uruguay\/\">Relatora de Naciones Unidas sobre la Venta, Explotaci\u00f3n Sexual y Abuso Sexual Infantil, expresa sus preocupaciones sobre la situaci\u00f3n de explotaci\u00f3n y abuso ni\u00f1as, ni\u00f1os y adolescentes en Uruguay<\/a><\/h3>        <\/div>\n        <div class=\"wp-block-getwid-post-carousel__post-excerpt\"><p>&#128266; Escuchar Entre los d\u00edas 16 y 25 de mayo de este a\u00f1o recibimos la visita de la Relatora Especial de las Naciones Unidas sobre la Venta, Explotaci\u00f3n Sexual y Abuso Sexual Infantil, Mama Fatima Singhateh. La Relatora fue invitada por el gobierno nacional para hacer una evaluaci\u00f3n de la situaci\u00f3n sobre la venta, explotaci\u00f3n [&hellip;]<\/p>\n<\/div>\n    <\/div>\n<\/div>\n\n\t\t\t\t\t\t\t<\/div>\n\t\t\t\t\t\t\t\t\t\t\t\t\t<div class=\"wp-block-getwid-post-carousel__slide\">\n\t\t\t\t\t\t\t\t\n<div class=\"wp-block-getwid-post-carousel__post\">\n        <div class=\"wp-block-getwid-post-carousel__post-content-wrapper\">\n        <div class=\"wp-block-getwid-post-carousel__post-header\">\n            <h3 class=\"wp-block-getwid-post-carousel__post-title\"><a href=\"https:\/\/ongelpaso.org.uy\/autonomias\/uruguay-recibio-la-visita-del-grupo-de-trabajo-de-naciones-unidas-sobre-desapariciones-forzadas-o-involuntarias-y-manifesto-preocupacion-por-la-desaparicion-de-ninas-ninos-adolescentes-y-mujeres\/\">Uruguay recibi\u00f3 la visita del Grupo de Trabajo de Naciones Unidas sobre Desapariciones Forzadas o Involuntarias, y manifest\u00f3 preocupaci\u00f3n por la desaparici\u00f3n de ni\u00f1as, ni\u00f1os, adolescentes y mujeres<\/a><\/h3>        <\/div>\n        <div class=\"wp-block-getwid-post-carousel__post-excerpt\"><p>&#128266; Escuchar El Proyecto Autonom\u00edas Colectivas envi\u00f3 en junio un Informe que documentaba la situaci\u00f3n de desaparici\u00f3n de ni\u00f1as, ni\u00f1os, adolescentes y mujeres en contextos de violencia de g\u00e9nero, y el Grupo de Trabajo manifest\u00f3 en su documento preliminar de visita su preocupaci\u00f3n por las desapariciones de ni\u00f1as, ni\u00f1os y adolescentes tras su estad\u00eda en [&hellip;]<\/p>\n<\/div>\n    <\/div>\n<\/div>\n\n\t\t\t\t\t\t\t<\/div>\n\t\t\t\t\t\t            <\/div>\n        <\/div>\n        <\/div><\/div>\n\n\n\n<h2 class=\"wp-block-heading alignfull h2minusculas has-white-color has-text-color has-background\" style=\"background-color:#311c48;font-size:19px;font-style:normal;font-weight:700;text-transform:uppercase\">material informativo<\/h2>\n\n\n\n<p> <\/p>\n\n\n\n<div class=\"wp-block-getwid-images-slider has-arrows-outside has-dots-inside has-images-center has-fitted-images\"><div class=\"wp-block-getwid-images-slider__wrapper\" data-effect=\"slide\" data-slides-show=\"1\" data-slides-show-laptop=\"1\" data-slides-show-tablet=\"1\" data-slides-show-mobile=\"1\" data-slides-scroll=\"1\" data-autoplay=\"false\" data-autoplay-speed=\"6000\" data-infinite=\"true\" data-animation-speed=\"800\" data-center-mode=\"false\" data-variable-width=\"false\" data-arrows=\"outside\" data-dots=\"inside\" data-spacing=\"none\"><div class=\"wp-block-getwid-images-slider__item\"><figure><img loading=\"lazy\" decoding=\"async\" width=\"800\" height=\"2000\" src=\"https:\/\/ongelpaso.org.uy\/autonomias\/wp-content\/uploads\/2023\/09\/318184311_2880358902096371_1659882906686583866_n-1.png\" alt=\"\" data-id=\"2236\" data-link=\"https:\/\/ongelpaso.org.uy\/autonomias\/campanas\/318184311_2880358902096371_1659882906686583866_n-1\/\" data-original-link=\"https:\/\/ongelpaso.org.uy\/autonomias\/wp-content\/uploads\/2023\/09\/318184311_2880358902096371_1659882906686583866_n-1.png\" class=\"wp-block-getwid-images-slider__image wp-image-2236\" srcset=\"https:\/\/ongelpaso.org.uy\/autonomias\/wp-content\/uploads\/2023\/09\/318184311_2880358902096371_1659882906686583866_n-1.png 800w, https:\/\/ongelpaso.org.uy\/autonomias\/wp-content\/uploads\/2023\/09\/318184311_2880358902096371_1659882906686583866_n-1-120x300.png 120w, https:\/\/ongelpaso.org.uy\/autonomias\/wp-content\/uploads\/2023\/09\/318184311_2880358902096371_1659882906686583866_n-1-410x1024.png 410w, https:\/\/ongelpaso.org.uy\/autonomias\/wp-content\/uploads\/2023\/09\/318184311_2880358902096371_1659882906686583866_n-1-768x1920.png 768w, https:\/\/ongelpaso.org.uy\/autonomias\/wp-content\/uploads\/2023\/09\/318184311_2880358902096371_1659882906686583866_n-1-614x1536.png 614w\" sizes=\"auto, (max-width: 800px) 100vw, 800px\" \/><\/figure><\/div><div class=\"wp-block-getwid-images-slider__item\"><figure><img loading=\"lazy\" decoding=\"async\" width=\"800\" height=\"2000\" src=\"https:\/\/ongelpaso.org.uy\/autonomias\/wp-content\/uploads\/2023\/09\/279269380_2675191552613108_5285833179845761895_n.jpg\" alt=\"\" data-id=\"2225\" data-link=\"https:\/\/ongelpaso.org.uy\/autonomias\/campanas\/279269380_2675191552613108_5285833179845761895_n\/\" data-original-link=\"https:\/\/ongelpaso.org.uy\/autonomias\/wp-content\/uploads\/2023\/09\/279269380_2675191552613108_5285833179845761895_n.jpg\" class=\"wp-block-getwid-images-slider__image wp-image-2225\" srcset=\"https:\/\/ongelpaso.org.uy\/autonomias\/wp-content\/uploads\/2023\/09\/279269380_2675191552613108_5285833179845761895_n.jpg 800w, https:\/\/ongelpaso.org.uy\/autonomias\/wp-content\/uploads\/2023\/09\/279269380_2675191552613108_5285833179845761895_n-120x300.jpg 120w, https:\/\/ongelpaso.org.uy\/autonomias\/wp-content\/uploads\/2023\/09\/279269380_2675191552613108_5285833179845761895_n-410x1024.jpg 410w, https:\/\/ongelpaso.org.uy\/autonomias\/wp-content\/uploads\/2023\/09\/279269380_2675191552613108_5285833179845761895_n-768x1920.jpg 768w, https:\/\/ongelpaso.org.uy\/autonomias\/wp-content\/uploads\/2023\/09\/279269380_2675191552613108_5285833179845761895_n-614x1536.jpg 614w\" sizes=\"auto, (max-width: 800px) 100vw, 800px\" \/><\/figure><\/div><div class=\"wp-block-getwid-images-slider__item\"><figure><img loading=\"lazy\" decoding=\"async\" width=\"800\" height=\"2000\" src=\"https:\/\/ongelpaso.org.uy\/autonomias\/wp-content\/uploads\/2023\/09\/279193269_2675192189279711_7955579349251458471_n.jpg\" alt=\"\" data-id=\"2224\" data-link=\"https:\/\/ongelpaso.org.uy\/autonomias\/campanas\/279193269_2675192189279711_7955579349251458471_n\/\" data-original-link=\"https:\/\/ongelpaso.org.uy\/autonomias\/wp-content\/uploads\/2023\/09\/279193269_2675192189279711_7955579349251458471_n.jpg\" class=\"wp-block-getwid-images-slider__image wp-image-2224\" srcset=\"https:\/\/ongelpaso.org.uy\/autonomias\/wp-content\/uploads\/2023\/09\/279193269_2675192189279711_7955579349251458471_n.jpg 800w, https:\/\/ongelpaso.org.uy\/autonomias\/wp-content\/uploads\/2023\/09\/279193269_2675192189279711_7955579349251458471_n-120x300.jpg 120w, https:\/\/ongelpaso.org.uy\/autonomias\/wp-content\/uploads\/2023\/09\/279193269_2675192189279711_7955579349251458471_n-410x1024.jpg 410w, https:\/\/ongelpaso.org.uy\/autonomias\/wp-content\/uploads\/2023\/09\/279193269_2675192189279711_7955579349251458471_n-768x1920.jpg 768w, https:\/\/ongelpaso.org.uy\/autonomias\/wp-content\/uploads\/2023\/09\/279193269_2675192189279711_7955579349251458471_n-614x1536.jpg 614w\" sizes=\"auto, (max-width: 800px) 100vw, 800px\" \/><\/figure><\/div><\/div><\/div>\n","protected":false},"excerpt":{"rendered":"<p>&#128266; Escuchar NI\u00d1AS, NI\u00d1OS Y ADOLESCENTES El C\u00f3digo de la Ni\u00f1ez y Adolescencia entiende \u00abpor maltrato o violencia sexual hacia ni\u00f1os, ni\u00f1as y adolescentes, toda forma de perjuicio, abuso o castigo f\u00edsico, ps\u00edquico o humillante, descuido o trato negligente, abuso sexual o explotaci\u00f3n sexual en todas sus modalidades, que ocurra en el \u00e1mbito familiar, institucional [&hellip;]<\/p>\n","protected":false},"author":1,"featured_media":0,"parent":60,"menu_order":6,"comment_status":"closed","ping_status":"closed","template":"","meta":{"footnotes":""},"class_list":["post-72","page","type-page","status-publish","hentry"],"_links":{"self":[{"href":"https:\/\/ongelpaso.org.uy\/autonomias\/wp-json\/wp\/v2\/pages\/72","targetHints":{"allow":["GET"]}}],"collection":[{"href":"https:\/\/ongelpaso.org.uy\/autonomias\/wp-json\/wp\/v2\/pages"}],"about":[{"href":"https:\/\/ongelpaso.org.uy\/autonomias\/wp-json\/wp\/v2\/types\/page"}],"author":[{"embeddable":true,"href":"https:\/\/ongelpaso.org.uy\/autonomias\/wp-json\/wp\/v2\/users\/1"}],"replies":[{"embeddable":true,"href":"https:\/\/ongelpaso.org.uy\/autonomias\/wp-json\/wp\/v2\/comments?post=72"}],"version-history":[{"count":19,"href":"https:\/\/ongelpaso.org.uy\/autonomias\/wp-json\/wp\/v2\/pages\/72\/revisions"}],"predecessor-version":[{"id":2431,"href":"https:\/\/ongelpaso.org.uy\/autonomias\/wp-json\/wp\/v2\/pages\/72\/revisions\/2431"}],"up":[{"embeddable":true,"href":"https:\/\/ongelpaso.org.uy\/autonomias\/wp-json\/wp\/v2\/pages\/60"}],"wp:attachment":[{"href":"https:\/\/ongelpaso.org.uy\/autonomias\/wp-json\/wp\/v2\/media?parent=72"}],"curies":[{"name":"wp","href":"https:\/\/api.w.org\/{rel}","templated":true}]}}